{"id":3246,"date":"2025-09-26T09:50:51","date_gmt":"2025-09-26T07:50:51","guid":{"rendered":"https:\/\/test-wuwei.de\/orden\/?page_id=3246"},"modified":"2025-09-26T14:29:52","modified_gmt":"2025-09-26T12:29:52","slug":"schoepfungsthematik","status":"publish","type":"page","link":"https:\/\/test-wuwei.de\/orden\/aktuelles\/themen\/schoepfungsthematik\/","title":{"rendered":"Sch\u00f6pfungsthematik: 10 Jahre Laudato si\u00b4 und 800 Jahre Sonnengesang des hl. Franziskus"},"content":{"rendered":"\n<p>Im Jahr 2025 j\u00e4hren sich zwei bedeutende Ereignisse: Die Enzyklika&nbsp;<em>Laudato si\u2019<\/em>, die zum Verm\u00e4chtnis von Papst Franziskus geh\u00f6rt, begeht ihr zehnj\u00e4hriges Bestehen, und der&nbsp;<em>Sonnengesang<\/em>&nbsp;des heiligen Franziskus feiert seinen 800. Jahrestag. Beide Texte haben Menschen immer wieder dazu angeregt, \u00fcber das Verh\u00e4ltnis des Menschen zur Sch\u00f6pfung sowie \u00fcber die daraus erwachsende Verantwortung nachzudenken. Ihre zentralen Botschaften sind angesichts der fortschreitenden Klimakrise, des weltweiten Artensterbens und zunehmender sozialer Ungleichheiten von wachsender Aktualit\u00e4t.<\/p>\n\n\n\n<p>Diese Jubil\u00e4en nehmen einige Ordensgemeinschaften zum Anlass, Sch\u00f6pfung und Nachhaltigkeit in diesem Jahr in besonderer Weise zum Thema zu machen. Diese Themenseite stellt Veranstaltungen, Projekte und Impulse von Ordensgemeinschaften zusammen. Ordensleute setzen sich engagiert und vielf\u00e4ltig f\u00fcr Klimaschutz, Umweltbewusstsein und sozial-\u00f6kologische Transformation ein.<\/p>\n\n\n\n<p>Zugleich bietet die Seite einen R\u00fcckblick auf fr\u00fchere Meldungen und Beitr\u00e4ge auf orden.de sowie auf ein Heft der Zeitschrift Ordenskorrespondenz, die das Thema Sch\u00f6pfungsverantwortung in den letzten Jahren immer wieder aufgegriffen haben.<\/p>\n\n\n\n<h2 class=\"gb-headline gb-headline-3ce876f9 gb-headline-text\">Veranstaltungen der Ordensgemeinschaften<\/h2>\n\n\n\n<p>\u00dcbersicht \u00fcber franziskanische Veranstaltungen zum 800. Jubil\u00e4um des Sonnegesangs:<\/p>\n\n\n\n<a class=\"gb-button gb-button-e5640750 gb-button-text button-standard\" href=\"https:\/\/www.franziskanisch.net\/franziskanisch-leben\/franziskanische-jubilaen-2023-2026\/2025-sonnengesang\/\" target=\"_blank\" rel=\"noopener noreferrer\">franziskanisch.net<\/a>\n\n\n\n<h3 class=\"gb-headline gb-headline-2a1b84ae gb-headline-text\">Geistlichen Zentrum Franziskus<\/h3>\n\n\n\n<ul class=\"wp-block-list\">\n<li>24.05.2025:&nbsp;<a href=\"https:\/\/www.geistliches-zentrum-franziskus.de\/kinder-familien\/\" target=\"_blank\" rel=\"noreferrer noopener\">&#8222;Was bl\u00fcht uns da \u2013 Fr\u00fchling l\u00e4sst sein blaues Band!&#8220;<\/a>&nbsp;\u2013 F\u00fcr Familien mit Kindern ab 6 Jahren. Eine gemeinsam zubereitete Mahlzeit wird uns schmecken. Lieder und Geschichten \u2013 rund um die Sch\u00f6pfung \u2013 begleiten uns durch den Tag. Der Austausch und das gemeinsame Tun l\u00e4sst Gottes Sch\u00f6pfung erfahrbar werden.<\/li>\n\n\n\n<li>28.05.\u201301.06.2025 und 22.\u201326.10.2025:&nbsp;<a href=\"https:\/\/www.geistliches-zentrum-franziskus.de\/spiritualitaet\/\" target=\"_blank\" rel=\"noreferrer noopener\">&#8222;Sch\u00f6pfungstage \u2013 Einzelexerzitien mit dem Sonnengesang des heiligen Franziskus&#8220;<\/a>. Mit allen Sinnen wahrnehmen, das Erleben der Natur, Schweigen und Gebet,&nbsp; ein Begleitgespr\u00e4ch am Tag und Impulse f\u00fcr den Alltag sind wichtige Elemente dieser Besinnungstage. Es gibt sch\u00f6ne Spazierwege in und rund um Salzkotten sowie ein Freibad in der N\u00e4he des Klosters. F\u00fcr max. 6 Personen.<\/li>\n\n\n\n<li>30.06.2025:&nbsp;<a href=\"https:\/\/www.geistliches-zentrum-franziskus.de\/spiritualitaet\/\" target=\"_blank\" rel=\"noreferrer noopener\">Feierabendpilgern \u2013 meditativer Rundgang nicht nur durch den Klostergarten<\/a>.&nbsp;<\/li>\n\n\n\n<li>01.\u201305.07.2025:&nbsp;<a href=\"https:\/\/www.geistliches-zentrum-franziskus.de\/spiritualitaet\/\" target=\"_blank\" rel=\"noreferrer noopener\">Schwimm-Exerzitien<\/a>. Schweigen, Impulse und Gebet, ein Begleitgespr\u00e4ch am Tag und Bewegung an frischer Luft und im Wasser des nahegelegenen Freibads sind Elemente dieser Besinnungstage. F\u00fcr max. 6 Personen.&nbsp;<\/li>\n\n\n\n<li>Juli 2025: Familienaktion \u201eAlles rund ums Wasser\u201c<\/li>\n\n\n\n<li>15.08.2025: \u201eMaria und die Kr\u00e4uter\u201c das Salzkottener Krautbund in Kooperation mit der Kfd St. Johannes Salzkotten.<\/li>\n\n\n\n<li>16.\u201317.08.2025: Kr\u00e4uterseminar. Die Weihe der Kr\u00e4uter rund um Maria Himmelfahrt hat eine lange Tradition. Was es mit diesem Fest und seinem Brauchtum auf sich hat, werden wir an diesem Nachmittag herausfinden. Beim Binden der kleinen Krautbunde f\u00fcr die Gottesdienste am Sonntag in der Mutterhauskirche und im Hochamt der St. Johannes-Gemeinde wird das Wissen \u00fcber die Wirkweise der gesammelten Kr\u00e4uter austauschen und viel Neues erfahren.<\/li>\n\n\n\n<li>20.09.2025: Familienaktion \u201eTiere der Bibel\u201c im Tierpark Hamm \u2013 F\u00fcr Eltern mit ihren Kindern ab 6 Jahre. Zum Weltkindertag laden wir euch herzlich in den Tierpark Hamm ein.&nbsp;&nbsp;<\/li>\n\n\n\n<li>04.10.2025:&nbsp;<a href=\"https:\/\/www.geistliches-zentrum-franziskus.de\/spiritualitaet\/\" target=\"_blank\" rel=\"noreferrer noopener\">Einweihung des Pilgerradweges zum Sonnengesang im Pastoralverbund Salzkotten<\/a><\/li>\n\n\n\n<li>06.10.2025: Themenabend \u201eHimmel &amp; Erde \u2013 von Stermen und Steinen\u201c. Referentin: Sr. M. Lucia Liebenau, Geowissenschaftlerin, Rebecca Rehm, Geo-Physikerin<\/li>\n<\/ul>\n\n\n\n<h3 class=\"gb-headline gb-headline-53ccde65 gb-headline-text\">Jesuiten<\/h3>\n\n\n\n<ul class=\"wp-block-list\">\n<li>Ukama-Zentrum f\u00fcr sozial-\u00f6kologische Transformation in N\u00fcrnberg:&nbsp;6.\u20138.06.2025: \u201eInspire-Wochenende\u201c f\u00fcr junge Erwachsene&nbsp;\u2013 Pfingsten feiern, Gemeinschaft leben, einander inspirieren. Wie k\u00f6nnen sich der christliche Glaube und das Engagement f\u00fcr eine bessere Welt gegenseitig st\u00fctzen und befruchten? F\u00fcr alle Engagierten und solche, die es werden wollen.&nbsp;<a href=\"https:\/\/ukamazentrum.net\/fileadmin\/Dateien\/Uploads\/inspire-Flyer_2025.pdf\" target=\"_blank\" rel=\"noreferrer noopener\">N\u00e4here Infos und Anmeldung hier<\/a>. 20.6.2025:<strong>&nbsp;<\/strong>Impulse, Podium, Begegnung. Menschen- und V\u00f6lkerrechte in Zeiten von Kriegen und Klimawandel&nbsp;\u2013 30 Jahre Jesuiten-Fl\u00fcchtlingsdienst in Deutschland.&nbsp;<a href=\"https:\/\/www.cph-nuernberg.de\/veranstaltungen\/info\/termin\/20250620\/menschen-und-voelkerrechte-in-zeiten-von-kriegen-und-klimawandel-30-jahre-jesuiten-fluechtlingsdienst-in-deutschland-bilanz-und-vorausschau\" target=\"_blank\" rel=\"noreferrer noopener\">Weitere Informationen und kostenlose Anmeldung hier.<\/a><\/li>\n\n\n\n<li>18.\u201325.08.2025: Internationales Eco Summer Camp \u2013 eine interdisziplin\u00e4re, transdisziplin\u00e4re und generationen\u00fcbergreifende Sommerschule zur Nachhaltigkeit.&nbsp;<a href=\"https:\/\/ecosummercamp.org\/\" target=\"_blank\" rel=\"noreferrer noopener\">Mehr Infos hier.<\/a><\/li>\n<\/ul>\n\n\n\n<h2 class=\"gb-headline gb-headline-0434cf62 gb-headline-text\">Themenhefte Ordenskorrespondenz<\/h2>\n\n\n\n<p><a href=\"https:\/\/test-wuwei.de\/orden\/ordenskorrespondenzen\/ausgabe-4-2021\/\" target=\"_blank\" rel=\"noreferrer noopener\">Ausgabe 4\/2021 \u2013 Themenschwerpunkt: \u201eGott hat uns einen bl\u00fchenden Garten geschenkt\u201c Sch\u00f6pfungsspiritualit\u00e4t der Orden<\/a><\/p>\n\n\n\n<h2 class=\"gb-headline gb-headline-30ea369f gb-headline-text\">Aktuelle Meldungen<\/h2>\n\n\n\n<div class=\"gb-grid-wrapper gb-grid-wrapper-07d1a332 gb-query-loop-wrapper\">\n<div class=\"gb-grid-column gb-grid-column-f7c0b2d6 gb-query-loop-item post-4283 meldung type-meldung status-publish has-post-thumbnail hentry\"><div class=\"gb-container gb-container-f7c0b2d6\">\n<div class=\"gb-grid-wrapper gb-grid-wrapper-8ad5ccf8\">\n<div class=\"gb-grid-column gb-grid-column-e70058a5\"><div class=\"gb-container gb-container-e70058a5\">\n<figure class=\"gb-block-image gb-block-image-4dc8c8e2\"><a href=\"https:\/\/test-wuwei.de\/orden\/meldung\/cop30-in-belem-blog-von-br-vicente-michael-imhof-ofmconv\/\"><img loading=\"lazy\" decoding=\"async\" width=\"600\" height=\"600\" src=\"https:\/\/test-wuwei.de\/orden\/wp-content\/uploads\/2025\/12\/csm_COP30_-_bearbeitet_cc224faeef-600x600.jpg\" class=\"gb-image-4dc8c8e2\" alt=\"\" srcset=\"https:\/\/test-wuwei.de\/orden\/wp-content\/uploads\/2025\/12\/csm_COP30_-_bearbeitet_cc224faeef-600x600.jpg 600w, https:\/\/test-wuwei.de\/orden\/wp-content\/uploads\/2025\/12\/csm_COP30_-_bearbeitet_cc224faeef-150x150.jpg 150w, https:\/\/test-wuwei.de\/orden\/wp-content\/uploads\/2025\/12\/csm_COP30_-_bearbeitet_cc224faeef-300x300.jpg 300w, https:\/\/test-wuwei.de\/orden\/wp-content\/uploads\/2025\/12\/csm_COP30_-_bearbeitet_cc224faeef.jpg 120w\" sizes=\"auto, (max-width: 600px) 100vw, 600px\" \/><\/a><\/figure>\n<\/div><\/div>\n\n<div class=\"gb-grid-column gb-grid-column-78f2c770\"><div class=\"gb-container gb-container-78f2c770\">\n<div class=\"gb-headline gb-headline-fb3ec89b gb-headline-text\"><time class=\"entry-date published\" datetime=\"2025-11-13T15:21:00+01:00\">13. November 2025<\/time><\/div>\n\n<div class=\"gb-headline gb-headline-f40af86e gb-headline-text\"><a href=\"https:\/\/test-wuwei.de\/orden\/meldung\/cop30-in-belem-blog-von-br-vicente-michael-imhof-ofmconv\/\">COP30 in Bel\u00e9m: Blog von Br. Vicente Michael Imhof OFMConv<\/a><\/div>\n\n<div class=\"gb-headline gb-headline-80663b17 gb-headline-text\"><a href=\"https:\/\/test-wuwei.de\/orden\/meldung\/cop30-in-belem-blog-von-br-vicente-michael-imhof-ofmconv\/\">Eindr\u00fccke aus franziskanischer Perspektive von der UN-Klimakonferenz (COP30) im brasilianischen Bel\u00e9m<\/a><\/div>\n<\/div><\/div>\n<\/div>\n<\/div><\/div>\n\n<div class=\"gb-grid-column gb-grid-column-f7c0b2d6 gb-query-loop-item post-629 meldung type-meldung status-publish has-post-thumbnail hentry category-thema-schoepfung\"><div class=\"gb-container gb-container-f7c0b2d6\">\n<div class=\"gb-grid-wrapper gb-grid-wrapper-8ad5ccf8\">\n<div class=\"gb-grid-column gb-grid-column-e70058a5\"><div class=\"gb-container gb-container-e70058a5\">\n<figure class=\"gb-block-image gb-block-image-4dc8c8e2\"><a href=\"https:\/\/test-wuwei.de\/orden\/meldung\/nachhaltigkeit-im-fokus-neue-kapuziner-gemeinschaft-in-eberswalde\/\"><img loading=\"lazy\" decoding=\"async\" width=\"600\" height=\"600\" src=\"https:\/\/test-wuwei.de\/orden\/wp-content\/uploads\/2025\/08\/csm_Kapuziner_Habit_c3b05b413c-600x600.jpg\" class=\"gb-image-4dc8c8e2\" alt=\"\" srcset=\"https:\/\/test-wuwei.de\/orden\/wp-content\/uploads\/2025\/08\/csm_Kapuziner_Habit_c3b05b413c-600x600.jpg 600w, https:\/\/test-wuwei.de\/orden\/wp-content\/uploads\/2025\/08\/csm_Kapuziner_Habit_c3b05b413c-150x150.jpg 150w, https:\/\/test-wuwei.de\/orden\/wp-content\/uploads\/2025\/08\/csm_Kapuziner_Habit_c3b05b413c-300x300.jpg 300w, https:\/\/test-wuwei.de\/orden\/wp-content\/uploads\/2025\/08\/csm_Kapuziner_Habit_c3b05b413c.jpg 120w\" sizes=\"auto, (max-width: 600px) 100vw, 600px\" \/><\/a><\/figure>\n<\/div><\/div>\n\n<div class=\"gb-grid-column gb-grid-column-78f2c770\"><div class=\"gb-container gb-container-78f2c770\">\n<div class=\"gb-headline gb-headline-fb3ec89b gb-headline-text\"><time class=\"entry-date published\" datetime=\"2024-03-01T09:00:00+01:00\">1. M\u00e4rz 2024<\/time><\/div>\n\n<div class=\"gb-headline gb-headline-f40af86e gb-headline-text\"><a href=\"https:\/\/test-wuwei.de\/orden\/meldung\/nachhaltigkeit-im-fokus-neue-kapuziner-gemeinschaft-in-eberswalde\/\">Nachhaltigkeit im Fokus: Neue Kapuziner-Gemeinschaft in Eberswalde<\/a><\/div>\n\n<div class=\"gb-headline gb-headline-80663b17 gb-headline-text\"><a href=\"https:\/\/test-wuwei.de\/orden\/meldung\/nachhaltigkeit-im-fokus-neue-kapuziner-gemeinschaft-in-eberswalde\/\">Die Kapuziner haben in Eberswalde in Brandenburg n\u00f6rdlich von Berlin eine neue Niederlassung er\u00f6ffnet. Gemeinsam mit der Erzdi\u00f6zese Berlin starten die\u2026<\/a><\/div>\n<\/div><\/div>\n<\/div>\n<\/div><\/div>\n\n<div class=\"gb-grid-column gb-grid-column-f7c0b2d6 gb-query-loop-item post-655 meldung type-meldung status-publish hentry\"><div class=\"gb-container gb-container-f7c0b2d6\">\n<div class=\"gb-grid-wrapper gb-grid-wrapper-8ad5ccf8\">\n<div class=\"gb-grid-column gb-grid-column-e70058a5\"><div class=\"gb-container gb-container-e70058a5\">\n\n<\/div><\/div>\n\n<div class=\"gb-grid-column gb-grid-column-78f2c770\"><div class=\"gb-container gb-container-78f2c770\">\n<div class=\"gb-headline gb-headline-fb3ec89b gb-headline-text\"><time class=\"entry-date published\" datetime=\"2023-11-28T09:00:00+01:00\">28. November 2023<\/time><\/div>\n\n<div class=\"gb-headline gb-headline-f40af86e gb-headline-text\"><a href=\"https:\/\/test-wuwei.de\/orden\/meldung\/un-klimakonferenz-in-dubai-cop28\/\">UN-Klimakonferenz in Dubai COP28<\/a><\/div>\n\n<div class=\"gb-headline gb-headline-80663b17 gb-headline-text\"><a href=\"https:\/\/test-wuwei.de\/orden\/meldung\/un-klimakonferenz-in-dubai-cop28\/\">&#8222;Das globale Gemeinwohl muss jetzt unsere oberste Priorit\u00e4t sein!&#8220;<\/a><\/div>\n<\/div><\/div>\n<\/div>\n<\/div><\/div>\n\n<div class=\"gb-grid-column gb-grid-column-f7c0b2d6 gb-query-loop-item post-720 meldung type-meldung status-publish has-post-thumbnail hentry category-thema-schoepfung\"><div class=\"gb-container gb-container-f7c0b2d6\">\n<div class=\"gb-grid-wrapper gb-grid-wrapper-8ad5ccf8\">\n<div class=\"gb-grid-column gb-grid-column-e70058a5\"><div class=\"gb-container gb-container-e70058a5\">\n<figure class=\"gb-block-image gb-block-image-4dc8c8e2\"><a href=\"https:\/\/test-wuwei.de\/orden\/meldung\/ueber-80-katholische-fuehrungspersonen-fordern-konsequenten-klimaschutz\/\"><img loading=\"lazy\" decoding=\"async\" width=\"600\" height=\"600\" src=\"https:\/\/test-wuwei.de\/orden\/wp-content\/uploads\/2025\/08\/csm_2023.07.10wir_sind_bereit_ac7693200e-600x600.jpg\" class=\"gb-image-4dc8c8e2\" alt=\"\" srcset=\"https:\/\/test-wuwei.de\/orden\/wp-content\/uploads\/2025\/08\/csm_2023.07.10wir_sind_bereit_ac7693200e-600x600.jpg 600w, https:\/\/test-wuwei.de\/orden\/wp-content\/uploads\/2025\/08\/csm_2023.07.10wir_sind_bereit_ac7693200e-150x150.jpg 150w, https:\/\/test-wuwei.de\/orden\/wp-content\/uploads\/2025\/08\/csm_2023.07.10wir_sind_bereit_ac7693200e-300x300.jpg 300w, https:\/\/test-wuwei.de\/orden\/wp-content\/uploads\/2025\/08\/csm_2023.07.10wir_sind_bereit_ac7693200e.jpg 120w\" sizes=\"auto, (max-width: 600px) 100vw, 600px\" \/><\/a><\/figure>\n<\/div><\/div>\n\n<div class=\"gb-grid-column gb-grid-column-78f2c770\"><div class=\"gb-container gb-container-78f2c770\">\n<div class=\"gb-headline gb-headline-fb3ec89b gb-headline-text\"><time class=\"entry-date published\" datetime=\"2023-07-10T15:41:00+02:00\">10. Juli 2023<\/time><\/div>\n\n<div class=\"gb-headline gb-headline-f40af86e gb-headline-text\"><a href=\"https:\/\/test-wuwei.de\/orden\/meldung\/ueber-80-katholische-fuehrungspersonen-fordern-konsequenten-klimaschutz\/\">\u00dcber 80 katholische F\u00fchrungspersonen fordern konsequenten Klimaschutz<\/a><\/div>\n\n<div class=\"gb-headline gb-headline-80663b17 gb-headline-text\"><a href=\"https:\/\/test-wuwei.de\/orden\/meldung\/ueber-80-katholische-fuehrungspersonen-fordern-konsequenten-klimaschutz\/\">In einem gemeinsamen, eindringlichen Appell an die Politik fordern auch 14 Ordensoberinnen und Obere, &#8222;endlich die Klimaschutzbremsen zu lockern&#8220;\u2026<\/a><\/div>\n<\/div><\/div>\n<\/div>\n<\/div><\/div>\n\n<div class=\"gb-grid-column gb-grid-column-f7c0b2d6 gb-query-loop-item post-809 meldung type-meldung status-publish has-post-thumbnail hentry\"><div class=\"gb-container gb-container-f7c0b2d6\">\n<div class=\"gb-grid-wrapper gb-grid-wrapper-8ad5ccf8\">\n<div class=\"gb-grid-column gb-grid-column-e70058a5\"><div class=\"gb-container gb-container-e70058a5\">\n<figure class=\"gb-block-image gb-block-image-4dc8c8e2\"><a href=\"https:\/\/test-wuwei.de\/orden\/meldung\/gemeinsam-die-stimme-der-orden-staerken\/\"><img loading=\"lazy\" decoding=\"async\" width=\"600\" height=\"600\" src=\"https:\/\/test-wuwei.de\/orden\/wp-content\/uploads\/2025\/08\/csm_csm_221109_AGPR_Jahrestagung_Begruessung_Bauwens_a633735c73_4be855f0ec-600x600.jpg\" class=\"gb-image-4dc8c8e2\" alt=\"\" srcset=\"https:\/\/test-wuwei.de\/orden\/wp-content\/uploads\/2025\/08\/csm_csm_221109_AGPR_Jahrestagung_Begruessung_Bauwens_a633735c73_4be855f0ec-600x600.jpg 600w, https:\/\/test-wuwei.de\/orden\/wp-content\/uploads\/2025\/08\/csm_csm_221109_AGPR_Jahrestagung_Begruessung_Bauwens_a633735c73_4be855f0ec-150x150.jpg 150w, https:\/\/test-wuwei.de\/orden\/wp-content\/uploads\/2025\/08\/csm_csm_221109_AGPR_Jahrestagung_Begruessung_Bauwens_a633735c73_4be855f0ec-300x300.jpg 300w, https:\/\/test-wuwei.de\/orden\/wp-content\/uploads\/2025\/08\/csm_csm_221109_AGPR_Jahrestagung_Begruessung_Bauwens_a633735c73_4be855f0ec.jpg 120w\" sizes=\"auto, (max-width: 600px) 100vw, 600px\" \/><\/a><\/figure>\n<\/div><\/div>\n\n<div class=\"gb-grid-column gb-grid-column-78f2c770\"><div class=\"gb-container gb-container-78f2c770\">\n<div class=\"gb-headline gb-headline-fb3ec89b gb-headline-text\"><time class=\"entry-date published\" datetime=\"2022-11-09T09:00:00+01:00\">9. November 2022<\/time><\/div>\n\n<div class=\"gb-headline gb-headline-f40af86e gb-headline-text\"><a href=\"https:\/\/test-wuwei.de\/orden\/meldung\/gemeinsam-die-stimme-der-orden-staerken\/\">Gemeinsam die Stimme der Orden st\u00e4rken<\/a><\/div>\n\n<div class=\"gb-headline gb-headline-80663b17 gb-headline-text\"><a href=\"https:\/\/test-wuwei.de\/orden\/meldung\/gemeinsam-die-stimme-der-orden-staerken\/\">Symposium f\u00fcr Ordensleitungen und Medienschaffende in M\u00fcnsterschwarzach<\/a><\/div>\n<\/div><\/div>\n<\/div>\n<\/div><\/div>\n\n<div class=\"gb-grid-column gb-grid-column-f7c0b2d6 gb-query-loop-item post-834 meldung type-meldung status-publish has-post-thumbnail hentry\"><div class=\"gb-container gb-container-f7c0b2d6\">\n<div class=\"gb-grid-wrapper gb-grid-wrapper-8ad5ccf8\">\n<div class=\"gb-grid-column gb-grid-column-e70058a5\"><div class=\"gb-container gb-container-e70058a5\">\n<figure class=\"gb-block-image gb-block-image-4dc8c8e2\"><a href=\"https:\/\/test-wuwei.de\/orden\/meldung\/ruhe-des-glaubens-trifft-kreatives-chaos-des-fernsehens\/\"><img loading=\"lazy\" decoding=\"async\" width=\"600\" height=\"600\" src=\"https:\/\/test-wuwei.de\/orden\/wp-content\/uploads\/2025\/08\/csm_ndr_093bea399a-600x600.png\" class=\"gb-image-4dc8c8e2\" alt=\"\" srcset=\"https:\/\/test-wuwei.de\/orden\/wp-content\/uploads\/2025\/08\/csm_ndr_093bea399a-600x600.png 600w, https:\/\/test-wuwei.de\/orden\/wp-content\/uploads\/2025\/08\/csm_ndr_093bea399a-150x150.png 150w, https:\/\/test-wuwei.de\/orden\/wp-content\/uploads\/2025\/08\/csm_ndr_093bea399a-300x300.png 300w, https:\/\/test-wuwei.de\/orden\/wp-content\/uploads\/2025\/08\/csm_ndr_093bea399a.png 120w\" sizes=\"auto, (max-width: 600px) 100vw, 600px\" \/><\/a><\/figure>\n<\/div><\/div>\n\n<div class=\"gb-grid-column gb-grid-column-78f2c770\"><div class=\"gb-container gb-container-78f2c770\">\n<div class=\"gb-headline gb-headline-fb3ec89b gb-headline-text\"><time class=\"entry-date published\" datetime=\"2022-09-05T09:00:00+02:00\">5. September 2022<\/time><\/div>\n\n<div class=\"gb-headline gb-headline-f40af86e gb-headline-text\"><a href=\"https:\/\/test-wuwei.de\/orden\/meldung\/ruhe-des-glaubens-trifft-kreatives-chaos-des-fernsehens\/\">\u201eRuhe des Glaubens trifft kreatives Chaos des Fernsehens\u201c<\/a><\/div>\n\n<div class=\"gb-headline gb-headline-80663b17 gb-headline-text\"><a href=\"https:\/\/test-wuwei.de\/orden\/meldung\/ruhe-des-glaubens-trifft-kreatives-chaos-des-fernsehens\/\">NDR-Sendung &#8222;Klosterk\u00fcche &#8211; Kochen mit Leib und Seele&#8220;<\/a><\/div>\n<\/div><\/div>\n<\/div>\n<\/div><\/div>\n\n<div class=\"gb-grid-column gb-grid-column-f7c0b2d6 gb-query-loop-item post-919 meldung type-meldung status-publish has-post-thumbnail hentry\"><div class=\"gb-container gb-container-f7c0b2d6\">\n<div class=\"gb-grid-wrapper gb-grid-wrapper-8ad5ccf8\">\n<div class=\"gb-grid-column gb-grid-column-e70058a5\"><div class=\"gb-container gb-container-e70058a5\">\n<figure class=\"gb-block-image gb-block-image-4dc8c8e2\"><a href=\"https:\/\/test-wuwei.de\/orden\/meldung\/wanderexerzitien-fuer-sozialoekologischen-wandel\/\"><img loading=\"lazy\" decoding=\"async\" width=\"600\" height=\"600\" src=\"https:\/\/test-wuwei.de\/orden\/wp-content\/uploads\/2025\/08\/csm_mountaineering-g5ab3168e8_1920_15797b381d-600x600.jpg\" class=\"gb-image-4dc8c8e2\" alt=\"\" srcset=\"https:\/\/test-wuwei.de\/orden\/wp-content\/uploads\/2025\/08\/csm_mountaineering-g5ab3168e8_1920_15797b381d-600x600.jpg 600w, https:\/\/test-wuwei.de\/orden\/wp-content\/uploads\/2025\/08\/csm_mountaineering-g5ab3168e8_1920_15797b381d-150x150.jpg 150w, https:\/\/test-wuwei.de\/orden\/wp-content\/uploads\/2025\/08\/csm_mountaineering-g5ab3168e8_1920_15797b381d-300x300.jpg 300w, https:\/\/test-wuwei.de\/orden\/wp-content\/uploads\/2025\/08\/csm_mountaineering-g5ab3168e8_1920_15797b381d.jpg 120w\" sizes=\"auto, (max-width: 600px) 100vw, 600px\" \/><\/a><\/figure>\n<\/div><\/div>\n\n<div class=\"gb-grid-column gb-grid-column-78f2c770\"><div class=\"gb-container gb-container-78f2c770\">\n<div class=\"gb-headline gb-headline-fb3ec89b gb-headline-text\"><time class=\"entry-date published\" datetime=\"2022-06-10T09:00:00+02:00\">10. Juni 2022<\/time><\/div>\n\n<div class=\"gb-headline gb-headline-f40af86e gb-headline-text\"><a href=\"https:\/\/test-wuwei.de\/orden\/meldung\/wanderexerzitien-fuer-sozialoekologischen-wandel\/\">Wanderexerzitien f\u00fcr sozial\u00f6kologischen Wandel<\/a><\/div>\n\n<div class=\"gb-headline gb-headline-80663b17 gb-headline-text\"><a href=\"https:\/\/test-wuwei.de\/orden\/meldung\/wanderexerzitien-fuer-sozialoekologischen-wandel\/\">Christoph Albrecht SJ: Vieles zur\u00fccklassen und die Leichtigkeit des Seins zulassen<\/a><\/div>\n<\/div><\/div>\n<\/div>\n<\/div><\/div>\n\n<div class=\"gb-grid-column gb-grid-column-f7c0b2d6 gb-query-loop-item post-946 meldung type-meldung status-publish has-post-thumbnail hentry\"><div class=\"gb-container gb-container-f7c0b2d6\">\n<div class=\"gb-grid-wrapper gb-grid-wrapper-8ad5ccf8\">\n<div class=\"gb-grid-column gb-grid-column-e70058a5\"><div class=\"gb-container gb-container-e70058a5\">\n<figure class=\"gb-block-image gb-block-image-4dc8c8e2\"><a href=\"https:\/\/test-wuwei.de\/orden\/meldung\/jahrestreffen-in-vierzehnheiligen-jesuiten-unterstuetzen-klimaproteste\/\"><img loading=\"lazy\" decoding=\"async\" width=\"600\" height=\"600\" src=\"https:\/\/test-wuwei.de\/orden\/wp-content\/uploads\/2025\/08\/csm_essenretten_1__1__421a023b16-600x600.jpg\" class=\"gb-image-4dc8c8e2\" alt=\"\" srcset=\"https:\/\/test-wuwei.de\/orden\/wp-content\/uploads\/2025\/08\/csm_essenretten_1__1__421a023b16-600x600.jpg 600w, https:\/\/test-wuwei.de\/orden\/wp-content\/uploads\/2025\/08\/csm_essenretten_1__1__421a023b16-150x150.jpg 150w, https:\/\/test-wuwei.de\/orden\/wp-content\/uploads\/2025\/08\/csm_essenretten_1__1__421a023b16-300x300.jpg 300w, https:\/\/test-wuwei.de\/orden\/wp-content\/uploads\/2025\/08\/csm_essenretten_1__1__421a023b16.jpg 120w\" sizes=\"auto, (max-width: 600px) 100vw, 600px\" \/><\/a><\/figure>\n<\/div><\/div>\n\n<div class=\"gb-grid-column gb-grid-column-78f2c770\"><div class=\"gb-container gb-container-78f2c770\">\n<div class=\"gb-headline gb-headline-fb3ec89b gb-headline-text\"><time class=\"entry-date published\" datetime=\"2022-04-28T09:00:00+02:00\">28. April 2022<\/time><\/div>\n\n<div class=\"gb-headline gb-headline-f40af86e gb-headline-text\"><a href=\"https:\/\/test-wuwei.de\/orden\/meldung\/jahrestreffen-in-vierzehnheiligen-jesuiten-unterstuetzen-klimaproteste\/\">Jahrestreffen in Vierzehnheiligen: Jesuiten unterst\u00fctzen Klimaproteste<\/a><\/div>\n\n<div class=\"gb-headline gb-headline-80663b17 gb-headline-text\"><a href=\"https:\/\/test-wuwei.de\/orden\/meldung\/jahrestreffen-in-vierzehnheiligen-jesuiten-unterstuetzen-klimaproteste\/\">Die Jesuiten in Zentraleuropa unterst\u00fctzen das Engagement junger Klimaaktivisten und wollen ihren eigenen Einsatz f\u00fcr eine sozial-\u00f6kologische\u2026<\/a><\/div>\n<\/div><\/div>\n<\/div>\n<\/div><\/div>\n\n<div class=\"gb-grid-column gb-grid-column-f7c0b2d6 gb-query-loop-item post-954 meldung type-meldung status-publish has-post-thumbnail hentry category-thema-schoepfung\"><div class=\"gb-container gb-container-f7c0b2d6\">\n<div class=\"gb-grid-wrapper gb-grid-wrapper-8ad5ccf8\">\n<div class=\"gb-grid-column gb-grid-column-e70058a5\"><div class=\"gb-container gb-container-e70058a5\">\n<figure class=\"gb-block-image gb-block-image-4dc8c8e2\"><a href=\"https:\/\/test-wuwei.de\/orden\/meldung\/botschafter-fuer-nachhaltigen-tourismus\/\"><img loading=\"lazy\" decoding=\"async\" width=\"600\" height=\"600\" src=\"https:\/\/test-wuwei.de\/orden\/wp-content\/uploads\/2025\/08\/csm_Abtei_Maria_Laach_6_4b1cb826b2-600x600.jpg\" class=\"gb-image-4dc8c8e2\" alt=\"\" srcset=\"https:\/\/test-wuwei.de\/orden\/wp-content\/uploads\/2025\/08\/csm_Abtei_Maria_Laach_6_4b1cb826b2-600x600.jpg 600w, https:\/\/test-wuwei.de\/orden\/wp-content\/uploads\/2025\/08\/csm_Abtei_Maria_Laach_6_4b1cb826b2-150x150.jpg 150w, https:\/\/test-wuwei.de\/orden\/wp-content\/uploads\/2025\/08\/csm_Abtei_Maria_Laach_6_4b1cb826b2-300x300.jpg 300w, https:\/\/test-wuwei.de\/orden\/wp-content\/uploads\/2025\/08\/csm_Abtei_Maria_Laach_6_4b1cb826b2.jpg 120w\" sizes=\"auto, (max-width: 600px) 100vw, 600px\" \/><\/a><\/figure>\n<\/div><\/div>\n\n<div class=\"gb-grid-column gb-grid-column-78f2c770\"><div class=\"gb-container gb-container-78f2c770\">\n<div class=\"gb-headline gb-headline-fb3ec89b gb-headline-text\"><time class=\"entry-date published\" datetime=\"2022-04-14T09:00:00+02:00\">14. April 2022<\/time><\/div>\n\n<div class=\"gb-headline gb-headline-f40af86e gb-headline-text\"><a href=\"https:\/\/test-wuwei.de\/orden\/meldung\/botschafter-fuer-nachhaltigen-tourismus\/\">Botschafter f\u00fcr nachhaltigen Tourismus<\/a><\/div>\n\n<div class=\"gb-headline gb-headline-80663b17 gb-headline-text\"><a href=\"https:\/\/test-wuwei.de\/orden\/meldung\/botschafter-fuer-nachhaltigen-tourismus\/\">Die Abteien Plankstetten und Maria Laach erweitern ihr touristisches Angebot in Richtung Nachhaltigkeit<\/a><\/div>\n<\/div><\/div>\n<\/div>\n<\/div><\/div>\n\n<div class=\"gb-grid-column gb-grid-column-f7c0b2d6 gb-query-loop-item post-1019 meldung type-meldung status-publish has-post-thumbnail hentry\"><div class=\"gb-container gb-container-f7c0b2d6\">\n<div class=\"gb-grid-wrapper gb-grid-wrapper-8ad5ccf8\">\n<div class=\"gb-grid-column gb-grid-column-e70058a5\"><div class=\"gb-container gb-container-e70058a5\">\n<figure class=\"gb-block-image gb-block-image-4dc8c8e2\"><a href=\"https:\/\/test-wuwei.de\/orden\/meldung\/neues-zentrum-fuer-schoepfungsspiritualitaet\/\"><img loading=\"lazy\" decoding=\"async\" width=\"600\" height=\"600\" src=\"https:\/\/test-wuwei.de\/orden\/wp-content\/uploads\/2025\/08\/csm_93260037_c1fc1b8280-600x600.jpg\" class=\"gb-image-4dc8c8e2\" alt=\"\" srcset=\"https:\/\/test-wuwei.de\/orden\/wp-content\/uploads\/2025\/08\/csm_93260037_c1fc1b8280-600x600.jpg 600w, https:\/\/test-wuwei.de\/orden\/wp-content\/uploads\/2025\/08\/csm_93260037_c1fc1b8280-150x150.jpg 150w, https:\/\/test-wuwei.de\/orden\/wp-content\/uploads\/2025\/08\/csm_93260037_c1fc1b8280-300x300.jpg 300w, https:\/\/test-wuwei.de\/orden\/wp-content\/uploads\/2025\/08\/csm_93260037_c1fc1b8280.jpg 120w\" sizes=\"auto, (max-width: 600px) 100vw, 600px\" \/><\/a><\/figure>\n<\/div><\/div>\n\n<div class=\"gb-grid-column gb-grid-column-78f2c770\"><div class=\"gb-container gb-container-78f2c770\">\n<div class=\"gb-headline gb-headline-fb3ec89b gb-headline-text\"><time class=\"entry-date published\" datetime=\"2022-01-05T09:00:00+01:00\">5. Januar 2022<\/time><\/div>\n\n<div class=\"gb-headline gb-headline-f40af86e gb-headline-text\"><a href=\"https:\/\/test-wuwei.de\/orden\/meldung\/neues-zentrum-fuer-schoepfungsspiritualitaet\/\">Neues \u201eZentrum f\u00fcr Sch\u00f6pfungsspiritualit\u00e4t\u201c<\/a><\/div>\n\n<div class=\"gb-headline gb-headline-80663b17 gb-headline-text\"><a href=\"https:\/\/test-wuwei.de\/orden\/meldung\/neues-zentrum-fuer-schoepfungsspiritualitaet\/\">Die Benediktinerabtei Plankstetten als Anschauungsobjekt und innovativer Lernort<\/a><\/div>\n<\/div><\/div>\n<\/div>\n<\/div><\/div>\n<\/div>\n\n<div class=\"gb-container gb-container-78f33076 gb-query-loop-pagination\">\n\n\n<span class=\"gb-button gb-button-0c7ccf6a gb-button-text page-numbers gb-block-is-current\" aria-current=\"page\">1<\/span><a class=\"gb-button gb-button-0c7ccf6a gb-button-text page-numbers\" href=\"?query-8890d3bb-page=2\">2<\/a>\n\n<a class=\"gb-button gb-button-7bf88727 gb-button-text\" href=\"\/orden\/wp-json\/wp\/v2\/pages\/3246?query-8890d3bb-page=2\">&gt;<\/a>\n<\/div>\n","protected":false},"excerpt":{"rendered":"<p>Im Jahr 2025 j\u00e4hren sich zwei bedeutende Ereignisse: Die Enzyklika&nbsp;Laudato si\u2019, die zum Verm\u00e4chtnis von Papst Franziskus geh\u00f6rt, begeht ihr zehnj\u00e4hriges Bestehen, und der&nbsp;Sonnengesang&nbsp;des heiligen Franziskus feiert seinen 800. Jahrestag. Beide Texte haben Menschen immer wieder dazu angeregt, \u00fcber das Verh\u00e4ltnis des Menschen zur Sch\u00f6pfung sowie \u00fcber die daraus erwachsende Verantwortung nachzudenken. Ihre zentralen Botschaften &#8230; <\/p>\n<p class=\"read-more-container\"><a title=\"Sch\u00f6pfungsthematik: 10 Jahre Laudato si\u00b4 und 800 Jahre Sonnengesang des hl. Franziskus\" class=\"read-more button\" href=\"https:\/\/test-wuwei.de\/orden\/aktuelles\/themen\/schoepfungsthematik\/#more-3246\" aria-label=\"Mehr Informationen \u00fcber Sch\u00f6pfungsthematik: 10 Jahre Laudato si\u00b4 und 800 Jahre Sonnengesang des hl. Franziskus\">weiterlesen<\/a><\/p>\n","protected":false},"author":4,"featured_media":3247,"parent":56,"menu_order":0,"comment_status":"closed","ping_status":"closed","template":"","meta":{"_acf_changed":false,"footnotes":""},"class_list":["post-3246","page","type-page","status-publish","has-post-thumbnail"],"acf":[],"yoast_head":"<!-- This site is optimized with the Yoast SEO plugin v26.3 - https:\/\/yoast.com\/wordpress\/plugins\/seo\/ -->\n<title>Sch\u00f6pfungsthematik: 10 Jahre Laudato si\u00b4 und 800 Jahre Sonnengesang des hl. Franziskus &#8211; Ordensgemeinschaften in Deutschland<\/title>\n<meta name=\"robots\" content=\"noindex, follow, max-snippet:-1, max-image-preview:large, max-video-preview:-1\" \/>\n<meta property=\"og:locale\" content=\"de_DE\" \/>\n<meta property=\"og:type\" content=\"article\" \/>\n<meta property=\"og:title\" content=\"Sch\u00f6pfungsthematik: 10 Jahre Laudato si\u00b4 und 800 Jahre Sonnengesang des hl. Franziskus &#8211; Ordensgemeinschaften in Deutschland\" \/>\n<meta property=\"og:description\" content=\"Im Jahr 2025 j\u00e4hren sich zwei bedeutende Ereignisse: Die Enzyklika&nbsp;Laudato si\u2019, die zum Verm\u00e4chtnis von Papst Franziskus geh\u00f6rt, begeht ihr zehnj\u00e4hriges Bestehen, und der&nbsp;Sonnengesang&nbsp;des heiligen Franziskus feiert seinen 800. Jahrestag. Beide Texte haben Menschen immer wieder dazu angeregt, \u00fcber das Verh\u00e4ltnis des Menschen zur Sch\u00f6pfung sowie \u00fcber die daraus erwachsende Verantwortung nachzudenken. Ihre zentralen Botschaften ... weiterlesen\" \/>\n<meta property=\"og:url\" content=\"https:\/\/test-wuwei.de\/orden\/aktuelles\/themen\/schoepfungsthematik\/\" \/>\n<meta property=\"og:site_name\" content=\"Ordensgemeinschaften in Deutschland\" \/>\n<meta property=\"article:modified_time\" content=\"2025-09-26T12:29:52+00:00\" \/>\n<meta property=\"og:image\" content=\"https:\/\/test-wuwei.de\/orden\/wp-content\/uploads\/2025\/09\/csm_plants-4963049_1920_0d588892ce.jpg\" \/>\n\t<meta property=\"og:image:width\" content=\"870\" \/>\n\t<meta property=\"og:image:height\" content=\"324\" \/>\n\t<meta property=\"og:image:type\" content=\"image\/jpeg\" \/>\n<meta name=\"twitter:card\" content=\"summary_large_image\" \/>\n<meta name=\"twitter:label1\" content=\"Gesch\u00e4tzte Lesezeit\" \/>\n\t<meta name=\"twitter:data1\" content=\"4\u00a0Minuten\" \/>\n<script type=\"application\/ld+json\" class=\"yoast-schema-graph\">{\"@context\":\"https:\/\/schema.org\",\"@graph\":[{\"@type\":\"WebPage\",\"@id\":\"https:\/\/test-wuwei.de\/orden\/aktuelles\/themen\/schoepfungsthematik\/\",\"url\":\"https:\/\/test-wuwei.de\/orden\/aktuelles\/themen\/schoepfungsthematik\/\",\"name\":\"Sch\u00f6pfungsthematik: 10 Jahre Laudato si\u00b4 und 800 Jahre Sonnengesang des hl. Franziskus &#8211; Ordensgemeinschaften in Deutschland\",\"isPartOf\":{\"@id\":\"https:\/\/test-wuwei.de\/orden\/#website\"},\"primaryImageOfPage\":{\"@id\":\"https:\/\/test-wuwei.de\/orden\/aktuelles\/themen\/schoepfungsthematik\/#primaryimage\"},\"image\":{\"@id\":\"https:\/\/test-wuwei.de\/orden\/aktuelles\/themen\/schoepfungsthematik\/#primaryimage\"},\"thumbnailUrl\":\"https:\/\/test-wuwei.de\/orden\/wp-content\/uploads\/2025\/09\/csm_plants-4963049_1920_0d588892ce.jpg\",\"datePublished\":\"2025-09-26T07:50:51+00:00\",\"dateModified\":\"2025-09-26T12:29:52+00:00\",\"breadcrumb\":{\"@id\":\"https:\/\/test-wuwei.de\/orden\/aktuelles\/themen\/schoepfungsthematik\/#breadcrumb\"},\"inLanguage\":\"de\",\"potentialAction\":[{\"@type\":\"ReadAction\",\"target\":[\"https:\/\/test-wuwei.de\/orden\/aktuelles\/themen\/schoepfungsthematik\/\"]}]},{\"@type\":\"ImageObject\",\"inLanguage\":\"de\",\"@id\":\"https:\/\/test-wuwei.de\/orden\/aktuelles\/themen\/schoepfungsthematik\/#primaryimage\",\"url\":\"https:\/\/test-wuwei.de\/orden\/wp-content\/uploads\/2025\/09\/csm_plants-4963049_1920_0d588892ce.jpg\",\"contentUrl\":\"https:\/\/test-wuwei.de\/orden\/wp-content\/uploads\/2025\/09\/csm_plants-4963049_1920_0d588892ce.jpg\",\"width\":870,\"height\":324,\"caption\":\"Sch\u00f6pfung\"},{\"@type\":\"BreadcrumbList\",\"@id\":\"https:\/\/test-wuwei.de\/orden\/aktuelles\/themen\/schoepfungsthematik\/#breadcrumb\",\"itemListElement\":[{\"@type\":\"ListItem\",\"position\":1,\"name\":\"\ud83c\udfe0\ufe0e\",\"item\":\"https:\/\/test-wuwei.de\/orden\/\"},{\"@type\":\"ListItem\",\"position\":2,\"name\":\"Aktuelle Meldungen\",\"item\":\"https:\/\/test-wuwei.de\/orden\/aktuelles\/\"},{\"@type\":\"ListItem\",\"position\":3,\"name\":\"Themen\",\"item\":\"https:\/\/test-wuwei.de\/orden\/aktuelles\/themen\/\"},{\"@type\":\"ListItem\",\"position\":4,\"name\":\"Sch\u00f6pfungsthematik: 10 Jahre Laudato si\u00b4 und 800 Jahre Sonnengesang des hl. Franziskus\"}]},{\"@type\":\"WebSite\",\"@id\":\"https:\/\/test-wuwei.de\/orden\/#website\",\"url\":\"https:\/\/test-wuwei.de\/orden\/\",\"name\":\"Ordensgemeinschaften in Deutschland\",\"description\":\"Deutsche Ordensobernkonferenz\",\"publisher\":{\"@id\":\"https:\/\/test-wuwei.de\/orden\/#organization\"},\"potentialAction\":[{\"@type\":\"SearchAction\",\"target\":{\"@type\":\"EntryPoint\",\"urlTemplate\":\"https:\/\/test-wuwei.de\/orden\/?s={search_term_string}\"},\"query-input\":{\"@type\":\"PropertyValueSpecification\",\"valueRequired\":true,\"valueName\":\"search_term_string\"}}],\"inLanguage\":\"de\"},{\"@type\":\"Organization\",\"@id\":\"https:\/\/test-wuwei.de\/orden\/#organization\",\"name\":\"Ordensgemeinschaften in Deutschland\",\"url\":\"https:\/\/test-wuwei.de\/orden\/\",\"logo\":{\"@type\":\"ImageObject\",\"inLanguage\":\"de\",\"@id\":\"https:\/\/test-wuwei.de\/orden\/#\/schema\/logo\/image\/\",\"url\":\"https:\/\/test-wuwei.de\/orden\/wp-content\/uploads\/2025\/07\/DOK_Logo_RGB_mit.jpg\",\"contentUrl\":\"https:\/\/test-wuwei.de\/orden\/wp-content\/uploads\/2025\/07\/DOK_Logo_RGB_mit.jpg\",\"width\":2480,\"height\":1748,\"caption\":\"Ordensgemeinschaften in Deutschland\"},\"image\":{\"@id\":\"https:\/\/test-wuwei.de\/orden\/#\/schema\/logo\/image\/\"}}]}<\/script>\n<!-- \/ Yoast SEO plugin. -->","yoast_head_json":{"title":"Sch\u00f6pfungsthematik: 10 Jahre Laudato si\u00b4 und 800 Jahre Sonnengesang des hl. Franziskus &#8211; Ordensgemeinschaften in Deutschland","robots":{"index":"noindex","follow":"follow","max-snippet":"max-snippet:-1","max-image-preview":"max-image-preview:large","max-video-preview":"max-video-preview:-1"},"og_locale":"de_DE","og_type":"article","og_title":"Sch\u00f6pfungsthematik: 10 Jahre Laudato si\u00b4 und 800 Jahre Sonnengesang des hl. Franziskus &#8211; Ordensgemeinschaften in Deutschland","og_description":"Im Jahr 2025 j\u00e4hren sich zwei bedeutende Ereignisse: Die Enzyklika&nbsp;Laudato si\u2019, die zum Verm\u00e4chtnis von Papst Franziskus geh\u00f6rt, begeht ihr zehnj\u00e4hriges Bestehen, und der&nbsp;Sonnengesang&nbsp;des heiligen Franziskus feiert seinen 800. Jahrestag. Beide Texte haben Menschen immer wieder dazu angeregt, \u00fcber das Verh\u00e4ltnis des Menschen zur Sch\u00f6pfung sowie \u00fcber die daraus erwachsende Verantwortung nachzudenken. Ihre zentralen Botschaften ... weiterlesen","og_url":"https:\/\/test-wuwei.de\/orden\/aktuelles\/themen\/schoepfungsthematik\/","og_site_name":"Ordensgemeinschaften in Deutschland","article_modified_time":"2025-09-26T12:29:52+00:00","og_image":[{"width":870,"height":324,"url":"https:\/\/test-wuwei.de\/orden\/wp-content\/uploads\/2025\/09\/csm_plants-4963049_1920_0d588892ce.jpg","type":"image\/jpeg"}],"twitter_card":"summary_large_image","twitter_misc":{"Gesch\u00e4tzte Lesezeit":"4\u00a0Minuten"},"schema":{"@context":"https:\/\/schema.org","@graph":[{"@type":"WebPage","@id":"https:\/\/test-wuwei.de\/orden\/aktuelles\/themen\/schoepfungsthematik\/","url":"https:\/\/test-wuwei.de\/orden\/aktuelles\/themen\/schoepfungsthematik\/","name":"Sch\u00f6pfungsthematik: 10 Jahre Laudato si\u00b4 und 800 Jahre Sonnengesang des hl. Franziskus &#8211; Ordensgemeinschaften in Deutschland","isPartOf":{"@id":"https:\/\/test-wuwei.de\/orden\/#website"},"primaryImageOfPage":{"@id":"https:\/\/test-wuwei.de\/orden\/aktuelles\/themen\/schoepfungsthematik\/#primaryimage"},"image":{"@id":"https:\/\/test-wuwei.de\/orden\/aktuelles\/themen\/schoepfungsthematik\/#primaryimage"},"thumbnailUrl":"https:\/\/test-wuwei.de\/orden\/wp-content\/uploads\/2025\/09\/csm_plants-4963049_1920_0d588892ce.jpg","datePublished":"2025-09-26T07:50:51+00:00","dateModified":"2025-09-26T12:29:52+00:00","breadcrumb":{"@id":"https:\/\/test-wuwei.de\/orden\/aktuelles\/themen\/schoepfungsthematik\/#breadcrumb"},"inLanguage":"de","potentialAction":[{"@type":"ReadAction","target":["https:\/\/test-wuwei.de\/orden\/aktuelles\/themen\/schoepfungsthematik\/"]}]},{"@type":"ImageObject","inLanguage":"de","@id":"https:\/\/test-wuwei.de\/orden\/aktuelles\/themen\/schoepfungsthematik\/#primaryimage","url":"https:\/\/test-wuwei.de\/orden\/wp-content\/uploads\/2025\/09\/csm_plants-4963049_1920_0d588892ce.jpg","contentUrl":"https:\/\/test-wuwei.de\/orden\/wp-content\/uploads\/2025\/09\/csm_plants-4963049_1920_0d588892ce.jpg","width":870,"height":324,"caption":"Sch\u00f6pfung"},{"@type":"BreadcrumbList","@id":"https:\/\/test-wuwei.de\/orden\/aktuelles\/themen\/schoepfungsthematik\/#breadcrumb","itemListElement":[{"@type":"ListItem","position":1,"name":"\ud83c\udfe0\ufe0e","item":"https:\/\/test-wuwei.de\/orden\/"},{"@type":"ListItem","position":2,"name":"Aktuelle Meldungen","item":"https:\/\/test-wuwei.de\/orden\/aktuelles\/"},{"@type":"ListItem","position":3,"name":"Themen","item":"https:\/\/test-wuwei.de\/orden\/aktuelles\/themen\/"},{"@type":"ListItem","position":4,"name":"Sch\u00f6pfungsthematik: 10 Jahre Laudato si\u00b4 und 800 Jahre Sonnengesang des hl. Franziskus"}]},{"@type":"WebSite","@id":"https:\/\/test-wuwei.de\/orden\/#website","url":"https:\/\/test-wuwei.de\/orden\/","name":"Ordensgemeinschaften in Deutschland","description":"Deutsche Ordensobernkonferenz","publisher":{"@id":"https:\/\/test-wuwei.de\/orden\/#organization"},"potentialAction":[{"@type":"SearchAction","target":{"@type":"EntryPoint","urlTemplate":"https:\/\/test-wuwei.de\/orden\/?s={search_term_string}"},"query-input":{"@type":"PropertyValueSpecification","valueRequired":true,"valueName":"search_term_string"}}],"inLanguage":"de"},{"@type":"Organization","@id":"https:\/\/test-wuwei.de\/orden\/#organization","name":"Ordensgemeinschaften in Deutschland","url":"https:\/\/test-wuwei.de\/orden\/","logo":{"@type":"ImageObject","inLanguage":"de","@id":"https:\/\/test-wuwei.de\/orden\/#\/schema\/logo\/image\/","url":"https:\/\/test-wuwei.de\/orden\/wp-content\/uploads\/2025\/07\/DOK_Logo_RGB_mit.jpg","contentUrl":"https:\/\/test-wuwei.de\/orden\/wp-content\/uploads\/2025\/07\/DOK_Logo_RGB_mit.jpg","width":2480,"height":1748,"caption":"Ordensgemeinschaften in Deutschland"},"image":{"@id":"https:\/\/test-wuwei.de\/orden\/#\/schema\/logo\/image\/"}}]}},"_links":{"self":[{"href":"https:\/\/test-wuwei.de\/orden\/wp-json\/wp\/v2\/pages\/3246","targetHints":{"allow":["GET"]}}],"collection":[{"href":"https:\/\/test-wuwei.de\/orden\/wp-json\/wp\/v2\/pages"}],"about":[{"href":"https:\/\/test-wuwei.de\/orden\/wp-json\/wp\/v2\/types\/page"}],"author":[{"embeddable":true,"href":"https:\/\/test-wuwei.de\/orden\/wp-json\/wp\/v2\/users\/4"}],"replies":[{"embeddable":true,"href":"https:\/\/test-wuwei.de\/orden\/wp-json\/wp\/v2\/comments?post=3246"}],"version-history":[{"count":3,"href":"https:\/\/test-wuwei.de\/orden\/wp-json\/wp\/v2\/pages\/3246\/revisions"}],"predecessor-version":[{"id":3287,"href":"https:\/\/test-wuwei.de\/orden\/wp-json\/wp\/v2\/pages\/3246\/revisions\/3287"}],"up":[{"embeddable":true,"href":"https:\/\/test-wuwei.de\/orden\/wp-json\/wp\/v2\/pages\/56"}],"wp:featuredmedia":[{"embeddable":true,"href":"https:\/\/test-wuwei.de\/orden\/wp-json\/wp\/v2\/media\/3247"}],"wp:attachment":[{"href":"https:\/\/test-wuwei.de\/orden\/wp-json\/wp\/v2\/media?parent=3246"}],"curies":[{"name":"wp","href":"https:\/\/api.w.org\/{rel}","templated":true}]}}