{"id":2947,"date":"2021-10-01T12:13:00","date_gmt":"2021-10-01T10:13:00","guid":{"rendered":"https:\/\/test-wuwei.de\/orden\/?post_type=ordenskorrespondenz&#038;p=2947"},"modified":"2025-09-26T09:59:09","modified_gmt":"2025-09-26T07:59:09","slug":"ausgabe-4-2021","status":"publish","type":"ordenskorrespondenz","link":"https:\/\/test-wuwei.de\/orden\/ordenskorrespondenzen\/ausgabe-4-2021\/","title":{"rendered":"Ausgabe 4\/2021"},"content":{"rendered":"\n<h2 class=\"gb-headline gb-headline-d25337b6 gb-headline-text\">Themenschwerpunkt: \u201eGott hat uns einen bl\u00fchenden Garten geschenkt\u201c Sch\u00f6pfungsspiritualit\u00e4t der Orden<\/h2>\n\n\n\n<p>An die \u201eDramatik der Auswirkungen des Klimawandels\u201c, welche neuerlich durch die Flutkatastrophe in Nordrheinwestfalen und Rheinland-Pfalz sowie die sommerlichen Waldbr\u00e4nde in S\u00fcdeuropa in Erscheinung getreten ist, hat zum Abschluss der diesj\u00e4hrigen Herbstvollversammlung der Deutschen Bischofskonferenz Ende September deren Vorsitzender Bischof Georg B\u00e4tzing erinnert. Er mahnte, die Kirche st\u00fcnde \u201ein der Verantwortung, auch mit unserem eigenen Handeln zum Erhalt der Sch\u00f6pfung beizutragen\u201c.<br>Dem Thema der Sch\u00f6pfungsverantwortung widmet dieses Heft der Ordenskorrespondenz einen inhaltlichen Schwerpunkt. Denn in diese Verantwortung sehen sich nicht zuletzt auch die Ordensgemeinschaften gestellt. Auch aus ihrem weltweiten Netzwerk kommen alarmierende Berichte \u00fcber den Raubbau, den die Menschen an der Sch\u00f6pfung betreiben, und \u00fcber die immer deutlicher sp\u00fcrbaren Folgen. Dieses Heft bringt Beispiele aus Lateinamerika, Asien und Afrika.<br>Die Kirche steht mit dieser Sorge und Verantwortung nicht allein. Tausende junger Menschen ziehen mit \u201eFridays for Future\u201c unter dem Motto \u201eDie Klimakrise steht nicht zur Wahl\u201c durch die Stra\u00dfen vieler St\u00e4dte in Deutschland. Unmittelbar an dieses Engagement von \u201eFridays for Future\u201c kn\u00fcpfen die Oberzeller Franziskanerinnen an. Sie engagieren sich bei \u201eChurches for future\u201c mit dem expliziten Ziel, diese jungen Menschen zu unterst\u00fctzen.<br>Kirchlicher Ankn\u00fcpfungspunkt f\u00fcr dieses Engagement ist seit einigen Jahren die Enzyklika Laudato si\u00b4 von Papst Franziskus aus dem Jahr 2015. Der Afrikamissionar Andreas G\u00f6pfert schildert das Engagement einer gleichnamigen weltweiten Aktionsplattform zu den Zielen der Enzyklika und l\u00e4dt zur Beteiligung ein. Nachhaltigkeitsleitlinien im Lichte der Enzykliken des Papstes entfaltet Dr. Johannes Wallacher, Pr\u00e4sident der Hochschule f\u00fcr Philosophie der Jesuiten in M\u00fcnchen. \u00dcberlegungen zur Sch\u00f6pfung aus franziskanischer Perspektive stellt der Franziskaner P. Johannes B. Freyer an.<br>Engagement f\u00fcr die Sch\u00f6pfung ist nicht zuerst Protest, sondern bedeutet Ver\u00e4nderung des eigenen Handelns auf vielen Ebenen. Das aktuelle Heft versammelt vielf\u00e4ltige Beispiele, die zur Nachahmung anregen.<\/p>\n\n\n\n<hr class=\"wp-block-separator has-alpha-channel-opacity\"\/>\n\n\n<div class=\"gb-grid-wrapper gb-grid-wrapper-fded1a91\">\n<div class=\"gb-grid-column gb-grid-column-e83caf37\"><div class=\"gb-container gb-container-e83caf37\">\n<div class=\"gb-grid-wrapper gb-grid-wrapper-e372f309\">\n<div class=\"gb-grid-column gb-grid-column-2268f8e4\"><div class=\"gb-container gb-container-2268f8e4\">\n\n<figure class=\"gb-block-image gb-block-image-e561e587\"><img loading=\"lazy\" decoding=\"async\" width=\"47\" height=\"57\" class=\"gb-image gb-image-e561e587\" src=\"https:\/\/test-wuwei.de\/orden\/wp-content\/uploads\/2025\/09\/icon_pdf.png\" alt=\"\" title=\"Icon Pdf\"\/><\/figure>\n\n<\/div><\/div>\n\n<div class=\"gb-grid-column gb-grid-column-04bea6b2\"><div class=\"gb-container gb-container-04bea6b2\">\n\n<p class=\"gb-headline gb-headline-21d276b3 gb-headline-text\"><a href=\"https:\/\/test-wuwei.de\/orden\/wp-content\/uploads\/2025\/09\/386_387_inhalt_ok_innenseiten_ok_4_2021.pdf\" target=\"_blank\" rel=\"noreferrer noopener\"><strong>Inhaltsverzeichnis 4\/21<\/strong><\/a><\/p>\n\n\n\n<p>(pdf 23,39 KB)<\/p>\n\n<\/div><\/div>\n<\/div>\n<\/div><\/div>\n\n<div class=\"gb-grid-column gb-grid-column-7b65752f\"><div class=\"gb-container gb-container-7b65752f\">\n<div class=\"gb-grid-wrapper gb-grid-wrapper-9b7ad039\">\n<div class=\"gb-grid-column gb-grid-column-1ed4480b\"><div class=\"gb-container gb-container-1ed4480b\">\n\n<figure class=\"gb-block-image gb-block-image-ed699073\"><img loading=\"lazy\" decoding=\"async\" width=\"47\" height=\"57\" class=\"gb-image gb-image-ed699073\" src=\"https:\/\/test-wuwei.de\/orden\/wp-content\/uploads\/2025\/09\/icon_pdf.png\" alt=\"\" title=\"Icon Pdf\"\/><\/figure>\n\n<\/div><\/div>\n\n<div class=\"gb-grid-column gb-grid-column-74ab4900\"><div class=\"gb-container gb-container-74ab4900\">\n\n<p><a href=\"https:\/\/test-wuwei.de\/orden\/wp-content\/uploads\/2025\/09\/Andreas_Goepfert_Gemeinsam_den_Weg_der_Erneuerung_gehen.pdf\" target=\"_blank\" rel=\"noreferrer noopener\"><strong>Andreas G\u00f6pfert MAfr: Gemeinsam den Weg der Erneuerung gehen. Bei der Laudato si\u2019-Aktionsplattform sind die Ordensgemeinschaften gefragt<\/strong><\/a><\/p>\n\n\n\n<p>(pdf 144,43 KB)<\/p>\n\n<\/div><\/div>\n<\/div>\n<\/div><\/div>\n<\/div>","protected":false},"excerpt":{"rendered":"<p>Die neue Ausgabe der Ordenskorrespondenz widmet sich herausragenden Projekten von Ordensgemeinschaften.<\/p>\n","protected":false},"featured_media":2828,"parent":0,"template":"","categories":[],"class_list":["post-2947","ordenskorrespondenz","type-ordenskorrespondenz","status-publish","has-post-thumbnail","hentry"],"acf":[],"yoast_head":"<!-- This site is optimized with the Yoast SEO plugin v26.3 - https:\/\/yoast.com\/wordpress\/plugins\/seo\/ -->\n<title>Ausgabe 4\/2021 &#8211; Ordensgemeinschaften in Deutschland<\/title>\n<meta name=\"description\" content=\"An die \u201eDramatik der Auswirkungen des Klimawandels\u201c, welche neuerlich durch die Flutkatastrophe in Nordrheinwestfalen und Rheinland-Pfalz sowie die sommerlichen Waldbr\u00e4nde in S\u00fcdeuropa in Erscheinung getreten ist, hat zum Abschluss der diesj\u00e4hrigen Herbstvollversammlung der Deutschen Bischofskonferenz Ende September deren Vorsitzender Bischof Georg B\u00e4tzing erinnert.\" \/>\n<meta name=\"robots\" content=\"noindex, follow, max-snippet:-1, max-image-preview:large, max-video-preview:-1\" \/>\n<meta property=\"og:locale\" content=\"de_DE\" \/>\n<meta property=\"og:type\" content=\"article\" \/>\n<meta property=\"og:title\" content=\"Ausgabe 4\/2021\" \/>\n<meta property=\"og:description\" content=\"An die \u201eDramatik der Auswirkungen des Klimawandels\u201c, welche neuerlich durch die Flutkatastrophe in Nordrheinwestfalen und Rheinland-Pfalz sowie die sommerlichen Waldbr\u00e4nde in S\u00fcdeuropa in Erscheinung getreten ist, hat zum Abschluss der diesj\u00e4hrigen Herbstvollversammlung der Deutschen Bischofskonferenz Ende September deren Vorsitzender Bischof Georg B\u00e4tzing erinnert.\" \/>\n<meta property=\"og:url\" content=\"https:\/\/test-wuwei.de\/orden\/ordenskorrespondenzen\/ausgabe-4-2021\/\" \/>\n<meta property=\"og:site_name\" content=\"Ordensgemeinschaften in Deutschland\" \/>\n<meta property=\"article:modified_time\" content=\"2025-09-26T07:59:09+00:00\" \/>\n<meta property=\"og:image\" content=\"https:\/\/test-wuwei.de\/orden\/wp-content\/uploads\/2025\/07\/DOK_Logo_RGB_mit.jpg\" \/>\n\t<meta property=\"og:image:width\" content=\"2480\" \/>\n\t<meta property=\"og:image:height\" content=\"1748\" \/>\n\t<meta property=\"og:image:type\" content=\"image\/jpeg\" \/>\n<meta name=\"twitter:card\" content=\"summary_large_image\" \/>\n<meta name=\"twitter:label1\" content=\"Gesch\u00e4tzte Lesezeit\" \/>\n\t<meta name=\"twitter:data1\" content=\"3\u00a0Minuten\" \/>\n<script type=\"application\/ld+json\" class=\"yoast-schema-graph\">{\"@context\":\"https:\/\/schema.org\",\"@graph\":[{\"@type\":\"WebPage\",\"@id\":\"https:\/\/test-wuwei.de\/orden\/ordenskorrespondenzen\/ausgabe-4-2021\/\",\"url\":\"https:\/\/test-wuwei.de\/orden\/ordenskorrespondenzen\/ausgabe-4-2021\/\",\"name\":\"Ausgabe 4\/2021 &#8211; Ordensgemeinschaften in Deutschland\",\"isPartOf\":{\"@id\":\"https:\/\/test-wuwei.de\/orden\/#website\"},\"primaryImageOfPage\":{\"@id\":\"https:\/\/test-wuwei.de\/orden\/ordenskorrespondenzen\/ausgabe-4-2021\/#primaryimage\"},\"image\":{\"@id\":\"https:\/\/test-wuwei.de\/orden\/ordenskorrespondenzen\/ausgabe-4-2021\/#primaryimage\"},\"thumbnailUrl\":\"https:\/\/test-wuwei.de\/orden\/wp-content\/uploads\/2025\/09\/korrespondenzlist_default.png\",\"datePublished\":\"2021-10-01T10:13:00+00:00\",\"dateModified\":\"2025-09-26T07:59:09+00:00\",\"description\":\"An die \u201eDramatik der Auswirkungen des Klimawandels\u201c, welche neuerlich durch die Flutkatastrophe in Nordrheinwestfalen und Rheinland-Pfalz sowie die sommerlichen Waldbr\u00e4nde in S\u00fcdeuropa in Erscheinung getreten ist, hat zum Abschluss der diesj\u00e4hrigen Herbstvollversammlung der Deutschen Bischofskonferenz Ende September deren Vorsitzender Bischof Georg B\u00e4tzing erinnert.\",\"breadcrumb\":{\"@id\":\"https:\/\/test-wuwei.de\/orden\/ordenskorrespondenzen\/ausgabe-4-2021\/#breadcrumb\"},\"inLanguage\":\"de\",\"potentialAction\":[{\"@type\":\"ReadAction\",\"target\":[\"https:\/\/test-wuwei.de\/orden\/ordenskorrespondenzen\/ausgabe-4-2021\/\"]}]},{\"@type\":\"ImageObject\",\"inLanguage\":\"de\",\"@id\":\"https:\/\/test-wuwei.de\/orden\/ordenskorrespondenzen\/ausgabe-4-2021\/#primaryimage\",\"url\":\"https:\/\/test-wuwei.de\/orden\/wp-content\/uploads\/2025\/09\/korrespondenzlist_default.png\",\"contentUrl\":\"https:\/\/test-wuwei.de\/orden\/wp-content\/uploads\/2025\/09\/korrespondenzlist_default.png\",\"width\":130,\"height\":189,\"caption\":\"Ordenskorrespondenz\"},{\"@type\":\"BreadcrumbList\",\"@id\":\"https:\/\/test-wuwei.de\/orden\/ordenskorrespondenzen\/ausgabe-4-2021\/#breadcrumb\",\"itemListElement\":[{\"@type\":\"ListItem\",\"position\":1,\"name\":\"\ud83c\udfe0\ufe0e\",\"item\":\"https:\/\/test-wuwei.de\/orden\/\"},{\"@type\":\"ListItem\",\"position\":2,\"name\":\"Ausgabe 4\/2021\"}]},{\"@type\":\"WebSite\",\"@id\":\"https:\/\/test-wuwei.de\/orden\/#website\",\"url\":\"https:\/\/test-wuwei.de\/orden\/\",\"name\":\"Ordensgemeinschaften in Deutschland\",\"description\":\"Deutsche Ordensobernkonferenz\",\"publisher\":{\"@id\":\"https:\/\/test-wuwei.de\/orden\/#organization\"},\"potentialAction\":[{\"@type\":\"SearchAction\",\"target\":{\"@type\":\"EntryPoint\",\"urlTemplate\":\"https:\/\/test-wuwei.de\/orden\/?s={search_term_string}\"},\"query-input\":{\"@type\":\"PropertyValueSpecification\",\"valueRequired\":true,\"valueName\":\"search_term_string\"}}],\"inLanguage\":\"de\"},{\"@type\":\"Organization\",\"@id\":\"https:\/\/test-wuwei.de\/orden\/#organization\",\"name\":\"Ordensgemeinschaften in Deutschland\",\"url\":\"https:\/\/test-wuwei.de\/orden\/\",\"logo\":{\"@type\":\"ImageObject\",\"inLanguage\":\"de\",\"@id\":\"https:\/\/test-wuwei.de\/orden\/#\/schema\/logo\/image\/\",\"url\":\"https:\/\/test-wuwei.de\/orden\/wp-content\/uploads\/2025\/07\/DOK_Logo_RGB_mit.jpg\",\"contentUrl\":\"https:\/\/test-wuwei.de\/orden\/wp-content\/uploads\/2025\/07\/DOK_Logo_RGB_mit.jpg\",\"width\":2480,\"height\":1748,\"caption\":\"Ordensgemeinschaften in Deutschland\"},\"image\":{\"@id\":\"https:\/\/test-wuwei.de\/orden\/#\/schema\/logo\/image\/\"}}]}<\/script>\n<!-- \/ Yoast SEO plugin. -->","yoast_head_json":{"title":"Ausgabe 4\/2021 &#8211; Ordensgemeinschaften in Deutschland","description":"An die \u201eDramatik der Auswirkungen des Klimawandels\u201c, welche neuerlich durch die Flutkatastrophe in Nordrheinwestfalen und Rheinland-Pfalz sowie die sommerlichen Waldbr\u00e4nde in S\u00fcdeuropa in Erscheinung getreten ist, hat zum Abschluss der diesj\u00e4hrigen Herbstvollversammlung der Deutschen Bischofskonferenz Ende September deren Vorsitzender Bischof Georg B\u00e4tzing erinnert.","robots":{"index":"noindex","follow":"follow","max-snippet":"max-snippet:-1","max-image-preview":"max-image-preview:large","max-video-preview":"max-video-preview:-1"},"og_locale":"de_DE","og_type":"article","og_title":"Ausgabe 4\/2021","og_description":"An die \u201eDramatik der Auswirkungen des Klimawandels\u201c, welche neuerlich durch die Flutkatastrophe in Nordrheinwestfalen und Rheinland-Pfalz sowie die sommerlichen Waldbr\u00e4nde in S\u00fcdeuropa in Erscheinung getreten ist, hat zum Abschluss der diesj\u00e4hrigen Herbstvollversammlung der Deutschen Bischofskonferenz Ende September deren Vorsitzender Bischof Georg B\u00e4tzing erinnert.","og_url":"https:\/\/test-wuwei.de\/orden\/ordenskorrespondenzen\/ausgabe-4-2021\/","og_site_name":"Ordensgemeinschaften in Deutschland","article_modified_time":"2025-09-26T07:59:09+00:00","og_image":[{"width":2480,"height":1748,"url":"https:\/\/test-wuwei.de\/orden\/wp-content\/uploads\/2025\/07\/DOK_Logo_RGB_mit.jpg","type":"image\/jpeg"}],"twitter_card":"summary_large_image","twitter_misc":{"Gesch\u00e4tzte Lesezeit":"3\u00a0Minuten"},"schema":{"@context":"https:\/\/schema.org","@graph":[{"@type":"WebPage","@id":"https:\/\/test-wuwei.de\/orden\/ordenskorrespondenzen\/ausgabe-4-2021\/","url":"https:\/\/test-wuwei.de\/orden\/ordenskorrespondenzen\/ausgabe-4-2021\/","name":"Ausgabe 4\/2021 &#8211; Ordensgemeinschaften in Deutschland","isPartOf":{"@id":"https:\/\/test-wuwei.de\/orden\/#website"},"primaryImageOfPage":{"@id":"https:\/\/test-wuwei.de\/orden\/ordenskorrespondenzen\/ausgabe-4-2021\/#primaryimage"},"image":{"@id":"https:\/\/test-wuwei.de\/orden\/ordenskorrespondenzen\/ausgabe-4-2021\/#primaryimage"},"thumbnailUrl":"https:\/\/test-wuwei.de\/orden\/wp-content\/uploads\/2025\/09\/korrespondenzlist_default.png","datePublished":"2021-10-01T10:13:00+00:00","dateModified":"2025-09-26T07:59:09+00:00","description":"An die \u201eDramatik der Auswirkungen des Klimawandels\u201c, welche neuerlich durch die Flutkatastrophe in Nordrheinwestfalen und Rheinland-Pfalz sowie die sommerlichen Waldbr\u00e4nde in S\u00fcdeuropa in Erscheinung getreten ist, hat zum Abschluss der diesj\u00e4hrigen Herbstvollversammlung der Deutschen Bischofskonferenz Ende September deren Vorsitzender Bischof Georg B\u00e4tzing erinnert.","breadcrumb":{"@id":"https:\/\/test-wuwei.de\/orden\/ordenskorrespondenzen\/ausgabe-4-2021\/#breadcrumb"},"inLanguage":"de","potentialAction":[{"@type":"ReadAction","target":["https:\/\/test-wuwei.de\/orden\/ordenskorrespondenzen\/ausgabe-4-2021\/"]}]},{"@type":"ImageObject","inLanguage":"de","@id":"https:\/\/test-wuwei.de\/orden\/ordenskorrespondenzen\/ausgabe-4-2021\/#primaryimage","url":"https:\/\/test-wuwei.de\/orden\/wp-content\/uploads\/2025\/09\/korrespondenzlist_default.png","contentUrl":"https:\/\/test-wuwei.de\/orden\/wp-content\/uploads\/2025\/09\/korrespondenzlist_default.png","width":130,"height":189,"caption":"Ordenskorrespondenz"},{"@type":"BreadcrumbList","@id":"https:\/\/test-wuwei.de\/orden\/ordenskorrespondenzen\/ausgabe-4-2021\/#breadcrumb","itemListElement":[{"@type":"ListItem","position":1,"name":"\ud83c\udfe0\ufe0e","item":"https:\/\/test-wuwei.de\/orden\/"},{"@type":"ListItem","position":2,"name":"Ausgabe 4\/2021"}]},{"@type":"WebSite","@id":"https:\/\/test-wuwei.de\/orden\/#website","url":"https:\/\/test-wuwei.de\/orden\/","name":"Ordensgemeinschaften in Deutschland","description":"Deutsche Ordensobernkonferenz","publisher":{"@id":"https:\/\/test-wuwei.de\/orden\/#organization"},"potentialAction":[{"@type":"SearchAction","target":{"@type":"EntryPoint","urlTemplate":"https:\/\/test-wuwei.de\/orden\/?s={search_term_string}"},"query-input":{"@type":"PropertyValueSpecification","valueRequired":true,"valueName":"search_term_string"}}],"inLanguage":"de"},{"@type":"Organization","@id":"https:\/\/test-wuwei.de\/orden\/#organization","name":"Ordensgemeinschaften in Deutschland","url":"https:\/\/test-wuwei.de\/orden\/","logo":{"@type":"ImageObject","inLanguage":"de","@id":"https:\/\/test-wuwei.de\/orden\/#\/schema\/logo\/image\/","url":"https:\/\/test-wuwei.de\/orden\/wp-content\/uploads\/2025\/07\/DOK_Logo_RGB_mit.jpg","contentUrl":"https:\/\/test-wuwei.de\/orden\/wp-content\/uploads\/2025\/07\/DOK_Logo_RGB_mit.jpg","width":2480,"height":1748,"caption":"Ordensgemeinschaften in Deutschland"},"image":{"@id":"https:\/\/test-wuwei.de\/orden\/#\/schema\/logo\/image\/"}}]}},"_links":{"self":[{"href":"https:\/\/test-wuwei.de\/orden\/wp-json\/wp\/v2\/ordenskorrespondenz\/2947","targetHints":{"allow":["GET"]}}],"collection":[{"href":"https:\/\/test-wuwei.de\/orden\/wp-json\/wp\/v2\/ordenskorrespondenz"}],"about":[{"href":"https:\/\/test-wuwei.de\/orden\/wp-json\/wp\/v2\/types\/ordenskorrespondenz"}],"wp:featuredmedia":[{"embeddable":true,"href":"https:\/\/test-wuwei.de\/orden\/wp-json\/wp\/v2\/media\/2828"}],"wp:attachment":[{"href":"https:\/\/test-wuwei.de\/orden\/wp-json\/wp\/v2\/media?parent=2947"}],"wp:term":[{"taxonomy":"category","embeddable":true,"href":"https:\/\/test-wuwei.de\/orden\/wp-json\/wp\/v2\/categories?post=2947"}],"curies":[{"name":"wp","href":"https:\/\/api.w.org\/{rel}","templated":true}]}}