{"id":656,"date":"2023-11-23T11:22:00","date_gmt":"2023-11-23T10:22:00","guid":{"rendered":"https:\/\/test-wuwei.de\/orden\/?post_type=aktuelles&#038;p=656"},"modified":"2025-12-22T16:29:36","modified_gmt":"2025-12-22T15:29:36","slug":"800-jahre-franz-von-assisi-vier-grosse-jubilaeen-der-franziskanischen-ordensfamilie","status":"publish","type":"meldung","link":"https:\/\/test-wuwei.de\/orden\/meldung\/800-jahre-franz-von-assisi-vier-grosse-jubilaeen-der-franziskanischen-ordensfamilie\/","title":{"rendered":"800 Jahre Franz von Assisi \u2013 Vier gro\u00dfe Jubil\u00e4en der franziskanischen Ordensfamilie"},"content":{"rendered":"\n<h2 class=\"wp-block-heading has-medium-font-size\"><strong>Ein Festgottesdienst am 25. November in der Liebfrauenkirche in Frankfurt mit Bischofskonferenzvorsitzendem Bischof Georg B\u00e4tzing er\u00f6ffnet die Feierlichkeiten der kommenden Jahre<\/strong><\/h2>\n\n\n\n<p>In den kommenden Jahren feiert die franziskanische Ordensfamilie vier gro\u00dfe 800-j\u00e4hrige Jubil\u00e4en: Noch an Weihnachten 2023 wird an die Krippe von Greccio gedacht, durch die seit 1223 die Krippenverehrung ma\u00dfgeblich gepr\u00e4gt ist. 2024 wird dann an den Empfang der Stigmata des Hl. Franz von Assisi erinnert. Im darauffolgenden Jahr 2025 gedenken die franziskanischen Ordensgemeinschaften &nbsp;der Niederschrift des Sonnengesangs im Jahr 1225. Den abschlie\u00dfenden H\u00f6hepunkt der Jubil\u00e4en bildet dann der sogenannte \u201eTransitus\u201c 2026, bei dem der 800. Todestag des Hl. Franziskus gefeiert wird. Zus\u00e4tzlich f\u00e4llt auch der 800. Jahrestag der sp\u00e4teren Ordensregel, der sogenannten&nbsp;<em>regula bullata<\/em>&nbsp;(Bullierte Regel), in diesen Zeitabschnitt. Papst Honorius III. best\u00e4tigte diese am 29.11.1223.&nbsp;<\/p>\n\n\n\n<p>Die Feierlichkeiten dieser Jubil\u00e4en werden in dieser Woche er\u00f6ffnet: Am 25. November 2023 h\u00e4lt der Vorsitzende der Deutschen Bischofskonferenz Bischof Dr. Georg B\u00e4tzing den Auftaktgottesdienst in der Frankfurter Liebfrauenkirche der Kapuziner. Das Thema lautet: \u201e800 Jahre Franz von Assisi: pace e bene &#8211; f\u00fcr Alle\u201c. Die musikalische Gestaltung liegt bei Bezirkskantor Peter Reulein und Br. Helmut Schlegel mit einer eigens f\u00fcr diesen Tag zusammengestellten Projektband. Nach dem Gottesdienst gibt es im Dom-Pfarrsaal &nbsp;die M\u00f6glichkeit zu Begegnung und &nbsp;Gespr\u00e4ch.<\/p>\n\n\n\n<p><\/p>\n","protected":false},"excerpt":{"rendered":"<p>Ein Festgottesdienst am 25. November in der Liebfrauenkirche in Frankfurt mit Bischofskonferenzvorsitzendem Bischof Georg B\u00e4tzing er\u00f6ffnet die\u2026<\/p>\n","protected":false},"featured_media":659,"parent":0,"template":"","categories":[71],"class_list":["post-656","meldung","type-meldung","status-publish","has-post-thumbnail","hentry","category-thema-schoepfung"],"acf":[],"yoast_head":"<!-- This site is optimized with the Yoast SEO plugin v26.3 - https:\/\/yoast.com\/wordpress\/plugins\/seo\/ -->\n<title>800 Jahre Franz von Assisi \u2013 Vier gro\u00dfe Jubil\u00e4en der franziskanischen Ordensfamilie &#8211; Ordensgemeinschaften in Deutschland<\/title>\n<meta name=\"description\" content=\"Ein Festgottesdienst am 25. November in der Liebfrauenkirche in Frankfurt mit Bischofskonferenzvorsitzendem Bischof Georg B\u00e4tzing er\u00f6ffnet die Feierlichkeiten der kommenden Jahre\" \/>\n<meta name=\"robots\" content=\"noindex, follow, max-snippet:-1, max-image-preview:large, max-video-preview:-1\" \/>\n<meta property=\"og:locale\" content=\"de_DE\" \/>\n<meta property=\"og:type\" content=\"article\" \/>\n<meta property=\"og:title\" content=\"800 Jahre Franz von Assisi \u2013 Vier gro\u00dfe Jubil\u00e4en der franziskanischen Ordensfamilie &#8211; Ordensgemeinschaften in Deutschland\" \/>\n<meta property=\"og:description\" content=\"Ein Festgottesdienst am 25. November in der Liebfrauenkirche in Frankfurt mit Bischofskonferenzvorsitzendem Bischof Georg B\u00e4tzing er\u00f6ffnet die Feierlichkeiten der kommenden Jahre\" \/>\n<meta property=\"og:url\" content=\"https:\/\/test-wuwei.de\/orden\/meldung\/800-jahre-franz-von-assisi-vier-grosse-jubilaeen-der-franziskanischen-ordensfamilie\/\" \/>\n<meta property=\"og:site_name\" content=\"Ordensgemeinschaften in Deutschland\" \/>\n<meta property=\"article:modified_time\" content=\"2025-12-22T15:29:36+00:00\" \/>\n<meta property=\"og:image\" content=\"https:\/\/test-wuwei.de\/orden\/wp-content\/uploads\/2025\/08\/csm_Eroeffnungsgottesdienst_Franziskus_226ecd3101.jpg\" \/>\n\t<meta property=\"og:image:width\" content=\"120\" \/>\n\t<meta property=\"og:image:height\" content=\"120\" \/>\n\t<meta property=\"og:image:type\" content=\"image\/jpeg\" \/>\n<meta name=\"twitter:card\" content=\"summary_large_image\" \/>\n<meta name=\"twitter:label1\" content=\"Gesch\u00e4tzte Lesezeit\" \/>\n\t<meta name=\"twitter:data1\" content=\"2\u00a0Minuten\" \/>\n<script type=\"application\/ld+json\" class=\"yoast-schema-graph\">{\"@context\":\"https:\/\/schema.org\",\"@graph\":[{\"@type\":\"WebPage\",\"@id\":\"https:\/\/test-wuwei.de\/orden\/meldung\/800-jahre-franz-von-assisi-vier-grosse-jubilaeen-der-franziskanischen-ordensfamilie\/\",\"url\":\"https:\/\/test-wuwei.de\/orden\/meldung\/800-jahre-franz-von-assisi-vier-grosse-jubilaeen-der-franziskanischen-ordensfamilie\/\",\"name\":\"800 Jahre Franz von Assisi \u2013 Vier gro\u00dfe Jubil\u00e4en der franziskanischen Ordensfamilie &#8211; Ordensgemeinschaften in Deutschland\",\"isPartOf\":{\"@id\":\"https:\/\/test-wuwei.de\/orden\/#website\"},\"primaryImageOfPage\":{\"@id\":\"https:\/\/test-wuwei.de\/orden\/meldung\/800-jahre-franz-von-assisi-vier-grosse-jubilaeen-der-franziskanischen-ordensfamilie\/#primaryimage\"},\"image\":{\"@id\":\"https:\/\/test-wuwei.de\/orden\/meldung\/800-jahre-franz-von-assisi-vier-grosse-jubilaeen-der-franziskanischen-ordensfamilie\/#primaryimage\"},\"thumbnailUrl\":\"https:\/\/test-wuwei.de\/orden\/wp-content\/uploads\/2025\/08\/csm_Eroeffnungsgottesdienst_Franziskus_226ecd3101.jpg\",\"datePublished\":\"2023-11-23T10:22:00+00:00\",\"dateModified\":\"2025-12-22T15:29:36+00:00\",\"description\":\"Ein Festgottesdienst am 25. November in der Liebfrauenkirche in Frankfurt mit Bischofskonferenzvorsitzendem Bischof Georg B\u00e4tzing er\u00f6ffnet die Feierlichkeiten der kommenden Jahre\",\"breadcrumb\":{\"@id\":\"https:\/\/test-wuwei.de\/orden\/meldung\/800-jahre-franz-von-assisi-vier-grosse-jubilaeen-der-franziskanischen-ordensfamilie\/#breadcrumb\"},\"inLanguage\":\"de\",\"potentialAction\":[{\"@type\":\"ReadAction\",\"target\":[\"https:\/\/test-wuwei.de\/orden\/meldung\/800-jahre-franz-von-assisi-vier-grosse-jubilaeen-der-franziskanischen-ordensfamilie\/\"]}]},{\"@type\":\"ImageObject\",\"inLanguage\":\"de\",\"@id\":\"https:\/\/test-wuwei.de\/orden\/meldung\/800-jahre-franz-von-assisi-vier-grosse-jubilaeen-der-franziskanischen-ordensfamilie\/#primaryimage\",\"url\":\"https:\/\/test-wuwei.de\/orden\/wp-content\/uploads\/2025\/08\/csm_Eroeffnungsgottesdienst_Franziskus_226ecd3101.jpg\",\"contentUrl\":\"https:\/\/test-wuwei.de\/orden\/wp-content\/uploads\/2025\/08\/csm_Eroeffnungsgottesdienst_Franziskus_226ecd3101.jpg\",\"width\":120,\"height\":120},{\"@type\":\"BreadcrumbList\",\"@id\":\"https:\/\/test-wuwei.de\/orden\/meldung\/800-jahre-franz-von-assisi-vier-grosse-jubilaeen-der-franziskanischen-ordensfamilie\/#breadcrumb\",\"itemListElement\":[{\"@type\":\"ListItem\",\"position\":1,\"name\":\"\ud83c\udfe0\ufe0e\",\"item\":\"https:\/\/test-wuwei.de\/orden\/\"},{\"@type\":\"ListItem\",\"position\":2,\"name\":\"800 Jahre Franz von Assisi \u2013 Vier gro\u00dfe Jubil\u00e4en der franziskanischen Ordensfamilie\"}]},{\"@type\":\"WebSite\",\"@id\":\"https:\/\/test-wuwei.de\/orden\/#website\",\"url\":\"https:\/\/test-wuwei.de\/orden\/\",\"name\":\"Ordensgemeinschaften in Deutschland\",\"description\":\"Deutsche Ordensobernkonferenz\",\"publisher\":{\"@id\":\"https:\/\/test-wuwei.de\/orden\/#organization\"},\"potentialAction\":[{\"@type\":\"SearchAction\",\"target\":{\"@type\":\"EntryPoint\",\"urlTemplate\":\"https:\/\/test-wuwei.de\/orden\/?s={search_term_string}\"},\"query-input\":{\"@type\":\"PropertyValueSpecification\",\"valueRequired\":true,\"valueName\":\"search_term_string\"}}],\"inLanguage\":\"de\"},{\"@type\":\"Organization\",\"@id\":\"https:\/\/test-wuwei.de\/orden\/#organization\",\"name\":\"Ordensgemeinschaften in Deutschland\",\"url\":\"https:\/\/test-wuwei.de\/orden\/\",\"logo\":{\"@type\":\"ImageObject\",\"inLanguage\":\"de\",\"@id\":\"https:\/\/test-wuwei.de\/orden\/#\/schema\/logo\/image\/\",\"url\":\"https:\/\/test-wuwei.de\/orden\/wp-content\/uploads\/2025\/07\/DOK_Logo_RGB_mit.jpg\",\"contentUrl\":\"https:\/\/test-wuwei.de\/orden\/wp-content\/uploads\/2025\/07\/DOK_Logo_RGB_mit.jpg\",\"width\":2480,\"height\":1748,\"caption\":\"Ordensgemeinschaften in Deutschland\"},\"image\":{\"@id\":\"https:\/\/test-wuwei.de\/orden\/#\/schema\/logo\/image\/\"}}]}<\/script>\n<!-- \/ Yoast SEO plugin. -->","yoast_head_json":{"title":"800 Jahre Franz von Assisi \u2013 Vier gro\u00dfe Jubil\u00e4en der franziskanischen Ordensfamilie &#8211; Ordensgemeinschaften in Deutschland","description":"Ein Festgottesdienst am 25. November in der Liebfrauenkirche in Frankfurt mit Bischofskonferenzvorsitzendem Bischof Georg B\u00e4tzing er\u00f6ffnet die Feierlichkeiten der kommenden Jahre","robots":{"index":"noindex","follow":"follow","max-snippet":"max-snippet:-1","max-image-preview":"max-image-preview:large","max-video-preview":"max-video-preview:-1"},"og_locale":"de_DE","og_type":"article","og_title":"800 Jahre Franz von Assisi \u2013 Vier gro\u00dfe Jubil\u00e4en der franziskanischen Ordensfamilie &#8211; Ordensgemeinschaften in Deutschland","og_description":"Ein Festgottesdienst am 25. November in der Liebfrauenkirche in Frankfurt mit Bischofskonferenzvorsitzendem Bischof Georg B\u00e4tzing er\u00f6ffnet die Feierlichkeiten der kommenden Jahre","og_url":"https:\/\/test-wuwei.de\/orden\/meldung\/800-jahre-franz-von-assisi-vier-grosse-jubilaeen-der-franziskanischen-ordensfamilie\/","og_site_name":"Ordensgemeinschaften in Deutschland","article_modified_time":"2025-12-22T15:29:36+00:00","og_image":[{"width":120,"height":120,"url":"https:\/\/test-wuwei.de\/orden\/wp-content\/uploads\/2025\/08\/csm_Eroeffnungsgottesdienst_Franziskus_226ecd3101.jpg","type":"image\/jpeg"}],"twitter_card":"summary_large_image","twitter_misc":{"Gesch\u00e4tzte Lesezeit":"2\u00a0Minuten"},"schema":{"@context":"https:\/\/schema.org","@graph":[{"@type":"WebPage","@id":"https:\/\/test-wuwei.de\/orden\/meldung\/800-jahre-franz-von-assisi-vier-grosse-jubilaeen-der-franziskanischen-ordensfamilie\/","url":"https:\/\/test-wuwei.de\/orden\/meldung\/800-jahre-franz-von-assisi-vier-grosse-jubilaeen-der-franziskanischen-ordensfamilie\/","name":"800 Jahre Franz von Assisi \u2013 Vier gro\u00dfe Jubil\u00e4en der franziskanischen Ordensfamilie &#8211; Ordensgemeinschaften in Deutschland","isPartOf":{"@id":"https:\/\/test-wuwei.de\/orden\/#website"},"primaryImageOfPage":{"@id":"https:\/\/test-wuwei.de\/orden\/meldung\/800-jahre-franz-von-assisi-vier-grosse-jubilaeen-der-franziskanischen-ordensfamilie\/#primaryimage"},"image":{"@id":"https:\/\/test-wuwei.de\/orden\/meldung\/800-jahre-franz-von-assisi-vier-grosse-jubilaeen-der-franziskanischen-ordensfamilie\/#primaryimage"},"thumbnailUrl":"https:\/\/test-wuwei.de\/orden\/wp-content\/uploads\/2025\/08\/csm_Eroeffnungsgottesdienst_Franziskus_226ecd3101.jpg","datePublished":"2023-11-23T10:22:00+00:00","dateModified":"2025-12-22T15:29:36+00:00","description":"Ein Festgottesdienst am 25. November in der Liebfrauenkirche in Frankfurt mit Bischofskonferenzvorsitzendem Bischof Georg B\u00e4tzing er\u00f6ffnet die Feierlichkeiten der kommenden Jahre","breadcrumb":{"@id":"https:\/\/test-wuwei.de\/orden\/meldung\/800-jahre-franz-von-assisi-vier-grosse-jubilaeen-der-franziskanischen-ordensfamilie\/#breadcrumb"},"inLanguage":"de","potentialAction":[{"@type":"ReadAction","target":["https:\/\/test-wuwei.de\/orden\/meldung\/800-jahre-franz-von-assisi-vier-grosse-jubilaeen-der-franziskanischen-ordensfamilie\/"]}]},{"@type":"ImageObject","inLanguage":"de","@id":"https:\/\/test-wuwei.de\/orden\/meldung\/800-jahre-franz-von-assisi-vier-grosse-jubilaeen-der-franziskanischen-ordensfamilie\/#primaryimage","url":"https:\/\/test-wuwei.de\/orden\/wp-content\/uploads\/2025\/08\/csm_Eroeffnungsgottesdienst_Franziskus_226ecd3101.jpg","contentUrl":"https:\/\/test-wuwei.de\/orden\/wp-content\/uploads\/2025\/08\/csm_Eroeffnungsgottesdienst_Franziskus_226ecd3101.jpg","width":120,"height":120},{"@type":"BreadcrumbList","@id":"https:\/\/test-wuwei.de\/orden\/meldung\/800-jahre-franz-von-assisi-vier-grosse-jubilaeen-der-franziskanischen-ordensfamilie\/#breadcrumb","itemListElement":[{"@type":"ListItem","position":1,"name":"\ud83c\udfe0\ufe0e","item":"https:\/\/test-wuwei.de\/orden\/"},{"@type":"ListItem","position":2,"name":"800 Jahre Franz von Assisi \u2013 Vier gro\u00dfe Jubil\u00e4en der franziskanischen Ordensfamilie"}]},{"@type":"WebSite","@id":"https:\/\/test-wuwei.de\/orden\/#website","url":"https:\/\/test-wuwei.de\/orden\/","name":"Ordensgemeinschaften in Deutschland","description":"Deutsche Ordensobernkonferenz","publisher":{"@id":"https:\/\/test-wuwei.de\/orden\/#organization"},"potentialAction":[{"@type":"SearchAction","target":{"@type":"EntryPoint","urlTemplate":"https:\/\/test-wuwei.de\/orden\/?s={search_term_string}"},"query-input":{"@type":"PropertyValueSpecification","valueRequired":true,"valueName":"search_term_string"}}],"inLanguage":"de"},{"@type":"Organization","@id":"https:\/\/test-wuwei.de\/orden\/#organization","name":"Ordensgemeinschaften in Deutschland","url":"https:\/\/test-wuwei.de\/orden\/","logo":{"@type":"ImageObject","inLanguage":"de","@id":"https:\/\/test-wuwei.de\/orden\/#\/schema\/logo\/image\/","url":"https:\/\/test-wuwei.de\/orden\/wp-content\/uploads\/2025\/07\/DOK_Logo_RGB_mit.jpg","contentUrl":"https:\/\/test-wuwei.de\/orden\/wp-content\/uploads\/2025\/07\/DOK_Logo_RGB_mit.jpg","width":2480,"height":1748,"caption":"Ordensgemeinschaften in Deutschland"},"image":{"@id":"https:\/\/test-wuwei.de\/orden\/#\/schema\/logo\/image\/"}}]}},"_links":{"self":[{"href":"https:\/\/test-wuwei.de\/orden\/wp-json\/wp\/v2\/meldung\/656","targetHints":{"allow":["GET"]}}],"collection":[{"href":"https:\/\/test-wuwei.de\/orden\/wp-json\/wp\/v2\/meldung"}],"about":[{"href":"https:\/\/test-wuwei.de\/orden\/wp-json\/wp\/v2\/types\/meldung"}],"wp:featuredmedia":[{"embeddable":true,"href":"https:\/\/test-wuwei.de\/orden\/wp-json\/wp\/v2\/media\/659"}],"wp:attachment":[{"href":"https:\/\/test-wuwei.de\/orden\/wp-json\/wp\/v2\/media?parent=656"}],"wp:term":[{"taxonomy":"category","embeddable":true,"href":"https:\/\/test-wuwei.de\/orden\/wp-json\/wp\/v2\/categories?post=656"}],"curies":[{"name":"wp","href":"https:\/\/api.w.org\/{rel}","templated":true}]}}