{"id":546,"date":"2024-09-10T09:00:00","date_gmt":"2024-09-10T07:00:00","guid":{"rendered":"https:\/\/test-wuwei.de\/orden\/?post_type=aktuelles&#038;p=546"},"modified":"2025-09-01T12:41:42","modified_gmt":"2025-09-01T10:41:42","slug":"ausblick-wege-in-die-zukunft","status":"publish","type":"meldung","link":"https:\/\/test-wuwei.de\/orden\/meldung\/ausblick-wege-in-die-zukunft\/","title":{"rendered":"Ausblick: Wege in die Zukunft"},"content":{"rendered":"\n<h2 class=\"wp-block-heading has-medium-font-size\"><strong><a href=\"Ausblick: Wege in die Zukunft\">Teil VI der Sommerartikelreihe Anlaufpunkt Kloster &#8211; Wandern &amp; Wege<\/a><\/strong><\/h2>\n\n\n\n<p><em>In der Sommerzeit verlassen viele Menschen die gewohnte Umgebung von zuhause, gehen raus, gehen wandern oder gehen auf Reisen. Es geht dabei h\u00e4ufig sich von den Strapazen des Alltags zu erholen, wieder Kraft zu tanken und dem Geist Freiraum zu geben, sich dem Unbekannte auszusetzen und der Kreativit\u00e4t freien Lauf zu lassen. Gerade Kl\u00f6ster bieten dort immer wieder verschiedene Anlaufpunkte: Ob als Ausgangspunkt, Ziel oder Rastort einer Pilgerwanderung, ob als Zentrum von Kultur und Geschichte. Schon historisch betrachtet pilgerten Ordensmitglieder weite Wege, gingen in die Ferne auf Mission und verlie\u00dfen ihr gewohntes Umfeld. In einer kleinen Reihe unter dem Thema \u201eAnlaufpunkt Kloster &#8211; Wandern &amp; Wege\u201c stellt orden.de einige Aspekte vor.<\/em><\/p>\n\n\n\n<p><em>Am Ende dieser kurzen Artikelreihe m\u00f6chten wir noch einen kurzen Ausblick auf die n\u00e4chsten Jahre geben. M\u00f6gen Sie alle auf Ihren Wegen in Zukunft gut vorankommen!<\/em><\/p>\n\n\n\n<figure class=\"gb-block-image gb-block-image-b245d10f\"><img loading=\"lazy\" decoding=\"async\" width=\"307\" height=\"300\" class=\"gb-image gb-image-b245d10f\" src=\"https:\/\/test-wuwei.de\/orden\/wp-content\/uploads\/2025\/08\/csm_logo.heiligesjahr.seite_e9fc2577cd.png\" alt=\"\" title=\"Csm Logo.heiligesjahr.seite E9fc2577cd\" srcset=\"https:\/\/test-wuwei.de\/orden\/wp-content\/uploads\/2025\/08\/csm_logo.heiligesjahr.seite_e9fc2577cd.png 307w, https:\/\/test-wuwei.de\/orden\/wp-content\/uploads\/2025\/08\/csm_logo.heiligesjahr.seite_e9fc2577cd-300x293.png 300w\" sizes=\"auto, (max-width: 307px) 100vw, 307px\" \/><\/figure>\n\n\n\n<div style=\"height:50px\" aria-hidden=\"true\" class=\"wp-block-spacer\"><\/div>\n\n\n\n<h3 class=\"wp-block-heading\">Heiliges Jahr 2025<\/h3>\n\n\n\n<p>Das Heilige Jahr steht vor der T\u00fcr und \u00fcberall laufen die Vorbereitungen bereits auf Hochtouren. Bislang sind von Seiten des Vatikans 35 Gro\u00dfereignisse geplant.&nbsp;Papst Franziskus hat das Jahr unter das Motto \u201aPilger der Hoffnung\u2018 gestellt und l\u00e4dt ein, das Jahr 2024 im Zuge der Vorbereitung zu einer \u201aSymphonie des Gebetes\u2018 zu machen. &nbsp;Am 24. Dezember wird dann der Petersdom seine heilige Pforten \u00f6ffnen und Menschen aus der ganzen Welt empfangen. Insgesamt werden 32 Millionen Pilger \u00fcber das Jahr verteilt erwartet, darunter auch 900.000 Deutsche.&nbsp;<\/p>\n\n\n\n<p>Auch Ordensgemeinschaften beteiligen sich in vielf\u00e4ltiger Weise am Heiligen Jahr.&nbsp;In Rom ist die Jubil\u00e4umsfeier f\u00fcr alle geweihten M\u00e4nner und Frauen f\u00fcr den 8. und 9. Oktober 2025 geplant.&nbsp;Am 2. Februar 2025, dem Welttag des geweihten Lebens, soll das Heilige Jahr auf lokaler Ebene durch Initiativen, Aktionen und Gottesdienste gefeiert werden. <\/p>\n\n\n\n<figure class=\"gb-block-image gb-block-image-cfbe4873\"><img loading=\"lazy\" decoding=\"async\" width=\"304\" height=\"300\" class=\"gb-image gb-image-cfbe4873\" src=\"https:\/\/test-wuwei.de\/orden\/wp-content\/uploads\/2025\/08\/csm_Sonnenfinsternis_5c40cb6ca7.jpg\" alt=\"\" title=\"csm_Sonnenfinsternis_5c40cb6ca7\" srcset=\"https:\/\/test-wuwei.de\/orden\/wp-content\/uploads\/2025\/08\/csm_Sonnenfinsternis_5c40cb6ca7.jpg 304w, https:\/\/test-wuwei.de\/orden\/wp-content\/uploads\/2025\/08\/csm_Sonnenfinsternis_5c40cb6ca7-300x296.jpg 300w\" sizes=\"auto, (max-width: 304px) 100vw, 304px\" \/><\/figure>\n\n\n\n<div style=\"height:50px\" aria-hidden=\"true\" class=\"wp-block-spacer\"><\/div>\n\n\n\n<h3 class=\"wp-block-heading\">Sonnenfinsternis am Camino 2026<\/h3>\n\n\n\n<p>Ein weiteres gro\u00dfes Ereignis in den kommenden Jahren ist die totale Sonnenfinsternis in Spanien am 12. August 2026.&nbsp;Das ist ein perfekter Anlass dieses Spektakel live auf dem Jakobsweg zu erleben.&nbsp;Der genaue Zeitpunkt der Sonnenfinsternis wird 18:28 Uhr sein, ihr Kernschatten wird Santiago de Compostela jedochganz knapp verfehlen. Schon am n\u00f6rdlichen Ende der Piste vom Flughafen von Santiago wird sich die Sonne aber komplett verfinstern, also eine totale Sonnenfinsternis stattfinden.<\/p>\n\n\n\n<p>Der Kernschatten ist insgesamt 140 Kilometer breit, sodass die Sonnenfinsternis auch weiter im Norden und Osten von Santiago entfernt zu sehen ist. Trotzdem ist schon jetzt sicher,&nbsp;dass es besonders voll sein wird, speziell in den Pilgerherbergen. Hier ist also eine fr\u00fche Planung hilfreich. Die Website des Jakobsweges hat daf\u00fcr eine \u00dcbersicht \u00fcber die verschiedenen Wegstrecken, die betroffen sind, geschaffen. Diese ist&nbsp;<a href=\"https:\/\/www.jakobsweg.de\/sonnenfinsternis-2026\/\" target=\"_blank\" rel=\"noreferrer noopener\">hier<\/a>&nbsp;zu finden.<\/p>\n\n\n\n<hr class=\"wp-block-separator has-text-color has-contrast-3-color has-alpha-channel-opacity has-contrast-3-background-color has-background\"\/>\n\n\n\n<h3 class=\"wp-block-heading\">Ignatiusweg Jubil\u00e4umsjahr 2029<\/h3>\n\n\n\n<p>Der Ignatiusweg feiert&nbsp; 2029 sein n\u00e4chstes Jubil\u00e4umsjahr. 2022, 500 Jahre nachdem Ignatius von Loyola den Weg gegangen ist, hat die Gesellschaft Jesu beschlossen, alle sieben Jahre regelm\u00e4\u00dfige Jubil\u00e4umsfeiern abzuhalten.&nbsp;Dies stellt eine Einladung dar, alle sieben Jahre in den Ruhestand zu gehen. Es wird sich \u00fcber alle Menschen, Institutionen, Werken und Gemeinschaften gefreut, die teilnehmen m\u00f6chten. Dem universellen Geist folgend, der San Ignacio de Loyola bewegte, ist jeder nach seinen W\u00fcnschen und M\u00f6glichkeiten eingeladen.<\/p>\n\n\n\n<p>Weitere Informationen befinden sich auf der&nbsp;<a href=\"https:\/\/caminoignaciano.org\/de\/\" target=\"_blank\" rel=\"noreferrer noopener\">Website des Ignatiusweges<\/a>.<\/p>\n","protected":false},"excerpt":{"rendered":"<p>Teil VI der Sommerartikelreihe Anlaufpunkt Kloster &#8211; Wandern &#038; Wege<\/p>\n","protected":false},"featured_media":547,"parent":0,"template":"","categories":[],"class_list":["post-546","meldung","type-meldung","status-publish","has-post-thumbnail","hentry"],"acf":[],"yoast_head":"<!-- This site is optimized with the Yoast SEO plugin v26.3 - https:\/\/yoast.com\/wordpress\/plugins\/seo\/ -->\n<title>Ausblick: Wege in die Zukunft &#8211; Ordensgemeinschaften in Deutschland<\/title>\n<meta name=\"description\" content=\"Teil VI der Sommerartikelreihe Anlaufpunkt Kloster - Wandern &amp; Wege\" \/>\n<meta name=\"robots\" content=\"noindex, follow, max-snippet:-1, max-image-preview:large, max-video-preview:-1\" \/>\n<meta property=\"og:locale\" content=\"de_DE\" \/>\n<meta property=\"og:type\" content=\"article\" \/>\n<meta property=\"og:title\" content=\"Ausblick: Wege in die Zukunft\" \/>\n<meta property=\"og:description\" content=\"Teil VI der Sommerartikelreihe Anlaufpunkt Kloster - Wandern &amp; Wege\" \/>\n<meta property=\"og:url\" content=\"https:\/\/test-wuwei.de\/orden\/meldung\/ausblick-wege-in-die-zukunft\/\" \/>\n<meta property=\"og:site_name\" content=\"Ordensgemeinschaften in Deutschland\" \/>\n<meta property=\"article:modified_time\" content=\"2025-09-01T10:41:42+00:00\" \/>\n<meta property=\"og:image\" content=\"https:\/\/test-wuwei.de\/orden\/wp-content\/uploads\/2025\/08\/csm_Sonnenfinsternis_760ac4bdd1.jpg\" \/>\n\t<meta property=\"og:image:width\" content=\"120\" \/>\n\t<meta property=\"og:image:height\" content=\"120\" \/>\n\t<meta property=\"og:image:type\" content=\"image\/jpeg\" \/>\n<meta name=\"twitter:card\" content=\"summary_large_image\" \/>\n<meta name=\"twitter:label1\" content=\"Gesch\u00e4tzte Lesezeit\" \/>\n\t<meta name=\"twitter:data1\" content=\"4\u00a0Minuten\" \/>\n<script type=\"application\/ld+json\" class=\"yoast-schema-graph\">{\"@context\":\"https:\/\/schema.org\",\"@graph\":[{\"@type\":\"WebPage\",\"@id\":\"https:\/\/test-wuwei.de\/orden\/meldung\/ausblick-wege-in-die-zukunft\/\",\"url\":\"https:\/\/test-wuwei.de\/orden\/meldung\/ausblick-wege-in-die-zukunft\/\",\"name\":\"Ausblick: Wege in die Zukunft &#8211; Ordensgemeinschaften in Deutschland\",\"isPartOf\":{\"@id\":\"https:\/\/test-wuwei.de\/orden\/#website\"},\"primaryImageOfPage\":{\"@id\":\"https:\/\/test-wuwei.de\/orden\/meldung\/ausblick-wege-in-die-zukunft\/#primaryimage\"},\"image\":{\"@id\":\"https:\/\/test-wuwei.de\/orden\/meldung\/ausblick-wege-in-die-zukunft\/#primaryimage\"},\"thumbnailUrl\":\"https:\/\/test-wuwei.de\/orden\/wp-content\/uploads\/2025\/08\/csm_Sonnenfinsternis_760ac4bdd1.jpg\",\"datePublished\":\"2024-09-10T07:00:00+00:00\",\"dateModified\":\"2025-09-01T10:41:42+00:00\",\"description\":\"Teil VI der Sommerartikelreihe Anlaufpunkt Kloster - Wandern & Wege\",\"breadcrumb\":{\"@id\":\"https:\/\/test-wuwei.de\/orden\/meldung\/ausblick-wege-in-die-zukunft\/#breadcrumb\"},\"inLanguage\":\"de\",\"potentialAction\":[{\"@type\":\"ReadAction\",\"target\":[\"https:\/\/test-wuwei.de\/orden\/meldung\/ausblick-wege-in-die-zukunft\/\"]}]},{\"@type\":\"ImageObject\",\"inLanguage\":\"de\",\"@id\":\"https:\/\/test-wuwei.de\/orden\/meldung\/ausblick-wege-in-die-zukunft\/#primaryimage\",\"url\":\"https:\/\/test-wuwei.de\/orden\/wp-content\/uploads\/2025\/08\/csm_Sonnenfinsternis_760ac4bdd1.jpg\",\"contentUrl\":\"https:\/\/test-wuwei.de\/orden\/wp-content\/uploads\/2025\/08\/csm_Sonnenfinsternis_760ac4bdd1.jpg\",\"width\":120,\"height\":120},{\"@type\":\"BreadcrumbList\",\"@id\":\"https:\/\/test-wuwei.de\/orden\/meldung\/ausblick-wege-in-die-zukunft\/#breadcrumb\",\"itemListElement\":[{\"@type\":\"ListItem\",\"position\":1,\"name\":\"\ud83c\udfe0\ufe0e\",\"item\":\"https:\/\/test-wuwei.de\/orden\/\"},{\"@type\":\"ListItem\",\"position\":2,\"name\":\"Ausblick: Wege in die Zukunft\"}]},{\"@type\":\"WebSite\",\"@id\":\"https:\/\/test-wuwei.de\/orden\/#website\",\"url\":\"https:\/\/test-wuwei.de\/orden\/\",\"name\":\"Ordensgemeinschaften in Deutschland\",\"description\":\"Deutsche Ordensobernkonferenz\",\"publisher\":{\"@id\":\"https:\/\/test-wuwei.de\/orden\/#organization\"},\"potentialAction\":[{\"@type\":\"SearchAction\",\"target\":{\"@type\":\"EntryPoint\",\"urlTemplate\":\"https:\/\/test-wuwei.de\/orden\/?s={search_term_string}\"},\"query-input\":{\"@type\":\"PropertyValueSpecification\",\"valueRequired\":true,\"valueName\":\"search_term_string\"}}],\"inLanguage\":\"de\"},{\"@type\":\"Organization\",\"@id\":\"https:\/\/test-wuwei.de\/orden\/#organization\",\"name\":\"Ordensgemeinschaften in Deutschland\",\"url\":\"https:\/\/test-wuwei.de\/orden\/\",\"logo\":{\"@type\":\"ImageObject\",\"inLanguage\":\"de\",\"@id\":\"https:\/\/test-wuwei.de\/orden\/#\/schema\/logo\/image\/\",\"url\":\"https:\/\/test-wuwei.de\/orden\/wp-content\/uploads\/2025\/07\/DOK_Logo_RGB_mit.jpg\",\"contentUrl\":\"https:\/\/test-wuwei.de\/orden\/wp-content\/uploads\/2025\/07\/DOK_Logo_RGB_mit.jpg\",\"width\":2480,\"height\":1748,\"caption\":\"Ordensgemeinschaften in Deutschland\"},\"image\":{\"@id\":\"https:\/\/test-wuwei.de\/orden\/#\/schema\/logo\/image\/\"}}]}<\/script>\n<!-- \/ Yoast SEO plugin. -->","yoast_head_json":{"title":"Ausblick: Wege in die Zukunft &#8211; Ordensgemeinschaften in Deutschland","description":"Teil VI der Sommerartikelreihe Anlaufpunkt Kloster - Wandern & Wege","robots":{"index":"noindex","follow":"follow","max-snippet":"max-snippet:-1","max-image-preview":"max-image-preview:large","max-video-preview":"max-video-preview:-1"},"og_locale":"de_DE","og_type":"article","og_title":"Ausblick: Wege in die Zukunft","og_description":"Teil VI der Sommerartikelreihe Anlaufpunkt Kloster - Wandern & Wege","og_url":"https:\/\/test-wuwei.de\/orden\/meldung\/ausblick-wege-in-die-zukunft\/","og_site_name":"Ordensgemeinschaften in Deutschland","article_modified_time":"2025-09-01T10:41:42+00:00","og_image":[{"width":120,"height":120,"url":"https:\/\/test-wuwei.de\/orden\/wp-content\/uploads\/2025\/08\/csm_Sonnenfinsternis_760ac4bdd1.jpg","type":"image\/jpeg"}],"twitter_card":"summary_large_image","twitter_misc":{"Gesch\u00e4tzte Lesezeit":"4\u00a0Minuten"},"schema":{"@context":"https:\/\/schema.org","@graph":[{"@type":"WebPage","@id":"https:\/\/test-wuwei.de\/orden\/meldung\/ausblick-wege-in-die-zukunft\/","url":"https:\/\/test-wuwei.de\/orden\/meldung\/ausblick-wege-in-die-zukunft\/","name":"Ausblick: Wege in die Zukunft &#8211; Ordensgemeinschaften in Deutschland","isPartOf":{"@id":"https:\/\/test-wuwei.de\/orden\/#website"},"primaryImageOfPage":{"@id":"https:\/\/test-wuwei.de\/orden\/meldung\/ausblick-wege-in-die-zukunft\/#primaryimage"},"image":{"@id":"https:\/\/test-wuwei.de\/orden\/meldung\/ausblick-wege-in-die-zukunft\/#primaryimage"},"thumbnailUrl":"https:\/\/test-wuwei.de\/orden\/wp-content\/uploads\/2025\/08\/csm_Sonnenfinsternis_760ac4bdd1.jpg","datePublished":"2024-09-10T07:00:00+00:00","dateModified":"2025-09-01T10:41:42+00:00","description":"Teil VI der Sommerartikelreihe Anlaufpunkt Kloster - Wandern & Wege","breadcrumb":{"@id":"https:\/\/test-wuwei.de\/orden\/meldung\/ausblick-wege-in-die-zukunft\/#breadcrumb"},"inLanguage":"de","potentialAction":[{"@type":"ReadAction","target":["https:\/\/test-wuwei.de\/orden\/meldung\/ausblick-wege-in-die-zukunft\/"]}]},{"@type":"ImageObject","inLanguage":"de","@id":"https:\/\/test-wuwei.de\/orden\/meldung\/ausblick-wege-in-die-zukunft\/#primaryimage","url":"https:\/\/test-wuwei.de\/orden\/wp-content\/uploads\/2025\/08\/csm_Sonnenfinsternis_760ac4bdd1.jpg","contentUrl":"https:\/\/test-wuwei.de\/orden\/wp-content\/uploads\/2025\/08\/csm_Sonnenfinsternis_760ac4bdd1.jpg","width":120,"height":120},{"@type":"BreadcrumbList","@id":"https:\/\/test-wuwei.de\/orden\/meldung\/ausblick-wege-in-die-zukunft\/#breadcrumb","itemListElement":[{"@type":"ListItem","position":1,"name":"\ud83c\udfe0\ufe0e","item":"https:\/\/test-wuwei.de\/orden\/"},{"@type":"ListItem","position":2,"name":"Ausblick: Wege in die Zukunft"}]},{"@type":"WebSite","@id":"https:\/\/test-wuwei.de\/orden\/#website","url":"https:\/\/test-wuwei.de\/orden\/","name":"Ordensgemeinschaften in Deutschland","description":"Deutsche Ordensobernkonferenz","publisher":{"@id":"https:\/\/test-wuwei.de\/orden\/#organization"},"potentialAction":[{"@type":"SearchAction","target":{"@type":"EntryPoint","urlTemplate":"https:\/\/test-wuwei.de\/orden\/?s={search_term_string}"},"query-input":{"@type":"PropertyValueSpecification","valueRequired":true,"valueName":"search_term_string"}}],"inLanguage":"de"},{"@type":"Organization","@id":"https:\/\/test-wuwei.de\/orden\/#organization","name":"Ordensgemeinschaften in Deutschland","url":"https:\/\/test-wuwei.de\/orden\/","logo":{"@type":"ImageObject","inLanguage":"de","@id":"https:\/\/test-wuwei.de\/orden\/#\/schema\/logo\/image\/","url":"https:\/\/test-wuwei.de\/orden\/wp-content\/uploads\/2025\/07\/DOK_Logo_RGB_mit.jpg","contentUrl":"https:\/\/test-wuwei.de\/orden\/wp-content\/uploads\/2025\/07\/DOK_Logo_RGB_mit.jpg","width":2480,"height":1748,"caption":"Ordensgemeinschaften in Deutschland"},"image":{"@id":"https:\/\/test-wuwei.de\/orden\/#\/schema\/logo\/image\/"}}]}},"_links":{"self":[{"href":"https:\/\/test-wuwei.de\/orden\/wp-json\/wp\/v2\/meldung\/546","targetHints":{"allow":["GET"]}}],"collection":[{"href":"https:\/\/test-wuwei.de\/orden\/wp-json\/wp\/v2\/meldung"}],"about":[{"href":"https:\/\/test-wuwei.de\/orden\/wp-json\/wp\/v2\/types\/meldung"}],"wp:featuredmedia":[{"embeddable":true,"href":"https:\/\/test-wuwei.de\/orden\/wp-json\/wp\/v2\/media\/547"}],"wp:attachment":[{"href":"https:\/\/test-wuwei.de\/orden\/wp-json\/wp\/v2\/media?parent=546"}],"wp:term":[{"taxonomy":"category","embeddable":true,"href":"https:\/\/test-wuwei.de\/orden\/wp-json\/wp\/v2\/categories?post=546"}],"curies":[{"name":"wp","href":"https:\/\/api.w.org\/{rel}","templated":true}]}}