{"id":5403,"date":"2026-02-24T16:10:00","date_gmt":"2026-02-24T15:10:00","guid":{"rendered":"https:\/\/test-wuwei.de\/orden\/?post_type=meldung&#038;p=5403"},"modified":"2026-02-25T16:13:02","modified_gmt":"2026-02-25T15:13:02","slug":"ein-bischof-dem-das-ordenscharisma-bestens-vertraut-ist","status":"publish","type":"meldung","link":"https:\/\/test-wuwei.de\/orden\/meldung\/ein-bischof-dem-das-ordenscharisma-bestens-vertraut-ist\/","title":{"rendered":"\u201eEin Bischof, dem das Ordenscharisma bestens vertraut ist\u201c"},"content":{"rendered":"\n<h2 class=\"wp-block-heading has-medium-font-size\"><strong>DOK-Vorsitzender und -Generalsekret\u00e4r gratulieren Bischof Dr. Heiner Wilmer SCJ zur Wahl zum Vorsitzenden der Deutschen Bischofskonferenz<\/strong><\/h2>\n\n\n\n<p><strong>Bonn.<\/strong>&nbsp;Zu seiner Wahl zum Vorsitzenden der Deutschen Bischofskonferenz haben DOK-Vorsitzender Br. Andreas Murk OFM Conv. und DOK-Generalsekret\u00e4r Dr. Hubert Wissing dem Bischof von Hildesheim, Dr. Heiner Wilmer SCJ, herzlich gratuliert.<\/p>\n\n\n\n<p>Deutschlands Bisch\u00f6fe h\u00e4tten \u201emit einem wohl sehr klaren Blick auf die anstehenden Herausforderungen und die F\u00e4higkeiten, die es daf\u00fcr braucht, um sie m\u00f6glichst gut zu bew\u00e4ltigen\u201c gew\u00e4hlt, hei\u00dft es in dem Gratulationsschreiben. Schon bei seiner ersten Pressekonferenz habe Wilmer nach seiner Wahl zwei deutliche Akzente \u2013 geistlich wie sozial \u2013 gesetzt: \u201eGott Raum geben!\u201c und \u201ealle Aufmerksamkeit den Menschen mit verwundetem Herzen\u201c. In diesen ersten Worten als Vorsitzender der Bischofskonferenz h\u00f6rten sie auch einen Widerhall des Auftrags von Papst Franziskus und Papst Leo an die Ordensfrauen und -m\u00e4nner, an \u201edie R\u00e4nder der Gesellschaft\u201c zu gehen und an der Seite der \u00c4rmsten zu stehen, so Br. Andreas und Dr. Wissing.<\/p>\n\n\n\n<p>Sie \u00e4u\u00dferten ihre Freude, \u201edass an der Spitze der Kirche in Deutschland in den n\u00e4chsten sechs Jahren ein Bischof stehen wird, dem das Ordenscharisma bestens vertraut ist\u201c. Tief verwurzelt in der Spiritualit\u00e4t der Herz-Jesu-Priester habe P. Wilmer in vielf\u00e4ltigen Aufgaben Verantwortung \u00fcbernommen, bevor er zum Bischof von Hildesheim ernannt wurde.<\/p>\n\n\n\n<p>\u201eGerade, wo auf allen Seiten Kr\u00e4fte nachlassen, Ressourcen knapper werden und Synergien gesucht werden m\u00fcssen, sind wir fest davon \u00fcberzeugt, dass das geweihte Leben in der Kirche auch weiterhin seinen festen Platz hat, und seinen spezifischen Beitrag dazu leisten kann, damit die Kirche ihrem Auftrag zur st\u00e4ndigen Erneuerung treu bleiben kann\u201c, hei\u00dft es in dem Schreiben weiter. \u201eAls Ordensobernkonferenz freuen wir uns, wenn wir da im Miteinander mit der Deutschen Bischofskonferenz unsere Stimme einbringen d\u00fcrfen, und auch in Ihnen pers\u00f6nlich sicherlich einen verst\u00e4ndnisvollen und kenntnisreichen Gespr\u00e4chspartner in den Freuden und Sorgen der Ordensleute finden werden.\u201c<\/p>\n\n\n\n<p>F\u00fcr die Kirche in Deutschland, so Br. Andreas und Dr. Wissing, seien sie zuversichtlich, dass Bischof Wilmer ihr eine Stimme geben werde, die auch in den gesellschaftlichen Debatten geh\u00f6rt werde.<\/p>\n","protected":false},"excerpt":{"rendered":"<p>DOK-Vorsitzender und -Generalsekret\u00e4r gratulieren Bischof Dr. Heiner Wilmer SCJ zur Wahl zum Vorsitzenden der Deutschen Bischofskonferenz<\/p>\n","protected":false},"featured_media":5404,"parent":0,"template":"","categories":[],"class_list":["post-5403","meldung","type-meldung","status-publish","has-post-thumbnail","hentry"],"acf":[],"yoast_head":"<!-- This site is optimized with the Yoast SEO plugin v26.3 - https:\/\/yoast.com\/wordpress\/plugins\/seo\/ -->\n<title>\u201eEin Bischof, dem das Ordenscharisma bestens vertraut ist\u201c &#8211; Ordensgemeinschaften in Deutschland<\/title>\n<meta name=\"description\" content=\"DOK-Vorsitzender und -Generalsekret\u00e4r gratulieren Bischof Dr. Heiner Wilmer SCJ zur Wahl zum Vorsitzenden der Deutschen Bischofskonferenz\" \/>\n<meta name=\"robots\" content=\"noindex, follow, max-snippet:-1, max-image-preview:large, max-video-preview:-1\" \/>\n<meta property=\"og:locale\" content=\"de_DE\" \/>\n<meta property=\"og:type\" content=\"article\" \/>\n<meta property=\"og:title\" content=\"\u201eEin Bischof, dem das Ordenscharisma bestens vertraut ist\u201c\" \/>\n<meta property=\"og:description\" content=\"DOK-Vorsitzender und -Generalsekret\u00e4r gratulieren Bischof Dr. Heiner Wilmer SCJ zur Wahl zum Vorsitzenden der Deutschen Bischofskonferenz\" \/>\n<meta property=\"og:url\" content=\"https:\/\/test-wuwei.de\/orden\/meldung\/ein-bischof-dem-das-ordenscharisma-bestens-vertraut-ist\/\" \/>\n<meta property=\"og:site_name\" content=\"Ordensgemeinschaften in Deutschland\" \/>\n<meta property=\"article:modified_time\" content=\"2026-02-25T15:13:02+00:00\" \/>\n<meta property=\"og:image\" content=\"https:\/\/test-wuwei.de\/orden\/wp-content\/uploads\/2025\/07\/DOK_Logo_RGB_mit.jpg\" \/>\n\t<meta property=\"og:image:width\" content=\"2480\" \/>\n\t<meta property=\"og:image:height\" content=\"1748\" \/>\n\t<meta property=\"og:image:type\" content=\"image\/jpeg\" \/>\n<meta name=\"twitter:card\" content=\"summary_large_image\" \/>\n<meta name=\"twitter:label1\" content=\"Gesch\u00e4tzte Lesezeit\" \/>\n\t<meta name=\"twitter:data1\" content=\"3\u00a0Minuten\" \/>\n<script type=\"application\/ld+json\" class=\"yoast-schema-graph\">{\"@context\":\"https:\/\/schema.org\",\"@graph\":[{\"@type\":\"WebPage\",\"@id\":\"https:\/\/test-wuwei.de\/orden\/meldung\/ein-bischof-dem-das-ordenscharisma-bestens-vertraut-ist\/\",\"url\":\"https:\/\/test-wuwei.de\/orden\/meldung\/ein-bischof-dem-das-ordenscharisma-bestens-vertraut-ist\/\",\"name\":\"\u201eEin Bischof, dem das Ordenscharisma bestens vertraut ist\u201c &#8211; Ordensgemeinschaften in Deutschland\",\"isPartOf\":{\"@id\":\"https:\/\/test-wuwei.de\/orden\/#website\"},\"primaryImageOfPage\":{\"@id\":\"https:\/\/test-wuwei.de\/orden\/meldung\/ein-bischof-dem-das-ordenscharisma-bestens-vertraut-ist\/#primaryimage\"},\"image\":{\"@id\":\"https:\/\/test-wuwei.de\/orden\/meldung\/ein-bischof-dem-das-ordenscharisma-bestens-vertraut-ist\/#primaryimage\"},\"thumbnailUrl\":\"https:\/\/test-wuwei.de\/orden\/wp-content\/uploads\/2026\/02\/csm_DOK_LOGO_Aktuelle_Meldung_a240608fdf.jpg\",\"datePublished\":\"2026-02-24T15:10:00+00:00\",\"dateModified\":\"2026-02-25T15:13:02+00:00\",\"description\":\"DOK-Vorsitzender und -Generalsekret\u00e4r gratulieren Bischof Dr. Heiner Wilmer SCJ zur Wahl zum Vorsitzenden der Deutschen Bischofskonferenz\",\"breadcrumb\":{\"@id\":\"https:\/\/test-wuwei.de\/orden\/meldung\/ein-bischof-dem-das-ordenscharisma-bestens-vertraut-ist\/#breadcrumb\"},\"inLanguage\":\"de\",\"potentialAction\":[{\"@type\":\"ReadAction\",\"target\":[\"https:\/\/test-wuwei.de\/orden\/meldung\/ein-bischof-dem-das-ordenscharisma-bestens-vertraut-ist\/\"]}]},{\"@type\":\"ImageObject\",\"inLanguage\":\"de\",\"@id\":\"https:\/\/test-wuwei.de\/orden\/meldung\/ein-bischof-dem-das-ordenscharisma-bestens-vertraut-ist\/#primaryimage\",\"url\":\"https:\/\/test-wuwei.de\/orden\/wp-content\/uploads\/2026\/02\/csm_DOK_LOGO_Aktuelle_Meldung_a240608fdf.jpg\",\"contentUrl\":\"https:\/\/test-wuwei.de\/orden\/wp-content\/uploads\/2026\/02\/csm_DOK_LOGO_Aktuelle_Meldung_a240608fdf.jpg\",\"width\":120,\"height\":120},{\"@type\":\"BreadcrumbList\",\"@id\":\"https:\/\/test-wuwei.de\/orden\/meldung\/ein-bischof-dem-das-ordenscharisma-bestens-vertraut-ist\/#breadcrumb\",\"itemListElement\":[{\"@type\":\"ListItem\",\"position\":1,\"name\":\"\ud83c\udfe0\ufe0e\",\"item\":\"https:\/\/test-wuwei.de\/orden\/\"},{\"@type\":\"ListItem\",\"position\":2,\"name\":\"\u201eEin Bischof, dem das Ordenscharisma bestens vertraut ist\u201c\"}]},{\"@type\":\"WebSite\",\"@id\":\"https:\/\/test-wuwei.de\/orden\/#website\",\"url\":\"https:\/\/test-wuwei.de\/orden\/\",\"name\":\"Ordensgemeinschaften in Deutschland\",\"description\":\"Deutsche Ordensobernkonferenz\",\"publisher\":{\"@id\":\"https:\/\/test-wuwei.de\/orden\/#organization\"},\"potentialAction\":[{\"@type\":\"SearchAction\",\"target\":{\"@type\":\"EntryPoint\",\"urlTemplate\":\"https:\/\/test-wuwei.de\/orden\/?s={search_term_string}\"},\"query-input\":{\"@type\":\"PropertyValueSpecification\",\"valueRequired\":true,\"valueName\":\"search_term_string\"}}],\"inLanguage\":\"de\"},{\"@type\":\"Organization\",\"@id\":\"https:\/\/test-wuwei.de\/orden\/#organization\",\"name\":\"Ordensgemeinschaften in Deutschland\",\"url\":\"https:\/\/test-wuwei.de\/orden\/\",\"logo\":{\"@type\":\"ImageObject\",\"inLanguage\":\"de\",\"@id\":\"https:\/\/test-wuwei.de\/orden\/#\/schema\/logo\/image\/\",\"url\":\"https:\/\/test-wuwei.de\/orden\/wp-content\/uploads\/2025\/07\/DOK_Logo_RGB_mit.jpg\",\"contentUrl\":\"https:\/\/test-wuwei.de\/orden\/wp-content\/uploads\/2025\/07\/DOK_Logo_RGB_mit.jpg\",\"width\":2480,\"height\":1748,\"caption\":\"Ordensgemeinschaften in Deutschland\"},\"image\":{\"@id\":\"https:\/\/test-wuwei.de\/orden\/#\/schema\/logo\/image\/\"}}]}<\/script>\n<!-- \/ Yoast SEO plugin. -->","yoast_head_json":{"title":"\u201eEin Bischof, dem das Ordenscharisma bestens vertraut ist\u201c &#8211; Ordensgemeinschaften in Deutschland","description":"DOK-Vorsitzender und -Generalsekret\u00e4r gratulieren Bischof Dr. Heiner Wilmer SCJ zur Wahl zum Vorsitzenden der Deutschen Bischofskonferenz","robots":{"index":"noindex","follow":"follow","max-snippet":"max-snippet:-1","max-image-preview":"max-image-preview:large","max-video-preview":"max-video-preview:-1"},"og_locale":"de_DE","og_type":"article","og_title":"\u201eEin Bischof, dem das Ordenscharisma bestens vertraut ist\u201c","og_description":"DOK-Vorsitzender und -Generalsekret\u00e4r gratulieren Bischof Dr. Heiner Wilmer SCJ zur Wahl zum Vorsitzenden der Deutschen Bischofskonferenz","og_url":"https:\/\/test-wuwei.de\/orden\/meldung\/ein-bischof-dem-das-ordenscharisma-bestens-vertraut-ist\/","og_site_name":"Ordensgemeinschaften in Deutschland","article_modified_time":"2026-02-25T15:13:02+00:00","og_image":[{"width":2480,"height":1748,"url":"https:\/\/test-wuwei.de\/orden\/wp-content\/uploads\/2025\/07\/DOK_Logo_RGB_mit.jpg","type":"image\/jpeg"}],"twitter_card":"summary_large_image","twitter_misc":{"Gesch\u00e4tzte Lesezeit":"3\u00a0Minuten"},"schema":{"@context":"https:\/\/schema.org","@graph":[{"@type":"WebPage","@id":"https:\/\/test-wuwei.de\/orden\/meldung\/ein-bischof-dem-das-ordenscharisma-bestens-vertraut-ist\/","url":"https:\/\/test-wuwei.de\/orden\/meldung\/ein-bischof-dem-das-ordenscharisma-bestens-vertraut-ist\/","name":"\u201eEin Bischof, dem das Ordenscharisma bestens vertraut ist\u201c &#8211; Ordensgemeinschaften in Deutschland","isPartOf":{"@id":"https:\/\/test-wuwei.de\/orden\/#website"},"primaryImageOfPage":{"@id":"https:\/\/test-wuwei.de\/orden\/meldung\/ein-bischof-dem-das-ordenscharisma-bestens-vertraut-ist\/#primaryimage"},"image":{"@id":"https:\/\/test-wuwei.de\/orden\/meldung\/ein-bischof-dem-das-ordenscharisma-bestens-vertraut-ist\/#primaryimage"},"thumbnailUrl":"https:\/\/test-wuwei.de\/orden\/wp-content\/uploads\/2026\/02\/csm_DOK_LOGO_Aktuelle_Meldung_a240608fdf.jpg","datePublished":"2026-02-24T15:10:00+00:00","dateModified":"2026-02-25T15:13:02+00:00","description":"DOK-Vorsitzender und -Generalsekret\u00e4r gratulieren Bischof Dr. Heiner Wilmer SCJ zur Wahl zum Vorsitzenden der Deutschen Bischofskonferenz","breadcrumb":{"@id":"https:\/\/test-wuwei.de\/orden\/meldung\/ein-bischof-dem-das-ordenscharisma-bestens-vertraut-ist\/#breadcrumb"},"inLanguage":"de","potentialAction":[{"@type":"ReadAction","target":["https:\/\/test-wuwei.de\/orden\/meldung\/ein-bischof-dem-das-ordenscharisma-bestens-vertraut-ist\/"]}]},{"@type":"ImageObject","inLanguage":"de","@id":"https:\/\/test-wuwei.de\/orden\/meldung\/ein-bischof-dem-das-ordenscharisma-bestens-vertraut-ist\/#primaryimage","url":"https:\/\/test-wuwei.de\/orden\/wp-content\/uploads\/2026\/02\/csm_DOK_LOGO_Aktuelle_Meldung_a240608fdf.jpg","contentUrl":"https:\/\/test-wuwei.de\/orden\/wp-content\/uploads\/2026\/02\/csm_DOK_LOGO_Aktuelle_Meldung_a240608fdf.jpg","width":120,"height":120},{"@type":"BreadcrumbList","@id":"https:\/\/test-wuwei.de\/orden\/meldung\/ein-bischof-dem-das-ordenscharisma-bestens-vertraut-ist\/#breadcrumb","itemListElement":[{"@type":"ListItem","position":1,"name":"\ud83c\udfe0\ufe0e","item":"https:\/\/test-wuwei.de\/orden\/"},{"@type":"ListItem","position":2,"name":"\u201eEin Bischof, dem das Ordenscharisma bestens vertraut ist\u201c"}]},{"@type":"WebSite","@id":"https:\/\/test-wuwei.de\/orden\/#website","url":"https:\/\/test-wuwei.de\/orden\/","name":"Ordensgemeinschaften in Deutschland","description":"Deutsche Ordensobernkonferenz","publisher":{"@id":"https:\/\/test-wuwei.de\/orden\/#organization"},"potentialAction":[{"@type":"SearchAction","target":{"@type":"EntryPoint","urlTemplate":"https:\/\/test-wuwei.de\/orden\/?s={search_term_string}"},"query-input":{"@type":"PropertyValueSpecification","valueRequired":true,"valueName":"search_term_string"}}],"inLanguage":"de"},{"@type":"Organization","@id":"https:\/\/test-wuwei.de\/orden\/#organization","name":"Ordensgemeinschaften in Deutschland","url":"https:\/\/test-wuwei.de\/orden\/","logo":{"@type":"ImageObject","inLanguage":"de","@id":"https:\/\/test-wuwei.de\/orden\/#\/schema\/logo\/image\/","url":"https:\/\/test-wuwei.de\/orden\/wp-content\/uploads\/2025\/07\/DOK_Logo_RGB_mit.jpg","contentUrl":"https:\/\/test-wuwei.de\/orden\/wp-content\/uploads\/2025\/07\/DOK_Logo_RGB_mit.jpg","width":2480,"height":1748,"caption":"Ordensgemeinschaften in Deutschland"},"image":{"@id":"https:\/\/test-wuwei.de\/orden\/#\/schema\/logo\/image\/"}}]}},"_links":{"self":[{"href":"https:\/\/test-wuwei.de\/orden\/wp-json\/wp\/v2\/meldung\/5403","targetHints":{"allow":["GET"]}}],"collection":[{"href":"https:\/\/test-wuwei.de\/orden\/wp-json\/wp\/v2\/meldung"}],"about":[{"href":"https:\/\/test-wuwei.de\/orden\/wp-json\/wp\/v2\/types\/meldung"}],"wp:featuredmedia":[{"embeddable":true,"href":"https:\/\/test-wuwei.de\/orden\/wp-json\/wp\/v2\/media\/5404"}],"wp:attachment":[{"href":"https:\/\/test-wuwei.de\/orden\/wp-json\/wp\/v2\/media?parent=5403"}],"wp:term":[{"taxonomy":"category","embeddable":true,"href":"https:\/\/test-wuwei.de\/orden\/wp-json\/wp\/v2\/categories?post=5403"}],"curies":[{"name":"wp","href":"https:\/\/api.w.org\/{rel}","templated":true}]}}