{"id":4826,"date":"2026-01-02T20:01:07","date_gmt":"2026-01-02T19:01:07","guid":{"rendered":"https:\/\/test-wuwei.de\/orden\/?post_type=meldung&#038;p=4826"},"modified":"2026-01-04T20:12:35","modified_gmt":"2026-01-04T19:12:35","slug":"kloster-roggenburg-feiert-900-jahre","status":"publish","type":"meldung","link":"https:\/\/test-wuwei.de\/orden\/meldung\/kloster-roggenburg-feiert-900-jahre\/","title":{"rendered":"Kl\u00adoster Rogg\u00adenburg feiert 900 Jahre"},"content":{"rendered":"\n<h2 class=\"wp-block-heading has-medium-font-size\"><strong>Im Jahr 2026 steht ein besonderes Jubil\u00e4um an: Die Pr\u00e4monstratenser-Chorherren blicken auf fast ein Jahrtausend geistliche Tradition zur\u00fcck.<\/strong><\/h2>\n\n\n\n<figure class=\"gb-block-image gb-block-image-f7f90e28\"><img loading=\"lazy\" decoding=\"async\" width=\"639\" height=\"359\" class=\"gb-image gb-image-f7f90e28\" src=\"https:\/\/test-wuwei.de\/orden\/wp-content\/uploads\/2026\/01\/csm_6188_Kloster_Roggenburg_86c26ffc14.jpg\" alt=\"\" title=\"Csm 6188 Kloster Roggenburg 86c26ffc14\" srcset=\"https:\/\/test-wuwei.de\/orden\/wp-content\/uploads\/2026\/01\/csm_6188_Kloster_Roggenburg_86c26ffc14.jpg 639w, https:\/\/test-wuwei.de\/orden\/wp-content\/uploads\/2026\/01\/csm_6188_Kloster_Roggenburg_86c26ffc14-300x169.jpg 300w\" sizes=\"auto, (max-width: 639px) 100vw, 639px\" \/><\/figure>\n\n\n\n<div style=\"height:50px\" aria-hidden=\"true\" class=\"wp-block-spacer\"><\/div>\n\n\n\n<p>Seit seiner Gr\u00fcndung um 1126\u00a0ist das Kloster ein fester Bestandteil der Region. Zu diesem Anlass wird ein\u00a0vielseitiges Veranstaltungsprogramm\u00a0Geschichte, Spiritualit\u00e4t und gemeinschaftliches Miteinander verbinden.<\/p>\n\n\n<div class=\"gb-grid-wrapper gb-grid-wrapper-38da041d\">\n<div class=\"gb-grid-column gb-grid-column-34c6c04d\"><div class=\"gb-container gb-container-34c6c04d\">\n\n<h6 class=\"wp-block-heading\"><strong>Ein Jahr zum Mitfeiern:\u00a0Feierlichkeiten zum 900-j\u00e4hrigen Jubil\u00e4um<\/strong><\/h6>\n\n\n\n<p>Das Jubil\u00e4umsjahr 2026 wird mit einem festlichen Programm begangen. Jeden zweiten Sonntag im Monat werden spezielle Jubil\u00e4umssonntage gestaltet. An diesen Tagen finden besondere Gottesdienste mit wechselnden Festpredigern statt, erg\u00e4nzt durch ein Begleitprogramm. Es werden zudem Einkehrtage, ein Kloster-Escape-Room und ein Actionbound-Spiel zur Entdeckung der Geschichte und des Klostergel\u00e4ndes angeboten. Veranstaltungen f\u00fcr Kinder, Jugendliche und Gruppen k\u00f6nnen als individuelle Ausflugprogramme gebucht werden.<\/p>\n\n<\/div><\/div>\n\n<div class=\"gb-grid-column gb-grid-column-31ae6471\"><div class=\"gb-container gb-container-31ae6471\">\n\n<figure class=\"gb-block-image gb-block-image-728043b4\"><img loading=\"lazy\" decoding=\"async\" width=\"266\" height=\"200\" class=\"gb-image gb-image-728043b4\" src=\"https:\/\/test-wuwei.de\/orden\/wp-content\/uploads\/2026\/01\/csm_Jubilaeumslogo26_f77872ceaf.png\" alt=\"\" title=\"csm_Jubilaeumslogo26_f77872ceaf\"\/><\/figure>\n\n<\/div><\/div>\n<\/div>\n\n\n<p>In der Fasten- und Osterzeit gibt es im Kloster Programmpunkte wie \u201eein Fastenbier mit den Patres\u201c-Diskussionsrunden, Osterkonzerte und Liturgiefeiern. Zur Sommerzeit wird zu Konzerten und Kunstworkshops eingeladen.<\/p>\n\n\n\n<p>Schlie\u00dflich findet der H\u00f6hepunkt des Jubil\u00e4umsjahres am Samstag, 3. Oktober 2026, statt: An diesem Tag wird ein feierlicher Festgottesdienst mit Bischof Bertram Meier sowie Generalabt Jos Wouters O. Praem. gefeiert. Im Anschluss sind alle Besucher zu einer Begegnung eingeladen, die den festlichen Tag abrundet.<\/p>\n\n\n\n<p>Einen \u00dcberblick \u00fcber das vielf\u00e4ltige Jubil\u00e4umsprogrammgibt es&nbsp;<a href=\"https:\/\/www.kloster-roggenburg.de\/web\/de\/jubilaeum\/jubilaeum.php\" target=\"_blank\" rel=\"noreferrer noopener\">hier auf der Webseite des Klosters<\/a>.&nbsp;<\/p>\n\n\n\n<h6 class=\"wp-block-heading\"><strong>Von der Gr\u00fcndung bis in die Gegenwart: eine Klostergeschichte<\/strong><\/h6>\n\n\n\n<p>Die Wurzeln des Klosters reichen zur\u00fcck ins fr\u00fche 12. Jahrhundert. Graf Bertold von Bibereck stiftete das neue Ordenshaus. Die ersten Pr\u00e4monstratenser kamen aus Ursberg, einem Kloster, das 2025 sein 900-j\u00e4hriges Jubil\u00e4um feierte, und zogen zeitnah auf den Burgberg, um dort die erste Klosterkirche zu errichten.<\/p>\n\n\n\n<p>Bereits kurze Zeit sp\u00e4ter gr\u00fcndete das Kloster Roggenburg mehrere weitere H\u00e4user, darunter Adelberg bei G\u00f6ppingen sowie in der Schweiz St. Luzi (Chur), Churwalden, Katzis und Bendern. Diese wiederum wurden zu Ausgangspunkten weiterer Gr\u00fcndungen. Das Stift selbst wuchs stetig: 1444 zur Abtei erhoben und 1544 reichsunmittelbar, \u00fcberstand es Bauernkrieg, Reformationszeit und die Not des Drei\u00dfigj\u00e4hrigen Krieges. Seine gr\u00f6\u00dfte Bl\u00fcte erlebte Roggenburg jedoch im 18. Jahrhundert, als die barocke Klosteranlage entstand.<\/p>\n\n\n\n<p>Mit der Aufhebung im Jahr 1802 schien die Geschichte des Klosters beendet. Der Konvent wurde aufgel\u00f6st und die Geb\u00e4ude wurden unterschiedlich genutzt \u2013 vom Landgericht bis zur Haushaltungsschule. Doch die spirituelle Tradition sollte wieder aufleben: 1982 \u00fcbernahm die Abtei Windberg die Pfarrei Roggenburg, 1986 wurde das Kloster offiziell wiedererrichtet und 1992 als abh\u00e4ngiges Priorat best\u00e4tigt. Die Gemeinschaft erneuerte das geistliche Leben und leitete von 2007 bis 2015 eine Gesamtsanierung des barocken Klostergeb\u00e4udes ein. Heute z\u00e4hlt die Gemeinschaft zehn Chorherren.<\/p>\n","protected":false},"excerpt":{"rendered":"<p>Im Jahr 2026 steht ein besonderes Jubil\u00e4um an: Die Pr\u00e4monstratenser-Chorherren blicken auf fast ein Jahrtausend geistliche Tradition zur\u00fcck.<\/p>\n","protected":false},"featured_media":4827,"parent":0,"template":"","categories":[],"class_list":["post-4826","meldung","type-meldung","status-publish","has-post-thumbnail","hentry"],"acf":[],"yoast_head":"<!-- This site is optimized with the Yoast SEO plugin v26.3 - https:\/\/yoast.com\/wordpress\/plugins\/seo\/ -->\n<title>Kl\u00adoster Rogg\u00adenburg feiert 900 Jahre &#8211; Ordensgemeinschaften in Deutschland<\/title>\n<meta name=\"description\" content=\"Im Jahr 2026 steht ein besonderes Jubil\u00e4um an: Die Pr\u00e4monstratenser-Chorherren blicken auf fast ein Jahrtausend geistliche Tradition zur\u00fcck.\" \/>\n<meta name=\"robots\" content=\"noindex, follow, max-snippet:-1, max-image-preview:large, max-video-preview:-1\" \/>\n<meta property=\"og:locale\" content=\"de_DE\" \/>\n<meta property=\"og:type\" content=\"article\" \/>\n<meta property=\"og:title\" content=\"Kl\u00adoster Rogg\u00adenburg feiert 900 Jahre\" \/>\n<meta property=\"og:description\" content=\"Im Jahr 2026 steht ein besonderes Jubil\u00e4um an: Die Pr\u00e4monstratenser-Chorherren blicken auf fast ein Jahrtausend geistliche Tradition zur\u00fcck.\" \/>\n<meta property=\"og:url\" content=\"https:\/\/test-wuwei.de\/orden\/meldung\/kloster-roggenburg-feiert-900-jahre\/\" \/>\n<meta property=\"og:site_name\" content=\"Ordensgemeinschaften in Deutschland\" \/>\n<meta property=\"article:modified_time\" content=\"2026-01-04T19:12:35+00:00\" \/>\n<meta property=\"og:image\" content=\"https:\/\/test-wuwei.de\/orden\/wp-content\/uploads\/2026\/01\/csm_6188_Kloster_Roggenburg_86c26ffc14.jpg\" \/>\n\t<meta property=\"og:image:width\" content=\"639\" \/>\n\t<meta property=\"og:image:height\" content=\"359\" \/>\n\t<meta property=\"og:image:type\" content=\"image\/jpeg\" \/>\n<meta name=\"twitter:card\" content=\"summary_large_image\" \/>\n<meta name=\"twitter:label1\" content=\"Gesch\u00e4tzte Lesezeit\" \/>\n\t<meta name=\"twitter:data1\" content=\"3\u00a0Minuten\" \/>\n<script type=\"application\/ld+json\" class=\"yoast-schema-graph\">{\"@context\":\"https:\/\/schema.org\",\"@graph\":[{\"@type\":\"WebPage\",\"@id\":\"https:\/\/test-wuwei.de\/orden\/meldung\/kloster-roggenburg-feiert-900-jahre\/\",\"url\":\"https:\/\/test-wuwei.de\/orden\/meldung\/kloster-roggenburg-feiert-900-jahre\/\",\"name\":\"Kl\u00adoster Rogg\u00adenburg feiert 900 Jahre &#8211; Ordensgemeinschaften in Deutschland\",\"isPartOf\":{\"@id\":\"https:\/\/test-wuwei.de\/orden\/#website\"},\"primaryImageOfPage\":{\"@id\":\"https:\/\/test-wuwei.de\/orden\/meldung\/kloster-roggenburg-feiert-900-jahre\/#primaryimage\"},\"image\":{\"@id\":\"https:\/\/test-wuwei.de\/orden\/meldung\/kloster-roggenburg-feiert-900-jahre\/#primaryimage\"},\"thumbnailUrl\":\"https:\/\/test-wuwei.de\/orden\/wp-content\/uploads\/2026\/01\/csm_Jubilaeumslogo26_db9c1aa42f.png\",\"datePublished\":\"2026-01-02T19:01:07+00:00\",\"dateModified\":\"2026-01-04T19:12:35+00:00\",\"description\":\"Im Jahr 2026 steht ein besonderes Jubil\u00e4um an: Die Pr\u00e4monstratenser-Chorherren blicken auf fast ein Jahrtausend geistliche Tradition zur\u00fcck.\",\"breadcrumb\":{\"@id\":\"https:\/\/test-wuwei.de\/orden\/meldung\/kloster-roggenburg-feiert-900-jahre\/#breadcrumb\"},\"inLanguage\":\"de\",\"potentialAction\":[{\"@type\":\"ReadAction\",\"target\":[\"https:\/\/test-wuwei.de\/orden\/meldung\/kloster-roggenburg-feiert-900-jahre\/\"]}]},{\"@type\":\"ImageObject\",\"inLanguage\":\"de\",\"@id\":\"https:\/\/test-wuwei.de\/orden\/meldung\/kloster-roggenburg-feiert-900-jahre\/#primaryimage\",\"url\":\"https:\/\/test-wuwei.de\/orden\/wp-content\/uploads\/2026\/01\/csm_Jubilaeumslogo26_db9c1aa42f.png\",\"contentUrl\":\"https:\/\/test-wuwei.de\/orden\/wp-content\/uploads\/2026\/01\/csm_Jubilaeumslogo26_db9c1aa42f.png\",\"width\":120,\"height\":120},{\"@type\":\"BreadcrumbList\",\"@id\":\"https:\/\/test-wuwei.de\/orden\/meldung\/kloster-roggenburg-feiert-900-jahre\/#breadcrumb\",\"itemListElement\":[{\"@type\":\"ListItem\",\"position\":1,\"name\":\"\ud83c\udfe0\ufe0e\",\"item\":\"https:\/\/test-wuwei.de\/orden\/\"},{\"@type\":\"ListItem\",\"position\":2,\"name\":\"Kl\u00adoster Rogg\u00adenburg feiert 900 Jahre\"}]},{\"@type\":\"WebSite\",\"@id\":\"https:\/\/test-wuwei.de\/orden\/#website\",\"url\":\"https:\/\/test-wuwei.de\/orden\/\",\"name\":\"Ordensgemeinschaften in Deutschland\",\"description\":\"Deutsche Ordensobernkonferenz\",\"publisher\":{\"@id\":\"https:\/\/test-wuwei.de\/orden\/#organization\"},\"potentialAction\":[{\"@type\":\"SearchAction\",\"target\":{\"@type\":\"EntryPoint\",\"urlTemplate\":\"https:\/\/test-wuwei.de\/orden\/?s={search_term_string}\"},\"query-input\":{\"@type\":\"PropertyValueSpecification\",\"valueRequired\":true,\"valueName\":\"search_term_string\"}}],\"inLanguage\":\"de\"},{\"@type\":\"Organization\",\"@id\":\"https:\/\/test-wuwei.de\/orden\/#organization\",\"name\":\"Ordensgemeinschaften in Deutschland\",\"url\":\"https:\/\/test-wuwei.de\/orden\/\",\"logo\":{\"@type\":\"ImageObject\",\"inLanguage\":\"de\",\"@id\":\"https:\/\/test-wuwei.de\/orden\/#\/schema\/logo\/image\/\",\"url\":\"https:\/\/test-wuwei.de\/orden\/wp-content\/uploads\/2025\/07\/DOK_Logo_RGB_mit.jpg\",\"contentUrl\":\"https:\/\/test-wuwei.de\/orden\/wp-content\/uploads\/2025\/07\/DOK_Logo_RGB_mit.jpg\",\"width\":2480,\"height\":1748,\"caption\":\"Ordensgemeinschaften in Deutschland\"},\"image\":{\"@id\":\"https:\/\/test-wuwei.de\/orden\/#\/schema\/logo\/image\/\"}}]}<\/script>\n<!-- \/ Yoast SEO plugin. -->","yoast_head_json":{"title":"Kl\u00adoster Rogg\u00adenburg feiert 900 Jahre &#8211; Ordensgemeinschaften in Deutschland","description":"Im Jahr 2026 steht ein besonderes Jubil\u00e4um an: Die Pr\u00e4monstratenser-Chorherren blicken auf fast ein Jahrtausend geistliche Tradition zur\u00fcck.","robots":{"index":"noindex","follow":"follow","max-snippet":"max-snippet:-1","max-image-preview":"max-image-preview:large","max-video-preview":"max-video-preview:-1"},"og_locale":"de_DE","og_type":"article","og_title":"Kl\u00adoster Rogg\u00adenburg feiert 900 Jahre","og_description":"Im Jahr 2026 steht ein besonderes Jubil\u00e4um an: Die Pr\u00e4monstratenser-Chorherren blicken auf fast ein Jahrtausend geistliche Tradition zur\u00fcck.","og_url":"https:\/\/test-wuwei.de\/orden\/meldung\/kloster-roggenburg-feiert-900-jahre\/","og_site_name":"Ordensgemeinschaften in Deutschland","article_modified_time":"2026-01-04T19:12:35+00:00","og_image":[{"width":639,"height":359,"url":"https:\/\/test-wuwei.de\/orden\/wp-content\/uploads\/2026\/01\/csm_6188_Kloster_Roggenburg_86c26ffc14.jpg","type":"image\/jpeg"}],"twitter_card":"summary_large_image","twitter_misc":{"Gesch\u00e4tzte Lesezeit":"3\u00a0Minuten"},"schema":{"@context":"https:\/\/schema.org","@graph":[{"@type":"WebPage","@id":"https:\/\/test-wuwei.de\/orden\/meldung\/kloster-roggenburg-feiert-900-jahre\/","url":"https:\/\/test-wuwei.de\/orden\/meldung\/kloster-roggenburg-feiert-900-jahre\/","name":"Kl\u00adoster Rogg\u00adenburg feiert 900 Jahre &#8211; Ordensgemeinschaften in Deutschland","isPartOf":{"@id":"https:\/\/test-wuwei.de\/orden\/#website"},"primaryImageOfPage":{"@id":"https:\/\/test-wuwei.de\/orden\/meldung\/kloster-roggenburg-feiert-900-jahre\/#primaryimage"},"image":{"@id":"https:\/\/test-wuwei.de\/orden\/meldung\/kloster-roggenburg-feiert-900-jahre\/#primaryimage"},"thumbnailUrl":"https:\/\/test-wuwei.de\/orden\/wp-content\/uploads\/2026\/01\/csm_Jubilaeumslogo26_db9c1aa42f.png","datePublished":"2026-01-02T19:01:07+00:00","dateModified":"2026-01-04T19:12:35+00:00","description":"Im Jahr 2026 steht ein besonderes Jubil\u00e4um an: Die Pr\u00e4monstratenser-Chorherren blicken auf fast ein Jahrtausend geistliche Tradition zur\u00fcck.","breadcrumb":{"@id":"https:\/\/test-wuwei.de\/orden\/meldung\/kloster-roggenburg-feiert-900-jahre\/#breadcrumb"},"inLanguage":"de","potentialAction":[{"@type":"ReadAction","target":["https:\/\/test-wuwei.de\/orden\/meldung\/kloster-roggenburg-feiert-900-jahre\/"]}]},{"@type":"ImageObject","inLanguage":"de","@id":"https:\/\/test-wuwei.de\/orden\/meldung\/kloster-roggenburg-feiert-900-jahre\/#primaryimage","url":"https:\/\/test-wuwei.de\/orden\/wp-content\/uploads\/2026\/01\/csm_Jubilaeumslogo26_db9c1aa42f.png","contentUrl":"https:\/\/test-wuwei.de\/orden\/wp-content\/uploads\/2026\/01\/csm_Jubilaeumslogo26_db9c1aa42f.png","width":120,"height":120},{"@type":"BreadcrumbList","@id":"https:\/\/test-wuwei.de\/orden\/meldung\/kloster-roggenburg-feiert-900-jahre\/#breadcrumb","itemListElement":[{"@type":"ListItem","position":1,"name":"\ud83c\udfe0\ufe0e","item":"https:\/\/test-wuwei.de\/orden\/"},{"@type":"ListItem","position":2,"name":"Kl\u00adoster Rogg\u00adenburg feiert 900 Jahre"}]},{"@type":"WebSite","@id":"https:\/\/test-wuwei.de\/orden\/#website","url":"https:\/\/test-wuwei.de\/orden\/","name":"Ordensgemeinschaften in Deutschland","description":"Deutsche Ordensobernkonferenz","publisher":{"@id":"https:\/\/test-wuwei.de\/orden\/#organization"},"potentialAction":[{"@type":"SearchAction","target":{"@type":"EntryPoint","urlTemplate":"https:\/\/test-wuwei.de\/orden\/?s={search_term_string}"},"query-input":{"@type":"PropertyValueSpecification","valueRequired":true,"valueName":"search_term_string"}}],"inLanguage":"de"},{"@type":"Organization","@id":"https:\/\/test-wuwei.de\/orden\/#organization","name":"Ordensgemeinschaften in Deutschland","url":"https:\/\/test-wuwei.de\/orden\/","logo":{"@type":"ImageObject","inLanguage":"de","@id":"https:\/\/test-wuwei.de\/orden\/#\/schema\/logo\/image\/","url":"https:\/\/test-wuwei.de\/orden\/wp-content\/uploads\/2025\/07\/DOK_Logo_RGB_mit.jpg","contentUrl":"https:\/\/test-wuwei.de\/orden\/wp-content\/uploads\/2025\/07\/DOK_Logo_RGB_mit.jpg","width":2480,"height":1748,"caption":"Ordensgemeinschaften in Deutschland"},"image":{"@id":"https:\/\/test-wuwei.de\/orden\/#\/schema\/logo\/image\/"}}]}},"_links":{"self":[{"href":"https:\/\/test-wuwei.de\/orden\/wp-json\/wp\/v2\/meldung\/4826","targetHints":{"allow":["GET"]}}],"collection":[{"href":"https:\/\/test-wuwei.de\/orden\/wp-json\/wp\/v2\/meldung"}],"about":[{"href":"https:\/\/test-wuwei.de\/orden\/wp-json\/wp\/v2\/types\/meldung"}],"wp:featuredmedia":[{"embeddable":true,"href":"https:\/\/test-wuwei.de\/orden\/wp-json\/wp\/v2\/media\/4827"}],"wp:attachment":[{"href":"https:\/\/test-wuwei.de\/orden\/wp-json\/wp\/v2\/media?parent=4826"}],"wp:term":[{"taxonomy":"category","embeddable":true,"href":"https:\/\/test-wuwei.de\/orden\/wp-json\/wp\/v2\/categories?post=4826"}],"curies":[{"name":"wp","href":"https:\/\/api.w.org\/{rel}","templated":true}]}}