{"id":4291,"date":"2025-11-26T15:36:00","date_gmt":"2025-11-26T14:36:00","guid":{"rendered":"https:\/\/test-wuwei.de\/orden\/?post_type=meldung&#038;p=4291"},"modified":"2025-12-03T15:40:25","modified_gmt":"2025-12-03T14:40:25","slug":"neuer-weihbischof-fuer-das-bistum-mainz","status":"publish","type":"meldung","link":"https:\/\/test-wuwei.de\/orden\/meldung\/neuer-weihbischof-fuer-das-bistum-mainz\/","title":{"rendered":"Neuer Weihbischof f\u00fcr das Bistum Mainz"},"content":{"rendered":"\n<h2 class=\"wp-block-heading has-medium-font-size\"><strong>DOK-Vorsitzender gratuliert P. Joshy George Pottackal O. Carm., Regionaloberer der indischen Karmelitenprovinz St. Thomas in Deutschland, zur Ernennung&#8230;<\/strong><\/h2>\n\n\n<div class=\"gb-grid-wrapper gb-grid-wrapper-d5374b89\">\n<div class=\"gb-grid-column gb-grid-column-17cd05dc\"><div class=\"gb-container gb-container-17cd05dc\">\n\n<figure class=\"gb-block-image gb-block-image-e1828bae\"><img loading=\"lazy\" decoding=\"async\" width=\"310\" height=\"310\" class=\"gb-image gb-image-e1828bae\" src=\"https:\/\/test-wuwei.de\/orden\/wp-content\/uploads\/2025\/12\/csm_Neuer_Weihbischof_Mainz_e1d92bf2f1.jpg\" alt=\"\" title=\"csm_Neuer_Weihbischof_Mainz_e1d92bf2f1\" srcset=\"https:\/\/test-wuwei.de\/orden\/wp-content\/uploads\/2025\/12\/csm_Neuer_Weihbischof_Mainz_e1d92bf2f1.jpg 310w, https:\/\/test-wuwei.de\/orden\/wp-content\/uploads\/2025\/12\/csm_Neuer_Weihbischof_Mainz_e1d92bf2f1-300x300.jpg 300w, https:\/\/test-wuwei.de\/orden\/wp-content\/uploads\/2025\/12\/csm_Neuer_Weihbischof_Mainz_e1d92bf2f1-150x150.jpg 150w, https:\/\/test-wuwei.de\/orden\/wp-content\/uploads\/2025\/12\/csm_Neuer_Weihbischof_Mainz_e1d92bf2f1-600x600.jpg 600w\" sizes=\"auto, (max-width: 310px) 100vw, 310px\" \/><\/figure>\n\n<\/div><\/div>\n\n<div class=\"gb-grid-column gb-grid-column-7ab6ae3e\"><div class=\"gb-container gb-container-7ab6ae3e\">\n\n<p>Vatikan\/Mainz. Erstmals wird ein au\u00dferhalb Europas geborener Geistlicher Weihbischof in einer deutschen Di\u00f6zese. Papst Leo XIV. hat den aus Indien stammenden Karmeliten Joshy George Pottackal zum Weihbischof in Mainz ernannt, wie der Vatikan und das Bistum am Mittwoch, 26. November, um 12.00 Uhr zeitgleich bekannt gaben.<\/p>\n\n\n\n<p>DOK-Vorsitzender Br. Andreas Murk OFM Conv. gratulierte dem neuen Weihbischof herzlich und dankte ihm zugleich: &#8222;Danke, dass Sie die Ernennung angenommen haben; eine Ernennung, die, so meine ich, ein ganz wichtiges Signal sendet.&#8220; F\u00fcr die Ordenskonferenz sei es &#8222;gut zu wissen, dass im Kreis der Bisch\u00f6fe auch Ordensm\u00e4nner repr\u00e4sentiert sind, die unsere spezifische Situation aus eigener Erfahrung kennen. Das macht es dann oft leichter, die Perspektive des geweihten Lebens in das Gesamt der Kirche einzubringen.&#8220;<\/p>\n\n<\/div><\/div>\n<\/div>\n\n\n<p>P. Joshy George sagte in einer ersten Reaktion, er habe nie damit gerechnet, Weihbischof zu werden. &#8222;Als junger Ordensmann hatte ich ganz andere Tr\u00e4ume &#8211; missionarische Arbeit in Nordindien oder Afrika, sp\u00e4ter dann, hier angekommen, schlug bis vor kurzem noch mein Herz f\u00fcr die deutsche Auslandsseelsorge.&#8220;<\/p>\n\n\n\n<p>Der Ordensmann lebt seit 2004 in Mainz und ist deutscher Staatsb\u00fcrger. Er war unter anderem Stadt-Jugendseelsorger und Pfarrer. Seit 2016 ist er Regionaloberer der Karmelitenprovinz St. Thomas Indien-Deutschland, und als solcher seit 2017 Mitglied der Deutschen Ordensobernkonferenz. Seit 2022 arbeitet P. Joshy George im bisch\u00f6flichen Ordinariat als Personalreferent. Die Bischofsweihe ist f\u00fcr den 15. M\u00e4rz geplant; laut Rhein-Zeitung m\u00f6chte der ernannte Weihbischof im Karmelitenkonvent in Mainz wohnen bleiben.<\/p>\n\n\n\n<p>(mit Material von<strong>\u00a0<a href=\"https:\/\/www.katholisch.de\/artikel\/65939-papst-leo-xiv-ernennt-neuen-weihbischof-fuer-das-bistum-mainz\" target=\"_blank\" rel=\"noreferrer noopener\">katholisch.de<\/a><\/strong>)<\/p>\n","protected":false},"excerpt":{"rendered":"<p>DOK-Vorsitzender gratuliert P. Joshy George Pottackal O. Carm., Regionaloberer der indischen Karmelitenprovinz St. Thomas in Deutschland, zur\u2026<\/p>\n","protected":false},"featured_media":4292,"parent":0,"template":"","categories":[],"class_list":["post-4291","meldung","type-meldung","status-publish","has-post-thumbnail","hentry"],"acf":[],"yoast_head":"<!-- This site is optimized with the Yoast SEO plugin v26.3 - https:\/\/yoast.com\/wordpress\/plugins\/seo\/ -->\n<title>Neuer Weihbischof f\u00fcr das Bistum Mainz &#8211; Ordensgemeinschaften in Deutschland<\/title>\n<meta name=\"description\" content=\"DOK-Vorsitzender gratuliert P. Joshy George Pottackal O. Carm., Regionaloberer der indischen Karmelitenprovinz St. Thomas in Deutschland, zur Ernennung...\" \/>\n<meta name=\"robots\" content=\"noindex, follow, max-snippet:-1, max-image-preview:large, max-video-preview:-1\" \/>\n<meta property=\"og:locale\" content=\"de_DE\" \/>\n<meta property=\"og:type\" content=\"article\" \/>\n<meta property=\"og:title\" content=\"Neuer Weihbischof f\u00fcr das Bistum Mainz\" \/>\n<meta property=\"og:description\" content=\"DOK-Vorsitzender gratuliert P. Joshy George Pottackal O. Carm., Regionaloberer der indischen Karmelitenprovinz St. Thomas in Deutschland, zur Ernennung...\" \/>\n<meta property=\"og:url\" content=\"https:\/\/test-wuwei.de\/orden\/meldung\/neuer-weihbischof-fuer-das-bistum-mainz\/\" \/>\n<meta property=\"og:site_name\" content=\"Ordensgemeinschaften in Deutschland\" \/>\n<meta property=\"article:modified_time\" content=\"2025-12-03T14:40:25+00:00\" \/>\n<meta property=\"og:image\" content=\"https:\/\/test-wuwei.de\/orden\/wp-content\/uploads\/2025\/12\/csm_Neuer_Weihbischof_Mainz_e1d92bf2f1.jpg\" \/>\n\t<meta property=\"og:image:width\" content=\"310\" \/>\n\t<meta property=\"og:image:height\" content=\"310\" \/>\n\t<meta property=\"og:image:type\" content=\"image\/jpeg\" \/>\n<meta name=\"twitter:card\" content=\"summary_large_image\" \/>\n<meta name=\"twitter:label1\" content=\"Gesch\u00e4tzte Lesezeit\" \/>\n\t<meta name=\"twitter:data1\" content=\"2\u00a0Minuten\" \/>\n<script type=\"application\/ld+json\" class=\"yoast-schema-graph\">{\"@context\":\"https:\/\/schema.org\",\"@graph\":[{\"@type\":\"WebPage\",\"@id\":\"https:\/\/test-wuwei.de\/orden\/meldung\/neuer-weihbischof-fuer-das-bistum-mainz\/\",\"url\":\"https:\/\/test-wuwei.de\/orden\/meldung\/neuer-weihbischof-fuer-das-bistum-mainz\/\",\"name\":\"Neuer Weihbischof f\u00fcr das Bistum Mainz &#8211; Ordensgemeinschaften in Deutschland\",\"isPartOf\":{\"@id\":\"https:\/\/test-wuwei.de\/orden\/#website\"},\"primaryImageOfPage\":{\"@id\":\"https:\/\/test-wuwei.de\/orden\/meldung\/neuer-weihbischof-fuer-das-bistum-mainz\/#primaryimage\"},\"image\":{\"@id\":\"https:\/\/test-wuwei.de\/orden\/meldung\/neuer-weihbischof-fuer-das-bistum-mainz\/#primaryimage\"},\"thumbnailUrl\":\"https:\/\/test-wuwei.de\/orden\/wp-content\/uploads\/2025\/12\/csm_Neuer_Weihbischof_Mainz_3337de9a64.jpg\",\"datePublished\":\"2025-11-26T14:36:00+00:00\",\"dateModified\":\"2025-12-03T14:40:25+00:00\",\"description\":\"DOK-Vorsitzender gratuliert P. Joshy George Pottackal O. Carm., Regionaloberer der indischen Karmelitenprovinz St. Thomas in Deutschland, zur Ernennung...\",\"breadcrumb\":{\"@id\":\"https:\/\/test-wuwei.de\/orden\/meldung\/neuer-weihbischof-fuer-das-bistum-mainz\/#breadcrumb\"},\"inLanguage\":\"de\",\"potentialAction\":[{\"@type\":\"ReadAction\",\"target\":[\"https:\/\/test-wuwei.de\/orden\/meldung\/neuer-weihbischof-fuer-das-bistum-mainz\/\"]}]},{\"@type\":\"ImageObject\",\"inLanguage\":\"de\",\"@id\":\"https:\/\/test-wuwei.de\/orden\/meldung\/neuer-weihbischof-fuer-das-bistum-mainz\/#primaryimage\",\"url\":\"https:\/\/test-wuwei.de\/orden\/wp-content\/uploads\/2025\/12\/csm_Neuer_Weihbischof_Mainz_3337de9a64.jpg\",\"contentUrl\":\"https:\/\/test-wuwei.de\/orden\/wp-content\/uploads\/2025\/12\/csm_Neuer_Weihbischof_Mainz_3337de9a64.jpg\",\"width\":120,\"height\":120},{\"@type\":\"BreadcrumbList\",\"@id\":\"https:\/\/test-wuwei.de\/orden\/meldung\/neuer-weihbischof-fuer-das-bistum-mainz\/#breadcrumb\",\"itemListElement\":[{\"@type\":\"ListItem\",\"position\":1,\"name\":\"\ud83c\udfe0\ufe0e\",\"item\":\"https:\/\/test-wuwei.de\/orden\/\"},{\"@type\":\"ListItem\",\"position\":2,\"name\":\"Neuer Weihbischof f\u00fcr das Bistum Mainz\"}]},{\"@type\":\"WebSite\",\"@id\":\"https:\/\/test-wuwei.de\/orden\/#website\",\"url\":\"https:\/\/test-wuwei.de\/orden\/\",\"name\":\"Ordensgemeinschaften in Deutschland\",\"description\":\"Deutsche Ordensobernkonferenz\",\"publisher\":{\"@id\":\"https:\/\/test-wuwei.de\/orden\/#organization\"},\"potentialAction\":[{\"@type\":\"SearchAction\",\"target\":{\"@type\":\"EntryPoint\",\"urlTemplate\":\"https:\/\/test-wuwei.de\/orden\/?s={search_term_string}\"},\"query-input\":{\"@type\":\"PropertyValueSpecification\",\"valueRequired\":true,\"valueName\":\"search_term_string\"}}],\"inLanguage\":\"de\"},{\"@type\":\"Organization\",\"@id\":\"https:\/\/test-wuwei.de\/orden\/#organization\",\"name\":\"Ordensgemeinschaften in Deutschland\",\"url\":\"https:\/\/test-wuwei.de\/orden\/\",\"logo\":{\"@type\":\"ImageObject\",\"inLanguage\":\"de\",\"@id\":\"https:\/\/test-wuwei.de\/orden\/#\/schema\/logo\/image\/\",\"url\":\"https:\/\/test-wuwei.de\/orden\/wp-content\/uploads\/2025\/07\/DOK_Logo_RGB_mit.jpg\",\"contentUrl\":\"https:\/\/test-wuwei.de\/orden\/wp-content\/uploads\/2025\/07\/DOK_Logo_RGB_mit.jpg\",\"width\":2480,\"height\":1748,\"caption\":\"Ordensgemeinschaften in Deutschland\"},\"image\":{\"@id\":\"https:\/\/test-wuwei.de\/orden\/#\/schema\/logo\/image\/\"}}]}<\/script>\n<!-- \/ Yoast SEO plugin. -->","yoast_head_json":{"title":"Neuer Weihbischof f\u00fcr das Bistum Mainz &#8211; Ordensgemeinschaften in Deutschland","description":"DOK-Vorsitzender gratuliert P. Joshy George Pottackal O. Carm., Regionaloberer der indischen Karmelitenprovinz St. Thomas in Deutschland, zur Ernennung...","robots":{"index":"noindex","follow":"follow","max-snippet":"max-snippet:-1","max-image-preview":"max-image-preview:large","max-video-preview":"max-video-preview:-1"},"og_locale":"de_DE","og_type":"article","og_title":"Neuer Weihbischof f\u00fcr das Bistum Mainz","og_description":"DOK-Vorsitzender gratuliert P. Joshy George Pottackal O. Carm., Regionaloberer der indischen Karmelitenprovinz St. Thomas in Deutschland, zur Ernennung...","og_url":"https:\/\/test-wuwei.de\/orden\/meldung\/neuer-weihbischof-fuer-das-bistum-mainz\/","og_site_name":"Ordensgemeinschaften in Deutschland","article_modified_time":"2025-12-03T14:40:25+00:00","og_image":[{"width":310,"height":310,"url":"https:\/\/test-wuwei.de\/orden\/wp-content\/uploads\/2025\/12\/csm_Neuer_Weihbischof_Mainz_e1d92bf2f1.jpg","type":"image\/jpeg"}],"twitter_card":"summary_large_image","twitter_misc":{"Gesch\u00e4tzte Lesezeit":"2\u00a0Minuten"},"schema":{"@context":"https:\/\/schema.org","@graph":[{"@type":"WebPage","@id":"https:\/\/test-wuwei.de\/orden\/meldung\/neuer-weihbischof-fuer-das-bistum-mainz\/","url":"https:\/\/test-wuwei.de\/orden\/meldung\/neuer-weihbischof-fuer-das-bistum-mainz\/","name":"Neuer Weihbischof f\u00fcr das Bistum Mainz &#8211; Ordensgemeinschaften in Deutschland","isPartOf":{"@id":"https:\/\/test-wuwei.de\/orden\/#website"},"primaryImageOfPage":{"@id":"https:\/\/test-wuwei.de\/orden\/meldung\/neuer-weihbischof-fuer-das-bistum-mainz\/#primaryimage"},"image":{"@id":"https:\/\/test-wuwei.de\/orden\/meldung\/neuer-weihbischof-fuer-das-bistum-mainz\/#primaryimage"},"thumbnailUrl":"https:\/\/test-wuwei.de\/orden\/wp-content\/uploads\/2025\/12\/csm_Neuer_Weihbischof_Mainz_3337de9a64.jpg","datePublished":"2025-11-26T14:36:00+00:00","dateModified":"2025-12-03T14:40:25+00:00","description":"DOK-Vorsitzender gratuliert P. Joshy George Pottackal O. Carm., Regionaloberer der indischen Karmelitenprovinz St. Thomas in Deutschland, zur Ernennung...","breadcrumb":{"@id":"https:\/\/test-wuwei.de\/orden\/meldung\/neuer-weihbischof-fuer-das-bistum-mainz\/#breadcrumb"},"inLanguage":"de","potentialAction":[{"@type":"ReadAction","target":["https:\/\/test-wuwei.de\/orden\/meldung\/neuer-weihbischof-fuer-das-bistum-mainz\/"]}]},{"@type":"ImageObject","inLanguage":"de","@id":"https:\/\/test-wuwei.de\/orden\/meldung\/neuer-weihbischof-fuer-das-bistum-mainz\/#primaryimage","url":"https:\/\/test-wuwei.de\/orden\/wp-content\/uploads\/2025\/12\/csm_Neuer_Weihbischof_Mainz_3337de9a64.jpg","contentUrl":"https:\/\/test-wuwei.de\/orden\/wp-content\/uploads\/2025\/12\/csm_Neuer_Weihbischof_Mainz_3337de9a64.jpg","width":120,"height":120},{"@type":"BreadcrumbList","@id":"https:\/\/test-wuwei.de\/orden\/meldung\/neuer-weihbischof-fuer-das-bistum-mainz\/#breadcrumb","itemListElement":[{"@type":"ListItem","position":1,"name":"\ud83c\udfe0\ufe0e","item":"https:\/\/test-wuwei.de\/orden\/"},{"@type":"ListItem","position":2,"name":"Neuer Weihbischof f\u00fcr das Bistum Mainz"}]},{"@type":"WebSite","@id":"https:\/\/test-wuwei.de\/orden\/#website","url":"https:\/\/test-wuwei.de\/orden\/","name":"Ordensgemeinschaften in Deutschland","description":"Deutsche Ordensobernkonferenz","publisher":{"@id":"https:\/\/test-wuwei.de\/orden\/#organization"},"potentialAction":[{"@type":"SearchAction","target":{"@type":"EntryPoint","urlTemplate":"https:\/\/test-wuwei.de\/orden\/?s={search_term_string}"},"query-input":{"@type":"PropertyValueSpecification","valueRequired":true,"valueName":"search_term_string"}}],"inLanguage":"de"},{"@type":"Organization","@id":"https:\/\/test-wuwei.de\/orden\/#organization","name":"Ordensgemeinschaften in Deutschland","url":"https:\/\/test-wuwei.de\/orden\/","logo":{"@type":"ImageObject","inLanguage":"de","@id":"https:\/\/test-wuwei.de\/orden\/#\/schema\/logo\/image\/","url":"https:\/\/test-wuwei.de\/orden\/wp-content\/uploads\/2025\/07\/DOK_Logo_RGB_mit.jpg","contentUrl":"https:\/\/test-wuwei.de\/orden\/wp-content\/uploads\/2025\/07\/DOK_Logo_RGB_mit.jpg","width":2480,"height":1748,"caption":"Ordensgemeinschaften in Deutschland"},"image":{"@id":"https:\/\/test-wuwei.de\/orden\/#\/schema\/logo\/image\/"}}]}},"_links":{"self":[{"href":"https:\/\/test-wuwei.de\/orden\/wp-json\/wp\/v2\/meldung\/4291","targetHints":{"allow":["GET"]}}],"collection":[{"href":"https:\/\/test-wuwei.de\/orden\/wp-json\/wp\/v2\/meldung"}],"about":[{"href":"https:\/\/test-wuwei.de\/orden\/wp-json\/wp\/v2\/types\/meldung"}],"wp:featuredmedia":[{"embeddable":true,"href":"https:\/\/test-wuwei.de\/orden\/wp-json\/wp\/v2\/media\/4292"}],"wp:attachment":[{"href":"https:\/\/test-wuwei.de\/orden\/wp-json\/wp\/v2\/media?parent=4291"}],"wp:term":[{"taxonomy":"category","embeddable":true,"href":"https:\/\/test-wuwei.de\/orden\/wp-json\/wp\/v2\/categories?post=4291"}],"curies":[{"name":"wp","href":"https:\/\/api.w.org\/{rel}","templated":true}]}}