{"id":4254,"date":"2025-10-03T14:16:00","date_gmt":"2025-10-03T12:16:00","guid":{"rendered":"https:\/\/test-wuwei.de\/orden\/?post_type=meldung&#038;p=4254"},"modified":"2025-12-09T17:07:50","modified_gmt":"2025-12-09T16:07:50","slug":"pilgerradweg-zum-sonnengesang-des-hl-franziskus","status":"publish","type":"meldung","link":"https:\/\/test-wuwei.de\/orden\/meldung\/pilgerradweg-zum-sonnengesang-des-hl-franziskus\/","title":{"rendered":"Pilgerradweg zum Sonnengesang des hl. Franziskus"},"content":{"rendered":"\n<h2 class=\"wp-block-heading has-medium-font-size\"><strong>Die Franziskanerinnen in Salzkotten weihen am Fest des hl. Franziskus den neuen Pilgerradweg &#8222;Sonnengesang&#8220; ein.<\/strong><\/h2>\n\n\n<div class=\"gb-grid-wrapper gb-grid-wrapper-c0f89e7b\">\n<div class=\"gb-grid-column gb-grid-column-f9c26937\"><div class=\"gb-container gb-container-f9c26937\">\n\n<p>In Salzkotten ist ein neues Projekt entstanden: ein 54 Kilometer langer Fahrradpilgerweg, inspiriert vom Sonnengesang des Heiligen Franz von Assisi, der 2025 seinen 800-j\u00e4hrigen Jubil\u00e4um feiert.<br>Die Initiative ist eine Kooperation der Franziskanerinnen Salzkotten, des Pastoralverbunds Salzkotten mit seinen elf Kirchengemeinden sowie des Dekanats B\u00fcren-Delbr\u00fcck. Seit 2023 arbeiteten rund 40 engagierte Personen an der Umsetzung.<\/p>\n\n\n\n<p>An elf Stationen entlang der Route wurden Glasstelen aufgestellt, die jeweils einem Element des Sonnengesangs gewidmet sind \u2013 von \u201eSchwester Sonne\u201c bis \u201eBruder Tod\u201c. Eine 18-j\u00e4hrige K\u00fcnstlerin hat die Motive entworfen. Die Glasstelen wurden in der Paderborner Glaserei Peters gefertigt. Jede Station bietet nun \u00fcber QR-Codes Zugang zu spirituellen und praktischen Impulsen.<\/p>\n\n<\/div><\/div>\n\n<div class=\"gb-grid-column gb-grid-column-cd5eb4d2\"><div class=\"gb-container gb-container-cd5eb4d2\">\n\n<figure class=\"gb-block-image gb-block-image-2380dcc3\"><img loading=\"lazy\" decoding=\"async\" width=\"435\" height=\"332\" class=\"gb-image gb-image-2380dcc3\" src=\"https:\/\/test-wuwei.de\/orden\/wp-content\/uploads\/2025\/12\/csm_20230418_120534_ca43e95c4d.jpg\" alt=\"\" title=\"csm_20230418_120534_ca43e95c4d\" srcset=\"https:\/\/test-wuwei.de\/orden\/wp-content\/uploads\/2025\/12\/csm_20230418_120534_ca43e95c4d.jpg 435w, https:\/\/test-wuwei.de\/orden\/wp-content\/uploads\/2025\/12\/csm_20230418_120534_ca43e95c4d-300x229.jpg 300w\" sizes=\"auto, (max-width: 435px) 100vw, 435px\" \/><\/figure>\n\n<\/div><\/div>\n<\/div>\n\n<div class=\"gb-grid-wrapper gb-grid-wrapper-6d4fe4c7\">\n<div class=\"gb-grid-column gb-grid-column-2ceb25f7\"><div class=\"gb-container gb-container-2ceb25f7\">\n\n<figure class=\"gb-block-image gb-block-image-13a596d7\"><img loading=\"lazy\" decoding=\"async\" width=\"200\" height=\"200\" class=\"gb-image gb-image-13a596d7\" src=\"https:\/\/test-wuwei.de\/orden\/wp-content\/uploads\/2025\/12\/csm_Finales-Schild_593e9091bb.png\" alt=\"\" title=\"csm_Finales-Schild_593e9091bb\" srcset=\"https:\/\/test-wuwei.de\/orden\/wp-content\/uploads\/2025\/12\/csm_Finales-Schild_593e9091bb.png 200w, https:\/\/test-wuwei.de\/orden\/wp-content\/uploads\/2025\/12\/csm_Finales-Schild_593e9091bb-150x150.png 150w, https:\/\/test-wuwei.de\/orden\/wp-content\/uploads\/2025\/12\/csm_Finales-Schild_593e9091bb-300x300.png 300w, https:\/\/test-wuwei.de\/orden\/wp-content\/uploads\/2025\/12\/csm_Finales-Schild_593e9091bb-600x600.png 600w\" sizes=\"auto, (max-width: 200px) 100vw, 200px\" \/><\/figure>\n\n<\/div><\/div>\n\n<div class=\"gb-grid-column gb-grid-column-65942692\"><div class=\"gb-container gb-container-65942692\">\n\n<p>\u201eWir hegen diesen Traum, dass uns dieses gemeinsame Erarbeiten des Pilgerradweges als Pastoraler Raum n\u00e4her zusammenf\u00fchrt, dass wir gemeinsam etwas Gro\u00dfes bewirken, ins Leben rufen, das vielen Anregung gibt und allen Generationen dient, Jung und Alt, und sie zusammenf\u00fchrt\u201c, w\u00fcnschte sich Sr. M. Angela Benoit bei der Auftaktveranstaltung in 2023. Der Pilgerradweg soll f\u00fcr die Schwestern an mehrere kirchliche und gesellschaftliche Themen ankn\u00fcpfen: die Sch\u00f6pfungsthematik in ihrer Sch\u00f6nheit und Verletzlichkeit, die St\u00e4rkung des gesellschaftlichen und generations\u00fcbergreifenden Miteinanders, Sinnstiftung und Fragen nach dem christlichen Leben .<\/p>\n\n<\/div><\/div>\n<\/div>\n\n\n<p>Am 4. Oktober, Festtag des Heiligen Franziskus, wird der Pilgerradweg mit einem Einweihungsfest feierlich er\u00f6ffnet. Der Festakt beginnt um 10 Uhr mit einer heiligen Messe in der Mutterhauskirche der Franziskanerinnen.<\/p>\n\n\n\n<p>Die neue Website dazu lautet\u00a0<a href=\"http:\/\/www.pilgerradweg-sonnengesang.de\/\" target=\"_blank\" rel=\"noreferrer noopener\"><strong>pilgerradweg-sonnengesang.de<\/strong><\/a><\/p>\n\n\n\n<p>Auch andere Initiativen rund um das franziskanische Jubil\u00e4um gibt es in Deutschland.\u00a0<a href=\"https:\/\/test-wuwei.de\/orden\/aktuelles\/themen\/schoepfungsthematik\/\" target=\"_blank\" rel=\"noreferrer noopener\">Hier<\/a>\u00a0hat orden.de einen kleinen \u00dcberblick erstellt.<\/p>\n","protected":false},"excerpt":{"rendered":"<p>Die Franziskanerinnen in Salzkotten weihen am Fest des hl. Franziskus den neuen Pilgerradweg &#8222;Sonnengesang&#8220; ein.<\/p>\n","protected":false},"featured_media":4255,"parent":0,"template":"","categories":[],"class_list":["post-4254","meldung","type-meldung","status-publish","has-post-thumbnail","hentry"],"acf":[],"yoast_head":"<!-- This site is optimized with the Yoast SEO plugin v26.3 - https:\/\/yoast.com\/wordpress\/plugins\/seo\/ -->\n<title>Pilgerradweg zum Sonnengesang des hl. Franziskus &#8211; Ordensgemeinschaften in Deutschland<\/title>\n<meta name=\"description\" content=\"Die Franziskanerinnen in Salzkotten weihen am Fest des hl. Franziskus den neuen Pilgerradweg &quot;Sonnengesang&quot; ein.\" \/>\n<meta name=\"robots\" content=\"noindex, follow, max-snippet:-1, max-image-preview:large, max-video-preview:-1\" \/>\n<meta property=\"og:locale\" content=\"de_DE\" \/>\n<meta property=\"og:type\" content=\"article\" \/>\n<meta property=\"og:title\" content=\"Pilgerradweg zum Sonnengesang des hl. Franziskus\" \/>\n<meta property=\"og:description\" content=\"Die Franziskanerinnen in Salzkotten weihen am Fest des hl. Franziskus den neuen Pilgerradweg &quot;Sonnengesang&quot; ein.\" \/>\n<meta property=\"og:url\" content=\"https:\/\/test-wuwei.de\/orden\/meldung\/pilgerradweg-zum-sonnengesang-des-hl-franziskus\/\" \/>\n<meta property=\"og:site_name\" content=\"Ordensgemeinschaften in Deutschland\" \/>\n<meta property=\"article:modified_time\" content=\"2025-12-09T16:07:50+00:00\" \/>\n<meta property=\"og:image\" content=\"https:\/\/test-wuwei.de\/orden\/wp-content\/uploads\/2025\/12\/csm_20230418_120534_ca43e95c4d.jpg\" \/>\n\t<meta property=\"og:image:width\" content=\"435\" \/>\n\t<meta property=\"og:image:height\" content=\"332\" \/>\n\t<meta property=\"og:image:type\" content=\"image\/jpeg\" \/>\n<meta name=\"twitter:card\" content=\"summary_large_image\" \/>\n<meta name=\"twitter:label1\" content=\"Gesch\u00e4tzte Lesezeit\" \/>\n\t<meta name=\"twitter:data1\" content=\"3\u00a0Minuten\" \/>\n<script type=\"application\/ld+json\" class=\"yoast-schema-graph\">{\"@context\":\"https:\/\/schema.org\",\"@graph\":[{\"@type\":\"WebPage\",\"@id\":\"https:\/\/test-wuwei.de\/orden\/meldung\/pilgerradweg-zum-sonnengesang-des-hl-franziskus\/\",\"url\":\"https:\/\/test-wuwei.de\/orden\/meldung\/pilgerradweg-zum-sonnengesang-des-hl-franziskus\/\",\"name\":\"Pilgerradweg zum Sonnengesang des hl. Franziskus &#8211; Ordensgemeinschaften in Deutschland\",\"isPartOf\":{\"@id\":\"https:\/\/test-wuwei.de\/orden\/#website\"},\"primaryImageOfPage\":{\"@id\":\"https:\/\/test-wuwei.de\/orden\/meldung\/pilgerradweg-zum-sonnengesang-des-hl-franziskus\/#primaryimage\"},\"image\":{\"@id\":\"https:\/\/test-wuwei.de\/orden\/meldung\/pilgerradweg-zum-sonnengesang-des-hl-franziskus\/#primaryimage\"},\"thumbnailUrl\":\"https:\/\/test-wuwei.de\/orden\/wp-content\/uploads\/2025\/12\/csm_Finales-Schild_8e6d527700.png\",\"datePublished\":\"2025-10-03T12:16:00+00:00\",\"dateModified\":\"2025-12-09T16:07:50+00:00\",\"description\":\"Die Franziskanerinnen in Salzkotten weihen am Fest des hl. Franziskus den neuen Pilgerradweg \\\"Sonnengesang\\\" ein.\",\"breadcrumb\":{\"@id\":\"https:\/\/test-wuwei.de\/orden\/meldung\/pilgerradweg-zum-sonnengesang-des-hl-franziskus\/#breadcrumb\"},\"inLanguage\":\"de\",\"potentialAction\":[{\"@type\":\"ReadAction\",\"target\":[\"https:\/\/test-wuwei.de\/orden\/meldung\/pilgerradweg-zum-sonnengesang-des-hl-franziskus\/\"]}]},{\"@type\":\"ImageObject\",\"inLanguage\":\"de\",\"@id\":\"https:\/\/test-wuwei.de\/orden\/meldung\/pilgerradweg-zum-sonnengesang-des-hl-franziskus\/#primaryimage\",\"url\":\"https:\/\/test-wuwei.de\/orden\/wp-content\/uploads\/2025\/12\/csm_Finales-Schild_8e6d527700.png\",\"contentUrl\":\"https:\/\/test-wuwei.de\/orden\/wp-content\/uploads\/2025\/12\/csm_Finales-Schild_8e6d527700.png\",\"width\":120,\"height\":120},{\"@type\":\"BreadcrumbList\",\"@id\":\"https:\/\/test-wuwei.de\/orden\/meldung\/pilgerradweg-zum-sonnengesang-des-hl-franziskus\/#breadcrumb\",\"itemListElement\":[{\"@type\":\"ListItem\",\"position\":1,\"name\":\"\ud83c\udfe0\ufe0e\",\"item\":\"https:\/\/test-wuwei.de\/orden\/\"},{\"@type\":\"ListItem\",\"position\":2,\"name\":\"Pilgerradweg zum Sonnengesang des hl. Franziskus\"}]},{\"@type\":\"WebSite\",\"@id\":\"https:\/\/test-wuwei.de\/orden\/#website\",\"url\":\"https:\/\/test-wuwei.de\/orden\/\",\"name\":\"Ordensgemeinschaften in Deutschland\",\"description\":\"Deutsche Ordensobernkonferenz\",\"publisher\":{\"@id\":\"https:\/\/test-wuwei.de\/orden\/#organization\"},\"potentialAction\":[{\"@type\":\"SearchAction\",\"target\":{\"@type\":\"EntryPoint\",\"urlTemplate\":\"https:\/\/test-wuwei.de\/orden\/?s={search_term_string}\"},\"query-input\":{\"@type\":\"PropertyValueSpecification\",\"valueRequired\":true,\"valueName\":\"search_term_string\"}}],\"inLanguage\":\"de\"},{\"@type\":\"Organization\",\"@id\":\"https:\/\/test-wuwei.de\/orden\/#organization\",\"name\":\"Ordensgemeinschaften in Deutschland\",\"url\":\"https:\/\/test-wuwei.de\/orden\/\",\"logo\":{\"@type\":\"ImageObject\",\"inLanguage\":\"de\",\"@id\":\"https:\/\/test-wuwei.de\/orden\/#\/schema\/logo\/image\/\",\"url\":\"https:\/\/test-wuwei.de\/orden\/wp-content\/uploads\/2025\/07\/DOK_Logo_RGB_mit.jpg\",\"contentUrl\":\"https:\/\/test-wuwei.de\/orden\/wp-content\/uploads\/2025\/07\/DOK_Logo_RGB_mit.jpg\",\"width\":2480,\"height\":1748,\"caption\":\"Ordensgemeinschaften in Deutschland\"},\"image\":{\"@id\":\"https:\/\/test-wuwei.de\/orden\/#\/schema\/logo\/image\/\"}}]}<\/script>\n<!-- \/ Yoast SEO plugin. -->","yoast_head_json":{"title":"Pilgerradweg zum Sonnengesang des hl. Franziskus &#8211; Ordensgemeinschaften in Deutschland","description":"Die Franziskanerinnen in Salzkotten weihen am Fest des hl. Franziskus den neuen Pilgerradweg \"Sonnengesang\" ein.","robots":{"index":"noindex","follow":"follow","max-snippet":"max-snippet:-1","max-image-preview":"max-image-preview:large","max-video-preview":"max-video-preview:-1"},"og_locale":"de_DE","og_type":"article","og_title":"Pilgerradweg zum Sonnengesang des hl. Franziskus","og_description":"Die Franziskanerinnen in Salzkotten weihen am Fest des hl. Franziskus den neuen Pilgerradweg \"Sonnengesang\" ein.","og_url":"https:\/\/test-wuwei.de\/orden\/meldung\/pilgerradweg-zum-sonnengesang-des-hl-franziskus\/","og_site_name":"Ordensgemeinschaften in Deutschland","article_modified_time":"2025-12-09T16:07:50+00:00","og_image":[{"width":435,"height":332,"url":"https:\/\/test-wuwei.de\/orden\/wp-content\/uploads\/2025\/12\/csm_20230418_120534_ca43e95c4d.jpg","type":"image\/jpeg"}],"twitter_card":"summary_large_image","twitter_misc":{"Gesch\u00e4tzte Lesezeit":"3\u00a0Minuten"},"schema":{"@context":"https:\/\/schema.org","@graph":[{"@type":"WebPage","@id":"https:\/\/test-wuwei.de\/orden\/meldung\/pilgerradweg-zum-sonnengesang-des-hl-franziskus\/","url":"https:\/\/test-wuwei.de\/orden\/meldung\/pilgerradweg-zum-sonnengesang-des-hl-franziskus\/","name":"Pilgerradweg zum Sonnengesang des hl. Franziskus &#8211; Ordensgemeinschaften in Deutschland","isPartOf":{"@id":"https:\/\/test-wuwei.de\/orden\/#website"},"primaryImageOfPage":{"@id":"https:\/\/test-wuwei.de\/orden\/meldung\/pilgerradweg-zum-sonnengesang-des-hl-franziskus\/#primaryimage"},"image":{"@id":"https:\/\/test-wuwei.de\/orden\/meldung\/pilgerradweg-zum-sonnengesang-des-hl-franziskus\/#primaryimage"},"thumbnailUrl":"https:\/\/test-wuwei.de\/orden\/wp-content\/uploads\/2025\/12\/csm_Finales-Schild_8e6d527700.png","datePublished":"2025-10-03T12:16:00+00:00","dateModified":"2025-12-09T16:07:50+00:00","description":"Die Franziskanerinnen in Salzkotten weihen am Fest des hl. Franziskus den neuen Pilgerradweg \"Sonnengesang\" ein.","breadcrumb":{"@id":"https:\/\/test-wuwei.de\/orden\/meldung\/pilgerradweg-zum-sonnengesang-des-hl-franziskus\/#breadcrumb"},"inLanguage":"de","potentialAction":[{"@type":"ReadAction","target":["https:\/\/test-wuwei.de\/orden\/meldung\/pilgerradweg-zum-sonnengesang-des-hl-franziskus\/"]}]},{"@type":"ImageObject","inLanguage":"de","@id":"https:\/\/test-wuwei.de\/orden\/meldung\/pilgerradweg-zum-sonnengesang-des-hl-franziskus\/#primaryimage","url":"https:\/\/test-wuwei.de\/orden\/wp-content\/uploads\/2025\/12\/csm_Finales-Schild_8e6d527700.png","contentUrl":"https:\/\/test-wuwei.de\/orden\/wp-content\/uploads\/2025\/12\/csm_Finales-Schild_8e6d527700.png","width":120,"height":120},{"@type":"BreadcrumbList","@id":"https:\/\/test-wuwei.de\/orden\/meldung\/pilgerradweg-zum-sonnengesang-des-hl-franziskus\/#breadcrumb","itemListElement":[{"@type":"ListItem","position":1,"name":"\ud83c\udfe0\ufe0e","item":"https:\/\/test-wuwei.de\/orden\/"},{"@type":"ListItem","position":2,"name":"Pilgerradweg zum Sonnengesang des hl. Franziskus"}]},{"@type":"WebSite","@id":"https:\/\/test-wuwei.de\/orden\/#website","url":"https:\/\/test-wuwei.de\/orden\/","name":"Ordensgemeinschaften in Deutschland","description":"Deutsche Ordensobernkonferenz","publisher":{"@id":"https:\/\/test-wuwei.de\/orden\/#organization"},"potentialAction":[{"@type":"SearchAction","target":{"@type":"EntryPoint","urlTemplate":"https:\/\/test-wuwei.de\/orden\/?s={search_term_string}"},"query-input":{"@type":"PropertyValueSpecification","valueRequired":true,"valueName":"search_term_string"}}],"inLanguage":"de"},{"@type":"Organization","@id":"https:\/\/test-wuwei.de\/orden\/#organization","name":"Ordensgemeinschaften in Deutschland","url":"https:\/\/test-wuwei.de\/orden\/","logo":{"@type":"ImageObject","inLanguage":"de","@id":"https:\/\/test-wuwei.de\/orden\/#\/schema\/logo\/image\/","url":"https:\/\/test-wuwei.de\/orden\/wp-content\/uploads\/2025\/07\/DOK_Logo_RGB_mit.jpg","contentUrl":"https:\/\/test-wuwei.de\/orden\/wp-content\/uploads\/2025\/07\/DOK_Logo_RGB_mit.jpg","width":2480,"height":1748,"caption":"Ordensgemeinschaften in Deutschland"},"image":{"@id":"https:\/\/test-wuwei.de\/orden\/#\/schema\/logo\/image\/"}}]}},"_links":{"self":[{"href":"https:\/\/test-wuwei.de\/orden\/wp-json\/wp\/v2\/meldung\/4254","targetHints":{"allow":["GET"]}}],"collection":[{"href":"https:\/\/test-wuwei.de\/orden\/wp-json\/wp\/v2\/meldung"}],"about":[{"href":"https:\/\/test-wuwei.de\/orden\/wp-json\/wp\/v2\/types\/meldung"}],"wp:featuredmedia":[{"embeddable":true,"href":"https:\/\/test-wuwei.de\/orden\/wp-json\/wp\/v2\/media\/4255"}],"wp:attachment":[{"href":"https:\/\/test-wuwei.de\/orden\/wp-json\/wp\/v2\/media?parent=4254"}],"wp:term":[{"taxonomy":"category","embeddable":true,"href":"https:\/\/test-wuwei.de\/orden\/wp-json\/wp\/v2\/categories?post=4254"}],"curies":[{"name":"wp","href":"https:\/\/api.w.org\/{rel}","templated":true}]}}