{"id":4027,"date":"2025-09-30T16:34:00","date_gmt":"2025-09-30T14:34:00","guid":{"rendered":"https:\/\/test-wuwei.de\/orden\/?post_type=meldung&#038;p=4027"},"modified":"2025-11-12T16:36:52","modified_gmt":"2025-11-12T15:36:52","slug":"100-jahre-saekularinstitut-der-schoenstaetter-marienschwestern","status":"publish","type":"meldung","link":"https:\/\/test-wuwei.de\/orden\/meldung\/100-jahre-saekularinstitut-der-schoenstaetter-marienschwestern\/","title":{"rendered":"100 Jahre S\u00e4kularinstitut der Sch\u00f6nst\u00e4tter Marienschwestern"},"content":{"rendered":"\n<h2 class=\"wp-block-heading has-medium-font-size\"><strong>Am 1. Oktober 2025 er\u00f6ffnet das S\u00e4kularinstitut der Sch\u00f6nst\u00e4tter Marienschwestern weltweit das Jubil\u00e4umsjahr zu seinem 100-j\u00e4hrigen Bestehen.<\/strong><\/h2>\n\n\n\n<p>Die Gemeinschaft der Sch\u00f6nst\u00e4tter Marienschwestern&nbsp;wurde 1926 von Pater Josef Kentenich gegr\u00fcndet. Sein Ziel war es, eine selbstst\u00e4ndige Frauenbewegung innerhalb der Sch\u00f6nstattbewegung, ein damals ungew\u00f6hnlicher Ansatz in der Kirche, zu formen. Die Marienschwestern leben ein \u201egottgeweihtes Leben\u201c im Geist der Laien und gelten als erstes deutsches S\u00e4kularinstitut.<\/p>\n\n\n\n<p>Trotz schwieriger Anfangsjahre wuchs die Gemeinschaft rasch und breitete sich international aus. Bereits 1933 wurden erste Schwestern nach S\u00fcdafrika entsandt, sp\u00e4ter folgten Eins\u00e4tze in Lateinamerika und mittlerweile auf allen Kontinenten.<\/p>\n\n\n\n<p>Heute sind&nbsp;80 Sch\u00f6nstattzentren mit der Gnadenkapelle in der Tr\u00e4gerschaft der Gemeinschaft. Marienschwestern arbeiten weltweit in Bildungs-, Sozial- und Pastoralbereichen, h\u00e4ufig auch in Leitungsverantwortung innerhalb der Sch\u00f6nstattbewegung.&nbsp;Sie leben allein oder miteinander in kleinen Gemeinschaften und tragen je nach Beruf und Milieu ihr Schwesternkleid oder Zivilkleidung.&nbsp;Die internationale Gemeinschaft z\u00e4hlt rund 1.500 Mitglieder in 32 L\u00e4ndern, davon etwa 550 in Deutschland. Das internationale Zentrum befindet sich am Gr\u00fcndungsort in Sch\u00f6nstatt\/Vallendar.<\/p>\n\n\n\n<p>\u00dcber das ganze Jubil\u00e4umsjahr werden Angebote im Online-Veranstaltungskalender vorzufinden sein. Dazu planen die Schwestern eine Portr\u00e4treihe \u201eGesichter der Hoffnung\u201c, die im Laufe des Jubil\u00e4umsjahres an jedem 1. des Monats das Video-Portr\u00e4t einer Marienschwester bringt. Weitere&nbsp;Informationen finden sich auf ihrer internationalen Webseite&nbsp;<a href=\"https:\/\/www.s-ms.org\/\" target=\"_blank\" rel=\"noreferrer noopener\">s-ms.org<\/a>.<\/p>\n","protected":false},"excerpt":{"rendered":"<p>Am 1. Oktober 2025 er\u00f6ffnet das S\u00e4kularinstitut der Sch\u00f6nst\u00e4tter Marienschwestern weltweit das Jubil\u00e4umsjahr zu seinem 100-j\u00e4hrigen Bestehen.<\/p>\n","protected":false},"featured_media":4028,"parent":0,"template":"","categories":[],"class_list":["post-4027","meldung","type-meldung","status-publish","has-post-thumbnail","hentry"],"acf":[],"yoast_head":"<!-- This site is optimized with the Yoast SEO plugin v26.3 - https:\/\/yoast.com\/wordpress\/plugins\/seo\/ -->\n<title>100 Jahre S\u00e4kularinstitut der Sch\u00f6nst\u00e4tter Marienschwestern &#8211; Ordensgemeinschaften in Deutschland<\/title>\n<meta name=\"description\" content=\"Am 1. Oktober 2025 er\u00f6ffnet das S\u00e4kularinstitut der Sch\u00f6nst\u00e4tter Marienschwestern weltweit das Jubil\u00e4umsjahr zu seinem 100-j\u00e4hrigen Bestehen.\" \/>\n<meta name=\"robots\" content=\"noindex, follow, max-snippet:-1, max-image-preview:large, max-video-preview:-1\" \/>\n<meta property=\"og:locale\" content=\"de_DE\" \/>\n<meta property=\"og:type\" content=\"article\" \/>\n<meta property=\"og:title\" content=\"100 Jahre S\u00e4kularinstitut der Sch\u00f6nst\u00e4tter Marienschwestern\" \/>\n<meta property=\"og:description\" content=\"Am 1. Oktober 2025 er\u00f6ffnet das S\u00e4kularinstitut der Sch\u00f6nst\u00e4tter Marienschwestern weltweit das Jubil\u00e4umsjahr zu seinem 100-j\u00e4hrigen Bestehen.\" \/>\n<meta property=\"og:url\" content=\"https:\/\/test-wuwei.de\/orden\/meldung\/100-jahre-saekularinstitut-der-schoenstaetter-marienschwestern\/\" \/>\n<meta property=\"og:site_name\" content=\"Ordensgemeinschaften in Deutschland\" \/>\n<meta property=\"article:modified_time\" content=\"2025-11-12T15:36:52+00:00\" \/>\n<meta property=\"og:image\" content=\"https:\/\/test-wuwei.de\/orden\/wp-content\/uploads\/2025\/11\/csm_Logo-S-MS-1-768x786_0dca7d64d2.png\" \/>\n\t<meta property=\"og:image:width\" content=\"120\" \/>\n\t<meta property=\"og:image:height\" content=\"120\" \/>\n\t<meta property=\"og:image:type\" content=\"image\/png\" \/>\n<meta name=\"twitter:card\" content=\"summary_large_image\" \/>\n<meta name=\"twitter:label1\" content=\"Gesch\u00e4tzte Lesezeit\" \/>\n\t<meta name=\"twitter:data1\" content=\"2\u00a0Minuten\" \/>\n<script type=\"application\/ld+json\" class=\"yoast-schema-graph\">{\"@context\":\"https:\/\/schema.org\",\"@graph\":[{\"@type\":\"WebPage\",\"@id\":\"https:\/\/test-wuwei.de\/orden\/meldung\/100-jahre-saekularinstitut-der-schoenstaetter-marienschwestern\/\",\"url\":\"https:\/\/test-wuwei.de\/orden\/meldung\/100-jahre-saekularinstitut-der-schoenstaetter-marienschwestern\/\",\"name\":\"100 Jahre S\u00e4kularinstitut der Sch\u00f6nst\u00e4tter Marienschwestern &#8211; Ordensgemeinschaften in Deutschland\",\"isPartOf\":{\"@id\":\"https:\/\/test-wuwei.de\/orden\/#website\"},\"primaryImageOfPage\":{\"@id\":\"https:\/\/test-wuwei.de\/orden\/meldung\/100-jahre-saekularinstitut-der-schoenstaetter-marienschwestern\/#primaryimage\"},\"image\":{\"@id\":\"https:\/\/test-wuwei.de\/orden\/meldung\/100-jahre-saekularinstitut-der-schoenstaetter-marienschwestern\/#primaryimage\"},\"thumbnailUrl\":\"https:\/\/test-wuwei.de\/orden\/wp-content\/uploads\/2025\/11\/csm_Logo-S-MS-1-768x786_0dca7d64d2.png\",\"datePublished\":\"2025-09-30T14:34:00+00:00\",\"dateModified\":\"2025-11-12T15:36:52+00:00\",\"description\":\"Am 1. Oktober 2025 er\u00f6ffnet das S\u00e4kularinstitut der Sch\u00f6nst\u00e4tter Marienschwestern weltweit das Jubil\u00e4umsjahr zu seinem 100-j\u00e4hrigen Bestehen.\",\"breadcrumb\":{\"@id\":\"https:\/\/test-wuwei.de\/orden\/meldung\/100-jahre-saekularinstitut-der-schoenstaetter-marienschwestern\/#breadcrumb\"},\"inLanguage\":\"de\",\"potentialAction\":[{\"@type\":\"ReadAction\",\"target\":[\"https:\/\/test-wuwei.de\/orden\/meldung\/100-jahre-saekularinstitut-der-schoenstaetter-marienschwestern\/\"]}]},{\"@type\":\"ImageObject\",\"inLanguage\":\"de\",\"@id\":\"https:\/\/test-wuwei.de\/orden\/meldung\/100-jahre-saekularinstitut-der-schoenstaetter-marienschwestern\/#primaryimage\",\"url\":\"https:\/\/test-wuwei.de\/orden\/wp-content\/uploads\/2025\/11\/csm_Logo-S-MS-1-768x786_0dca7d64d2.png\",\"contentUrl\":\"https:\/\/test-wuwei.de\/orden\/wp-content\/uploads\/2025\/11\/csm_Logo-S-MS-1-768x786_0dca7d64d2.png\",\"width\":120,\"height\":120},{\"@type\":\"BreadcrumbList\",\"@id\":\"https:\/\/test-wuwei.de\/orden\/meldung\/100-jahre-saekularinstitut-der-schoenstaetter-marienschwestern\/#breadcrumb\",\"itemListElement\":[{\"@type\":\"ListItem\",\"position\":1,\"name\":\"\ud83c\udfe0\ufe0e\",\"item\":\"https:\/\/test-wuwei.de\/orden\/\"},{\"@type\":\"ListItem\",\"position\":2,\"name\":\"100 Jahre S\u00e4kularinstitut der Sch\u00f6nst\u00e4tter Marienschwestern\"}]},{\"@type\":\"WebSite\",\"@id\":\"https:\/\/test-wuwei.de\/orden\/#website\",\"url\":\"https:\/\/test-wuwei.de\/orden\/\",\"name\":\"Ordensgemeinschaften in Deutschland\",\"description\":\"Deutsche Ordensobernkonferenz\",\"publisher\":{\"@id\":\"https:\/\/test-wuwei.de\/orden\/#organization\"},\"potentialAction\":[{\"@type\":\"SearchAction\",\"target\":{\"@type\":\"EntryPoint\",\"urlTemplate\":\"https:\/\/test-wuwei.de\/orden\/?s={search_term_string}\"},\"query-input\":{\"@type\":\"PropertyValueSpecification\",\"valueRequired\":true,\"valueName\":\"search_term_string\"}}],\"inLanguage\":\"de\"},{\"@type\":\"Organization\",\"@id\":\"https:\/\/test-wuwei.de\/orden\/#organization\",\"name\":\"Ordensgemeinschaften in Deutschland\",\"url\":\"https:\/\/test-wuwei.de\/orden\/\",\"logo\":{\"@type\":\"ImageObject\",\"inLanguage\":\"de\",\"@id\":\"https:\/\/test-wuwei.de\/orden\/#\/schema\/logo\/image\/\",\"url\":\"https:\/\/test-wuwei.de\/orden\/wp-content\/uploads\/2025\/07\/DOK_Logo_RGB_mit.jpg\",\"contentUrl\":\"https:\/\/test-wuwei.de\/orden\/wp-content\/uploads\/2025\/07\/DOK_Logo_RGB_mit.jpg\",\"width\":2480,\"height\":1748,\"caption\":\"Ordensgemeinschaften in Deutschland\"},\"image\":{\"@id\":\"https:\/\/test-wuwei.de\/orden\/#\/schema\/logo\/image\/\"}}]}<\/script>\n<!-- \/ Yoast SEO plugin. -->","yoast_head_json":{"title":"100 Jahre S\u00e4kularinstitut der Sch\u00f6nst\u00e4tter Marienschwestern &#8211; Ordensgemeinschaften in Deutschland","description":"Am 1. Oktober 2025 er\u00f6ffnet das S\u00e4kularinstitut der Sch\u00f6nst\u00e4tter Marienschwestern weltweit das Jubil\u00e4umsjahr zu seinem 100-j\u00e4hrigen Bestehen.","robots":{"index":"noindex","follow":"follow","max-snippet":"max-snippet:-1","max-image-preview":"max-image-preview:large","max-video-preview":"max-video-preview:-1"},"og_locale":"de_DE","og_type":"article","og_title":"100 Jahre S\u00e4kularinstitut der Sch\u00f6nst\u00e4tter Marienschwestern","og_description":"Am 1. Oktober 2025 er\u00f6ffnet das S\u00e4kularinstitut der Sch\u00f6nst\u00e4tter Marienschwestern weltweit das Jubil\u00e4umsjahr zu seinem 100-j\u00e4hrigen Bestehen.","og_url":"https:\/\/test-wuwei.de\/orden\/meldung\/100-jahre-saekularinstitut-der-schoenstaetter-marienschwestern\/","og_site_name":"Ordensgemeinschaften in Deutschland","article_modified_time":"2025-11-12T15:36:52+00:00","og_image":[{"width":120,"height":120,"url":"https:\/\/test-wuwei.de\/orden\/wp-content\/uploads\/2025\/11\/csm_Logo-S-MS-1-768x786_0dca7d64d2.png","type":"image\/png"}],"twitter_card":"summary_large_image","twitter_misc":{"Gesch\u00e4tzte Lesezeit":"2\u00a0Minuten"},"schema":{"@context":"https:\/\/schema.org","@graph":[{"@type":"WebPage","@id":"https:\/\/test-wuwei.de\/orden\/meldung\/100-jahre-saekularinstitut-der-schoenstaetter-marienschwestern\/","url":"https:\/\/test-wuwei.de\/orden\/meldung\/100-jahre-saekularinstitut-der-schoenstaetter-marienschwestern\/","name":"100 Jahre S\u00e4kularinstitut der Sch\u00f6nst\u00e4tter Marienschwestern &#8211; Ordensgemeinschaften in Deutschland","isPartOf":{"@id":"https:\/\/test-wuwei.de\/orden\/#website"},"primaryImageOfPage":{"@id":"https:\/\/test-wuwei.de\/orden\/meldung\/100-jahre-saekularinstitut-der-schoenstaetter-marienschwestern\/#primaryimage"},"image":{"@id":"https:\/\/test-wuwei.de\/orden\/meldung\/100-jahre-saekularinstitut-der-schoenstaetter-marienschwestern\/#primaryimage"},"thumbnailUrl":"https:\/\/test-wuwei.de\/orden\/wp-content\/uploads\/2025\/11\/csm_Logo-S-MS-1-768x786_0dca7d64d2.png","datePublished":"2025-09-30T14:34:00+00:00","dateModified":"2025-11-12T15:36:52+00:00","description":"Am 1. Oktober 2025 er\u00f6ffnet das S\u00e4kularinstitut der Sch\u00f6nst\u00e4tter Marienschwestern weltweit das Jubil\u00e4umsjahr zu seinem 100-j\u00e4hrigen Bestehen.","breadcrumb":{"@id":"https:\/\/test-wuwei.de\/orden\/meldung\/100-jahre-saekularinstitut-der-schoenstaetter-marienschwestern\/#breadcrumb"},"inLanguage":"de","potentialAction":[{"@type":"ReadAction","target":["https:\/\/test-wuwei.de\/orden\/meldung\/100-jahre-saekularinstitut-der-schoenstaetter-marienschwestern\/"]}]},{"@type":"ImageObject","inLanguage":"de","@id":"https:\/\/test-wuwei.de\/orden\/meldung\/100-jahre-saekularinstitut-der-schoenstaetter-marienschwestern\/#primaryimage","url":"https:\/\/test-wuwei.de\/orden\/wp-content\/uploads\/2025\/11\/csm_Logo-S-MS-1-768x786_0dca7d64d2.png","contentUrl":"https:\/\/test-wuwei.de\/orden\/wp-content\/uploads\/2025\/11\/csm_Logo-S-MS-1-768x786_0dca7d64d2.png","width":120,"height":120},{"@type":"BreadcrumbList","@id":"https:\/\/test-wuwei.de\/orden\/meldung\/100-jahre-saekularinstitut-der-schoenstaetter-marienschwestern\/#breadcrumb","itemListElement":[{"@type":"ListItem","position":1,"name":"\ud83c\udfe0\ufe0e","item":"https:\/\/test-wuwei.de\/orden\/"},{"@type":"ListItem","position":2,"name":"100 Jahre S\u00e4kularinstitut der Sch\u00f6nst\u00e4tter Marienschwestern"}]},{"@type":"WebSite","@id":"https:\/\/test-wuwei.de\/orden\/#website","url":"https:\/\/test-wuwei.de\/orden\/","name":"Ordensgemeinschaften in Deutschland","description":"Deutsche Ordensobernkonferenz","publisher":{"@id":"https:\/\/test-wuwei.de\/orden\/#organization"},"potentialAction":[{"@type":"SearchAction","target":{"@type":"EntryPoint","urlTemplate":"https:\/\/test-wuwei.de\/orden\/?s={search_term_string}"},"query-input":{"@type":"PropertyValueSpecification","valueRequired":true,"valueName":"search_term_string"}}],"inLanguage":"de"},{"@type":"Organization","@id":"https:\/\/test-wuwei.de\/orden\/#organization","name":"Ordensgemeinschaften in Deutschland","url":"https:\/\/test-wuwei.de\/orden\/","logo":{"@type":"ImageObject","inLanguage":"de","@id":"https:\/\/test-wuwei.de\/orden\/#\/schema\/logo\/image\/","url":"https:\/\/test-wuwei.de\/orden\/wp-content\/uploads\/2025\/07\/DOK_Logo_RGB_mit.jpg","contentUrl":"https:\/\/test-wuwei.de\/orden\/wp-content\/uploads\/2025\/07\/DOK_Logo_RGB_mit.jpg","width":2480,"height":1748,"caption":"Ordensgemeinschaften in Deutschland"},"image":{"@id":"https:\/\/test-wuwei.de\/orden\/#\/schema\/logo\/image\/"}}]}},"_links":{"self":[{"href":"https:\/\/test-wuwei.de\/orden\/wp-json\/wp\/v2\/meldung\/4027","targetHints":{"allow":["GET"]}}],"collection":[{"href":"https:\/\/test-wuwei.de\/orden\/wp-json\/wp\/v2\/meldung"}],"about":[{"href":"https:\/\/test-wuwei.de\/orden\/wp-json\/wp\/v2\/types\/meldung"}],"wp:featuredmedia":[{"embeddable":true,"href":"https:\/\/test-wuwei.de\/orden\/wp-json\/wp\/v2\/media\/4028"}],"wp:attachment":[{"href":"https:\/\/test-wuwei.de\/orden\/wp-json\/wp\/v2\/media?parent=4027"}],"wp:term":[{"taxonomy":"category","embeddable":true,"href":"https:\/\/test-wuwei.de\/orden\/wp-json\/wp\/v2\/categories?post=4027"}],"curies":[{"name":"wp","href":"https:\/\/api.w.org\/{rel}","templated":true}]}}