{"id":289,"date":"2025-07-03T09:00:00","date_gmt":"2025-07-03T07:00:00","guid":{"rendered":"https:\/\/test-wuwei.de\/orden\/?post_type=aktuelles&#038;p=289"},"modified":"2025-09-01T12:04:16","modified_gmt":"2025-09-01T10:04:16","slug":"interview-mit-der-deutschen-welle-sr-maria-thoma-dikow-ueber-klosteraufgaben","status":"publish","type":"meldung","link":"https:\/\/test-wuwei.de\/orden\/meldung\/interview-mit-der-deutschen-welle-sr-maria-thoma-dikow-ueber-klosteraufgaben\/","title":{"rendered":"Interview mit der Deutschen Welle: Sr. Maria Thoma Dikow \u00fcber Klosteraufgaben"},"content":{"rendered":"\n<h2 class=\"wp-block-heading has-medium-font-size\">Sr. Maria Thoma Dikow, stellvertretende Vorsitzende der DOK, hat der Deutschen Welle ein Interview zu Kl\u00f6sterschlie\u00dfungen und dem R\u00fcckgang der Zahl der Ordensleute gegeben.<\/h2>\n\n\n\n<div class=\"wp-block-columns is-layout-flex wp-container-core-columns-is-layout-9d6595d7 wp-block-columns-is-layout-flex\">\n<div class=\"wp-block-column is-layout-flow wp-block-column-is-layout-flow\" style=\"flex-basis:66.66%\">\n<p>Die stellvertretende Vorsitzende der DOK und Generaloberin der Schwestern der heiligen Maria Magdalena Postel, Sr. Maria Thoma Dikow, hat der Deutschen Welle ein Interview gegeben. Im Gespr\u00e4ch geht sie dabei unter anderem auf die Gr\u00fcnde f\u00fcr Klosterschlie\u00dfungen und R\u00fcckg\u00e4nge der Zahl der Ordensleute ein, so z. B. die Sichtbarkeit von Kirche und Ordensgemeinschaften:&nbsp;\u201e<em>Kirche wird f\u00fcr die Menschen unsichtbarer. Das muss man sagen. Und Ordensfrauen haben ja auch nicht mehr alle ein Ordenskleid an, fallen also auch nicht mehr gleich auf.&#8220;<\/em><\/p>\n\n\n\n<p>Sr. Maria Thoma sieht neben den offensichtlichen negativen Aspekten ebenfalls positive Seiten an den Klosterschlie\u00dfungen: \u201e<em>Nicht selten ist das schmerzhaft. Es bedarf einer sehr guten, feinf\u00fchligen und langwierigen Begleitung. Aber manchmal ist es auch eine Befreiung.&#8220;<\/em><\/p>\n<\/div>\n\n\n\n<div class=\"wp-block-column is-layout-flow wp-block-column-is-layout-flow\" style=\"flex-basis:33.33%\">\n<figure class=\"gb-block-image gb-block-image-c7af7eb8\"><img loading=\"lazy\" decoding=\"async\" width=\"300\" height=\"300\" class=\"gb-image gb-image-c7af7eb8\" src=\"https:\/\/test-wuwei.de\/orden\/wp-content\/uploads\/2025\/07\/csm_Maria_Thoma_Dikow__2__f97c78d3ff.jpg\" alt=\"\" title=\"Csm Maria Thoma Dikow 2 F97c78d3ff\" srcset=\"https:\/\/test-wuwei.de\/orden\/wp-content\/uploads\/2025\/07\/csm_Maria_Thoma_Dikow__2__f97c78d3ff.jpg 300w, https:\/\/test-wuwei.de\/orden\/wp-content\/uploads\/2025\/07\/csm_Maria_Thoma_Dikow__2__f97c78d3ff-150x150.jpg 150w, https:\/\/test-wuwei.de\/orden\/wp-content\/uploads\/2025\/07\/csm_Maria_Thoma_Dikow__2__f97c78d3ff-600x600.jpg 600w\" sizes=\"auto, (max-width: 300px) 100vw, 300px\" \/><\/figure>\n<\/div>\n<\/div>\n\n\n\n<p>Auch anhand der Erfahrung ihrer eigenen Gemeinschaft zeigen sich Perspektiven f\u00fcr eine gute Zukunft:<\/p>\n\n\n\n<hr class=\"wp-block-separator has-text-color has-contrast-3-color has-alpha-channel-opacity has-contrast-3-background-color has-background\"\/>\n\n\n\n<h2 class=\"wp-block-heading has-text-align-center has-medium-font-size\">Als zum Beispiel uns unser Kloster hier zu gro\u00df wurde, haben wir eine Etage ger\u00e4umt und an einen Tr\u00e4ger der Behindertenhilfe vermietet. Nun lebt dort eine Wohngruppe von Menschen mit geistigen Beeintr\u00e4chtigungen. Und es ist ein wundersch\u00f6nes Miteinander geworden. Wichtig ist es, offen zu sein f\u00fcr solche Ver\u00e4nderungen \u2013 das h\u00f6re ich ganz oft auch von anderen Verantwortlichen in Ordensgemeinschaften.<\/h2>\n\n\n\n<hr class=\"wp-block-separator has-text-color has-contrast-3-color has-alpha-channel-opacity has-contrast-3-background-color has-background\"\/>\n\n\n\n<p>In Mosambik sind die Eintrittszahlen in ihre Ordensgemeinschaft weiterhin hoch. Wie in Deutschland vor 60 Jahren sei f\u00fcr junge Frauen, die der Ordensgemeinschaft dort beitreten, der Eintritt in den Orden eine wirkliche M\u00f6glichkeit, sich zu emanzipieren.<\/p>\n\n\n\n<p>Das komplette Interview mit Sr. Maria Thoma Dikow findet sich&nbsp;<a href=\"https:\/\/www.dw.com\/de\/klosteraufgabe-manchmal-auch-eine-befreiung\/a-73060916\" target=\"_blank\" rel=\"noreferrer noopener\">hier auf der Website der Deutschen Welle<\/a>. In einem&nbsp;<a href=\"https:\/\/www.dw.com\/de\/deutschland-wenn-kl%C3%B6ster-sterben\/a-73086128\" target=\"_blank\" rel=\"noreferrer noopener\">weiteren begleitenden Artikel fragt die Deutsche Welle<\/a>, was die sinkende Zahl der Ordensleute&nbsp; f\u00fcr Orden, Geb\u00e4ude und Traditionen bedeutet.<\/p>\n","protected":false},"excerpt":{"rendered":"<p>Sr. Maria Thoma Dikow, stellvertretende Vorsitzende der DOK, hat der Deutschen Welle ein Interview zu Kl\u00f6sterschlie\u00dfungen und dem R\u00fcckgang der Zahl\u2026<\/p>\n","protected":false},"featured_media":291,"parent":0,"template":"","categories":[],"class_list":["post-289","meldung","type-meldung","status-publish","has-post-thumbnail","hentry"],"acf":[],"yoast_head":"<!-- This site is optimized with the Yoast SEO plugin v26.3 - https:\/\/yoast.com\/wordpress\/plugins\/seo\/ -->\n<title>Interview mit der Deutschen Welle: Sr. Maria Thoma Dikow \u00fcber Klosteraufgaben &#8211; Ordensgemeinschaften in Deutschland<\/title>\n<meta name=\"description\" content=\"Sr. Maria Thoma Dikow, stellvertretende Vorsitzende der DOK, hat der Deutschen Welle ein Interview zu Kl\u00f6sterschlie\u00dfungen und dem R\u00fcckgang der Zahl der Ordensleute gegeben.\" \/>\n<meta name=\"robots\" content=\"noindex, follow, max-snippet:-1, max-image-preview:large, max-video-preview:-1\" \/>\n<meta property=\"og:locale\" content=\"de_DE\" \/>\n<meta property=\"og:type\" content=\"article\" \/>\n<meta property=\"og:title\" content=\"Interview mit der Deutschen Welle: Sr. Maria Thoma Dikow \u00fcber Klosteraufgaben\" \/>\n<meta property=\"og:description\" content=\"Sr. Maria Thoma Dikow, stellvertretende Vorsitzende der DOK, hat der Deutschen Welle ein Interview zu Kl\u00f6sterschlie\u00dfungen und dem R\u00fcckgang der Zahl der Ordensleute gegeben.\" \/>\n<meta property=\"og:url\" content=\"https:\/\/test-wuwei.de\/orden\/meldung\/interview-mit-der-deutschen-welle-sr-maria-thoma-dikow-ueber-klosteraufgaben\/\" \/>\n<meta property=\"og:site_name\" content=\"Ordensgemeinschaften in Deutschland\" \/>\n<meta property=\"article:modified_time\" content=\"2025-09-01T10:04:16+00:00\" \/>\n<meta property=\"og:image\" content=\"https:\/\/test-wuwei.de\/orden\/wp-content\/uploads\/2025\/07\/csm_Maria_Thoma_Dikow__2__f97c78d3ff.jpg\" \/>\n\t<meta property=\"og:image:width\" content=\"300\" \/>\n\t<meta property=\"og:image:height\" content=\"300\" \/>\n\t<meta property=\"og:image:type\" content=\"image\/jpeg\" \/>\n<meta name=\"twitter:card\" content=\"summary_large_image\" \/>\n<meta name=\"twitter:label1\" content=\"Gesch\u00e4tzte Lesezeit\" \/>\n\t<meta name=\"twitter:data1\" content=\"3\u00a0Minuten\" \/>\n<script type=\"application\/ld+json\" class=\"yoast-schema-graph\">{\"@context\":\"https:\/\/schema.org\",\"@graph\":[{\"@type\":\"WebPage\",\"@id\":\"https:\/\/test-wuwei.de\/orden\/meldung\/interview-mit-der-deutschen-welle-sr-maria-thoma-dikow-ueber-klosteraufgaben\/\",\"url\":\"https:\/\/test-wuwei.de\/orden\/meldung\/interview-mit-der-deutschen-welle-sr-maria-thoma-dikow-ueber-klosteraufgaben\/\",\"name\":\"Interview mit der Deutschen Welle: Sr. Maria Thoma Dikow \u00fcber Klosteraufgaben &#8211; Ordensgemeinschaften in Deutschland\",\"isPartOf\":{\"@id\":\"https:\/\/test-wuwei.de\/orden\/#website\"},\"primaryImageOfPage\":{\"@id\":\"https:\/\/test-wuwei.de\/orden\/meldung\/interview-mit-der-deutschen-welle-sr-maria-thoma-dikow-ueber-klosteraufgaben\/#primaryimage\"},\"image\":{\"@id\":\"https:\/\/test-wuwei.de\/orden\/meldung\/interview-mit-der-deutschen-welle-sr-maria-thoma-dikow-ueber-klosteraufgaben\/#primaryimage\"},\"thumbnailUrl\":\"https:\/\/test-wuwei.de\/orden\/wp-content\/uploads\/2025\/07\/csm_Maria_Thoma_Dikow__2__f97c78d3ff.jpg\",\"datePublished\":\"2025-07-03T07:00:00+00:00\",\"dateModified\":\"2025-09-01T10:04:16+00:00\",\"description\":\"Sr. Maria Thoma Dikow, stellvertretende Vorsitzende der DOK, hat der Deutschen Welle ein Interview zu Kl\u00f6sterschlie\u00dfungen und dem R\u00fcckgang der Zahl der Ordensleute gegeben.\",\"breadcrumb\":{\"@id\":\"https:\/\/test-wuwei.de\/orden\/meldung\/interview-mit-der-deutschen-welle-sr-maria-thoma-dikow-ueber-klosteraufgaben\/#breadcrumb\"},\"inLanguage\":\"de\",\"potentialAction\":[{\"@type\":\"ReadAction\",\"target\":[\"https:\/\/test-wuwei.de\/orden\/meldung\/interview-mit-der-deutschen-welle-sr-maria-thoma-dikow-ueber-klosteraufgaben\/\"]}]},{\"@type\":\"ImageObject\",\"inLanguage\":\"de\",\"@id\":\"https:\/\/test-wuwei.de\/orden\/meldung\/interview-mit-der-deutschen-welle-sr-maria-thoma-dikow-ueber-klosteraufgaben\/#primaryimage\",\"url\":\"https:\/\/test-wuwei.de\/orden\/wp-content\/uploads\/2025\/07\/csm_Maria_Thoma_Dikow__2__f97c78d3ff.jpg\",\"contentUrl\":\"https:\/\/test-wuwei.de\/orden\/wp-content\/uploads\/2025\/07\/csm_Maria_Thoma_Dikow__2__f97c78d3ff.jpg\",\"width\":300,\"height\":300},{\"@type\":\"BreadcrumbList\",\"@id\":\"https:\/\/test-wuwei.de\/orden\/meldung\/interview-mit-der-deutschen-welle-sr-maria-thoma-dikow-ueber-klosteraufgaben\/#breadcrumb\",\"itemListElement\":[{\"@type\":\"ListItem\",\"position\":1,\"name\":\"\ud83c\udfe0\ufe0e\",\"item\":\"https:\/\/test-wuwei.de\/orden\/\"},{\"@type\":\"ListItem\",\"position\":2,\"name\":\"Interview mit der Deutschen Welle: Sr. Maria Thoma Dikow \u00fcber Klosteraufgaben\"}]},{\"@type\":\"WebSite\",\"@id\":\"https:\/\/test-wuwei.de\/orden\/#website\",\"url\":\"https:\/\/test-wuwei.de\/orden\/\",\"name\":\"Ordensgemeinschaften in Deutschland\",\"description\":\"Deutsche Ordensobernkonferenz\",\"publisher\":{\"@id\":\"https:\/\/test-wuwei.de\/orden\/#organization\"},\"potentialAction\":[{\"@type\":\"SearchAction\",\"target\":{\"@type\":\"EntryPoint\",\"urlTemplate\":\"https:\/\/test-wuwei.de\/orden\/?s={search_term_string}\"},\"query-input\":{\"@type\":\"PropertyValueSpecification\",\"valueRequired\":true,\"valueName\":\"search_term_string\"}}],\"inLanguage\":\"de\"},{\"@type\":\"Organization\",\"@id\":\"https:\/\/test-wuwei.de\/orden\/#organization\",\"name\":\"Ordensgemeinschaften in Deutschland\",\"url\":\"https:\/\/test-wuwei.de\/orden\/\",\"logo\":{\"@type\":\"ImageObject\",\"inLanguage\":\"de\",\"@id\":\"https:\/\/test-wuwei.de\/orden\/#\/schema\/logo\/image\/\",\"url\":\"https:\/\/test-wuwei.de\/orden\/wp-content\/uploads\/2025\/07\/DOK_Logo_RGB_mit.jpg\",\"contentUrl\":\"https:\/\/test-wuwei.de\/orden\/wp-content\/uploads\/2025\/07\/DOK_Logo_RGB_mit.jpg\",\"width\":2480,\"height\":1748,\"caption\":\"Ordensgemeinschaften in Deutschland\"},\"image\":{\"@id\":\"https:\/\/test-wuwei.de\/orden\/#\/schema\/logo\/image\/\"}}]}<\/script>\n<!-- \/ Yoast SEO plugin. -->","yoast_head_json":{"title":"Interview mit der Deutschen Welle: Sr. Maria Thoma Dikow \u00fcber Klosteraufgaben &#8211; Ordensgemeinschaften in Deutschland","description":"Sr. Maria Thoma Dikow, stellvertretende Vorsitzende der DOK, hat der Deutschen Welle ein Interview zu Kl\u00f6sterschlie\u00dfungen und dem R\u00fcckgang der Zahl der Ordensleute gegeben.","robots":{"index":"noindex","follow":"follow","max-snippet":"max-snippet:-1","max-image-preview":"max-image-preview:large","max-video-preview":"max-video-preview:-1"},"og_locale":"de_DE","og_type":"article","og_title":"Interview mit der Deutschen Welle: Sr. Maria Thoma Dikow \u00fcber Klosteraufgaben","og_description":"Sr. Maria Thoma Dikow, stellvertretende Vorsitzende der DOK, hat der Deutschen Welle ein Interview zu Kl\u00f6sterschlie\u00dfungen und dem R\u00fcckgang der Zahl der Ordensleute gegeben.","og_url":"https:\/\/test-wuwei.de\/orden\/meldung\/interview-mit-der-deutschen-welle-sr-maria-thoma-dikow-ueber-klosteraufgaben\/","og_site_name":"Ordensgemeinschaften in Deutschland","article_modified_time":"2025-09-01T10:04:16+00:00","og_image":[{"width":300,"height":300,"url":"https:\/\/test-wuwei.de\/orden\/wp-content\/uploads\/2025\/07\/csm_Maria_Thoma_Dikow__2__f97c78d3ff.jpg","type":"image\/jpeg"}],"twitter_card":"summary_large_image","twitter_misc":{"Gesch\u00e4tzte Lesezeit":"3\u00a0Minuten"},"schema":{"@context":"https:\/\/schema.org","@graph":[{"@type":"WebPage","@id":"https:\/\/test-wuwei.de\/orden\/meldung\/interview-mit-der-deutschen-welle-sr-maria-thoma-dikow-ueber-klosteraufgaben\/","url":"https:\/\/test-wuwei.de\/orden\/meldung\/interview-mit-der-deutschen-welle-sr-maria-thoma-dikow-ueber-klosteraufgaben\/","name":"Interview mit der Deutschen Welle: Sr. Maria Thoma Dikow \u00fcber Klosteraufgaben &#8211; Ordensgemeinschaften in Deutschland","isPartOf":{"@id":"https:\/\/test-wuwei.de\/orden\/#website"},"primaryImageOfPage":{"@id":"https:\/\/test-wuwei.de\/orden\/meldung\/interview-mit-der-deutschen-welle-sr-maria-thoma-dikow-ueber-klosteraufgaben\/#primaryimage"},"image":{"@id":"https:\/\/test-wuwei.de\/orden\/meldung\/interview-mit-der-deutschen-welle-sr-maria-thoma-dikow-ueber-klosteraufgaben\/#primaryimage"},"thumbnailUrl":"https:\/\/test-wuwei.de\/orden\/wp-content\/uploads\/2025\/07\/csm_Maria_Thoma_Dikow__2__f97c78d3ff.jpg","datePublished":"2025-07-03T07:00:00+00:00","dateModified":"2025-09-01T10:04:16+00:00","description":"Sr. Maria Thoma Dikow, stellvertretende Vorsitzende der DOK, hat der Deutschen Welle ein Interview zu Kl\u00f6sterschlie\u00dfungen und dem R\u00fcckgang der Zahl der Ordensleute gegeben.","breadcrumb":{"@id":"https:\/\/test-wuwei.de\/orden\/meldung\/interview-mit-der-deutschen-welle-sr-maria-thoma-dikow-ueber-klosteraufgaben\/#breadcrumb"},"inLanguage":"de","potentialAction":[{"@type":"ReadAction","target":["https:\/\/test-wuwei.de\/orden\/meldung\/interview-mit-der-deutschen-welle-sr-maria-thoma-dikow-ueber-klosteraufgaben\/"]}]},{"@type":"ImageObject","inLanguage":"de","@id":"https:\/\/test-wuwei.de\/orden\/meldung\/interview-mit-der-deutschen-welle-sr-maria-thoma-dikow-ueber-klosteraufgaben\/#primaryimage","url":"https:\/\/test-wuwei.de\/orden\/wp-content\/uploads\/2025\/07\/csm_Maria_Thoma_Dikow__2__f97c78d3ff.jpg","contentUrl":"https:\/\/test-wuwei.de\/orden\/wp-content\/uploads\/2025\/07\/csm_Maria_Thoma_Dikow__2__f97c78d3ff.jpg","width":300,"height":300},{"@type":"BreadcrumbList","@id":"https:\/\/test-wuwei.de\/orden\/meldung\/interview-mit-der-deutschen-welle-sr-maria-thoma-dikow-ueber-klosteraufgaben\/#breadcrumb","itemListElement":[{"@type":"ListItem","position":1,"name":"\ud83c\udfe0\ufe0e","item":"https:\/\/test-wuwei.de\/orden\/"},{"@type":"ListItem","position":2,"name":"Interview mit der Deutschen Welle: Sr. Maria Thoma Dikow \u00fcber Klosteraufgaben"}]},{"@type":"WebSite","@id":"https:\/\/test-wuwei.de\/orden\/#website","url":"https:\/\/test-wuwei.de\/orden\/","name":"Ordensgemeinschaften in Deutschland","description":"Deutsche Ordensobernkonferenz","publisher":{"@id":"https:\/\/test-wuwei.de\/orden\/#organization"},"potentialAction":[{"@type":"SearchAction","target":{"@type":"EntryPoint","urlTemplate":"https:\/\/test-wuwei.de\/orden\/?s={search_term_string}"},"query-input":{"@type":"PropertyValueSpecification","valueRequired":true,"valueName":"search_term_string"}}],"inLanguage":"de"},{"@type":"Organization","@id":"https:\/\/test-wuwei.de\/orden\/#organization","name":"Ordensgemeinschaften in Deutschland","url":"https:\/\/test-wuwei.de\/orden\/","logo":{"@type":"ImageObject","inLanguage":"de","@id":"https:\/\/test-wuwei.de\/orden\/#\/schema\/logo\/image\/","url":"https:\/\/test-wuwei.de\/orden\/wp-content\/uploads\/2025\/07\/DOK_Logo_RGB_mit.jpg","contentUrl":"https:\/\/test-wuwei.de\/orden\/wp-content\/uploads\/2025\/07\/DOK_Logo_RGB_mit.jpg","width":2480,"height":1748,"caption":"Ordensgemeinschaften in Deutschland"},"image":{"@id":"https:\/\/test-wuwei.de\/orden\/#\/schema\/logo\/image\/"}}]}},"_links":{"self":[{"href":"https:\/\/test-wuwei.de\/orden\/wp-json\/wp\/v2\/meldung\/289","targetHints":{"allow":["GET"]}}],"collection":[{"href":"https:\/\/test-wuwei.de\/orden\/wp-json\/wp\/v2\/meldung"}],"about":[{"href":"https:\/\/test-wuwei.de\/orden\/wp-json\/wp\/v2\/types\/meldung"}],"wp:featuredmedia":[{"embeddable":true,"href":"https:\/\/test-wuwei.de\/orden\/wp-json\/wp\/v2\/media\/291"}],"wp:attachment":[{"href":"https:\/\/test-wuwei.de\/orden\/wp-json\/wp\/v2\/media?parent=289"}],"wp:term":[{"taxonomy":"category","embeddable":true,"href":"https:\/\/test-wuwei.de\/orden\/wp-json\/wp\/v2\/categories?post=289"}],"curies":[{"name":"wp","href":"https:\/\/api.w.org\/{rel}","templated":true}]}}