{"id":269,"date":"2025-07-17T09:00:00","date_gmt":"2025-07-17T07:00:00","guid":{"rendered":"https:\/\/test-wuwei.de\/orden\/?post_type=aktuelles&#038;p=269"},"modified":"2025-09-01T12:01:28","modified_gmt":"2025-09-01T10:01:28","slug":"eine-sommerliche-brise-aus-frankreich","status":"publish","type":"meldung","link":"https:\/\/test-wuwei.de\/orden\/meldung\/eine-sommerliche-brise-aus-frankreich\/","title":{"rendered":"Eine sommerliche Brise aus Frankreich"},"content":{"rendered":"\n<h2 class=\"wp-block-heading has-medium-font-size\">Teil I der Sommerartikelreihe: Kl\u00f6ster, Kunst und Museen<\/h2>\n\n\n\n<p><em>In der Sommerzeit lassen viele Menschen den Arbeitsalltag zur\u00fcck und haben Mu\u00dfe, sich auf die Suche nach neuen Entdeckungen zu machen und sich \u00fcberraschen zu lassen. Die freie Zeit gibt Gelegenheit, neue Erfahrungen zu machen oder im Unterwegssein Kunst und Architektur zu begegnen.<\/em><\/p>\n\n\n\n<p><em>Kl\u00f6ster bieten dazu \u00fcberall in Europa vielf\u00e4ltige Ankn\u00fcpfungspunkte. Ihre Kunstsch\u00e4tze, Architektur, Bibliotheken oder klostereigene Museen er\u00f6ffnen die M\u00f6glichkeit niederschwelliger Auseinandersetzung mit dem kulturellen Erbe Europas.<\/em>&nbsp;<a href=\"http:\/\/orden.de\/\" target=\"_blank\" rel=\"noreferrer noopener\">Orden.de<\/a>&nbsp;<em>pr\u00e4sentiert in diesem Sommer in einer Artikelreihe unter dem Titel \u201eKl\u00f6ster, Kunst und Museen\u201c<\/em>&nbsp;<em>Beispiele daf\u00fcr. Sie bietet Einblicke in die vielf\u00e4ltige europ\u00e4ische Klosterlandschaft und zeigt auf, wo einige von ihnen selbst in Ausstellungen und Museen in den Dialog mit Gegenwart, Geschichte und Kunst eintreten.<\/em><\/p>\n\n\n\n<p><em>Dieser Artikel widmet sich \u2013 mit einem Seitenblick in die franz\u00f6sischsprachige Schweiz \u2013 dem S\u00fcdosten Frankreichs. Die warme Sommerluft, und der Duft des Meeres \u2013 vielleicht auch das Wehen des Hl. Geistes \u2013 sind Wegbegleiter auf dieser Reise.<\/em><\/p>\n\n\n\n<hr class=\"wp-block-separator has-text-color has-contrast-3-color has-alpha-channel-opacity has-contrast-3-background-color has-background\"\/>\n\n\n\n<h2 class=\"wp-block-heading has-text-align-center has-large-font-size\">\u00ab\u00e0 quoi servent les moines?\u00bb &nbsp;(\u201eWozu dienen die M\u00f6nche?\u201c) <\/h2>\n\n\n\n<h2 class=\"wp-block-heading has-text-align-center has-medium-font-size\">Skulpturenausstellung von Jean-Pierre Augier<\/h2>\n\n\n\n<hr class=\"wp-block-separator has-text-color has-contrast-3-color has-alpha-channel-opacity has-contrast-3-background-color has-background\"\/>\n\n\n\n<figure class=\"gb-block-image gb-block-image-daa125c8\"><img loading=\"lazy\" decoding=\"async\" width=\"640\" height=\"207\" class=\"gb-image gb-image-daa125c8\" src=\"https:\/\/test-wuwei.de\/orden\/wp-content\/uploads\/2025\/08\/Church_and_monastery_of_the_Lerins_Abbey.jpg\" alt=\"\" title=\"Church And Monastery Of The L\u00e9rins Abbey\" srcset=\"https:\/\/test-wuwei.de\/orden\/wp-content\/uploads\/2025\/08\/Church_and_monastery_of_the_Lerins_Abbey.jpg 640w, https:\/\/test-wuwei.de\/orden\/wp-content\/uploads\/2025\/08\/Church_and_monastery_of_the_Lerins_Abbey-300x97.jpg 300w\" sizes=\"auto, (max-width: 640px) 100vw, 640px\" \/><\/figure>\n\n\n\n<p class=\"has-contrast-2-color has-text-color has-link-color wp-elements-fe4d4696c08d89118b7cdc71907917b1\"><strong>Abtei L\u00e9rins \u2013 Zisterzienser von der Unbefleckten Empf\u00e4ngnis<\/strong><\/p>\n\n\n\n<p>Beginnen wir unsere Reise ganz im S\u00fcden &#8211; an der franz\u00f6sischen Riviera. Der Stadt Cannes vorgelagert liegen im Mittelmeer zwei Inseln. &nbsp;Seit 16 Jahrhunderten ist eine von ihnen, die Insel Saint-Honorat, &nbsp;Heimat einer monastischen Gemeinschaft. Die nat\u00fcrlichen Grenzen der Insel und die Mauern der Abtei verleihen dem Ort eine besondere Atmosph\u00e4re. Auf dem Gebiet der Insel befinden sich 8,5 Hektar Weinberge, das Abteigeb\u00e4ude aus dem 19. Jahrhundert, ein mittelalterlicher Kreuzgang aus dem 12. und 13. Jahrhundert, ein Turmkloster und sechs Kapellen.<\/p>\n\n\n\n<p>21 M\u00f6nche leben derzeit in diesem Kloster und betreiben neben ihrem Gebetsleben Weinanbau und Lik\u00f6rproduktion, eine Gastst\u00e4tte und einen Klosterladen.<\/p>\n\n\n\n<p>W\u00e4hrend des gesamten Sommers 2025 wird in der Kapelle Saint-Pierre im S\u00fcden der Insel, in unmittelbarer N\u00e4he des Klostereingangs, die Skulpturenausstellung \u00ab&nbsp;\u00e0 quoi servent les moines?&nbsp;\u00bb&nbsp;<em>(\u201eWozu dienen die M\u00f6nche?\u201c)<\/em>&nbsp;von Jean-Pierre Augier gezeigt. Der K\u00fcnstler verwendet alte Werkzeuge und Eisenobjekte, die er durch die Technik der \u201eAssemblage\u201c in Figuren oder Tiere in Bewegung verwandelt. Mit seiner Arbeitsweise rettet er diese Gegenst\u00e4nde vor dem Vergessen, vor der Nutzlosigkeit und der Zerst\u00f6rung. Statt zum Schrott oder zur Einschmelzung bestimmt zu sein, erhalten sie durch seine k\u00fcnstlerische Bearbeitung eine neue Form als Kunstwerk. Sein Werk zeichnet sich durch Harmonie, Ausgewogenheit und lineare Reinheit<strong>&nbsp;<\/strong>aus.<\/p>\n\n\n\n<p>Die Ausstellung ist w\u00e4hrend der gesamten Sommersaison 2025 in der Kapelle Saint-Pierre zu sehen.<\/p>\n\n\n\n<hr class=\"wp-block-separator has-text-color has-contrast-3-color has-alpha-channel-opacity has-contrast-3-background-color has-background\"\/>\n\n\n\n<h2 class=\"wp-block-heading has-text-align-center has-large-font-size\">\u00abMurmures d\u00b4Aiguebelle\u00bb (\u201eFl\u00fcstern aus Aiguebelle\u201c)<\/h2>\n\n\n\n<h2 class=\"wp-block-heading has-text-align-center has-medium-font-size\">Fotografieausstellung von Isabelle Martinet Milano<\/h2>\n\n\n\n<hr class=\"wp-block-separator has-text-color has-contrast-3-color has-alpha-channel-opacity has-contrast-3-background-color has-background\"\/>\n\n\n\n<div style=\"height:50px\" aria-hidden=\"true\" class=\"wp-block-spacer\"><\/div>\n\n\n\n<h2 class=\"wp-block-heading has-large-font-size\">Abtei Notre Dame d\u00b4Aiguebelle \u2013 Zisterzienser<\/h2>\n\n\n\n<div class=\"wp-block-columns is-layout-flex wp-container-core-columns-is-layout-9d6595d7 wp-block-columns-is-layout-flex\">\n<div class=\"wp-block-column is-layout-flow wp-block-column-is-layout-flow\">\n<p>Auf dem Weg nach Norden lohnt sich ein kleiner Stopp bei den Zisterziensern von Aiguebelle, einem kleinen Dorf s\u00fcdlich von Mont\u00e9limar im D\u00e9partement Dr\u00f4me . Dort f\u00fchren 17 M\u00f6nche, ein kontemplatives &nbsp;Gebets- und Gemeinschaftsleben.<\/p>\n\n\n\n<p>Im Sommer und Herbst 2025 wird in dem Kloster eine Fotografieausstellung mit Bildern der&nbsp;<a href=\"https:\/\/www.martinet-milano.net\/\" target=\"_blank\" rel=\"noreferrer noopener\">K\u00fcnstlerin Isabelle Martinet Milano<\/a>&nbsp;gezeigt. Die lokale Fotografin m\u00f6chte die Sch\u00f6nheit der Sch\u00f6pfung in Bildern festhalten. In ihrer Reihe \u201eFl\u00fcstern aus Aiguebelle\u201c zeigt sie Bilder des Klosters, der Umgebung und der M\u00f6nche. Passend zur Fotografierreihe hat sie einen lyrischen Text formuliert. Darin hei\u00dft es:<\/p>\n\n\n\n<p>\u201eUnd die Gebete, die emporsteigen und entweichen, verlassen die Kirche und das Kloster, schleichen sich zu den B\u00e4umen, den Statuen, den V\u00f6geln wie der Nebel, der sich ausdehnt und \u00fcber die umgebende Welt legt bevor er noch weiter zieht.\u201c<\/p>\n\n\n\n<p>Am 21. Juni fand die Vernissage statt und die Ausstellung ist bis zum 4. Januar 2026 zug\u00e4nglich.<\/p>\n<\/div>\n\n\n\n<div class=\"wp-block-column is-layout-flow wp-block-column-is-layout-flow\">\n<figure class=\"gb-block-image gb-block-image-2d653cce\"><img loading=\"lazy\" decoding=\"async\" width=\"319\" height=\"568\" class=\"gb-image gb-image-2d653cce\" src=\"https:\/\/test-wuwei.de\/orden\/wp-content\/uploads\/2025\/07\/csm_01_Abbaye_cistercienne_Notre-Dame_d_Aiguebelle_48e5b14f9d-1.jpg\" alt=\"\" title=\"Csm 01 Abbaye Cistercienne Notre Dame D Aiguebelle 48e5b14f9d (1)\" srcset=\"https:\/\/test-wuwei.de\/orden\/wp-content\/uploads\/2025\/07\/csm_01_Abbaye_cistercienne_Notre-Dame_d_Aiguebelle_48e5b14f9d-1.jpg 319w, https:\/\/test-wuwei.de\/orden\/wp-content\/uploads\/2025\/07\/csm_01_Abbaye_cistercienne_Notre-Dame_d_Aiguebelle_48e5b14f9d-1-168x300.jpg 168w\" sizes=\"auto, (max-width: 319px) 100vw, 319px\" \/><\/figure>\n<\/div>\n<\/div>\n\n\n\n<hr class=\"wp-block-separator has-text-color has-contrast-3-color has-alpha-channel-opacity has-contrast-3-background-color has-background\"\/>\n\n\n\n<h2 class=\"wp-block-heading has-text-align-center has-large-font-size\">Arch\u00e4ologische Funde und Kirchenfenster<\/h2>\n\n\n\n<hr class=\"wp-block-separator has-text-color has-contrast-3-color has-alpha-channel-opacity has-contrast-3-background-color has-background\"\/>\n\n\n\n<div style=\"height:50px\" aria-hidden=\"true\" class=\"wp-block-spacer\"><\/div>\n\n\n\n<h2 class=\"wp-block-heading has-large-font-size\">Abtei Notre Dame de Ganagobie \u2013 Benediktiner, Gemeinschaft Hl. Maria Magdalena aus Marseille<\/h2>\n\n\n\n<p>Weiter \u00f6stlich, bereits in den Alpen, im D\u00e9partement Alpes-de-Haute-Provence, hoch \u00fcber dem Ufer der Durance findet sich ein Benediktinerkloster, das Sch\u00e4tze aus dem Mittelalter ebenso wie moderne Kunst beheimatet.<\/p>\n\n\n\n<div class=\"wp-block-columns is-layout-flex wp-container-core-columns-is-layout-9d6595d7 wp-block-columns-is-layout-flex\">\n<div class=\"wp-block-column is-layout-flow wp-block-column-is-layout-flow\">\n<figure class=\"gb-block-image gb-block-image-3a638ed0\"><img loading=\"lazy\" decoding=\"async\" width=\"435\" height=\"326\" class=\"gb-image gb-image-3a638ed0\" src=\"https:\/\/test-wuwei.de\/orden\/wp-content\/uploads\/2025\/07\/csm_Autel_et_mosaique._Ganagobie_5248179b3d.jpg\" alt=\"\" title=\"Csm Autel Et Mosaique. Ganagobie 5248179b3d\" srcset=\"https:\/\/test-wuwei.de\/orden\/wp-content\/uploads\/2025\/07\/csm_Autel_et_mosaique._Ganagobie_5248179b3d.jpg 435w, https:\/\/test-wuwei.de\/orden\/wp-content\/uploads\/2025\/07\/csm_Autel_et_mosaique._Ganagobie_5248179b3d-300x225.jpg 300w\" sizes=\"auto, (max-width: 435px) 100vw, 435px\" \/><\/figure>\n<\/div>\n\n\n\n<div class=\"wp-block-column is-layout-flow wp-block-column-is-layout-flow\">\n<p>Die Klosterkirche ist von einem bedeutenden romanischen Bodenmosaik geschm\u00fcckt. Es wurde um das Jahr 1124 geschaffen und erstreckt sich heute \u00fcber eine Fl\u00e4che von 72 Quadratmetern, urspr\u00fcnglich sogar 82 Quadratmeter. Das Mosaik, das in der Apsis der Kirche liegt, wurde aus farbigem Marmor und Kalkstein gefertigt und zeigt eine Mischung aus christlichen Symbolen und fantastischen Kreaturen: Ritter k\u00e4mpfen gegen Fabelwesen, und Motive wie der heilige Georg, der den Drachen besiegt, stehen f\u00fcr den Triumph des Guten \u00fcber das B\u00f6se. Das Mosaik wurde im 19. Jahrhundert wiederentdeckt und restauriert und gilt als bemerkenswertes Zeugnis&nbsp;mittelalterlicher Kunst.<\/p>\n<\/div>\n<\/div>\n\n\n\n<p>Nach den Zerst\u00f6rungen w\u00e4hrend der Franz\u00f6sischen Revolution verf\u00fcgte die Kirche des Klosters Ganagobie lange Zeit nur \u00fcber schlichte, durchsichtige Fensterscheiben. Im Jahr 2006 erhielt sie endlich wieder farbige Glasfenster, gestaltet von dem K\u00fcnstler und Dominikaner Kim En Joong. Geboren 1940 in Korea, verbindet Kim En Joong in seinen Werken spirituelle Tiefe mit moderner k\u00fcnstlerischer Ausdruckskraft. Die neuen Fenster wurden in den Ateliers Loire bei Chartres gefertigt.<\/p>\n\n\n\n<hr class=\"wp-block-separator has-text-color has-contrast-3-color has-alpha-channel-opacity has-contrast-3-background-color has-background\"\/>\n\n\n\n<h2 class=\"wp-block-heading has-text-align-center has-large-font-size\">\u00abLe Saint Suaire. Un signe d\u00b4esp\u00e9rance\u00bb (\u201eDas Grabtuch von Turin. Ein Zeichen der Hoffnung\u201c)<\/h2>\n\n\n\n<h2 class=\"wp-block-heading has-text-align-center has-medium-font-size\">Schatzkammer und arch\u00e4ologische St\u00e4tte<\/h2>\n\n\n\n<hr class=\"wp-block-separator has-text-color has-contrast-3-color has-alpha-channel-opacity has-contrast-3-background-color has-background\"\/>\n\n\n\n<div style=\"height:50px\" aria-hidden=\"true\" class=\"wp-block-spacer\"><\/div>\n\n\n\n<h2 class=\"wp-block-heading has-large-font-size\">Abtei Saint Maurice (CH) \u2013 Gemeinschaft der Kanoniker<\/h2>\n\n\n\n<p>Wenn man die Grenze nach Osten \u00fcberquert, gelangt man in die Schweiz an. Dort, im franz\u00f6sischsprachigen Teil des Landes, befindet sich die Abtei Saint-Maurice.<\/p>\n\n\n\n<p>Die Abtei, die sich aktuell der Herausforderung der Aufarbeitung von F\u00e4llen sexualisierter Gewalt stellt, richtet zugleich im Rahmen des Heiligen Jahres einen Blick auf das Turiner Grabtuch. Aus diesem Anlass findet sich derzeit in der Basilika der Abtei eine Ausstellung . Im Mittelpunkt steht eine originalgetreue Replik des ber\u00fchmten Grabtuchs. Beleuchtet wird nicht nur die religi\u00f6se Bedeutung des \u201eSaint-Suaire\u201c, sondern der Blick richtet sich auch auf die zahlreichen wissenschaftlichen und historischen Untersuchungen, die diese Reliquie bis heute umgeben.<\/p>\n\n\n\n<div class=\"wp-block-columns is-layout-flex wp-container-core-columns-is-layout-9d6595d7 wp-block-columns-is-layout-flex\">\n<div class=\"wp-block-column is-layout-flow wp-block-column-is-layout-flow\" style=\"flex-basis:25%\">\n<figure class=\"gb-block-image gb-block-image-439ded71\"><img loading=\"lazy\" decoding=\"async\" width=\"185\" height=\"269\" class=\"gb-image gb-image-439ded71\" src=\"https:\/\/test-wuwei.de\/orden\/wp-content\/uploads\/2025\/07\/csm_Saint-Maurice__Abbaye__Tresor_bis_8977f5cb52.jpg\" alt=\"\" title=\"csm_Saint-Maurice__Abbaye__Tresor_bis_8977f5cb52\"\/><\/figure>\n<\/div>\n\n\n\n<div class=\"wp-block-column is-layout-flow wp-block-column-is-layout-flow\" style=\"flex-basis:75%\">\n<p>Das Kloster ist zugleich selbst Ort einer bedeutenden Sammlung. Auf dem Weg nach Rom war die Abtei seit dem fr\u00fchen Mittelalter eine Station f\u00fcr Pilger, K\u00f6nige, Kaufleute, und Reisende aller Art. In der Abtei verehrten sie die M\u00e4rtyrer der Theb\u00e4ischen Legion. Zeugnis dieser Verehrung \u00fcber die Jahrhunderte sind kunstvolle Reliquiare oder weitere kostbare Gegenst\u00e4nde. Im Vertrauen auf die wirksame F\u00fcrsprache des Hl. Mauritius und seinen Gef\u00e4hrten hinterlie\u00dfen die Pilger Zeugnisse &nbsp;ihres Glaubens. Diese Gaben bilden heute den Schatz der Abtei. Unter anderem werden in der Sammlung merowingische und karolingischen St\u00fccke gezeigt, zu denen im 12. Jahrhundert der Mauritius- und der Sigismund-Schrein, der Schrein des Abtes Nantelmus sowie das Candidus-Kopfreliquiar hinzukamen (siehe Bild).<\/p>\n<\/div>\n<\/div>\n\n\n\n<p>Die Abtei gilt als \u00e4ltestes Kloster des Abendlandes, das ohne Unterbrechung besteht. In drei Ausgrabungskampagnenwurde der Geschichte des Klosters auch arch\u00e4ologisch nachgegangen. Die erste Kirche wurde bereits im 4. Jahrhundert vom Hl. Theodul erbaut. Im 6. Jahrhundert gilt K\u00f6nig Sigismund von Burgund als Stifter des Klosters.<\/p>\n","protected":false},"excerpt":{"rendered":"<p>Teil I der Sommerartikelreihe: Kl\u00f6ster, Kunst und Museen<\/p>\n","protected":false},"featured_media":271,"parent":0,"template":"","categories":[],"class_list":["post-269","meldung","type-meldung","status-publish","has-post-thumbnail","hentry"],"acf":[],"yoast_head":"<!-- This site is optimized with the Yoast SEO plugin v26.3 - https:\/\/yoast.com\/wordpress\/plugins\/seo\/ -->\n<title>Eine sommerliche Brise aus Frankreich &#8211; Ordensgemeinschaften in Deutschland<\/title>\n<meta name=\"description\" content=\"Teil I der Sommerartikelreihe: Kl\u00f6ster, Kunst und Museen\" \/>\n<meta name=\"robots\" content=\"noindex, follow, max-snippet:-1, max-image-preview:large, max-video-preview:-1\" \/>\n<meta property=\"og:locale\" content=\"de_DE\" \/>\n<meta property=\"og:type\" content=\"article\" \/>\n<meta property=\"og:title\" content=\"Eine sommerliche Brise aus Frankreich\" \/>\n<meta property=\"og:description\" content=\"Teil I der Sommerartikelreihe: Kl\u00f6ster, Kunst und Museen\" \/>\n<meta property=\"og:url\" content=\"https:\/\/test-wuwei.de\/orden\/meldung\/eine-sommerliche-brise-aus-frankreich\/\" \/>\n<meta property=\"og:site_name\" content=\"Ordensgemeinschaften in Deutschland\" \/>\n<meta property=\"article:modified_time\" content=\"2025-09-01T10:01:28+00:00\" \/>\n<meta property=\"og:image\" content=\"https:\/\/test-wuwei.de\/orden\/wp-content\/uploads\/2025\/08\/Church_and_monastery_of_the_Lerins_Abbey.jpg\" \/>\n\t<meta property=\"og:image:width\" content=\"640\" \/>\n\t<meta property=\"og:image:height\" content=\"207\" \/>\n\t<meta property=\"og:image:type\" content=\"image\/jpeg\" \/>\n<meta name=\"twitter:card\" content=\"summary_large_image\" \/>\n<meta name=\"twitter:label1\" content=\"Gesch\u00e4tzte Lesezeit\" \/>\n\t<meta name=\"twitter:data1\" content=\"7\u00a0Minuten\" \/>\n<script type=\"application\/ld+json\" class=\"yoast-schema-graph\">{\"@context\":\"https:\/\/schema.org\",\"@graph\":[{\"@type\":\"WebPage\",\"@id\":\"https:\/\/test-wuwei.de\/orden\/meldung\/eine-sommerliche-brise-aus-frankreich\/\",\"url\":\"https:\/\/test-wuwei.de\/orden\/meldung\/eine-sommerliche-brise-aus-frankreich\/\",\"name\":\"Eine sommerliche Brise aus Frankreich &#8211; Ordensgemeinschaften in Deutschland\",\"isPartOf\":{\"@id\":\"https:\/\/test-wuwei.de\/orden\/#website\"},\"primaryImageOfPage\":{\"@id\":\"https:\/\/test-wuwei.de\/orden\/meldung\/eine-sommerliche-brise-aus-frankreich\/#primaryimage\"},\"image\":{\"@id\":\"https:\/\/test-wuwei.de\/orden\/meldung\/eine-sommerliche-brise-aus-frankreich\/#primaryimage\"},\"thumbnailUrl\":\"https:\/\/test-wuwei.de\/orden\/wp-content\/uploads\/2025\/08\/Church_and_monastery_of_the_Lerins_Abbey.jpg\",\"datePublished\":\"2025-07-17T07:00:00+00:00\",\"dateModified\":\"2025-09-01T10:01:28+00:00\",\"description\":\"Teil I der Sommerartikelreihe: Kl\u00f6ster, Kunst und Museen\",\"breadcrumb\":{\"@id\":\"https:\/\/test-wuwei.de\/orden\/meldung\/eine-sommerliche-brise-aus-frankreich\/#breadcrumb\"},\"inLanguage\":\"de\",\"potentialAction\":[{\"@type\":\"ReadAction\",\"target\":[\"https:\/\/test-wuwei.de\/orden\/meldung\/eine-sommerliche-brise-aus-frankreich\/\"]}]},{\"@type\":\"ImageObject\",\"inLanguage\":\"de\",\"@id\":\"https:\/\/test-wuwei.de\/orden\/meldung\/eine-sommerliche-brise-aus-frankreich\/#primaryimage\",\"url\":\"https:\/\/test-wuwei.de\/orden\/wp-content\/uploads\/2025\/08\/Church_and_monastery_of_the_Lerins_Abbey.jpg\",\"contentUrl\":\"https:\/\/test-wuwei.de\/orden\/wp-content\/uploads\/2025\/08\/Church_and_monastery_of_the_Lerins_Abbey.jpg\",\"width\":640,\"height\":207,\"caption\":\"Church and monastery of the L\u00e9rins Abbey\"},{\"@type\":\"BreadcrumbList\",\"@id\":\"https:\/\/test-wuwei.de\/orden\/meldung\/eine-sommerliche-brise-aus-frankreich\/#breadcrumb\",\"itemListElement\":[{\"@type\":\"ListItem\",\"position\":1,\"name\":\"\ud83c\udfe0\ufe0e\",\"item\":\"https:\/\/test-wuwei.de\/orden\/\"},{\"@type\":\"ListItem\",\"position\":2,\"name\":\"Eine sommerliche Brise aus Frankreich\"}]},{\"@type\":\"WebSite\",\"@id\":\"https:\/\/test-wuwei.de\/orden\/#website\",\"url\":\"https:\/\/test-wuwei.de\/orden\/\",\"name\":\"Ordensgemeinschaften in Deutschland\",\"description\":\"Deutsche Ordensobernkonferenz\",\"publisher\":{\"@id\":\"https:\/\/test-wuwei.de\/orden\/#organization\"},\"potentialAction\":[{\"@type\":\"SearchAction\",\"target\":{\"@type\":\"EntryPoint\",\"urlTemplate\":\"https:\/\/test-wuwei.de\/orden\/?s={search_term_string}\"},\"query-input\":{\"@type\":\"PropertyValueSpecification\",\"valueRequired\":true,\"valueName\":\"search_term_string\"}}],\"inLanguage\":\"de\"},{\"@type\":\"Organization\",\"@id\":\"https:\/\/test-wuwei.de\/orden\/#organization\",\"name\":\"Ordensgemeinschaften in Deutschland\",\"url\":\"https:\/\/test-wuwei.de\/orden\/\",\"logo\":{\"@type\":\"ImageObject\",\"inLanguage\":\"de\",\"@id\":\"https:\/\/test-wuwei.de\/orden\/#\/schema\/logo\/image\/\",\"url\":\"https:\/\/test-wuwei.de\/orden\/wp-content\/uploads\/2025\/07\/DOK_Logo_RGB_mit.jpg\",\"contentUrl\":\"https:\/\/test-wuwei.de\/orden\/wp-content\/uploads\/2025\/07\/DOK_Logo_RGB_mit.jpg\",\"width\":2480,\"height\":1748,\"caption\":\"Ordensgemeinschaften in Deutschland\"},\"image\":{\"@id\":\"https:\/\/test-wuwei.de\/orden\/#\/schema\/logo\/image\/\"}}]}<\/script>\n<!-- \/ Yoast SEO plugin. -->","yoast_head_json":{"title":"Eine sommerliche Brise aus Frankreich &#8211; Ordensgemeinschaften in Deutschland","description":"Teil I der Sommerartikelreihe: Kl\u00f6ster, Kunst und Museen","robots":{"index":"noindex","follow":"follow","max-snippet":"max-snippet:-1","max-image-preview":"max-image-preview:large","max-video-preview":"max-video-preview:-1"},"og_locale":"de_DE","og_type":"article","og_title":"Eine sommerliche Brise aus Frankreich","og_description":"Teil I der Sommerartikelreihe: Kl\u00f6ster, Kunst und Museen","og_url":"https:\/\/test-wuwei.de\/orden\/meldung\/eine-sommerliche-brise-aus-frankreich\/","og_site_name":"Ordensgemeinschaften in Deutschland","article_modified_time":"2025-09-01T10:01:28+00:00","og_image":[{"width":640,"height":207,"url":"https:\/\/test-wuwei.de\/orden\/wp-content\/uploads\/2025\/08\/Church_and_monastery_of_the_Lerins_Abbey.jpg","type":"image\/jpeg"}],"twitter_card":"summary_large_image","twitter_misc":{"Gesch\u00e4tzte Lesezeit":"7\u00a0Minuten"},"schema":{"@context":"https:\/\/schema.org","@graph":[{"@type":"WebPage","@id":"https:\/\/test-wuwei.de\/orden\/meldung\/eine-sommerliche-brise-aus-frankreich\/","url":"https:\/\/test-wuwei.de\/orden\/meldung\/eine-sommerliche-brise-aus-frankreich\/","name":"Eine sommerliche Brise aus Frankreich &#8211; Ordensgemeinschaften in Deutschland","isPartOf":{"@id":"https:\/\/test-wuwei.de\/orden\/#website"},"primaryImageOfPage":{"@id":"https:\/\/test-wuwei.de\/orden\/meldung\/eine-sommerliche-brise-aus-frankreich\/#primaryimage"},"image":{"@id":"https:\/\/test-wuwei.de\/orden\/meldung\/eine-sommerliche-brise-aus-frankreich\/#primaryimage"},"thumbnailUrl":"https:\/\/test-wuwei.de\/orden\/wp-content\/uploads\/2025\/08\/Church_and_monastery_of_the_Lerins_Abbey.jpg","datePublished":"2025-07-17T07:00:00+00:00","dateModified":"2025-09-01T10:01:28+00:00","description":"Teil I der Sommerartikelreihe: Kl\u00f6ster, Kunst und Museen","breadcrumb":{"@id":"https:\/\/test-wuwei.de\/orden\/meldung\/eine-sommerliche-brise-aus-frankreich\/#breadcrumb"},"inLanguage":"de","potentialAction":[{"@type":"ReadAction","target":["https:\/\/test-wuwei.de\/orden\/meldung\/eine-sommerliche-brise-aus-frankreich\/"]}]},{"@type":"ImageObject","inLanguage":"de","@id":"https:\/\/test-wuwei.de\/orden\/meldung\/eine-sommerliche-brise-aus-frankreich\/#primaryimage","url":"https:\/\/test-wuwei.de\/orden\/wp-content\/uploads\/2025\/08\/Church_and_monastery_of_the_Lerins_Abbey.jpg","contentUrl":"https:\/\/test-wuwei.de\/orden\/wp-content\/uploads\/2025\/08\/Church_and_monastery_of_the_Lerins_Abbey.jpg","width":640,"height":207,"caption":"Church and monastery of the L\u00e9rins Abbey"},{"@type":"BreadcrumbList","@id":"https:\/\/test-wuwei.de\/orden\/meldung\/eine-sommerliche-brise-aus-frankreich\/#breadcrumb","itemListElement":[{"@type":"ListItem","position":1,"name":"\ud83c\udfe0\ufe0e","item":"https:\/\/test-wuwei.de\/orden\/"},{"@type":"ListItem","position":2,"name":"Eine sommerliche Brise aus Frankreich"}]},{"@type":"WebSite","@id":"https:\/\/test-wuwei.de\/orden\/#website","url":"https:\/\/test-wuwei.de\/orden\/","name":"Ordensgemeinschaften in Deutschland","description":"Deutsche Ordensobernkonferenz","publisher":{"@id":"https:\/\/test-wuwei.de\/orden\/#organization"},"potentialAction":[{"@type":"SearchAction","target":{"@type":"EntryPoint","urlTemplate":"https:\/\/test-wuwei.de\/orden\/?s={search_term_string}"},"query-input":{"@type":"PropertyValueSpecification","valueRequired":true,"valueName":"search_term_string"}}],"inLanguage":"de"},{"@type":"Organization","@id":"https:\/\/test-wuwei.de\/orden\/#organization","name":"Ordensgemeinschaften in Deutschland","url":"https:\/\/test-wuwei.de\/orden\/","logo":{"@type":"ImageObject","inLanguage":"de","@id":"https:\/\/test-wuwei.de\/orden\/#\/schema\/logo\/image\/","url":"https:\/\/test-wuwei.de\/orden\/wp-content\/uploads\/2025\/07\/DOK_Logo_RGB_mit.jpg","contentUrl":"https:\/\/test-wuwei.de\/orden\/wp-content\/uploads\/2025\/07\/DOK_Logo_RGB_mit.jpg","width":2480,"height":1748,"caption":"Ordensgemeinschaften in Deutschland"},"image":{"@id":"https:\/\/test-wuwei.de\/orden\/#\/schema\/logo\/image\/"}}]}},"_links":{"self":[{"href":"https:\/\/test-wuwei.de\/orden\/wp-json\/wp\/v2\/meldung\/269","targetHints":{"allow":["GET"]}}],"collection":[{"href":"https:\/\/test-wuwei.de\/orden\/wp-json\/wp\/v2\/meldung"}],"about":[{"href":"https:\/\/test-wuwei.de\/orden\/wp-json\/wp\/v2\/types\/meldung"}],"wp:featuredmedia":[{"embeddable":true,"href":"https:\/\/test-wuwei.de\/orden\/wp-json\/wp\/v2\/media\/271"}],"wp:attachment":[{"href":"https:\/\/test-wuwei.de\/orden\/wp-json\/wp\/v2\/media?parent=269"}],"wp:term":[{"taxonomy":"category","embeddable":true,"href":"https:\/\/test-wuwei.de\/orden\/wp-json\/wp\/v2\/categories?post=269"}],"curies":[{"name":"wp","href":"https:\/\/api.w.org\/{rel}","templated":true}]}}