{"id":2642,"date":"2025-08-29T11:27:00","date_gmt":"2025-08-29T09:27:00","guid":{"rendered":"https:\/\/test-wuwei.de\/orden\/?post_type=meldung&#038;p=2642"},"modified":"2025-11-06T17:08:36","modified_gmt":"2025-11-06T16:08:36","slug":"tag-des-offenen-denkmals-kloester-heute-erleben","status":"publish","type":"meldung","link":"https:\/\/test-wuwei.de\/orden\/meldung\/tag-des-offenen-denkmals-kloester-heute-erleben\/","title":{"rendered":"Tag des offenen Denkmals: Kl\u00f6ster heute erleben"},"content":{"rendered":"\n<h2 class=\"gb-headline gb-headline-d44e6add gb-headline-text\"><strong>Ordensgemeinschaften in Deutschland beteiligen sich am Tag des offenen Denkmals, dem 14.\u00a0September 2025.<\/strong><\/h2>\n\n\n\n<figure class=\"gb-block-image gb-block-image-dd567e0f\"><img loading=\"lazy\" decoding=\"async\" width=\"640\" height=\"349\" class=\"gb-image gb-image-dd567e0f\" src=\"https:\/\/test-wuwei.de\/orden\/wp-content\/uploads\/2025\/09\/csm_Dormagen_-_Knechtsteden_-_Kloster_-_Klosterfriedhof___Basilika_02_ies_61f94c9bd0.jpg\" alt=\"\" title=\"csm_Dormagen_-_Knechtsteden_-_Kloster_-_Klosterfriedhof___Basilika_02_ies_61f94c9bd0\" srcset=\"https:\/\/test-wuwei.de\/orden\/wp-content\/uploads\/2025\/09\/csm_Dormagen_-_Knechtsteden_-_Kloster_-_Klosterfriedhof___Basilika_02_ies_61f94c9bd0.jpg 640w, https:\/\/test-wuwei.de\/orden\/wp-content\/uploads\/2025\/09\/csm_Dormagen_-_Knechtsteden_-_Kloster_-_Klosterfriedhof___Basilika_02_ies_61f94c9bd0-300x164.jpg 300w\" sizes=\"auto, (max-width: 640px) 100vw, 640px\" \/><\/figure>\n\n\n\n<div style=\"height:50px\" aria-hidden=\"true\" class=\"wp-block-spacer\"><\/div>\n\n\n\n<h4 class=\"gb-headline gb-headline-21fd8f16 gb-headline-text\"><strong>Kloster Knechtsteden und Basilika<\/strong><\/h4>\n\n\n\n<p>Das 1138 erbaute Pr\u00e4monstratenserkloster wurde nach einem Brand ab 1896 von den Spiritanern wiederaufgebaut. Das Kloster ist einer der \u00e4ltesten Wallfahrtsorte des Rheinlands. Die Basilika ist dreischiffig und besitzt eine 35 Meter hohe Drei-T\u00fcrme-Gruppe sowie ein Langhaus. Die Klosteranlage wird von einem barocken Torhaus geschm\u00fcckt.<br>Die Spiritaner des Missionshauses Knechtsteden zeigen von 11 bis 15 Uhr die historische Schlosserei. Ein weiterer Programmpunkt ist die Vorf\u00fchrung des historischen Dieselmotors aus dem Jahr 1929, gefolgt von einer Basilika- und Klosterf\u00fchrung. Zuletzt werden in einem rund einst\u00fcndigen Glockenkonzert die Glocken der Basilika in wechselnder Zusammensetzung gel\u00e4utet und auch vorgestellt.<\/p>\n\n\n\n<p><a href=\"https:\/\/www.foerderverein-knechtsteden.de\/\" target=\"_blank\" rel=\"noreferrer noopener\"><strong>Hier gibt es weitere Infos zum Programm<\/strong><\/a><\/p>\n\n\n\n<h4 class=\"wp-block-heading\"><strong>Kloster Speinshart mit Klostergarten<\/strong><\/h4>\n\n\n\n<p>Unter dem eigenen Motto&nbsp;<em>\u201eWert-voll: \u00c4pfel und Birnen\u201c<\/em>&nbsp;pr\u00e4sentiert&nbsp;in diesem Jahr das Kloster-Ensemble Speinshart seinen&nbsp;historischen Obstgarten als H\u00f6hepunkt des Tages. Im Fokus stehen die alten Obstb\u00e4ume des Gartens, die als lebendige Kulturdenkm\u00e4ler sowohl f\u00fcr die Bedeutung biologischer Vielfalt als auch f\u00fcr den historischen Kontext g\u00e4rtnerischer Nutzung stehen.<\/p>\n\n\n\n<p>Ein vielseitiges Begleitprogramm bietet Einblicke in die Verbindung von Natur, Baukultur und Genuss. Geplant sind unter anderem F\u00fchrungen durch den Klostergarten, eine Kunstausstellung, Fachvortr\u00e4ge sowie kulinarische Kostproben.<\/p>\n\n\n\n<p>Die Veranstaltung beginnt um 13:30 Uhr mit der Vernissage der Ausstellung&nbsp;<em>\u201e\u00c4pfel und Birnen\u201c<\/em>&nbsp;im Oberen Konventgang. Das weitere Programm findet ab etwa 14:00 Uhr im Klostergarten statt und endet gegen 17:00 Uhr.<\/p>\n\n\n\n<p><a href=\"https:\/\/kloster-speinshart.de\/aktuelles\/tag-des-offenen-denkmals-2\/\" target=\"_blank\" rel=\"noreferrer noopener\"><strong>Der genaue Ablauf des Nachmittags findet sich hier<\/strong><\/a><\/p>\n\n\n<div class=\"gb-grid-wrapper gb-grid-wrapper-cb7bad1f\">\n<div class=\"gb-grid-column gb-grid-column-58a8c806\"><div class=\"gb-container gb-container-58a8c806\">\n\n<figure class=\"gb-block-image gb-block-image-e60142bb\"><img loading=\"lazy\" decoding=\"async\" width=\"200\" height=\"200\" class=\"gb-image gb-image-e60142bb\" src=\"https:\/\/test-wuwei.de\/orden\/wp-content\/uploads\/2025\/09\/csm_1_Tag_des_offenen_Denkmals_Foto_2_Quadrat__c__Kloster_Speinshart__1__ad587a862d.jpg\" alt=\"\" title=\"csm_1_Tag_des_offenen_Denkmals_Foto_2_Quadrat__c__Kloster_Speinshart__1__ad587a862d\" srcset=\"https:\/\/test-wuwei.de\/orden\/wp-content\/uploads\/2025\/09\/csm_1_Tag_des_offenen_Denkmals_Foto_2_Quadrat__c__Kloster_Speinshart__1__ad587a862d.jpg 200w, https:\/\/test-wuwei.de\/orden\/wp-content\/uploads\/2025\/09\/csm_1_Tag_des_offenen_Denkmals_Foto_2_Quadrat__c__Kloster_Speinshart__1__ad587a862d-150x150.jpg 150w, https:\/\/test-wuwei.de\/orden\/wp-content\/uploads\/2025\/09\/csm_1_Tag_des_offenen_Denkmals_Foto_2_Quadrat__c__Kloster_Speinshart__1__ad587a862d-300x300.jpg 300w, https:\/\/test-wuwei.de\/orden\/wp-content\/uploads\/2025\/09\/csm_1_Tag_des_offenen_Denkmals_Foto_2_Quadrat__c__Kloster_Speinshart__1__ad587a862d-600x600.jpg 600w\" sizes=\"auto, (max-width: 200px) 100vw, 200px\" \/><\/figure>\n\n<\/div><\/div>\n\n<div class=\"gb-grid-column gb-grid-column-23938f91\"><div class=\"gb-container gb-container-23938f91\">\n\n<figure class=\"gb-block-image gb-block-image-fd0a9b64\"><img loading=\"lazy\" decoding=\"async\" width=\"266\" height=\"200\" class=\"gb-image gb-image-fd0a9b64\" src=\"https:\/\/test-wuwei.de\/orden\/wp-content\/uploads\/2025\/09\/csm_1_Tag_des_offenen_Denkmals_Klostergarten_e7f6791ef8.jpg\" alt=\"\" title=\"csm_1_Tag_des_offenen_Denkmals_Klostergarten_e7f6791ef8\"\/><\/figure>\n\n<\/div><\/div>\n\n<div class=\"gb-grid-column gb-grid-column-98dced37\"><div class=\"gb-container gb-container-98dced37\">\n\n<figure class=\"gb-block-image gb-block-image-065a0941\"><img loading=\"lazy\" decoding=\"async\" width=\"332\" height=\"200\" class=\"gb-image gb-image-065a0941\" src=\"https:\/\/test-wuwei.de\/orden\/wp-content\/uploads\/2025\/09\/csm_1_Titelfoto__c__Kloster_Speinshart__1__5e503d4edf.jpg\" alt=\"\" title=\"Csm 1 Titelfoto C Kloster Speinshart 1 5e503d4edf\" srcset=\"https:\/\/test-wuwei.de\/orden\/wp-content\/uploads\/2025\/09\/csm_1_Titelfoto__c__Kloster_Speinshart__1__5e503d4edf.jpg 332w, https:\/\/test-wuwei.de\/orden\/wp-content\/uploads\/2025\/09\/csm_1_Titelfoto__c__Kloster_Speinshart__1__5e503d4edf-300x181.jpg 300w\" sizes=\"auto, (max-width: 332px) 100vw, 332px\" \/><\/figure>\n\n<\/div><\/div>\n<\/div>\n\n\n<div style=\"height:50px\" aria-hidden=\"true\" class=\"wp-block-spacer\"><\/div>\n\n\n\n<h4 class=\"gb-headline gb-headline-bf2996c8 gb-headline-text\"><strong>Zisterzienserinnenabtei Klosterstift St. Marienthal<\/strong><\/h4>\n\n\n\n<p>Das Klosterstift in Ostritz wurde im Jahr 1234 gegr\u00fcndet und wird seitdem von Zisterzienserinnen gef\u00fchrt.<br>Am Tag des offenen Denkmals bieten sie st\u00fcndliche F\u00fchrungen durch das Kloster und die Klausur an, bei denen unter anderem der Kreuzgang, der Kapitelsaal sowie der Chor mit der Orgelempore besichtigt werden k\u00f6nnen.<\/p>\n\n\n\n<p><a href=\"https:\/\/www.kloster-marienthal.de\/\" target=\"_blank\" rel=\"noreferrer noopener\"><strong>Hier geht es weiter zur Webseite der Gemeinschaft<\/strong><\/a><\/p>\n\n\n\n<h4 class=\"gb-headline gb-headline-5294f153 gb-headline-text\"><strong>Bistum W\u00fcrzburg: Tag des offenen Klosters<\/strong><\/h4>\n\n\n\n<p>Orden.de dokumentiert in einem weiteren Artikel die Kooperation des Bistums W\u00fcrzburg und der beteiligten Gemeinschaften, die einen Tag des offenen Klosters veranstalten. Darunter sind die Franziskaner-Minoriten, die Kreuzschwestern, die Oberzeller Franziskanerinnen, die Salesianer Don Boscos und die Ursulinen zu finden.<\/p>\n\n\n\n<p><a href=\"https:\/\/www.orden.de\/aktuelles\/themen\/orden-und-kultur\/meldung\/mehr-als-ein-denkmal-kloester-heute-erleben\/\" target=\"_blank\" rel=\"noreferrer noopener\">Hier geht es weiter auf orden.de<\/a>&nbsp;<\/p>\n\n\n\n<h4 class=\"gb-headline gb-headline-3419f86b gb-headline-text\"><strong><strong><strong>Hintergrund: Tag des offenen Denkmals<\/strong><\/strong><\/strong><\/h4>\n\n\n\n<p>Der Tag des offenen Denkmals findet jedes Jahr am zweiten Sonntag im September statt und wird bundesweit von der Deutschen Stiftung Denkmalschutz (DSD) koordiniert. Ziel des Aktionstags ist es, historische Geb\u00e4ude und Orte zug\u00e4nglich zu machen, die sonst nicht oder nur eingeschr\u00e4nkt besucht werden k\u00f6nnen. Zwischen 5.000 und 7.000 Denkmale \u00f6ffnen an diesem Tag ihre T\u00fcren \u2013 darunter private H\u00e4user, Sakralbauten, Industrieanlagen oder arch\u00e4ologische St\u00e4tten.<\/p>\n\n\n\n<p>Der Tag des offenen Denkmals ist Teil der European Heritage Days unter der Schirmherrschaft des Europarats und gilt als gr\u00f6\u00dftes Kulturevent Deutschlands. Millionen Menschen nutzen j\u00e4hrlich die Gelegenheit, sich vor Ort \u00fcber Denkmalpflege zu informieren, an F\u00fchrungen teilzunehmen oder mit Fachleuten ins Gespr\u00e4ch zu kommen.<\/p>\n\n\n\n<p>2025 steht der Tag unter dem Motto&nbsp;<strong>\u201eWert-voll: unbezahlbar oder unersetzlich?\u201c<\/strong>. Es l\u00e4dt dazu ein, den ideellen und kulturellen Wert von Denkmalen neu zu entdecken. Was macht ein Bauwerk kostbar \u2013 jenseits seines materiellen Werts? Warum lohnt sich sein Erhalt? Im Mittelpunkt stehen Orte, die Geschichte(n) erz\u00e4hlen \u2013 und Menschen, die sich f\u00fcr ihren Schutz und ihre Zukunft engagieren.<\/p>\n\n\n\n<p>Weitere Informationen auf<strong>&nbsp;<a href=\"https:\/\/www.tag-des-offenen-denkmals.de\/\" target=\"_blank\" rel=\"noreferrer noopener\">Tag-des-offenen-denkmals.de<\/a><\/strong><\/p>\n","protected":false},"excerpt":{"rendered":"<p>Ordensgemeinschaften in Deutschland beteiligen sich am Tag des offenen Denkmals, dem 14. September 2025.<\/p>\n","protected":false},"featured_media":2643,"parent":0,"template":"","categories":[],"class_list":["post-2642","meldung","type-meldung","status-publish","has-post-thumbnail","hentry"],"acf":[],"yoast_head":"<!-- This site is optimized with the Yoast SEO plugin v26.3 - https:\/\/yoast.com\/wordpress\/plugins\/seo\/ -->\n<title>Tag des offenen Denkmals: Kl\u00f6ster heute erleben &#8211; Ordensgemeinschaften in Deutschland<\/title>\n<meta name=\"description\" content=\"Ordensgemeinschaften in Deutschland beteiligen sich am Tag des offenen Denkmals, dem 14. September 2025.\" \/>\n<meta name=\"robots\" content=\"noindex, follow, max-snippet:-1, max-image-preview:large, max-video-preview:-1\" \/>\n<meta property=\"og:locale\" content=\"de_DE\" \/>\n<meta property=\"og:type\" content=\"article\" \/>\n<meta property=\"og:title\" content=\"Tag des offenen Denkmals: Kl\u00f6ster heute erleben\" \/>\n<meta property=\"og:description\" content=\"Ordensgemeinschaften in Deutschland beteiligen sich am Tag des offenen Denkmals, dem 14. September 2025.\" \/>\n<meta property=\"og:url\" content=\"https:\/\/test-wuwei.de\/orden\/meldung\/tag-des-offenen-denkmals-kloester-heute-erleben\/\" \/>\n<meta property=\"og:site_name\" content=\"Ordensgemeinschaften in Deutschland\" \/>\n<meta property=\"article:modified_time\" content=\"2025-11-06T16:08:36+00:00\" \/>\n<meta property=\"og:image\" content=\"https:\/\/test-wuwei.de\/orden\/wp-content\/uploads\/2025\/09\/csm_Dormagen_-_Knechtsteden_-_Kloster_-_Klosterfriedhof___Basilika_02_ies_61f94c9bd0.jpg\" \/>\n\t<meta property=\"og:image:width\" content=\"640\" \/>\n\t<meta property=\"og:image:height\" content=\"349\" \/>\n\t<meta property=\"og:image:type\" content=\"image\/jpeg\" \/>\n<meta name=\"twitter:card\" content=\"summary_large_image\" \/>\n<meta name=\"twitter:label1\" content=\"Gesch\u00e4tzte Lesezeit\" \/>\n\t<meta name=\"twitter:data1\" content=\"4\u00a0Minuten\" \/>\n<script type=\"application\/ld+json\" class=\"yoast-schema-graph\">{\"@context\":\"https:\/\/schema.org\",\"@graph\":[{\"@type\":\"WebPage\",\"@id\":\"https:\/\/test-wuwei.de\/orden\/meldung\/tag-des-offenen-denkmals-kloester-heute-erleben\/\",\"url\":\"https:\/\/test-wuwei.de\/orden\/meldung\/tag-des-offenen-denkmals-kloester-heute-erleben\/\",\"name\":\"Tag des offenen Denkmals: Kl\u00f6ster heute erleben &#8211; Ordensgemeinschaften in Deutschland\",\"isPartOf\":{\"@id\":\"https:\/\/test-wuwei.de\/orden\/#website\"},\"primaryImageOfPage\":{\"@id\":\"https:\/\/test-wuwei.de\/orden\/meldung\/tag-des-offenen-denkmals-kloester-heute-erleben\/#primaryimage\"},\"image\":{\"@id\":\"https:\/\/test-wuwei.de\/orden\/meldung\/tag-des-offenen-denkmals-kloester-heute-erleben\/#primaryimage\"},\"thumbnailUrl\":\"https:\/\/test-wuwei.de\/orden\/wp-content\/uploads\/2025\/09\/csm_1_Tag_des_offenen_Denkmals_2025_1__4f35468d01.jpg\",\"datePublished\":\"2025-08-29T09:27:00+00:00\",\"dateModified\":\"2025-11-06T16:08:36+00:00\",\"description\":\"Ordensgemeinschaften in Deutschland beteiligen sich am Tag des offenen Denkmals, dem 14. September 2025.\",\"breadcrumb\":{\"@id\":\"https:\/\/test-wuwei.de\/orden\/meldung\/tag-des-offenen-denkmals-kloester-heute-erleben\/#breadcrumb\"},\"inLanguage\":\"de\",\"potentialAction\":[{\"@type\":\"ReadAction\",\"target\":[\"https:\/\/test-wuwei.de\/orden\/meldung\/tag-des-offenen-denkmals-kloester-heute-erleben\/\"]}]},{\"@type\":\"ImageObject\",\"inLanguage\":\"de\",\"@id\":\"https:\/\/test-wuwei.de\/orden\/meldung\/tag-des-offenen-denkmals-kloester-heute-erleben\/#primaryimage\",\"url\":\"https:\/\/test-wuwei.de\/orden\/wp-content\/uploads\/2025\/09\/csm_1_Tag_des_offenen_Denkmals_2025_1__4f35468d01.jpg\",\"contentUrl\":\"https:\/\/test-wuwei.de\/orden\/wp-content\/uploads\/2025\/09\/csm_1_Tag_des_offenen_Denkmals_2025_1__4f35468d01.jpg\",\"width\":120,\"height\":120},{\"@type\":\"BreadcrumbList\",\"@id\":\"https:\/\/test-wuwei.de\/orden\/meldung\/tag-des-offenen-denkmals-kloester-heute-erleben\/#breadcrumb\",\"itemListElement\":[{\"@type\":\"ListItem\",\"position\":1,\"name\":\"\ud83c\udfe0\ufe0e\",\"item\":\"https:\/\/test-wuwei.de\/orden\/\"},{\"@type\":\"ListItem\",\"position\":2,\"name\":\"Tag des offenen Denkmals: Kl\u00f6ster heute erleben\"}]},{\"@type\":\"WebSite\",\"@id\":\"https:\/\/test-wuwei.de\/orden\/#website\",\"url\":\"https:\/\/test-wuwei.de\/orden\/\",\"name\":\"Ordensgemeinschaften in Deutschland\",\"description\":\"Deutsche Ordensobernkonferenz\",\"publisher\":{\"@id\":\"https:\/\/test-wuwei.de\/orden\/#organization\"},\"potentialAction\":[{\"@type\":\"SearchAction\",\"target\":{\"@type\":\"EntryPoint\",\"urlTemplate\":\"https:\/\/test-wuwei.de\/orden\/?s={search_term_string}\"},\"query-input\":{\"@type\":\"PropertyValueSpecification\",\"valueRequired\":true,\"valueName\":\"search_term_string\"}}],\"inLanguage\":\"de\"},{\"@type\":\"Organization\",\"@id\":\"https:\/\/test-wuwei.de\/orden\/#organization\",\"name\":\"Ordensgemeinschaften in Deutschland\",\"url\":\"https:\/\/test-wuwei.de\/orden\/\",\"logo\":{\"@type\":\"ImageObject\",\"inLanguage\":\"de\",\"@id\":\"https:\/\/test-wuwei.de\/orden\/#\/schema\/logo\/image\/\",\"url\":\"https:\/\/test-wuwei.de\/orden\/wp-content\/uploads\/2025\/07\/DOK_Logo_RGB_mit.jpg\",\"contentUrl\":\"https:\/\/test-wuwei.de\/orden\/wp-content\/uploads\/2025\/07\/DOK_Logo_RGB_mit.jpg\",\"width\":2480,\"height\":1748,\"caption\":\"Ordensgemeinschaften in Deutschland\"},\"image\":{\"@id\":\"https:\/\/test-wuwei.de\/orden\/#\/schema\/logo\/image\/\"}}]}<\/script>\n<!-- \/ Yoast SEO plugin. -->","yoast_head_json":{"title":"Tag des offenen Denkmals: Kl\u00f6ster heute erleben &#8211; Ordensgemeinschaften in Deutschland","description":"Ordensgemeinschaften in Deutschland beteiligen sich am Tag des offenen Denkmals, dem 14. September 2025.","robots":{"index":"noindex","follow":"follow","max-snippet":"max-snippet:-1","max-image-preview":"max-image-preview:large","max-video-preview":"max-video-preview:-1"},"og_locale":"de_DE","og_type":"article","og_title":"Tag des offenen Denkmals: Kl\u00f6ster heute erleben","og_description":"Ordensgemeinschaften in Deutschland beteiligen sich am Tag des offenen Denkmals, dem 14. September 2025.","og_url":"https:\/\/test-wuwei.de\/orden\/meldung\/tag-des-offenen-denkmals-kloester-heute-erleben\/","og_site_name":"Ordensgemeinschaften in Deutschland","article_modified_time":"2025-11-06T16:08:36+00:00","og_image":[{"width":640,"height":349,"url":"https:\/\/test-wuwei.de\/orden\/wp-content\/uploads\/2025\/09\/csm_Dormagen_-_Knechtsteden_-_Kloster_-_Klosterfriedhof___Basilika_02_ies_61f94c9bd0.jpg","type":"image\/jpeg"}],"twitter_card":"summary_large_image","twitter_misc":{"Gesch\u00e4tzte Lesezeit":"4\u00a0Minuten"},"schema":{"@context":"https:\/\/schema.org","@graph":[{"@type":"WebPage","@id":"https:\/\/test-wuwei.de\/orden\/meldung\/tag-des-offenen-denkmals-kloester-heute-erleben\/","url":"https:\/\/test-wuwei.de\/orden\/meldung\/tag-des-offenen-denkmals-kloester-heute-erleben\/","name":"Tag des offenen Denkmals: Kl\u00f6ster heute erleben &#8211; Ordensgemeinschaften in Deutschland","isPartOf":{"@id":"https:\/\/test-wuwei.de\/orden\/#website"},"primaryImageOfPage":{"@id":"https:\/\/test-wuwei.de\/orden\/meldung\/tag-des-offenen-denkmals-kloester-heute-erleben\/#primaryimage"},"image":{"@id":"https:\/\/test-wuwei.de\/orden\/meldung\/tag-des-offenen-denkmals-kloester-heute-erleben\/#primaryimage"},"thumbnailUrl":"https:\/\/test-wuwei.de\/orden\/wp-content\/uploads\/2025\/09\/csm_1_Tag_des_offenen_Denkmals_2025_1__4f35468d01.jpg","datePublished":"2025-08-29T09:27:00+00:00","dateModified":"2025-11-06T16:08:36+00:00","description":"Ordensgemeinschaften in Deutschland beteiligen sich am Tag des offenen Denkmals, dem 14. September 2025.","breadcrumb":{"@id":"https:\/\/test-wuwei.de\/orden\/meldung\/tag-des-offenen-denkmals-kloester-heute-erleben\/#breadcrumb"},"inLanguage":"de","potentialAction":[{"@type":"ReadAction","target":["https:\/\/test-wuwei.de\/orden\/meldung\/tag-des-offenen-denkmals-kloester-heute-erleben\/"]}]},{"@type":"ImageObject","inLanguage":"de","@id":"https:\/\/test-wuwei.de\/orden\/meldung\/tag-des-offenen-denkmals-kloester-heute-erleben\/#primaryimage","url":"https:\/\/test-wuwei.de\/orden\/wp-content\/uploads\/2025\/09\/csm_1_Tag_des_offenen_Denkmals_2025_1__4f35468d01.jpg","contentUrl":"https:\/\/test-wuwei.de\/orden\/wp-content\/uploads\/2025\/09\/csm_1_Tag_des_offenen_Denkmals_2025_1__4f35468d01.jpg","width":120,"height":120},{"@type":"BreadcrumbList","@id":"https:\/\/test-wuwei.de\/orden\/meldung\/tag-des-offenen-denkmals-kloester-heute-erleben\/#breadcrumb","itemListElement":[{"@type":"ListItem","position":1,"name":"\ud83c\udfe0\ufe0e","item":"https:\/\/test-wuwei.de\/orden\/"},{"@type":"ListItem","position":2,"name":"Tag des offenen Denkmals: Kl\u00f6ster heute erleben"}]},{"@type":"WebSite","@id":"https:\/\/test-wuwei.de\/orden\/#website","url":"https:\/\/test-wuwei.de\/orden\/","name":"Ordensgemeinschaften in Deutschland","description":"Deutsche Ordensobernkonferenz","publisher":{"@id":"https:\/\/test-wuwei.de\/orden\/#organization"},"potentialAction":[{"@type":"SearchAction","target":{"@type":"EntryPoint","urlTemplate":"https:\/\/test-wuwei.de\/orden\/?s={search_term_string}"},"query-input":{"@type":"PropertyValueSpecification","valueRequired":true,"valueName":"search_term_string"}}],"inLanguage":"de"},{"@type":"Organization","@id":"https:\/\/test-wuwei.de\/orden\/#organization","name":"Ordensgemeinschaften in Deutschland","url":"https:\/\/test-wuwei.de\/orden\/","logo":{"@type":"ImageObject","inLanguage":"de","@id":"https:\/\/test-wuwei.de\/orden\/#\/schema\/logo\/image\/","url":"https:\/\/test-wuwei.de\/orden\/wp-content\/uploads\/2025\/07\/DOK_Logo_RGB_mit.jpg","contentUrl":"https:\/\/test-wuwei.de\/orden\/wp-content\/uploads\/2025\/07\/DOK_Logo_RGB_mit.jpg","width":2480,"height":1748,"caption":"Ordensgemeinschaften in Deutschland"},"image":{"@id":"https:\/\/test-wuwei.de\/orden\/#\/schema\/logo\/image\/"}}]}},"_links":{"self":[{"href":"https:\/\/test-wuwei.de\/orden\/wp-json\/wp\/v2\/meldung\/2642","targetHints":{"allow":["GET"]}}],"collection":[{"href":"https:\/\/test-wuwei.de\/orden\/wp-json\/wp\/v2\/meldung"}],"about":[{"href":"https:\/\/test-wuwei.de\/orden\/wp-json\/wp\/v2\/types\/meldung"}],"wp:featuredmedia":[{"embeddable":true,"href":"https:\/\/test-wuwei.de\/orden\/wp-json\/wp\/v2\/media\/2643"}],"wp:attachment":[{"href":"https:\/\/test-wuwei.de\/orden\/wp-json\/wp\/v2\/media?parent=2642"}],"wp:term":[{"taxonomy":"category","embeddable":true,"href":"https:\/\/test-wuwei.de\/orden\/wp-json\/wp\/v2\/categories?post=2642"}],"curies":[{"name":"wp","href":"https:\/\/api.w.org\/{rel}","templated":true}]}}