{"id":2636,"date":"2025-08-21T11:05:00","date_gmt":"2025-08-21T09:05:00","guid":{"rendered":"https:\/\/test-wuwei.de\/orden\/?post_type=meldung&#038;p=2636"},"modified":"2025-09-01T11:55:21","modified_gmt":"2025-09-01T09:55:21","slug":"geld-und-geschichte-ausflug-nach-oesterreich","status":"publish","type":"meldung","link":"https:\/\/test-wuwei.de\/orden\/meldung\/geld-und-geschichte-ausflug-nach-oesterreich\/","title":{"rendered":"Geld und Geschichte &#8211; Ausflug nach \u00d6sterreich"},"content":{"rendered":"\n<h2 class=\"wp-block-heading has-medium-font-size\"><strong>Teil V der Sommerartikelreihe: Kl\u00f6ster, Kunst und Museen<\/strong><\/h2>\n\n\n\n<p><em>In der Sommerzeit lassen viele Menschen den Arbeitsalltag zur\u00fcck und haben Mu\u00dfe, sich auf die Suche nach neuen Entdeckungen zu machen und sich \u00fcberraschen zu lassen. Die freie Zeit gibt Gelegenheit, neue Erfahrungen zu machen oder im Unterwegssein Kunst und Architektur zu begegnen.<\/em><\/p>\n\n\n\n<p><em>Kl\u00f6ster bieten dazu \u00fcberall in Europa vielf\u00e4ltige Ankn\u00fcpfungspunkte. Ihre Kunstsch\u00e4tze, Architektur, Bibliotheken oder klostereigene Museen er\u00f6ffnen die M\u00f6glichkeit niederschwelliger Auseinandersetzung mit dem kulturellen Erbe Europas.<\/em>&nbsp;<a href=\"http:\/\/orden.de\/\" target=\"_blank\" rel=\"noreferrer noopener\">Orden.de<\/a>&nbsp;<em>pr\u00e4sentiert in diesem Sommer in einer Artikelreihe unter dem Titel \u201eKl\u00f6ster, Kunst und Museen\u201c<\/em>&nbsp;<em>Beispiele daf\u00fcr. Sie bietet Einblicke in die vielf\u00e4ltige europ\u00e4ische Klosterlandschaft und zeigt auf, wo einige der Kl\u00f6ster selbst in Ausstellungen und Museen in den Dialog mit&nbsp;<\/em><em>Gegenwart, Geschichte und Kunst eintreten.<\/em><\/p>\n\n\n\n<p><em>Nach unserem Ausflug in die Benelux-Staaten und an die Nordsee geht es nun in die Alpen nach \u00d6sterreich. \u00d6sterreichs Klosterlandschaft ist gepr\u00e4gt von vielen alten, ehrw\u00fcrdigen Abteien, Stiften und weiteren Kl\u00f6stern. In Vielen kann man die Geschichte und den kulturellen Reichtum sp\u00fcren und sehen. Ein Besuch dieser bedeutenden Orte, vielleicht auch in Verbindung mit einem Wanderurlaub ist sehr zu empfehlen.<\/em><\/p>\n\n\n\n<hr class=\"wp-block-separator has-text-color has-base-color has-alpha-channel-opacity has-base-background-color has-background\"\/>\n\n\n\n<figure class=\"gb-block-image gb-block-image-2bc342c8\"><img loading=\"lazy\" decoding=\"async\" width=\"870\" height=\"512\" class=\"gb-image gb-image-2bc342c8\" src=\"https:\/\/test-wuwei.de\/orden\/wp-content\/uploads\/2025\/09\/csm_Klosterneuburg_-_Stift__1__699beb9f1a.jpg\" alt=\"\" title=\"Default\" srcset=\"https:\/\/test-wuwei.de\/orden\/wp-content\/uploads\/2025\/09\/csm_Klosterneuburg_-_Stift__1__699beb9f1a.jpg 870w, https:\/\/test-wuwei.de\/orden\/wp-content\/uploads\/2025\/09\/csm_Klosterneuburg_-_Stift__1__699beb9f1a-300x177.jpg 300w, https:\/\/test-wuwei.de\/orden\/wp-content\/uploads\/2025\/09\/csm_Klosterneuburg_-_Stift__1__699beb9f1a-768x452.jpg 768w\" sizes=\"auto, (max-width: 870px) 100vw, 870px\" \/><\/figure>\n\n\n\n<div style=\"height:50px\" aria-hidden=\"true\" class=\"wp-block-spacer\"><\/div>\n\n\n\n<h2 class=\"wp-block-heading\">Stift Klosterneuburg<\/h2>\n\n\n\n<p>Nordwestlich von Wien liegt in Nieder\u00f6sterreich das Stift Klosterneuburg in der gleichnamigen Stadt. 1133 wurde das Stift kurz nach seiner Gr\u00fcndung den Augustiner Chorherren \u00fcbergeben, die bis heute das Kloster beleben. Aktuell wohnen noch fast vierzig Chorherren im Kloster.<\/p>\n\n\n\n<p>Auf dem Gel\u00e4nde des Klosters gibt es sehr viel zu sehen. Neben der Stiftskirche k\u00f6nnen Interessierte auch die Schatzkammer, das Stiftsmuseum, die Galerie der Moderne, die Vinothek und in F\u00fchrungen auch weitere Innenr\u00e4ume des Klosters selbst besichtigen.<\/p>\n\n\n\n<p>In einem der S\u00e4le des Stiftsmuseums, der Sala terrena Galerie, ist aktuell die Sonderausstellung \u201eGott und Geld \u2013 Kunst zwischen Konsum und Spiritualit\u00e4t\u201c zu sehen. Mit Werken aus f\u00fcnf Jahrhunderten wird in der Ausstellung ein kritischer Blick auf die Verbindung materieller G\u00fcter mit der Religion geworfen und es soll zum Nachdenken angeregt werden. Das Thema der Ausstellung begleitet die Menschheit durch die Geschichte hinweg und kommt auch in der Bibel mit dem alttestamentarischen Propheten Amos, welcher die Gesch\u00e4ftemacherei anprangert, und der bekannten Tempelreinigung durch Jesus vor.<\/p>\n\n\n\n<hr class=\"wp-block-separator has-text-color has-base-color has-alpha-channel-opacity has-base-background-color has-background\"\/>\n\n\n\n<h3 class=\"wp-block-heading has-text-align-center\">Die Ausstellung Gott und Geld bewegt sich im Spannungsfeld zwischen der spirituellen und der materiellen Sph\u00e4re und zeigt Werke aus f\u00fcnf Jahrhunderten. Aus dem Tanz ums Goldene Kalb wird ein Tanz um die goldene M\u00fcnze.<\/h3>\n\n\n\n<hr class=\"wp-block-separator has-text-color has-base-color has-alpha-channel-opacity has-base-background-color has-background\"\/>\n\n\n\n<p>Den zentralen Teil der Ausstellung bilden die Preistr\u00e4ger des St.Leopod-Friedenspreises, Kunstpreis des Stiftes, 2024. Die K\u00fcnstler versuchen in ihren Werken das Unbehagen vieler Menschen angesichts der heutigen Ressourcenverschwendung wiederzugeben. Die Ausstellung geht noch bis zum 15. November 2025.<\/p>\n\n\n\n<p>Weitere Informationen finden sich auf der<strong>\u00a0<a href=\"https:\/\/www.stift-klosterneuburg.at\/\" target=\"_blank\" rel=\"noreferrer noopener\">Website des Stifts Klosterneuburg<\/a><\/strong>.<\/p>\n\n\n\n<hr class=\"wp-block-separator has-text-color has-base-color has-alpha-channel-opacity has-base-background-color has-background\"\/>\n\n\n<div class=\"gb-grid-wrapper gb-grid-wrapper-1e19f704\">\n<div class=\"gb-grid-column gb-grid-column-c7aed771\"><div class=\"gb-container gb-container-c7aed771\">\n\n<figure class=\"gb-block-image gb-block-image-6aa81a39\"><img loading=\"lazy\" decoding=\"async\" width=\"435\" height=\"290\" class=\"gb-image gb-image-6aa81a39\" src=\"https:\/\/test-wuwei.de\/orden\/wp-content\/uploads\/2025\/09\/csm_StiftAdmont_d3246f2126.jpg\" alt=\"\" title=\"Csm StiftAdmont D3246f2126\" srcset=\"https:\/\/test-wuwei.de\/orden\/wp-content\/uploads\/2025\/09\/csm_StiftAdmont_d3246f2126.jpg 435w, https:\/\/test-wuwei.de\/orden\/wp-content\/uploads\/2025\/09\/csm_StiftAdmont_d3246f2126-300x200.jpg 300w\" sizes=\"auto, (max-width: 435px) 100vw, 435px\" \/><\/figure>\n\n<\/div><\/div>\n\n<div class=\"gb-grid-column gb-grid-column-6e4423bd\"><div class=\"gb-container gb-container-6e4423bd\">\n\n<h3 class=\"wp-block-heading\">Das Benediktinerstift Admont<\/h3>\n\n\n\n<p>Unser n\u00e4chstes Ziel bringt uns in die Steiermark an die mittlere Enns und an das westliche Ende der Ges\u00e4use-Gebirgskette. Dort liegt die Benediktinerabtei St. Blasius zu Admont, das \u00e4lteste bestehende Kloster der Steiermark. Gegr\u00fcndet wurde das Stift 1074 durch den damaligen Erzbischof Gebhard von Salzburg auf dem daf\u00fcr bereitgestellten Anwesen der hl. Hemma von Gurk. Ein kulturelles Zentrum wurde das Kloster sp\u00e4testens durch die im 12. Jahrhundert gegr\u00fcndete Schreibschule.<\/p>\n\n<\/div><\/div>\n<\/div>\n\n\n<div style=\"height:50px\" aria-hidden=\"true\" class=\"wp-block-spacer\"><\/div>\n\n\n\n<p>Unter anderem deswegen befindet sich in Admont die gr\u00f6\u00dfte Klosterbibliothek der Welt, die \u00fcber 200.000 Werke umfasst. In den pr\u00e4chtigen Bibliothekss\u00e4len barocker Ausstattung finden sich neben den B\u00fcchern einige Skulpturen und Reliefs des Stiftbildhauers Josef Stammel aus dem 18. Jahrhundert. Die Fresken und reiche architektonische Ausstattung bestechen Besucher mit ihrer Eleganz und Sch\u00f6nheit.<\/p>\n\n\n\n<p>Einen weiteren kulturellen H\u00f6hepunkt bietet das Stiftsmuseum, welches 2003 er\u00f6ffnet wurde. Es ist unterteilt in mehrere Abteilungen. Ein Teil ist der Gotik gewidmet und besteht gr\u00f6\u00dftenteils aus der geschenkten Sammlung des Ehepaares Mayer. Des Weiteren beherbergt das Museum eine kunsthistorische und eine naturhistorische Sammlung sowie eine Abteilung f\u00fcr moderne Kunst. Aktuell beherbergt das Museum eine Sonderausstellung zur Geschichte und Entwicklung des Stiftes anl\u00e4sslich des 950-Jahre-Jubil\u00e4ums im letzten Jahr. In dieser Ausstellung wird auch das 1121 gegr\u00fcndete Nonnenstift thematisiert, welches dem Benediktinerkloster angeschlossen war.<\/p>\n\n\n\n<hr class=\"wp-block-separator has-text-color has-base-color has-alpha-channel-opacity has-base-background-color has-background\"\/>\n\n\n\n<h3 class=\"wp-block-heading has-text-align-center\">Heute ist das Stift Admont ein Ort gelebter Vielfalt, spiritueller Tiefe und kultureller Strahlkraft \u2013 damals wie heute ein lebendiger Mittelpunkt der Region.<\/h3>\n\n\n\n<h3 class=\"wp-block-heading has-text-align-center\">~Website des Stifst Admont<\/h3>\n\n\n\n<hr class=\"wp-block-separator has-text-color has-base-color has-alpha-channel-opacity has-base-background-color has-background\"\/>\n\n\n\n<p>Viele weitere Sehensw\u00fcrdigkeiten des Stifts finden sich auf der\u00a0<a href=\"https:\/\/stiftadmont.at\/\" target=\"_blank\" rel=\"noreferrer noopener\"><strong>Website des Klosters Admont<\/strong><\/a>.<\/p>\n\n\n\n<hr class=\"wp-block-separator has-text-color has-base-color has-alpha-channel-opacity has-base-background-color has-background\"\/>\n\n\n<div class=\"gb-grid-wrapper gb-grid-wrapper-5a9dc1ca\">\n<div class=\"gb-grid-column gb-grid-column-99108230\"><div class=\"gb-container gb-container-99108230\">\n\n<h4 class=\"wp-block-heading\">Karmel Mayerling<\/h4>\n\n\n\n<p>S\u00fcdwestlich von Wien im Wienerwald gelegen befindet sich ein h\u00fcbsches Kloster in Mayerling, knapp eine Stunde von der Hauptstadt mit dem Auto entfernt. Ein Tagesausflug an diesen historisch bedeutenden und landschaftlich beeindruckenden Ort ist sehr lohnenswert. Bei dem Kloster handelt es sich um den Karmel St. Josef, einen durch seine Geschichte bestimmten Ort der S\u00fchne. Aber der Reihe nach:<\/p>\n\n<\/div><\/div>\n\n<div class=\"gb-grid-column gb-grid-column-4e6e8581\"><div class=\"gb-container gb-container-4e6e8581\">\n\n<figure class=\"gb-block-image gb-block-image-f444be0a\"><img loading=\"lazy\" decoding=\"async\" width=\"435\" height=\"261\" class=\"gb-image gb-image-f444be0a\" src=\"https:\/\/test-wuwei.de\/orden\/wp-content\/uploads\/2025\/09\/csm_Karmel_Mayerling__Gesamtanlage_8bbee8ea32.jpg\" alt=\"\" title=\"default\" srcset=\"https:\/\/test-wuwei.de\/orden\/wp-content\/uploads\/2025\/09\/csm_Karmel_Mayerling__Gesamtanlage_8bbee8ea32.jpg 435w, https:\/\/test-wuwei.de\/orden\/wp-content\/uploads\/2025\/09\/csm_Karmel_Mayerling__Gesamtanlage_8bbee8ea32-300x180.jpg 300w\" sizes=\"auto, (max-width: 435px) 100vw, 435px\" \/><\/figure>\n\n<\/div><\/div>\n<\/div>\n\n\n<div style=\"height:50px\" aria-hidden=\"true\" class=\"wp-block-spacer\"><\/div>\n\n\n\n<p>Das Anwesen in Mayerling, welches sich urspr\u00fcnglich seit 1550 im Besitz des drei Kilometer entfernten Zisterzienserstiftes Heiligenkreuz befand, wurde 1886 vom \u00f6sterreichischen Kronprinzen und passionierten J\u00e4ger Rudolf gekauft und zu einem Jagdschl\u00f6sschen umgebaut. Zur Einweihung 1887 kamen ebenfalls Kaiser Franz Joseph I. und die ber\u00fchmte Kaiserin Elisabeth, auch bekannt als Kaiserin Sisi. Doch der Ort birgt auch d\u00fcstere Schattenseiten, denn die Idylle w\u00e4hrte nicht lange. Keine zwei Jahre nach der Einweihung zerst\u00f6rte das tragische Ereignis vom Tod des Kronprinzen den Frieden des Jagdschl\u00f6sschens. Am 30. Januar 1889 wurden Kronprinz Rudolf und seine Geliebte, die Baronesse Mary Freiin von Vetsera, tot im Bett aufgefunden.<\/p>\n\n\n\n<p>Nach dem Tod seines Sohnes stiftete der Kaiser das Schloss als Kloster, um einen Ort des Gebets und der S\u00fchne zu schaffen, welches 1891 als der Karmel St. Josef eingeweiht wurde. Heinrich Schemfil und Josef Schmalzhofer wurden mit dem Umbau beauftragt: Neben der Kirche, die dem heiligen Josef geweiht ist, mit einer Seitenkapelle entstehen auch Sakristei, Zellen und ein Pfortenbereich mit Sprechzimmer, au\u00dferdem wird eine Klausurmauer erbaut. Der Altar der Kirche wird direkt \u00fcber dem Ort der Trag\u00f6die selbst errichtet. Den Karmelitinnen obliegt seitdem die Betreuung der Ged\u00e4chtnisst\u00e4tte. Der Kaiser selbst besuchte das Kloster in seinen Lebzeiten acht Mal, vier Mal davon mit Kasierin Sisi.<\/p>\n\n\n\n<p>2014 er\u00f6ffnete das neue Informations- und Besucherzentrum, in der sich eine informative Ausstellung rund um den Thronfolger und dietragischen Umst\u00e4nde seines Ablebens. Sie bieten so einen Einblick in die damalige Zeit. Zu sehen sind unter andere, der Stiftungskelch des Kaisers und eine Fotodokumentation zum Kronprinzen Rudolf.<\/p>\n\n\n\n<p>Die Karmelitinnen leben vor Ort ein verborgenes und bescheidenes Leben mit viel Gebet und Betrachtung. Aufgrund der unmittelbaren \u00f6rtlichen N\u00e4he zum Stift Heiligenkreuz und der dortigen philosophisch-theologischen Hochschule sehen die Karmelitinnen die Unterst\u00fctzung der geistlichen Berufungen als ihre besondere Aufgabe an. Sie leben unter anderem von den wenigen Einnahmen, die durch die F\u00fchrungen von Touristen hereinkommen. Die heilige Messe findet sonntags und montags um 19 Uhr statt, ansonsten um 6:45 Uhr. Gebetsanliegen nehmen die Schwestern gerne an.<\/p>\n\n\n\n<p>Weitere Informationen \u00fcber den Ort und seine Geschichte gibt es auf der\u00a0<a href=\"https:\/\/www.karmel-mayerling.org\/\" target=\"_blank\" rel=\"noreferrer noopener\"><strong>Homepage des Karmels Mayerling<\/strong><\/a>.<\/p>\n","protected":false},"excerpt":{"rendered":"<p>Teil V der Sommerartikelreihe: Kl\u00f6ster, Kunst und Museen<\/p>\n","protected":false},"featured_media":2637,"parent":0,"template":"","categories":[],"class_list":["post-2636","meldung","type-meldung","status-publish","has-post-thumbnail","hentry"],"acf":[],"yoast_head":"<!-- This site is optimized with the Yoast SEO plugin v26.3 - https:\/\/yoast.com\/wordpress\/plugins\/seo\/ -->\n<title>Geld und Geschichte - Ausflug nach \u00d6sterreich &#8211; Ordensgemeinschaften in Deutschland<\/title>\n<meta name=\"description\" content=\"Teil V der Sommerartikelreihe: Kl\u00f6ster, Kunst und Museen\" \/>\n<meta name=\"robots\" content=\"noindex, follow, max-snippet:-1, max-image-preview:large, max-video-preview:-1\" \/>\n<meta property=\"og:locale\" content=\"de_DE\" \/>\n<meta property=\"og:type\" content=\"article\" \/>\n<meta property=\"og:title\" content=\"Geld und Geschichte - Ausflug nach \u00d6sterreich\" \/>\n<meta property=\"og:description\" content=\"Teil V der Sommerartikelreihe: Kl\u00f6ster, Kunst und Museen\" \/>\n<meta property=\"og:url\" content=\"https:\/\/test-wuwei.de\/orden\/meldung\/geld-und-geschichte-ausflug-nach-oesterreich\/\" \/>\n<meta property=\"og:site_name\" content=\"Ordensgemeinschaften in Deutschland\" \/>\n<meta property=\"article:modified_time\" content=\"2025-09-01T09:55:21+00:00\" \/>\n<meta property=\"og:image\" content=\"https:\/\/test-wuwei.de\/orden\/wp-content\/uploads\/2025\/09\/csm_Klosterneuburg_-_Stift__1__699beb9f1a.jpg\" \/>\n\t<meta property=\"og:image:width\" content=\"870\" \/>\n\t<meta property=\"og:image:height\" content=\"512\" \/>\n\t<meta property=\"og:image:type\" content=\"image\/jpeg\" \/>\n<meta name=\"twitter:card\" content=\"summary_large_image\" \/>\n<meta name=\"twitter:label1\" content=\"Gesch\u00e4tzte Lesezeit\" \/>\n\t<meta name=\"twitter:data1\" content=\"7\u00a0Minuten\" \/>\n<script type=\"application\/ld+json\" class=\"yoast-schema-graph\">{\"@context\":\"https:\/\/schema.org\",\"@graph\":[{\"@type\":\"WebPage\",\"@id\":\"https:\/\/test-wuwei.de\/orden\/meldung\/geld-und-geschichte-ausflug-nach-oesterreich\/\",\"url\":\"https:\/\/test-wuwei.de\/orden\/meldung\/geld-und-geschichte-ausflug-nach-oesterreich\/\",\"name\":\"Geld und Geschichte - Ausflug nach \u00d6sterreich &#8211; Ordensgemeinschaften in Deutschland\",\"isPartOf\":{\"@id\":\"https:\/\/test-wuwei.de\/orden\/#website\"},\"primaryImageOfPage\":{\"@id\":\"https:\/\/test-wuwei.de\/orden\/meldung\/geld-und-geschichte-ausflug-nach-oesterreich\/#primaryimage\"},\"image\":{\"@id\":\"https:\/\/test-wuwei.de\/orden\/meldung\/geld-und-geschichte-ausflug-nach-oesterreich\/#primaryimage\"},\"thumbnailUrl\":\"https:\/\/test-wuwei.de\/orden\/wp-content\/uploads\/2025\/09\/csm_StiftAdmont_f40c2d3418.jpg\",\"datePublished\":\"2025-08-21T09:05:00+00:00\",\"dateModified\":\"2025-09-01T09:55:21+00:00\",\"description\":\"Teil V der Sommerartikelreihe: Kl\u00f6ster, Kunst und Museen\",\"breadcrumb\":{\"@id\":\"https:\/\/test-wuwei.de\/orden\/meldung\/geld-und-geschichte-ausflug-nach-oesterreich\/#breadcrumb\"},\"inLanguage\":\"de\",\"potentialAction\":[{\"@type\":\"ReadAction\",\"target\":[\"https:\/\/test-wuwei.de\/orden\/meldung\/geld-und-geschichte-ausflug-nach-oesterreich\/\"]}]},{\"@type\":\"ImageObject\",\"inLanguage\":\"de\",\"@id\":\"https:\/\/test-wuwei.de\/orden\/meldung\/geld-und-geschichte-ausflug-nach-oesterreich\/#primaryimage\",\"url\":\"https:\/\/test-wuwei.de\/orden\/wp-content\/uploads\/2025\/09\/csm_StiftAdmont_f40c2d3418.jpg\",\"contentUrl\":\"https:\/\/test-wuwei.de\/orden\/wp-content\/uploads\/2025\/09\/csm_StiftAdmont_f40c2d3418.jpg\",\"width\":120,\"height\":120},{\"@type\":\"BreadcrumbList\",\"@id\":\"https:\/\/test-wuwei.de\/orden\/meldung\/geld-und-geschichte-ausflug-nach-oesterreich\/#breadcrumb\",\"itemListElement\":[{\"@type\":\"ListItem\",\"position\":1,\"name\":\"\ud83c\udfe0\ufe0e\",\"item\":\"https:\/\/test-wuwei.de\/orden\/\"},{\"@type\":\"ListItem\",\"position\":2,\"name\":\"Geld und Geschichte &#8211; Ausflug nach \u00d6sterreich\"}]},{\"@type\":\"WebSite\",\"@id\":\"https:\/\/test-wuwei.de\/orden\/#website\",\"url\":\"https:\/\/test-wuwei.de\/orden\/\",\"name\":\"Ordensgemeinschaften in Deutschland\",\"description\":\"Deutsche Ordensobernkonferenz\",\"publisher\":{\"@id\":\"https:\/\/test-wuwei.de\/orden\/#organization\"},\"potentialAction\":[{\"@type\":\"SearchAction\",\"target\":{\"@type\":\"EntryPoint\",\"urlTemplate\":\"https:\/\/test-wuwei.de\/orden\/?s={search_term_string}\"},\"query-input\":{\"@type\":\"PropertyValueSpecification\",\"valueRequired\":true,\"valueName\":\"search_term_string\"}}],\"inLanguage\":\"de\"},{\"@type\":\"Organization\",\"@id\":\"https:\/\/test-wuwei.de\/orden\/#organization\",\"name\":\"Ordensgemeinschaften in Deutschland\",\"url\":\"https:\/\/test-wuwei.de\/orden\/\",\"logo\":{\"@type\":\"ImageObject\",\"inLanguage\":\"de\",\"@id\":\"https:\/\/test-wuwei.de\/orden\/#\/schema\/logo\/image\/\",\"url\":\"https:\/\/test-wuwei.de\/orden\/wp-content\/uploads\/2025\/07\/DOK_Logo_RGB_mit.jpg\",\"contentUrl\":\"https:\/\/test-wuwei.de\/orden\/wp-content\/uploads\/2025\/07\/DOK_Logo_RGB_mit.jpg\",\"width\":2480,\"height\":1748,\"caption\":\"Ordensgemeinschaften in Deutschland\"},\"image\":{\"@id\":\"https:\/\/test-wuwei.de\/orden\/#\/schema\/logo\/image\/\"}}]}<\/script>\n<!-- \/ Yoast SEO plugin. -->","yoast_head_json":{"title":"Geld und Geschichte - Ausflug nach \u00d6sterreich &#8211; Ordensgemeinschaften in Deutschland","description":"Teil V der Sommerartikelreihe: Kl\u00f6ster, Kunst und Museen","robots":{"index":"noindex","follow":"follow","max-snippet":"max-snippet:-1","max-image-preview":"max-image-preview:large","max-video-preview":"max-video-preview:-1"},"og_locale":"de_DE","og_type":"article","og_title":"Geld und Geschichte - Ausflug nach \u00d6sterreich","og_description":"Teil V der Sommerartikelreihe: Kl\u00f6ster, Kunst und Museen","og_url":"https:\/\/test-wuwei.de\/orden\/meldung\/geld-und-geschichte-ausflug-nach-oesterreich\/","og_site_name":"Ordensgemeinschaften in Deutschland","article_modified_time":"2025-09-01T09:55:21+00:00","og_image":[{"width":870,"height":512,"url":"https:\/\/test-wuwei.de\/orden\/wp-content\/uploads\/2025\/09\/csm_Klosterneuburg_-_Stift__1__699beb9f1a.jpg","type":"image\/jpeg"}],"twitter_card":"summary_large_image","twitter_misc":{"Gesch\u00e4tzte Lesezeit":"7\u00a0Minuten"},"schema":{"@context":"https:\/\/schema.org","@graph":[{"@type":"WebPage","@id":"https:\/\/test-wuwei.de\/orden\/meldung\/geld-und-geschichte-ausflug-nach-oesterreich\/","url":"https:\/\/test-wuwei.de\/orden\/meldung\/geld-und-geschichte-ausflug-nach-oesterreich\/","name":"Geld und Geschichte - Ausflug nach \u00d6sterreich &#8211; Ordensgemeinschaften in Deutschland","isPartOf":{"@id":"https:\/\/test-wuwei.de\/orden\/#website"},"primaryImageOfPage":{"@id":"https:\/\/test-wuwei.de\/orden\/meldung\/geld-und-geschichte-ausflug-nach-oesterreich\/#primaryimage"},"image":{"@id":"https:\/\/test-wuwei.de\/orden\/meldung\/geld-und-geschichte-ausflug-nach-oesterreich\/#primaryimage"},"thumbnailUrl":"https:\/\/test-wuwei.de\/orden\/wp-content\/uploads\/2025\/09\/csm_StiftAdmont_f40c2d3418.jpg","datePublished":"2025-08-21T09:05:00+00:00","dateModified":"2025-09-01T09:55:21+00:00","description":"Teil V der Sommerartikelreihe: Kl\u00f6ster, Kunst und Museen","breadcrumb":{"@id":"https:\/\/test-wuwei.de\/orden\/meldung\/geld-und-geschichte-ausflug-nach-oesterreich\/#breadcrumb"},"inLanguage":"de","potentialAction":[{"@type":"ReadAction","target":["https:\/\/test-wuwei.de\/orden\/meldung\/geld-und-geschichte-ausflug-nach-oesterreich\/"]}]},{"@type":"ImageObject","inLanguage":"de","@id":"https:\/\/test-wuwei.de\/orden\/meldung\/geld-und-geschichte-ausflug-nach-oesterreich\/#primaryimage","url":"https:\/\/test-wuwei.de\/orden\/wp-content\/uploads\/2025\/09\/csm_StiftAdmont_f40c2d3418.jpg","contentUrl":"https:\/\/test-wuwei.de\/orden\/wp-content\/uploads\/2025\/09\/csm_StiftAdmont_f40c2d3418.jpg","width":120,"height":120},{"@type":"BreadcrumbList","@id":"https:\/\/test-wuwei.de\/orden\/meldung\/geld-und-geschichte-ausflug-nach-oesterreich\/#breadcrumb","itemListElement":[{"@type":"ListItem","position":1,"name":"\ud83c\udfe0\ufe0e","item":"https:\/\/test-wuwei.de\/orden\/"},{"@type":"ListItem","position":2,"name":"Geld und Geschichte &#8211; Ausflug nach \u00d6sterreich"}]},{"@type":"WebSite","@id":"https:\/\/test-wuwei.de\/orden\/#website","url":"https:\/\/test-wuwei.de\/orden\/","name":"Ordensgemeinschaften in Deutschland","description":"Deutsche Ordensobernkonferenz","publisher":{"@id":"https:\/\/test-wuwei.de\/orden\/#organization"},"potentialAction":[{"@type":"SearchAction","target":{"@type":"EntryPoint","urlTemplate":"https:\/\/test-wuwei.de\/orden\/?s={search_term_string}"},"query-input":{"@type":"PropertyValueSpecification","valueRequired":true,"valueName":"search_term_string"}}],"inLanguage":"de"},{"@type":"Organization","@id":"https:\/\/test-wuwei.de\/orden\/#organization","name":"Ordensgemeinschaften in Deutschland","url":"https:\/\/test-wuwei.de\/orden\/","logo":{"@type":"ImageObject","inLanguage":"de","@id":"https:\/\/test-wuwei.de\/orden\/#\/schema\/logo\/image\/","url":"https:\/\/test-wuwei.de\/orden\/wp-content\/uploads\/2025\/07\/DOK_Logo_RGB_mit.jpg","contentUrl":"https:\/\/test-wuwei.de\/orden\/wp-content\/uploads\/2025\/07\/DOK_Logo_RGB_mit.jpg","width":2480,"height":1748,"caption":"Ordensgemeinschaften in Deutschland"},"image":{"@id":"https:\/\/test-wuwei.de\/orden\/#\/schema\/logo\/image\/"}}]}},"_links":{"self":[{"href":"https:\/\/test-wuwei.de\/orden\/wp-json\/wp\/v2\/meldung\/2636","targetHints":{"allow":["GET"]}}],"collection":[{"href":"https:\/\/test-wuwei.de\/orden\/wp-json\/wp\/v2\/meldung"}],"about":[{"href":"https:\/\/test-wuwei.de\/orden\/wp-json\/wp\/v2\/types\/meldung"}],"wp:featuredmedia":[{"embeddable":true,"href":"https:\/\/test-wuwei.de\/orden\/wp-json\/wp\/v2\/media\/2637"}],"wp:attachment":[{"href":"https:\/\/test-wuwei.de\/orden\/wp-json\/wp\/v2\/media?parent=2636"}],"wp:term":[{"taxonomy":"category","embeddable":true,"href":"https:\/\/test-wuwei.de\/orden\/wp-json\/wp\/v2\/categories?post=2636"}],"curies":[{"name":"wp","href":"https:\/\/api.w.org\/{rel}","templated":true}]}}