{"id":255,"date":"2025-07-22T09:00:00","date_gmt":"2025-07-22T07:00:00","guid":{"rendered":"https:\/\/test-wuwei.de\/orden\/?post_type=aktuelles&#038;p=255"},"modified":"2025-09-01T11:59:47","modified_gmt":"2025-09-01T09:59:47","slug":"faszinierende-kloster-in-spanien-zwischen-kultur-und-tradition","status":"publish","type":"meldung","link":"https:\/\/test-wuwei.de\/orden\/meldung\/faszinierende-kloster-in-spanien-zwischen-kultur-und-tradition\/","title":{"rendered":"Faszinierende Kl\u00f6ster in Spanien zwischen Kultur und Tradition"},"content":{"rendered":"\n<h2 class=\"wp-block-heading has-medium-font-size\">Teil II der Sommerartikelreihe: Kl\u00f6ster, Kunst und Museen<\/h2>\n\n\n\n<p>Am 25. Juli feiern Christinnen und Christen in aller Welt das Fest des Heiligen Jakobus \u2013 ein Tag, der f\u00fcr viele auch den geistigen H\u00f6hepunkt einer Pilgerreise auf dem Jakobsweg markiert. Seit Jahrhunderten zieht dieser Weg Menschen aus unterschiedlichsten Gr\u00fcnden an: aus religi\u00f6ser \u00dcberzeugung, auf der Suche nach innerer Ruhe oder einfach aus dem Wunsch, dem L\u00e4rm und der Hektik des Alltags zu entkommen. Schon Fray Luis de Le\u00f3n lobte im 16. Jahrhundert das \u201eerholsame Leben\u201c fernab der Welt \u2013 ein Bed\u00fcrfnis, das im 21. Jahrhundert aktueller ist denn je.<\/p>\n\n\n\n<p>Gerade entlang des Jakobswegs finden sich in Spanien zahlreiche Kl\u00f6ster, die nicht nur geistlichen Zentren sind, sondern auch die zu Orten der Ruhe, der Reflexion und des kulturellen Reichtums wurden. Manche von ihnen blicken auf eine Geschichte bis zu den Anf\u00e4ngen des Christentums zur\u00fcck, andere sind eng mit legend\u00e4ren Pers\u00f6nlichkeiten verbunden oder bewahren wertvolle Sch\u00e4tze der sakralen Kunst. Abseits der St\u00e4dte gelegen, inmitten stiller Landschaften, laden sie ein zu einer besonderen Art des Reisens \u2013 einer, die sowohl \u00e4u\u00dferlich als auch innerlich bewegt.<\/p>\n\n\n\n<p>Die Sommerartikelreihe&nbsp;<em><strong>\u201eKl\u00f6ster, Kunst und Museen\u201c<\/strong><\/em>&nbsp;auf&nbsp;<strong>orden.de<\/strong>&nbsp;widmet sich in diesem Jahr diesen besonderen Orten. Nach einem ersten Blick nach Frankreich f\u00fchrt die Reise nun nach Spanien \u2013 zu Kl\u00f6stern, die auf ihren eigenen Wegen den Dialog zwischen Vergangenheit und Gegenwart, zwischen Glauben und Kultur, er\u00f6ffnen. F\u00fcr Pilgernde auf dem Jakobsweg sind sie mehr als nur Rastst\u00e4tten: Sie sind kulturelle und spirituelle Schutzh\u00fctten, in denen man f\u00fcr einen Moment in eine andere Dimension eintauchen kann. Ihre Architektur, ihre Geschichte und die Stille ihrer Mauern bieten einen wertvollen Gegenentwurf zur Rastlosigkeit unserer Zeit \u2013 und damit eine Erfahrung, die lange nachklingt.<\/p>\n\n\n\n<hr class=\"wp-block-separator has-text-color has-contrast-3-color has-alpha-channel-opacity has-contrast-3-background-color has-background\"\/>\n\n\n\n<h2 class=\"wp-block-heading has-text-align-center has-large-font-size\">\u201eDer Weg ist immer besser als die sch\u00f6nste Herberge.\u201c<\/h2>\n\n\n\n<h2 class=\"wp-block-heading has-text-align-center has-medium-font-size\">Miguel de Cervantes, spanischer Schriftsteller<\/h2>\n\n\n\n<hr class=\"wp-block-separator has-text-color has-contrast-3-color has-alpha-channel-opacity has-contrast-3-background-color has-background\"\/>\n\n\n\n<div style=\"height:50px\" aria-hidden=\"true\" class=\"wp-block-spacer\"><\/div>\n\n\n\n<h2 class=\"wp-block-heading has-large-font-size\">SANTES CREUS: ZISTERZIENSISCHE TRADITION IN VERBINDUNG MIT DER ARAGONISCHEN KRONE<\/h2>\n\n\n\n<p>Dieses wundersch\u00f6ne, im 12. Jahrhundert vom Zisterzienserorden gegr\u00fcndete Kloster in Tarragona ist ein Beispiel f\u00fcr die Ideale der Spiritualit\u00e4t und Einfachheit dieser Ordensgemeinschaft. K\u00f6nig Peter III. von Aragon und einer seiner S\u00f6hne, Jakob II., sind hier begraben. So entsteht ein interessantes Ensemble, in dem die R\u00e4ume der M\u00f6nche, wie der Kapitelsaal oder die Mari\u00e4-Entschlafenskapelle, mit dem K\u00f6nigspalast koexistieren. Der wunderbare gotische Kreuzgang, der erste in diesem Stil in Aragonien, ist ein Muss. Er beherbergt Bilder der Verk\u00fcndigung und Wandgr\u00e4ber von Mitgliedern des katalanischen Adels. Es gibt auch ein umfangreiches Skulpturenwerk, das mit der Strenge der \u00fcbrigen R\u00e4ume kontrastiert. Obwohl es kein kl\u00f6sterliches Leben mehr gibt, ist Santes Creus eines der bedeutendsten spanischen Kl\u00f6ster.<\/p>\n\n\n\n<p>Angebot im Sommer:&nbsp;<strong><em><a href=\"https:\/\/patrimoni.gencat.cat\/es\/monumentos\/actividades\/dialegs.-art-musica-i-patrimoni-eureka\" target=\"_blank\" rel=\"noreferrer noopener\">Di\u00e0legs. Art, m\u00fasica i patrimoni<\/a><\/em><\/strong>&nbsp;ist ein Sommerzyklus vom 11. Juli bis 12. September&nbsp;, der die drei Grundpfeiler der Kultur zusammenbringt: Kunst, Musik und Kulturerbe. Dies geschieht in der emblematischen kanonischen Kirche Santa Maria de Vilabertran. Gleichzeitig findet dort seit mehr als einem Jahrzehnt eine Ausstellung zeitgen\u00f6ssischer Kunst statt.<\/p>\n\n\n\n<figure class=\"gb-block-image gb-block-image-2232b5c8\"><img loading=\"lazy\" decoding=\"async\" width=\"870\" height=\"324\" class=\"gb-image gb-image-2232b5c8\" src=\"https:\/\/test-wuwei.de\/orden\/wp-content\/uploads\/2025\/08\/csm_Monestir_de_Santes_Creus__Aiguamurcia__-_1_e7c26b9a16.jpg\" alt=\"\" title=\"Csm Monestir De Santes Creus Aiguamurcia 1 E7c26b9a16\" srcset=\"https:\/\/test-wuwei.de\/orden\/wp-content\/uploads\/2025\/08\/csm_Monestir_de_Santes_Creus__Aiguamurcia__-_1_e7c26b9a16.jpg 870w, https:\/\/test-wuwei.de\/orden\/wp-content\/uploads\/2025\/08\/csm_Monestir_de_Santes_Creus__Aiguamurcia__-_1_e7c26b9a16-300x112.jpg 300w, https:\/\/test-wuwei.de\/orden\/wp-content\/uploads\/2025\/08\/csm_Monestir_de_Santes_Creus__Aiguamurcia__-_1_e7c26b9a16-768x286.jpg 768w\" sizes=\"auto, (max-width: 870px) 100vw, 870px\" \/><\/figure>\n\n\n\n<div style=\"height:50px\" aria-hidden=\"true\" class=\"wp-block-spacer\"><\/div>\n\n\n\n<h2 class=\"wp-block-heading has-large-font-size\">LAS HUELGAS UND MIRAFLORES: EIN KL\u00d6STER-DUO MIT K\u00dcNSTLERISCHEN JUWELEN<\/h2>\n\n\n\n<p>Diese beiden Abteien in Burgos geh\u00f6ren zu den bekanntesten Kl\u00f6stern Spaniens. Daf\u00fcr gibt es viele Gr\u00fcnde. Es handelt sich um zwei wundersch\u00f6ne Komplexe am Rande der Stadt Burgos. Das ist besonders auff\u00e4llig, wenn Sie auf dem franz\u00f6sischen Jakobsweg unterwegs sind. Las Huelgas, das von K\u00f6nigin Leonor Plantagenet als Frauenkloster gegr\u00fcndet wurde, besitzt die \u00e4ltesten Glasfenster Spaniens. Es verf\u00fcgt auch \u00fcber einen sch\u00f6nen romanischen Kreuzgang. Hier befindet sich auch der beste erhaltene Wandteppich der Almohaden: das Banner von Navas de Tolosa.&nbsp;Die Zisterzienserinnen von Las Huelgas geh\u00f6ren mittlerweile zur Kongregation von San Bernardo.&nbsp;Die Schwestern bieten allen Menschen, die einige Tage des Gebets und der Besinnung verbringen m\u00f6chten, eine Unterkunft an. W\u00e4hrend der Stundengebete kann man gemeinsam mit der Gemeinschaft in der Kirche beten.<\/p>\n\n\n\n<p><a href=\"https:\/\/www.monasteriodelashuelgas.org\/\" target=\"_blank\" rel=\"noreferrer noopener\"><strong>Hier geht\u00b4s zur Internetseite des Klosters Las Huelgas<\/strong><\/a><\/p>\n\n\n\n<p>Das Kart\u00e4userkloster von Miraflores ist eines der sch\u00f6nsten Beispiele isabellinischer Gotik (spanischer Baustil, der w\u00e4hrend der Regierungszeit der Katholischen K\u00f6nige entstand). Es ist auch die Ruhest\u00e4tte von Johannes II. und Isabella von Portugal. Das Kloster ist schon auf den ersten Blick bezaubernd. Die Fassade, die fl\u00e4mischen Glasfenster und die beeindruckenden Alabastergrabm\u00e4ler sind das, was den Besucher am meisten beeindruckt. Gem\u00e4\u00df ihrer Berufung zum einsamen Leben erlauben die Klausurvorschriften der Kart\u00e4user der \u00d6ffentlichkeit nur den Zugang zur Klosterkirche.<\/p>\n\n\n\n<p><a href=\"https:\/\/www.cartuja.org\/\" target=\"_blank\" rel=\"noreferrer noopener\"><strong>Hier geht\u00b4s zur Internetseite des Klosters Miraflores<\/strong><\/a><\/p>\n\n\n\n<figure class=\"gb-block-image gb-block-image-7804f42f\"><img loading=\"lazy\" decoding=\"async\" width=\"870\" height=\"326\" class=\"gb-image gb-image-7804f42f\" src=\"https:\/\/test-wuwei.de\/orden\/wp-content\/uploads\/2025\/08\/csm_Las_Claustrillas.LasHuelgas_6f6c72d58a.jpg\" alt=\"\" title=\"Csm Las Claustrillas.LasHuelgas 6f6c72d58a\" srcset=\"https:\/\/test-wuwei.de\/orden\/wp-content\/uploads\/2025\/08\/csm_Las_Claustrillas.LasHuelgas_6f6c72d58a.jpg 870w, https:\/\/test-wuwei.de\/orden\/wp-content\/uploads\/2025\/08\/csm_Las_Claustrillas.LasHuelgas_6f6c72d58a-300x112.jpg 300w, https:\/\/test-wuwei.de\/orden\/wp-content\/uploads\/2025\/08\/csm_Las_Claustrillas.LasHuelgas_6f6c72d58a-768x288.jpg 768w\" sizes=\"auto, (max-width: 870px) 100vw, 870px\" \/><\/figure>\n\n\n\n<div style=\"height:50px\" aria-hidden=\"true\" class=\"wp-block-spacer\"><\/div>\n\n\n\n<h2 class=\"wp-block-heading has-large-font-size\">SUSO UND YUSO: ZWEI ALTE KL\u00d6STER IN DER NACHBARSCHAFT, DIE MIT DEM URSPRUNG DER KASTELLANISCHEN SPRACHE IN VERBINDUNG GEBRACHT WERDEN<\/h2>\n\n\n\n<div class=\"wp-block-columns is-layout-flex wp-container-core-columns-is-layout-9d6595d7 wp-block-columns-is-layout-flex\">\n<div class=\"wp-block-column is-layout-flow wp-block-column-is-layout-flow\">\n<figure class=\"gb-block-image gb-block-image-cfb13127\"><img loading=\"lazy\" decoding=\"async\" width=\"435\" height=\"648\" class=\"gb-image gb-image-cfb13127\" src=\"https:\/\/test-wuwei.de\/orden\/wp-content\/uploads\/2025\/08\/csm_Monasterio_de_Suso__2__a7a487aeac.jpg\" alt=\"\" title=\"Csm Monasterio De Suso 2 A7a487aeac\" srcset=\"https:\/\/test-wuwei.de\/orden\/wp-content\/uploads\/2025\/08\/csm_Monasterio_de_Suso__2__a7a487aeac.jpg 435w, https:\/\/test-wuwei.de\/orden\/wp-content\/uploads\/2025\/08\/csm_Monasterio_de_Suso__2__a7a487aeac-201x300.jpg 201w\" sizes=\"auto, (max-width: 435px) 100vw, 435px\" \/><\/figure>\n<\/div>\n\n\n\n<div class=\"wp-block-column is-layout-flow wp-block-column-is-layout-flow\">\n<p>Suso und Yuso sind kaum 3 Kilometer voneinander entfernt. Auf Altkastilisch hei\u00dfen sie w\u00f6rtlich \u201edas Kloster oben\u201c und \u201edas Kloster unten\u201c. Beide Kl\u00f6ster bieten zahlreiche Sehensw\u00fcrdigkeiten und eine reiche Geschichte, die sie zum Weltkulturerbe gemacht haben. Suso, das von San Mill\u00e1n im 6. Jahrhundert gegr\u00fcndet wurde, war das erste, das erbaut wurde. Seine mozarabischen Elemente, die von westgotischen und vorromanischen \u00dcberresten begleitet werden, zeugen von seinem hohen Alter. Ber\u00fchmt istes als der Ort, an dem die ber\u00fchmten \u201eGlosas Emilianenses\u201c geschrieben wurden. Aus ihnen k\u00f6nnten die romanischen Sprachen und die baskische Sprache hervorgegangen sein.<\/p>\n\n\n\n<p>Yuso ist der Ort, an dem der \u00dcberlieferung nach die Gebeine von San Mill\u00e1n zur\u00fcckgelassen wurden, weil die Ochsen die Last nicht tragen konnten. Es gibt wundersch\u00f6ne Ecken von gro\u00dfer Sch\u00f6nheit in allen m\u00f6glichen Kunststilen. Der Bau wurde im 11. Jahrhundert von K\u00f6nig Garc\u00eda III. von Navarra in Auftrag gegeben. Vom romanischen Stil des Hauptgeb\u00e4udes bis zum Renaissancestil des unteren Kreuzgangs, einschlie\u00dflich des barocken Saals der K\u00f6nige, in dem die bereits erw\u00e4hnten Glossen aufbewahrt werden. Das Kloster Yuso wird von Augustiner-Rekollekten bewohnt und verwaltet, die 1878 hierher kamen, um Missionare f\u00fcr die Philippinen, China und Lateinamerika auszubilden.&nbsp;Wenn Sie dieses Kloster besuchen, k\u00f6nnen Sie in seinem sch\u00f6nen Gasthaus \u00fcbernachten. Sie sollten auch den Sal\u00f3n de la Lengua besuchen, der mit den Wappen und Flaggen aller hispanischen L\u00e4nder geschm\u00fcckt ist.<\/p>\n<\/div>\n<\/div>\n\n\n\n<p><a href=\"http:\/\/monasteriodesanmillan.com\/\" target=\"_blank\" rel=\"noreferrer noopener\">Hier geht\u00b4s zur Internetseite des Klosters<\/a><\/p>\n\n\n\n<div style=\"height:50px\" aria-hidden=\"true\" class=\"wp-block-spacer\"><\/div>\n\n\n\n<h2 class=\"wp-block-heading has-large-font-size\">SAN JUAN DE LA PE\u00d1A: EINGEBETTET IN DEN FELSEN IM ZENTRUM DES PILGERWEGS NACH SANTIAGO IN ARAGONIEN<\/h2>\n\n\n\n<div class=\"wp-block-columns is-layout-flex wp-container-core-columns-is-layout-9d6595d7 wp-block-columns-is-layout-flex\">\n<div class=\"wp-block-column is-layout-flow wp-block-column-is-layout-flow\">\n<p>San Juan de la Pe\u00f1a ist eines der authentischsten spanischen Kl\u00f6ster, was seine Lage betrifft. Diese Abtei in Jaca, die sich unter einem Felsen befindet, der sie \u00fcberdeckt, wurde im 10. Jahrhundert gegr\u00fcndet und war w\u00e4hrend des gesamten Mittelalters die wichtigste in Aragonien. Tats\u00e4chlich sind hier aragonesische und navarrische Monarchen wie Sancho Ram\u00edrez und Pedro I. begraben. Ein Besuch bedeutet, sich mit den aragonesischen Pyren\u00e4en zu verschmelzen, so wie es auch das Kloster tut. Zugleich war es der erste Ort auf der Halbinsel, an dem die r\u00f6mische Liturgie eingef\u00fchrt wurde. Es war auch Schauplatz von Legenden wie der des Heiligen Grals. Kunstliebhaber werden die sch\u00f6nen Kapitelle des Kreuzgangs und die f\u00fcr diese Gegend so charakteristischen Taqueado-B\u00f6gen zu sch\u00e4tzen wissen.<\/p>\n<\/div>\n\n\n\n<div class=\"wp-block-column is-layout-flow wp-block-column-is-layout-flow\">\n<figure class=\"gb-block-image gb-block-image-3b8c3293\"><img loading=\"lazy\" decoding=\"async\" width=\"435\" height=\"378\" class=\"gb-image gb-image-3b8c3293\" src=\"https:\/\/test-wuwei.de\/orden\/wp-content\/uploads\/2025\/08\/csm_Real_Monasterio_de_San_Juan_de_la_Pena__Huesca__Espana__2023-01-05__DD_63-65_HDR_c4c034e92d.jpg\" alt=\"\" title=\"Csm Real Monasterio De San Juan De La Pena Huesca Espana 2023 01 05 DD 63 65 HDR C4c034e92d\" srcset=\"https:\/\/test-wuwei.de\/orden\/wp-content\/uploads\/2025\/08\/csm_Real_Monasterio_de_San_Juan_de_la_Pena__Huesca__Espana__2023-01-05__DD_63-65_HDR_c4c034e92d.jpg 435w, https:\/\/test-wuwei.de\/orden\/wp-content\/uploads\/2025\/08\/csm_Real_Monasterio_de_San_Juan_de_la_Pena__Huesca__Espana__2023-01-05__DD_63-65_HDR_c4c034e92d-300x261.jpg 300w\" sizes=\"auto, (max-width: 435px) 100vw, 435px\" \/><\/figure>\n<\/div>\n<\/div>\n\n\n\n<p><a href=\"https:\/\/www.monasteriosanjuan.com\/\" target=\"_blank\" rel=\"noreferrer noopener\">Hier geht\u00b4s zur Internetseite des Klosters<\/a><\/p>\n\n\n\n<hr class=\"wp-block-separator has-text-color has-contrast-3-color has-alpha-channel-opacity has-contrast-3-background-color has-background\"\/>\n\n\n\n<h2 class=\"wp-block-heading has-text-align-center has-large-font-size\">\u201cNach Jerusalem wandert man, um Jesus zu finden, nach Rom geht man zum Papst, doch auf dem Pfad nach Santiago de Compostela sucht man sich selbst.\u201d<\/h2>\n\n\n\n<h2 class=\"wp-block-heading has-text-align-center has-medium-font-size\">Spanisches Sprichwort<\/h2>\n\n\n\n<hr class=\"wp-block-separator has-text-color has-contrast-3-color has-alpha-channel-opacity has-contrast-3-background-color has-background\"\/>\n\n\n\n<div style=\"height:50px\" aria-hidden=\"true\" class=\"wp-block-spacer\"><\/div>\n\n\n\n<h2 class=\"wp-block-heading has-large-font-size\">SANTA MAR\u00cdA DE HUERTA: EIN KLOSTER ZWISCHEN KASTILIEN UND ARAGONIEN<\/h2>\n\n\n\n<p>Santa Mar\u00eda de Huerta ist eines der spanischen Kl\u00f6ster mit der l\u00e4ngsten Geschichte. Die im 12. Jahrhundert gegr\u00fcndete Abtei an der Grenze zwischen den Provinzen Soria und Zaragoza lag einst zwischen den K\u00f6nigreichen Kastilien und Aragonien. Es war K\u00f6nig Alfons VII., der den Bau des Klosters in Auftrag gab und dort eine Gemeinschaft von Zisterzienserm\u00f6nchen ansiedelte. Das Kloster stand unter der Schirmherrschaft bedeutender Pers\u00f6nlichkeiten der damaligen Zeit. Zahlreiche Konzile des Zisterzienserordens wurden dort abgehalten, doch mit der Konfiskation von Mendiz\u00e1bal (einem Prozess kirchlicher Beschlagnahmungen) drohte es in Ungnade zu fallen. Damals wurden die M\u00f6nche, die dort lebten, vertrieben. Seit 1930 ist der Zisterzienserorden f\u00fcr das Kloster verantwortlich und lebt in strenger Klausur.&nbsp;<\/p>\n\n\n\n<p>Das Refektorium von Santa Mar\u00eda de Huerta, das als Meisterwerk der Zisterzienserkunst gilt, ist eine der herausragenden Sehensw\u00fcrdigkeiten. Dennoch ist der gesamte Komplex eine Mischung aus romanischem, gotischem, platereskem und herrischem Stil, die einen Besuch in aller Ruhe lohnt.&nbsp;Das Kloster verf\u00fcgt \u00fcber ein G\u00e4stehaus, in dem auch Kurse zum Gebet und zum Klosterleben angeboten werden. Man kann auch an den Gottesdiensten und Stundengebeten in der Kapelle teilnehmen und gemeinsam mit den M\u00f6nchen beten.&nbsp;<a href=\"https:\/\/monasteriohuerta.org\/?srsltid=AfmBOorpo6dozBm8DRPvc5W74dI73pmgu7XRtTxrxIqEi5SdpDMOqLUo\" target=\"_blank\" rel=\"noreferrer noopener\">Hier geht\u00b4s zur Internetseite des Klosters<\/a><\/p>\n\n\n\n<figure class=\"gb-block-image gb-block-image-1933d70b\"><img loading=\"lazy\" decoding=\"async\" width=\"870\" height=\"326\" class=\"gb-image gb-image-1933d70b\" src=\"https:\/\/test-wuwei.de\/orden\/wp-content\/uploads\/2025\/08\/csm_Monasterio_de_Santa_Maria_de_Huerta__Santa_Maria_de_Huerta_Soria__Espana__2015-12-28__DD_52-54_HDR_e9708a75c0-1.jpg\" alt=\"\" title=\"csm_Monasterio_de_Santa_Maria_de_Huerta__Santa_Maria_de_Huerta_Soria__Espana__2015-12-28__DD_52-54_HDR_e9708a75c0\" srcset=\"https:\/\/test-wuwei.de\/orden\/wp-content\/uploads\/2025\/08\/csm_Monasterio_de_Santa_Maria_de_Huerta__Santa_Maria_de_Huerta_Soria__Espana__2015-12-28__DD_52-54_HDR_e9708a75c0-1.jpg 870w, https:\/\/test-wuwei.de\/orden\/wp-content\/uploads\/2025\/08\/csm_Monasterio_de_Santa_Maria_de_Huerta__Santa_Maria_de_Huerta_Soria__Espana__2015-12-28__DD_52-54_HDR_e9708a75c0-1-300x112.jpg 300w, https:\/\/test-wuwei.de\/orden\/wp-content\/uploads\/2025\/08\/csm_Monasterio_de_Santa_Maria_de_Huerta__Santa_Maria_de_Huerta_Soria__Espana__2015-12-28__DD_52-54_HDR_e9708a75c0-1-768x288.jpg 768w\" sizes=\"auto, (max-width: 870px) 100vw, 870px\" \/><\/figure>\n\n\n\n<div style=\"height:50px\" aria-hidden=\"true\" class=\"wp-block-spacer\"><\/div>\n\n\n\n<h2 class=\"wp-block-heading has-large-font-size\">MONTSERRAT: DAS GR\u00d6SSTE SPIRITUELLE ZENTRUM KATALONIENS<\/h2>\n\n\n\n<div class=\"wp-block-columns is-layout-flex wp-container-core-columns-is-layout-9d6595d7 wp-block-columns-is-layout-flex\">\n<div class=\"wp-block-column is-layout-flow wp-block-column-is-layout-flow\">\n<p>Der Ruhm von Montserrat ist nicht unverdient. Ein Besuch dieses Benediktinerklosters aus dem 11. Jahrhundert ist ein wahres Spektakel. Die Anlage befindet sich im Herzen der Berge, 720 Meter \u00fcber dem Meeresspiegel. Die Abtei ist wahrscheinlich eine der beeindruckendsten auf dieser Liste, sowohl wegen ihrer Lage als auch wegen ihrer Basilika, die im 19. Jahrhundert nach mehreren Br\u00e4nden wieder aufgebaut wurde. Sie beherbergt auch ein komplettes arch\u00e4ologisches Museum sowie das verehrte romanische Bildnis der Jungfrau Moreneta.<\/p>\n\n\n\n<p>Montserrat ist auch ein Wallfahrtsort ersten Ranges und hat eine gro\u00dfe kulturelle Bedeutung in Katalonien. Monserrat beherbergt eine der bedeutendsten M\u00f6nchsgemeinschaften der Welt und eine au\u00dfergew\u00f6hnliche Bibliothek. Die Besonderheit ist der Kinderchor, die Escolania de Montserrat, der als der \u00e4lteste des Westens gilt. Einen Auftriff des Chors sollte man sich nicht entgehen lassen, wenn man die Gelegenheit hat, die Gegend zu besuchen.<\/p>\n\n\n\n<p>Die Benediktinerm\u00f6nche von Montserrat bieten allen, die sich spirituell weiterentwickeln und innerlich zur Ruhe kommen m\u00f6chten, eine Unterkunft an. Neben der Teilnahme an den Gottesdiensten im Kloster bietet Montserrat den Tausenden von Pilgern, die zum Heiligtum kommen, verschiedene Aktivit\u00e4ten und spirituelle Angebote.<\/p>\n<\/div>\n\n\n\n<div class=\"wp-block-column is-layout-flow wp-block-column-is-layout-flow\">\n<figure class=\"gb-block-image gb-block-image-c9e4a6f2\"><img loading=\"lazy\" decoding=\"async\" width=\"435\" height=\"580\" class=\"gb-image gb-image-c9e4a6f2\" src=\"https:\/\/test-wuwei.de\/orden\/wp-content\/uploads\/2025\/08\/csm_Monistrol_de_Montserrat_-_Monasterio_de_Santa_Maria_de_Montserrat_76_653a5653cc.jpg\" alt=\"\" title=\"csm_Monistrol_de_Montserrat_-_Monasterio_de_Santa_Maria_de_Montserrat_76_653a5653cc\" srcset=\"https:\/\/test-wuwei.de\/orden\/wp-content\/uploads\/2025\/08\/csm_Monistrol_de_Montserrat_-_Monasterio_de_Santa_Maria_de_Montserrat_76_653a5653cc.jpg 435w, https:\/\/test-wuwei.de\/orden\/wp-content\/uploads\/2025\/08\/csm_Monistrol_de_Montserrat_-_Monasterio_de_Santa_Maria_de_Montserrat_76_653a5653cc-225x300.jpg 225w\" sizes=\"auto, (max-width: 435px) 100vw, 435px\" \/><\/figure>\n<\/div>\n<\/div>\n\n\n\n<p><a href=\"https:\/\/abadiamontserrat.cat\/es\/\" target=\"_blank\" rel=\"noreferrer noopener\">Hier geht\u00b4s zur Internetseite des Klosters<\/a><\/p>\n\n\n\n<div style=\"height:50px\" aria-hidden=\"true\" class=\"wp-block-spacer\"><\/div>\n\n\n\n<h2 class=\"wp-block-heading has-large-font-size\">SANTO DOMINGO DE SILOS: EIN LANGLEBIGES ENSEMBLE IM ZUSAMMENHANG MIT DEM LEGEND\u00c4REN CAMPEADOR CID<\/h2>\n\n\n\n<div class=\"wp-block-columns is-layout-flex wp-container-core-columns-is-layout-9d6595d7 wp-block-columns-is-layout-flex\">\n<div class=\"wp-block-column is-layout-flow wp-block-column-is-layout-flow\">\n<figure class=\"gb-block-image gb-block-image-b744c6d4\"><img loading=\"lazy\" decoding=\"async\" width=\"435\" height=\"615\" class=\"gb-image gb-image-b744c6d4\" src=\"https:\/\/test-wuwei.de\/orden\/wp-content\/uploads\/2025\/08\/csm_Santo_Domingo_de_Silos-05-Kreuzgang-1996-gje_28209a7cef.jpg\" alt=\"\" title=\"Csm Santo Domingo De Silos 05 Kreuzgang 1996 Gje 28209a7cef\" srcset=\"https:\/\/test-wuwei.de\/orden\/wp-content\/uploads\/2025\/08\/csm_Santo_Domingo_de_Silos-05-Kreuzgang-1996-gje_28209a7cef.jpg 435w, https:\/\/test-wuwei.de\/orden\/wp-content\/uploads\/2025\/08\/csm_Santo_Domingo_de_Silos-05-Kreuzgang-1996-gje_28209a7cef-212x300.jpg 212w\" sizes=\"auto, (max-width: 435px) 100vw, 435px\" \/><\/figure>\n<\/div>\n\n\n\n<div class=\"wp-block-column is-layout-flow wp-block-column-is-layout-flow\">\n<p>In diesem Ort in Burgos, der Teil des Camino del Cid ist, steht eines der bekanntesten spanischen Kl\u00f6ster. Die benediktinische Abtei selbst k\u00f6nnte mit dem Leben von Rodrigo D\u00edaz de Vivar in Verbindung stehen, einer historischen und legend\u00e4ren Figur der Reconquista, deren Leben den wichtigsten canto de gesta der spanischen Literatur inspirierte. Der Held soll einen Teil seines Besitzes f\u00fcr die St\u00e4tte gestiftet haben. Santo Domingo de Silos ist auf jeden Fall ein k\u00fcnstlerisches Ziel ersten Ranges. Grund daf\u00fcr sind der sch\u00f6ne romanische Kreuzgang, der sich durch einen Innenhof mit zwei \u00fcbereinander liegenden Ebenen auszeichnet, und der Garten mit einer gro\u00dfen, \u00fcber 25 Meter hohen Zypresse.<\/p>\n\n\n\n<p>Das Grab des Heiligen Dominikus ist eine weitere Sehensw\u00fcrdigkeit, ebenso wie die herrlichen Flachreliefs im Kreuzgang. Diese sind mit mehreren Arkaden versehen, die ein angenehmes Gef\u00fchl der Harmonie vermitteln. Schlie\u00dflich gibt es noch die neoklassizistische Kirche des Klosters, ein Werk von Ventura Rodr\u00edguez, und die Apotheke des Klosters aus dem 18. Jahrhundert, in der eine interessante Sammlung von Talavera-Keramik zu sehen ist.<\/p>\n\n\n\n<p>Die M\u00f6nche bieten eine Unterkunft f\u00fcr M\u00e4nner, die das Klosterleben kennenlernen, sich erholen und ein paar Tage der Besinnung und Ruhe verbringen m\u00f6chten. In der Abteikirche k\u00f6nnen alle Gottesdienste und Stundengebete besucht werden.<\/p>\n<\/div>\n<\/div>\n\n\n\n<p><a href=\"https:\/\/www.abadiadesilos.es\/\" target=\"_blank\" rel=\"noreferrer noopener\">Hier geht\u00b4s zur Internetseite des Klosters<\/a><\/p>\n","protected":false},"excerpt":{"rendered":"<p>Teil II der Sommerartikelreihe: Kl\u00f6ster, Kunst und Museen<\/p>\n","protected":false},"featured_media":259,"parent":0,"template":"","categories":[],"class_list":["post-255","meldung","type-meldung","status-publish","has-post-thumbnail","hentry"],"acf":[],"yoast_head":"<!-- This site is optimized with the Yoast SEO plugin v26.3 - https:\/\/yoast.com\/wordpress\/plugins\/seo\/ -->\n<title>Faszinierende Kl\u00f6ster in Spanien zwischen Kultur und Tradition &#8211; Ordensgemeinschaften in Deutschland<\/title>\n<meta name=\"description\" content=\"Teil II der Sommerartikelreihe: Kl\u00f6ster, Kunst und Museen.\" \/>\n<meta name=\"robots\" content=\"noindex, follow, max-snippet:-1, max-image-preview:large, max-video-preview:-1\" \/>\n<meta property=\"og:locale\" content=\"de_DE\" \/>\n<meta property=\"og:type\" content=\"article\" \/>\n<meta property=\"og:title\" content=\"Faszinierende Kl\u00f6ster in Spanien zwischen Kultur und Tradition\" \/>\n<meta property=\"og:description\" content=\"Teil II der Sommerartikelreihe: Kl\u00f6ster, Kunst und Museen.\" \/>\n<meta property=\"og:url\" content=\"https:\/\/test-wuwei.de\/orden\/meldung\/faszinierende-kloster-in-spanien-zwischen-kultur-und-tradition\/\" \/>\n<meta property=\"og:site_name\" content=\"Ordensgemeinschaften in Deutschland\" \/>\n<meta property=\"article:modified_time\" content=\"2025-09-01T09:59:47+00:00\" \/>\n<meta property=\"og:image\" content=\"https:\/\/test-wuwei.de\/orden\/wp-content\/uploads\/2025\/08\/csm_Monasterio_de_Suso__2__a7a487aeac.jpg\" \/>\n\t<meta property=\"og:image:width\" content=\"435\" \/>\n\t<meta property=\"og:image:height\" content=\"648\" \/>\n\t<meta property=\"og:image:type\" content=\"image\/jpeg\" \/>\n<meta name=\"twitter:card\" content=\"summary_large_image\" \/>\n<meta name=\"twitter:label1\" content=\"Gesch\u00e4tzte Lesezeit\" \/>\n\t<meta name=\"twitter:data1\" content=\"12\u00a0Minuten\" \/>\n<script type=\"application\/ld+json\" class=\"yoast-schema-graph\">{\"@context\":\"https:\/\/schema.org\",\"@graph\":[{\"@type\":\"WebPage\",\"@id\":\"https:\/\/test-wuwei.de\/orden\/meldung\/faszinierende-kloster-in-spanien-zwischen-kultur-und-tradition\/\",\"url\":\"https:\/\/test-wuwei.de\/orden\/meldung\/faszinierende-kloster-in-spanien-zwischen-kultur-und-tradition\/\",\"name\":\"Faszinierende Kl\u00f6ster in Spanien zwischen Kultur und Tradition &#8211; Ordensgemeinschaften in Deutschland\",\"isPartOf\":{\"@id\":\"https:\/\/test-wuwei.de\/orden\/#website\"},\"primaryImageOfPage\":{\"@id\":\"https:\/\/test-wuwei.de\/orden\/meldung\/faszinierende-kloster-in-spanien-zwischen-kultur-und-tradition\/#primaryimage\"},\"image\":{\"@id\":\"https:\/\/test-wuwei.de\/orden\/meldung\/faszinierende-kloster-in-spanien-zwischen-kultur-und-tradition\/#primaryimage\"},\"thumbnailUrl\":\"https:\/\/test-wuwei.de\/orden\/wp-content\/uploads\/2025\/08\/csm_Monasterio_de_Suso__2__a7a487aeac.jpg\",\"datePublished\":\"2025-07-22T07:00:00+00:00\",\"dateModified\":\"2025-09-01T09:59:47+00:00\",\"description\":\"Teil II der Sommerartikelreihe: Kl\u00f6ster, Kunst und Museen.\",\"breadcrumb\":{\"@id\":\"https:\/\/test-wuwei.de\/orden\/meldung\/faszinierende-kloster-in-spanien-zwischen-kultur-und-tradition\/#breadcrumb\"},\"inLanguage\":\"de\",\"potentialAction\":[{\"@type\":\"ReadAction\",\"target\":[\"https:\/\/test-wuwei.de\/orden\/meldung\/faszinierende-kloster-in-spanien-zwischen-kultur-und-tradition\/\"]}]},{\"@type\":\"ImageObject\",\"inLanguage\":\"de\",\"@id\":\"https:\/\/test-wuwei.de\/orden\/meldung\/faszinierende-kloster-in-spanien-zwischen-kultur-und-tradition\/#primaryimage\",\"url\":\"https:\/\/test-wuwei.de\/orden\/wp-content\/uploads\/2025\/08\/csm_Monasterio_de_Suso__2__a7a487aeac.jpg\",\"contentUrl\":\"https:\/\/test-wuwei.de\/orden\/wp-content\/uploads\/2025\/08\/csm_Monasterio_de_Suso__2__a7a487aeac.jpg\",\"width\":435,\"height\":648},{\"@type\":\"BreadcrumbList\",\"@id\":\"https:\/\/test-wuwei.de\/orden\/meldung\/faszinierende-kloster-in-spanien-zwischen-kultur-und-tradition\/#breadcrumb\",\"itemListElement\":[{\"@type\":\"ListItem\",\"position\":1,\"name\":\"\ud83c\udfe0\ufe0e\",\"item\":\"https:\/\/test-wuwei.de\/orden\/\"},{\"@type\":\"ListItem\",\"position\":2,\"name\":\"Faszinierende Kl\u00f6ster in Spanien zwischen Kultur und Tradition\"}]},{\"@type\":\"WebSite\",\"@id\":\"https:\/\/test-wuwei.de\/orden\/#website\",\"url\":\"https:\/\/test-wuwei.de\/orden\/\",\"name\":\"Ordensgemeinschaften in Deutschland\",\"description\":\"Deutsche Ordensobernkonferenz\",\"publisher\":{\"@id\":\"https:\/\/test-wuwei.de\/orden\/#organization\"},\"potentialAction\":[{\"@type\":\"SearchAction\",\"target\":{\"@type\":\"EntryPoint\",\"urlTemplate\":\"https:\/\/test-wuwei.de\/orden\/?s={search_term_string}\"},\"query-input\":{\"@type\":\"PropertyValueSpecification\",\"valueRequired\":true,\"valueName\":\"search_term_string\"}}],\"inLanguage\":\"de\"},{\"@type\":\"Organization\",\"@id\":\"https:\/\/test-wuwei.de\/orden\/#organization\",\"name\":\"Ordensgemeinschaften in Deutschland\",\"url\":\"https:\/\/test-wuwei.de\/orden\/\",\"logo\":{\"@type\":\"ImageObject\",\"inLanguage\":\"de\",\"@id\":\"https:\/\/test-wuwei.de\/orden\/#\/schema\/logo\/image\/\",\"url\":\"https:\/\/test-wuwei.de\/orden\/wp-content\/uploads\/2025\/07\/DOK_Logo_RGB_mit.jpg\",\"contentUrl\":\"https:\/\/test-wuwei.de\/orden\/wp-content\/uploads\/2025\/07\/DOK_Logo_RGB_mit.jpg\",\"width\":2480,\"height\":1748,\"caption\":\"Ordensgemeinschaften in Deutschland\"},\"image\":{\"@id\":\"https:\/\/test-wuwei.de\/orden\/#\/schema\/logo\/image\/\"}}]}<\/script>\n<!-- \/ Yoast SEO plugin. -->","yoast_head_json":{"title":"Faszinierende Kl\u00f6ster in Spanien zwischen Kultur und Tradition &#8211; Ordensgemeinschaften in Deutschland","description":"Teil II der Sommerartikelreihe: Kl\u00f6ster, Kunst und Museen.","robots":{"index":"noindex","follow":"follow","max-snippet":"max-snippet:-1","max-image-preview":"max-image-preview:large","max-video-preview":"max-video-preview:-1"},"og_locale":"de_DE","og_type":"article","og_title":"Faszinierende Kl\u00f6ster in Spanien zwischen Kultur und Tradition","og_description":"Teil II der Sommerartikelreihe: Kl\u00f6ster, Kunst und Museen.","og_url":"https:\/\/test-wuwei.de\/orden\/meldung\/faszinierende-kloster-in-spanien-zwischen-kultur-und-tradition\/","og_site_name":"Ordensgemeinschaften in Deutschland","article_modified_time":"2025-09-01T09:59:47+00:00","og_image":[{"width":435,"height":648,"url":"https:\/\/test-wuwei.de\/orden\/wp-content\/uploads\/2025\/08\/csm_Monasterio_de_Suso__2__a7a487aeac.jpg","type":"image\/jpeg"}],"twitter_card":"summary_large_image","twitter_misc":{"Gesch\u00e4tzte Lesezeit":"12\u00a0Minuten"},"schema":{"@context":"https:\/\/schema.org","@graph":[{"@type":"WebPage","@id":"https:\/\/test-wuwei.de\/orden\/meldung\/faszinierende-kloster-in-spanien-zwischen-kultur-und-tradition\/","url":"https:\/\/test-wuwei.de\/orden\/meldung\/faszinierende-kloster-in-spanien-zwischen-kultur-und-tradition\/","name":"Faszinierende Kl\u00f6ster in Spanien zwischen Kultur und Tradition &#8211; Ordensgemeinschaften in Deutschland","isPartOf":{"@id":"https:\/\/test-wuwei.de\/orden\/#website"},"primaryImageOfPage":{"@id":"https:\/\/test-wuwei.de\/orden\/meldung\/faszinierende-kloster-in-spanien-zwischen-kultur-und-tradition\/#primaryimage"},"image":{"@id":"https:\/\/test-wuwei.de\/orden\/meldung\/faszinierende-kloster-in-spanien-zwischen-kultur-und-tradition\/#primaryimage"},"thumbnailUrl":"https:\/\/test-wuwei.de\/orden\/wp-content\/uploads\/2025\/08\/csm_Monasterio_de_Suso__2__a7a487aeac.jpg","datePublished":"2025-07-22T07:00:00+00:00","dateModified":"2025-09-01T09:59:47+00:00","description":"Teil II der Sommerartikelreihe: Kl\u00f6ster, Kunst und Museen.","breadcrumb":{"@id":"https:\/\/test-wuwei.de\/orden\/meldung\/faszinierende-kloster-in-spanien-zwischen-kultur-und-tradition\/#breadcrumb"},"inLanguage":"de","potentialAction":[{"@type":"ReadAction","target":["https:\/\/test-wuwei.de\/orden\/meldung\/faszinierende-kloster-in-spanien-zwischen-kultur-und-tradition\/"]}]},{"@type":"ImageObject","inLanguage":"de","@id":"https:\/\/test-wuwei.de\/orden\/meldung\/faszinierende-kloster-in-spanien-zwischen-kultur-und-tradition\/#primaryimage","url":"https:\/\/test-wuwei.de\/orden\/wp-content\/uploads\/2025\/08\/csm_Monasterio_de_Suso__2__a7a487aeac.jpg","contentUrl":"https:\/\/test-wuwei.de\/orden\/wp-content\/uploads\/2025\/08\/csm_Monasterio_de_Suso__2__a7a487aeac.jpg","width":435,"height":648},{"@type":"BreadcrumbList","@id":"https:\/\/test-wuwei.de\/orden\/meldung\/faszinierende-kloster-in-spanien-zwischen-kultur-und-tradition\/#breadcrumb","itemListElement":[{"@type":"ListItem","position":1,"name":"\ud83c\udfe0\ufe0e","item":"https:\/\/test-wuwei.de\/orden\/"},{"@type":"ListItem","position":2,"name":"Faszinierende Kl\u00f6ster in Spanien zwischen Kultur und Tradition"}]},{"@type":"WebSite","@id":"https:\/\/test-wuwei.de\/orden\/#website","url":"https:\/\/test-wuwei.de\/orden\/","name":"Ordensgemeinschaften in Deutschland","description":"Deutsche Ordensobernkonferenz","publisher":{"@id":"https:\/\/test-wuwei.de\/orden\/#organization"},"potentialAction":[{"@type":"SearchAction","target":{"@type":"EntryPoint","urlTemplate":"https:\/\/test-wuwei.de\/orden\/?s={search_term_string}"},"query-input":{"@type":"PropertyValueSpecification","valueRequired":true,"valueName":"search_term_string"}}],"inLanguage":"de"},{"@type":"Organization","@id":"https:\/\/test-wuwei.de\/orden\/#organization","name":"Ordensgemeinschaften in Deutschland","url":"https:\/\/test-wuwei.de\/orden\/","logo":{"@type":"ImageObject","inLanguage":"de","@id":"https:\/\/test-wuwei.de\/orden\/#\/schema\/logo\/image\/","url":"https:\/\/test-wuwei.de\/orden\/wp-content\/uploads\/2025\/07\/DOK_Logo_RGB_mit.jpg","contentUrl":"https:\/\/test-wuwei.de\/orden\/wp-content\/uploads\/2025\/07\/DOK_Logo_RGB_mit.jpg","width":2480,"height":1748,"caption":"Ordensgemeinschaften in Deutschland"},"image":{"@id":"https:\/\/test-wuwei.de\/orden\/#\/schema\/logo\/image\/"}}]}},"_links":{"self":[{"href":"https:\/\/test-wuwei.de\/orden\/wp-json\/wp\/v2\/meldung\/255","targetHints":{"allow":["GET"]}}],"collection":[{"href":"https:\/\/test-wuwei.de\/orden\/wp-json\/wp\/v2\/meldung"}],"about":[{"href":"https:\/\/test-wuwei.de\/orden\/wp-json\/wp\/v2\/types\/meldung"}],"wp:featuredmedia":[{"embeddable":true,"href":"https:\/\/test-wuwei.de\/orden\/wp-json\/wp\/v2\/media\/259"}],"wp:attachment":[{"href":"https:\/\/test-wuwei.de\/orden\/wp-json\/wp\/v2\/media?parent=255"}],"wp:term":[{"taxonomy":"category","embeddable":true,"href":"https:\/\/test-wuwei.de\/orden\/wp-json\/wp\/v2\/categories?post=255"}],"curies":[{"name":"wp","href":"https:\/\/api.w.org\/{rel}","templated":true}]}}