{"id":251,"date":"2025-07-31T09:00:00","date_gmt":"2025-07-31T07:00:00","guid":{"rendered":"https:\/\/test-wuwei.de\/orden\/?post_type=aktuelles&#038;p=251"},"modified":"2026-03-04T14:21:21","modified_gmt":"2026-03-04T13:21:21","slug":"mehr-als-ein-denkmal-kloester-heute-erleben","status":"publish","type":"meldung","link":"https:\/\/test-wuwei.de\/orden\/meldung\/mehr-als-ein-denkmal-kloester-heute-erleben\/","title":{"rendered":"Tag des offenen Klosters: Kl\u00f6ster heute erleben"},"content":{"rendered":"\n<h2 class=\"wp-block-heading has-medium-font-size\"><strong>Ordensgemeinschaften im Bistum W\u00fcrzburg beteiligen sich am Tag des offenen Denkmals, dem 14. September 2025.<\/strong><\/h2>\n\n\n\n<figure class=\"gb-block-image gb-block-image-09b9e2e9\"><img loading=\"lazy\" decoding=\"async\" width=\"870\" height=\"430\" class=\"gb-image gb-image-09b9e2e9\" src=\"https:\/\/test-wuwei.de\/orden\/wp-content\/uploads\/2025\/08\/csm_Oberzell_Klosterkirche_von_Norden_b96c9fb5e4.jpeg\" alt=\"Klosterkirche St. Michael und Kloster Oberzell von Norden\" title=\"Csm Oberzell Klosterkirche Von Norden B96c9fb5e4\" srcset=\"https:\/\/test-wuwei.de\/orden\/wp-content\/uploads\/2025\/08\/csm_Oberzell_Klosterkirche_von_Norden_b96c9fb5e4.jpeg 870w, https:\/\/test-wuwei.de\/orden\/wp-content\/uploads\/2025\/08\/csm_Oberzell_Klosterkirche_von_Norden_b96c9fb5e4-300x148.jpeg 300w, https:\/\/test-wuwei.de\/orden\/wp-content\/uploads\/2025\/08\/csm_Oberzell_Klosterkirche_von_Norden_b96c9fb5e4-768x380.jpeg 768w\" sizes=\"auto, (max-width: 870px) 100vw, 870px\" \/><\/figure>\n\n\n\n<p class=\"has-contrast-2-color has-text-color has-link-color wp-elements-a18d5804d33cf385779fb4ebda55d697\">Klosterkirche St. Michael und Kloster Oberzell von Norden<\/p>\n\n\n\n<p><em>Orden.de dokumentiert: Eine gemeinsame Pressemitteilung des Bistums W\u00fcrzburg und der beteiligten Ordensgemeinschaften.<\/em><\/p>\n\n\n\n<p>Was macht ein Geb\u00e4ude zum Denkmal? Und was h\u00e4lt es lebendig? Ordensgemeinschaften im Bistum W\u00fcrzburg geben darauf am Sonntag, 14. September, eine besondere Antwort. Sie laden zum Tag des offenen Klosters ein und damit zu Einblick, Begegnung und Austausch. Anlass ist der bundesweite Tag des offenen Denkmals, der in diesem Jahr unter dem Motto \u201eWert-voll: unbezahlbar oder unersetzlich?\u201c steht.<\/p>\n\n\n\n<p>Kl\u00f6ster sind Orte des Gebets und der Gemeinschaft, aber auch der Bildung und der Sorge f\u00fcr andere. Sie sind R\u00e4ume mit Geschichte und Gegenwart, mit Architektur, die zum Staunen einl\u00e4dt, und mit Gemeinschaften, die bis heute wirken. Mit besonderen Gottesdiensten, F\u00fchrungen und thematischen Angeboten beteiligen sich folgende Kl\u00f6ster im Bistum:<\/p>\n\n\n\n<p>Die&nbsp;<strong>Franziskaner-Minoriten<\/strong>&nbsp;sind seit 1221 in der Stadt W\u00fcrzburg. Noch zu Lebzeiten des hl. Franziskus, ihres Gr\u00fcnders, haben sie den Weg \u00fcber die Alpen gewagt und das franziskanische Ideal nach Deutschland gebracht. Ihr W\u00fcrzburger Kloster in der Franziskanergasse steht unter dem Patronat des Heiligen Kreuzes. So f\u00e4llt der \u201eTag des offenen Denkmals\u201c auf das Patronatsfest der altehrw\u00fcrdigen Franziskanerkirche. Die Br\u00fcder feiern den Festtag mit Eucharistiefeiern um 9.30 und 11 Uhr. Nach der zweiten Messe sind alle zu einem Imbiss und zur Begegnung im Kreuzgang eingeladen.<\/p>\n\n\n\n<p>Die&nbsp;<strong>Kreuzschwestern<\/strong>&nbsp;in Gem\u00fcnden verbinden den Tag mit einem Doppeljubil\u00e4um: dem Fest Kreuzerh\u00f6hung und dem 200. Geburtstag ihrer Gr\u00fcnderin Mutter Maria Theresia Scherer. Um 10 Uhr feiern sie einen Festgottesdienst mit Domkapitular Clemens Bieber, musikalisch gestaltet von der Gruppe \u201eJust for Fun\u201c aus Halsbach. Kirchenf\u00fchrungen gibt es um 13.30 Uhr und um 16 Uhr.<\/p>\n\n\n\n<p>Auch die&nbsp;<strong>Oberzeller Franziskanerinnen<\/strong>&nbsp;laden ein, ihr Kloster zu entdecken. Das Programm beginnt um 9 Uhr mit einem Sch\u00f6pfungsgottesdienst, im Anschluss daran l\u00e4dt der Oberzeller Kreis (Freund:innen der Gemeinschaft) zur Begegnung im Kirchhof ein. Im Laufe des Tages gibt es F\u00fchrungen durch das Kloster (11 und 15 Uhr) und das Tagungshaus (14 Uhr), eine Mittagsmeditation (12.30 Uhr) sowie Einblicke in die Arbeit im Heilkr\u00e4utergarten (14 bis 16 Uhr) und das Engagement f\u00fcr Nachhaltigkeit und Sch\u00f6pfungsverantwortung (13 bis 15 Uhr). Au\u00dferdem \u00f6ffnen die K\u00fcnstlerinnen auf dem Klostergel\u00e4nde, Claudia W\u00fchrl und Barbara B\u00fcchner, ihre Ateliers. Der Tag endet mit einem Abschlusssegen um 16 Uhr im Innenhof des Mutterhauses.<\/p>\n\n\n\n<p>Die&nbsp;<strong>Salesianer Don Boscos<\/strong>&nbsp;in W\u00fcrzburg erm\u00f6glichen einen Blick auf Vergangenheit und Gegenwart des heutigen Bildungszentrums am Schottenanger. Das St. Jakobus d. \u00c4. geweihte Kloster wurde 1139 gegr\u00fcndet. In der S\u00e4kularisation 1803 wurde das Kloster aufgel\u00f6st. Das Geb\u00e4ude wurde Garnisonslazarett und die Klosterkirche Milit\u00e4rmagazin und ab 1904 Garnisonkirche. Nach dem Zweiten Weltkrieg \u00fcbernahm die Ordensgemeinschaft der Salesianer Don Boscos das bombenzerst\u00f6rte Areal. 1951 begann die Arbeit f\u00fcr junge Menschen. Seit 1980 tr\u00e4gt der Orden und die Di\u00f6zesancaritas das Bildungszentrum der Caritas-Don Bosco gGmbH. In interaktiven F\u00fchrungen durch Kirche, Innenhof, Ordensbereiche und ausgew\u00e4hlte R\u00e4ume des Bildungszentrums wird deutlich, wie sich Geschichte und aktuelles Engagement f\u00fcr junge Menschen verbinden. Die F\u00fchrungen beginnen um 14 Uhr, wiederholen sich alle 90 Minuten, letzter Termin ist um 17 Uhr. Treffpunkt ist die Pforte der Caritas-Don Bosco gGmbH.<\/p>\n\n\n\n<p>Die&nbsp;<strong>Ursulinen<\/strong>&nbsp;in W\u00fcrzburg blicken in diesem Jahr auf 300 Jahre auf dem Gel\u00e4nde in der Augustinerstra\u00dfe zur\u00fcck. Unter dem Motto \u201eDENK MAL \u2013 Ursulinen in W\u00fcrzburg seit 1712\u201c geben sie bei F\u00fchrungen durch die Antoniterkirche, den Kreuzgang und die Aula Einblicke in ihre lange Geschichte. Die F\u00fchrungen beginnen um 14 und um 16 Uhr.<\/p>\n\n\n\n<p>Der Tag des offenen Klosters bietet Besucherinnen und Besuchern die M\u00f6glichkeit, in die besondere Atmosph\u00e4re kl\u00f6sterlicher R\u00e4ume einzutauchen und mit Ordensleuten ins Gespr\u00e4ch zu kommen. Alle Interessierten sind herzlich willkommen.<\/p>\n\n\n\n<p>Weitere Infos auf den jeweiligen Internetseiten der Ordensgemeinschaften.<\/p>\n\n\n\n<div style=\"height:50px\" aria-hidden=\"true\" class=\"wp-block-spacer\"><\/div>\n\n\n\n<h2 class=\"wp-block-heading has-large-font-size\">Hintergrund: Tag des offenen Denkmals<\/h2>\n\n\n\n<p>Der Tag des offenen Denkmals findet jedes Jahr am zweiten Sonntag im September statt und wird bundesweit von der Deutschen Stiftung Denkmalschutz (DSD) koordiniert. Ziel des Aktionstags ist es, historische Geb\u00e4ude und Orte zug\u00e4nglich zu machen, die sonst nicht oder nur eingeschr\u00e4nkt besucht werden k\u00f6nnen. Zwischen 5.000 und 7.000 Denkmale \u00f6ffnen an diesem Tag ihre T\u00fcren \u2013 darunter private H\u00e4user, Sakralbauten, Industrieanlagen oder arch\u00e4ologische St\u00e4tten.<\/p>\n\n\n\n<p>Der Tag des offenen Denkmals ist Teil der European Heritage Days unter der Schirmherrschaft des Europarats und gilt als gr\u00f6\u00dftes Kulturevent Deutschlands. Millionen Menschen nutzen j\u00e4hrlich die Gelegenheit, sich vor Ort \u00fcber Denkmalpflege zu informieren, an F\u00fchrungen teilzunehmen oder mit Fachleuten ins Gespr\u00e4ch zu kommen.<\/p>\n\n\n\n<p>2025 steht der Tag unter dem Motto&nbsp;<strong>\u201eWert-voll: unbezahlbar oder unersetzlich?\u201c<\/strong>. Es l\u00e4dt dazu ein, den ideellen und kulturellen Wert von Denkmalen neu zu entdecken. Was macht ein Bauwerk kostbar \u2013 jenseits seines materiellen Werts? Warum lohnt sich sein Erhalt? Im Mittelpunkt stehen Orte, die Geschichte(n) erz\u00e4hlen \u2013 und Menschen, die sich f\u00fcr ihren Schutz und ihre Zukunft engagieren.<\/p>\n\n\n\n<p>Weitere Informationen:&nbsp;<a href=\"https:\/\/www.tag-des-offenen-denkmals.de\/\" target=\"_blank\" rel=\"noreferrer noopener\">www.tag-des-offenen-denkmals.de<\/a><br><br><\/p>\n","protected":false},"excerpt":{"rendered":"<p>Ordensgemeinschaften im Bistum W\u00fcrzburg beteiligen sich am Tag des offenen Denkmals, dem 14. September 2025.<\/p>\n","protected":false},"featured_media":252,"parent":0,"template":"","categories":[83],"class_list":["post-251","meldung","type-meldung","status-publish","has-post-thumbnail","hentry","category-thema-orden-und-kultur"],"acf":[],"yoast_head":"<!-- This site is optimized with the Yoast SEO plugin v26.3 - https:\/\/yoast.com\/wordpress\/plugins\/seo\/ -->\n<title>Tag des offenen Klosters: Kl\u00f6ster heute erleben &#8211; Ordensgemeinschaften in Deutschland<\/title>\n<meta name=\"description\" content=\"Ordensgemeinschaften im Bistum W\u00fcrzburg beteiligen sich am Tag des offenen Denkmals, dem 14. September 2025.\" \/>\n<meta name=\"robots\" content=\"noindex, follow, max-snippet:-1, max-image-preview:large, max-video-preview:-1\" \/>\n<meta property=\"og:locale\" content=\"de_DE\" \/>\n<meta property=\"og:type\" content=\"article\" \/>\n<meta property=\"og:title\" content=\"Tag des offenen Klosters: Kl\u00f6ster heute erleben\" \/>\n<meta property=\"og:description\" content=\"Ordensgemeinschaften im Bistum W\u00fcrzburg beteiligen sich am Tag des offenen Denkmals, dem 14. September 2025.\" \/>\n<meta property=\"og:url\" content=\"https:\/\/test-wuwei.de\/orden\/meldung\/mehr-als-ein-denkmal-kloester-heute-erleben\/\" \/>\n<meta property=\"og:site_name\" content=\"Ordensgemeinschaften in Deutschland\" \/>\n<meta property=\"article:modified_time\" content=\"2026-03-04T13:21:21+00:00\" \/>\n<meta property=\"og:image\" content=\"https:\/\/test-wuwei.de\/orden\/wp-content\/uploads\/2025\/08\/csm_Oberzell_Klosterkirche_von_Norden_b96c9fb5e4.jpeg\" \/>\n\t<meta property=\"og:image:width\" content=\"870\" \/>\n\t<meta property=\"og:image:height\" content=\"430\" \/>\n\t<meta property=\"og:image:type\" content=\"image\/jpeg\" \/>\n<meta name=\"twitter:card\" content=\"summary_large_image\" \/>\n<meta name=\"twitter:label1\" content=\"Gesch\u00e4tzte Lesezeit\" \/>\n\t<meta name=\"twitter:data1\" content=\"5\u00a0Minuten\" \/>\n<script type=\"application\/ld+json\" class=\"yoast-schema-graph\">{\"@context\":\"https:\/\/schema.org\",\"@graph\":[{\"@type\":\"WebPage\",\"@id\":\"https:\/\/test-wuwei.de\/orden\/meldung\/mehr-als-ein-denkmal-kloester-heute-erleben\/\",\"url\":\"https:\/\/test-wuwei.de\/orden\/meldung\/mehr-als-ein-denkmal-kloester-heute-erleben\/\",\"name\":\"Tag des offenen Klosters: Kl\u00f6ster heute erleben &#8211; Ordensgemeinschaften in Deutschland\",\"isPartOf\":{\"@id\":\"https:\/\/test-wuwei.de\/orden\/#website\"},\"primaryImageOfPage\":{\"@id\":\"https:\/\/test-wuwei.de\/orden\/meldung\/mehr-als-ein-denkmal-kloester-heute-erleben\/#primaryimage\"},\"image\":{\"@id\":\"https:\/\/test-wuwei.de\/orden\/meldung\/mehr-als-ein-denkmal-kloester-heute-erleben\/#primaryimage\"},\"thumbnailUrl\":\"https:\/\/test-wuwei.de\/orden\/wp-content\/uploads\/2025\/08\/csm_Oberzell_Klosterkirche_von_Norden_b96c9fb5e4.jpeg\",\"datePublished\":\"2025-07-31T07:00:00+00:00\",\"dateModified\":\"2026-03-04T13:21:21+00:00\",\"description\":\"Ordensgemeinschaften im Bistum W\u00fcrzburg beteiligen sich am Tag des offenen Denkmals, dem 14. September 2025.\",\"breadcrumb\":{\"@id\":\"https:\/\/test-wuwei.de\/orden\/meldung\/mehr-als-ein-denkmal-kloester-heute-erleben\/#breadcrumb\"},\"inLanguage\":\"de\",\"potentialAction\":[{\"@type\":\"ReadAction\",\"target\":[\"https:\/\/test-wuwei.de\/orden\/meldung\/mehr-als-ein-denkmal-kloester-heute-erleben\/\"]}]},{\"@type\":\"ImageObject\",\"inLanguage\":\"de\",\"@id\":\"https:\/\/test-wuwei.de\/orden\/meldung\/mehr-als-ein-denkmal-kloester-heute-erleben\/#primaryimage\",\"url\":\"https:\/\/test-wuwei.de\/orden\/wp-content\/uploads\/2025\/08\/csm_Oberzell_Klosterkirche_von_Norden_b96c9fb5e4.jpeg\",\"contentUrl\":\"https:\/\/test-wuwei.de\/orden\/wp-content\/uploads\/2025\/08\/csm_Oberzell_Klosterkirche_von_Norden_b96c9fb5e4.jpeg\",\"width\":870,\"height\":430,\"caption\":\"Klosterkirche St. Michael und Kloster Oberzell von Norden\"},{\"@type\":\"BreadcrumbList\",\"@id\":\"https:\/\/test-wuwei.de\/orden\/meldung\/mehr-als-ein-denkmal-kloester-heute-erleben\/#breadcrumb\",\"itemListElement\":[{\"@type\":\"ListItem\",\"position\":1,\"name\":\"\ud83c\udfe0\ufe0e\",\"item\":\"https:\/\/test-wuwei.de\/orden\/\"},{\"@type\":\"ListItem\",\"position\":2,\"name\":\"Tag des offenen Klosters: Kl\u00f6ster heute erleben\"}]},{\"@type\":\"WebSite\",\"@id\":\"https:\/\/test-wuwei.de\/orden\/#website\",\"url\":\"https:\/\/test-wuwei.de\/orden\/\",\"name\":\"Ordensgemeinschaften in Deutschland\",\"description\":\"Deutsche Ordensobernkonferenz\",\"publisher\":{\"@id\":\"https:\/\/test-wuwei.de\/orden\/#organization\"},\"potentialAction\":[{\"@type\":\"SearchAction\",\"target\":{\"@type\":\"EntryPoint\",\"urlTemplate\":\"https:\/\/test-wuwei.de\/orden\/?s={search_term_string}\"},\"query-input\":{\"@type\":\"PropertyValueSpecification\",\"valueRequired\":true,\"valueName\":\"search_term_string\"}}],\"inLanguage\":\"de\"},{\"@type\":\"Organization\",\"@id\":\"https:\/\/test-wuwei.de\/orden\/#organization\",\"name\":\"Ordensgemeinschaften in Deutschland\",\"url\":\"https:\/\/test-wuwei.de\/orden\/\",\"logo\":{\"@type\":\"ImageObject\",\"inLanguage\":\"de\",\"@id\":\"https:\/\/test-wuwei.de\/orden\/#\/schema\/logo\/image\/\",\"url\":\"https:\/\/test-wuwei.de\/orden\/wp-content\/uploads\/2025\/07\/DOK_Logo_RGB_mit.jpg\",\"contentUrl\":\"https:\/\/test-wuwei.de\/orden\/wp-content\/uploads\/2025\/07\/DOK_Logo_RGB_mit.jpg\",\"width\":2480,\"height\":1748,\"caption\":\"Ordensgemeinschaften in Deutschland\"},\"image\":{\"@id\":\"https:\/\/test-wuwei.de\/orden\/#\/schema\/logo\/image\/\"}}]}<\/script>\n<!-- \/ Yoast SEO plugin. -->","yoast_head_json":{"title":"Tag des offenen Klosters: Kl\u00f6ster heute erleben &#8211; Ordensgemeinschaften in Deutschland","description":"Ordensgemeinschaften im Bistum W\u00fcrzburg beteiligen sich am Tag des offenen Denkmals, dem 14. September 2025.","robots":{"index":"noindex","follow":"follow","max-snippet":"max-snippet:-1","max-image-preview":"max-image-preview:large","max-video-preview":"max-video-preview:-1"},"og_locale":"de_DE","og_type":"article","og_title":"Tag des offenen Klosters: Kl\u00f6ster heute erleben","og_description":"Ordensgemeinschaften im Bistum W\u00fcrzburg beteiligen sich am Tag des offenen Denkmals, dem 14. September 2025.","og_url":"https:\/\/test-wuwei.de\/orden\/meldung\/mehr-als-ein-denkmal-kloester-heute-erleben\/","og_site_name":"Ordensgemeinschaften in Deutschland","article_modified_time":"2026-03-04T13:21:21+00:00","og_image":[{"width":870,"height":430,"url":"https:\/\/test-wuwei.de\/orden\/wp-content\/uploads\/2025\/08\/csm_Oberzell_Klosterkirche_von_Norden_b96c9fb5e4.jpeg","type":"image\/jpeg"}],"twitter_card":"summary_large_image","twitter_misc":{"Gesch\u00e4tzte Lesezeit":"5\u00a0Minuten"},"schema":{"@context":"https:\/\/schema.org","@graph":[{"@type":"WebPage","@id":"https:\/\/test-wuwei.de\/orden\/meldung\/mehr-als-ein-denkmal-kloester-heute-erleben\/","url":"https:\/\/test-wuwei.de\/orden\/meldung\/mehr-als-ein-denkmal-kloester-heute-erleben\/","name":"Tag des offenen Klosters: Kl\u00f6ster heute erleben &#8211; Ordensgemeinschaften in Deutschland","isPartOf":{"@id":"https:\/\/test-wuwei.de\/orden\/#website"},"primaryImageOfPage":{"@id":"https:\/\/test-wuwei.de\/orden\/meldung\/mehr-als-ein-denkmal-kloester-heute-erleben\/#primaryimage"},"image":{"@id":"https:\/\/test-wuwei.de\/orden\/meldung\/mehr-als-ein-denkmal-kloester-heute-erleben\/#primaryimage"},"thumbnailUrl":"https:\/\/test-wuwei.de\/orden\/wp-content\/uploads\/2025\/08\/csm_Oberzell_Klosterkirche_von_Norden_b96c9fb5e4.jpeg","datePublished":"2025-07-31T07:00:00+00:00","dateModified":"2026-03-04T13:21:21+00:00","description":"Ordensgemeinschaften im Bistum W\u00fcrzburg beteiligen sich am Tag des offenen Denkmals, dem 14. September 2025.","breadcrumb":{"@id":"https:\/\/test-wuwei.de\/orden\/meldung\/mehr-als-ein-denkmal-kloester-heute-erleben\/#breadcrumb"},"inLanguage":"de","potentialAction":[{"@type":"ReadAction","target":["https:\/\/test-wuwei.de\/orden\/meldung\/mehr-als-ein-denkmal-kloester-heute-erleben\/"]}]},{"@type":"ImageObject","inLanguage":"de","@id":"https:\/\/test-wuwei.de\/orden\/meldung\/mehr-als-ein-denkmal-kloester-heute-erleben\/#primaryimage","url":"https:\/\/test-wuwei.de\/orden\/wp-content\/uploads\/2025\/08\/csm_Oberzell_Klosterkirche_von_Norden_b96c9fb5e4.jpeg","contentUrl":"https:\/\/test-wuwei.de\/orden\/wp-content\/uploads\/2025\/08\/csm_Oberzell_Klosterkirche_von_Norden_b96c9fb5e4.jpeg","width":870,"height":430,"caption":"Klosterkirche St. Michael und Kloster Oberzell von Norden"},{"@type":"BreadcrumbList","@id":"https:\/\/test-wuwei.de\/orden\/meldung\/mehr-als-ein-denkmal-kloester-heute-erleben\/#breadcrumb","itemListElement":[{"@type":"ListItem","position":1,"name":"\ud83c\udfe0\ufe0e","item":"https:\/\/test-wuwei.de\/orden\/"},{"@type":"ListItem","position":2,"name":"Tag des offenen Klosters: Kl\u00f6ster heute erleben"}]},{"@type":"WebSite","@id":"https:\/\/test-wuwei.de\/orden\/#website","url":"https:\/\/test-wuwei.de\/orden\/","name":"Ordensgemeinschaften in Deutschland","description":"Deutsche Ordensobernkonferenz","publisher":{"@id":"https:\/\/test-wuwei.de\/orden\/#organization"},"potentialAction":[{"@type":"SearchAction","target":{"@type":"EntryPoint","urlTemplate":"https:\/\/test-wuwei.de\/orden\/?s={search_term_string}"},"query-input":{"@type":"PropertyValueSpecification","valueRequired":true,"valueName":"search_term_string"}}],"inLanguage":"de"},{"@type":"Organization","@id":"https:\/\/test-wuwei.de\/orden\/#organization","name":"Ordensgemeinschaften in Deutschland","url":"https:\/\/test-wuwei.de\/orden\/","logo":{"@type":"ImageObject","inLanguage":"de","@id":"https:\/\/test-wuwei.de\/orden\/#\/schema\/logo\/image\/","url":"https:\/\/test-wuwei.de\/orden\/wp-content\/uploads\/2025\/07\/DOK_Logo_RGB_mit.jpg","contentUrl":"https:\/\/test-wuwei.de\/orden\/wp-content\/uploads\/2025\/07\/DOK_Logo_RGB_mit.jpg","width":2480,"height":1748,"caption":"Ordensgemeinschaften in Deutschland"},"image":{"@id":"https:\/\/test-wuwei.de\/orden\/#\/schema\/logo\/image\/"}}]}},"_links":{"self":[{"href":"https:\/\/test-wuwei.de\/orden\/wp-json\/wp\/v2\/meldung\/251","targetHints":{"allow":["GET"]}}],"collection":[{"href":"https:\/\/test-wuwei.de\/orden\/wp-json\/wp\/v2\/meldung"}],"about":[{"href":"https:\/\/test-wuwei.de\/orden\/wp-json\/wp\/v2\/types\/meldung"}],"wp:featuredmedia":[{"embeddable":true,"href":"https:\/\/test-wuwei.de\/orden\/wp-json\/wp\/v2\/media\/252"}],"wp:attachment":[{"href":"https:\/\/test-wuwei.de\/orden\/wp-json\/wp\/v2\/media?parent=251"}],"wp:term":[{"taxonomy":"category","embeddable":true,"href":"https:\/\/test-wuwei.de\/orden\/wp-json\/wp\/v2\/categories?post=251"}],"curies":[{"name":"wp","href":"https:\/\/api.w.org\/{rel}","templated":true}]}}