{"id":2157,"date":"2025-08-14T09:23:31","date_gmt":"2025-08-14T07:23:31","guid":{"rendered":"https:\/\/test-wuwei.de\/orden\/?post_type=aktuelles&#038;p=2157"},"modified":"2025-08-26T13:18:36","modified_gmt":"2025-08-26T11:18:36","slug":"zwischen-tradition-und-ekstase-unterwegs-in-den-benelux-laendern","status":"publish","type":"meldung","link":"https:\/\/test-wuwei.de\/orden\/meldung\/zwischen-tradition-und-ekstase-unterwegs-in-den-benelux-laendern\/","title":{"rendered":"Zwischen Tradition und Ekstase \u2013 unterwegs in den Benelux-L\u00e4ndern"},"content":{"rendered":"\n<h2 class=\"wp-block-heading has-medium-font-size\"><strong>Teil IV der Sommerartikelreihe: Kl\u00f6ster, Kunst und Museen<\/strong><\/h2>\n\n\n\n<figure class=\"wp-block-image size-full is-resized\"><img loading=\"lazy\" decoding=\"async\" width=\"640\" height=\"359\" src=\"https:\/\/test-wuwei.de\/orden\/wp-content\/uploads\/2025\/08\/csm_BE-LX-Orval_Abbaye_abbatiale_14_ffe1b94ea4.jpg\" alt=\"\" class=\"wp-image-2159\" style=\"width:1180px;height:auto\" srcset=\"https:\/\/test-wuwei.de\/orden\/wp-content\/uploads\/2025\/08\/csm_BE-LX-Orval_Abbaye_abbatiale_14_ffe1b94ea4.jpg 640w, https:\/\/test-wuwei.de\/orden\/wp-content\/uploads\/2025\/08\/csm_BE-LX-Orval_Abbaye_abbatiale_14_ffe1b94ea4-300x168.jpg 300w\" sizes=\"auto, (max-width: 640px) 100vw, 640px\" \/><\/figure>\n\n\n\n<div style=\"height:10px\" aria-hidden=\"true\" class=\"wp-block-spacer\"><\/div>\n\n\n\n<p><em>In der Sommerzeit lassen viele Menschen den Arbeitsalltag zur\u00fcck und haben Mu\u00dfe, sich auf die Suche nach neuen Entdeckungen zu machen und sich \u00fcberraschen zu lassen. Die freie Zeit gibt Gelegenheit, neue Erfahrungen zu machen oder im Unterwegssein Kunst und Architektur zu begegnen.<\/em><\/p>\n\n\n\n<p><em>Kl\u00f6ster bieten dazu \u00fcberall in Europa vielf\u00e4ltige Ankn\u00fcpfungspunkte. Ihre Kunstsch\u00e4tze, Architektur, Bibliotheken oder klostereigene Museen er\u00f6ffnen die M\u00f6glichkeit niederschwelliger Auseinandersetzung mit dem kulturellen Erbe Europas.<\/em>&nbsp;<a href=\"http:\/\/orden.de\/\" target=\"_blank\" rel=\"noreferrer noopener\">Orden.de<\/a>&nbsp;<em>pr\u00e4sentiert in diesem Sommer in einer Artikelreihe unter dem Titel \u201eKl\u00f6ster, Kunst und Museen\u201c<\/em>&nbsp;<em>Beispiele daf\u00fcr. Sie bietet Einblicke in die vielf\u00e4ltige europ\u00e4ische Klosterlandschaft und zeigt auf, wo einige von ihnen selbst in Ausstellungen und Museen in den Dialog mit&nbsp;<\/em><em>Gegenwart, Geschichte und Kunst eintreten.<\/em><\/p>\n\n\n\n<p><em>Wer lieber der Sonne des S\u00fcdens entflieht, ist eingeladen, sich auf die Spuren alter Kl\u00f6ster in den Benelux-Staaten zu begeben. Trotz S\u00e4kularisierung pr\u00e4gen lebendige Kl\u00f6ster und das lokale Traditionsbewusstsein bis heute Orte der Ruhe und spirituellen Einkehr. Besonders in den Sommermonaten l\u00e4dt diese Reise dazu ein, fast vergessene Kl\u00f6ster neu zu entdecken.&nbsp;Orden.de l\u00e4dt Sie ein, Ihre Entdeckungsreise im Zentrum der Niederlande zu beginnen \u2013 und sich von dort aus von Kloster zu Kloster durch verschiedene Bist\u00fcmer, L\u00e4nder und Sprachr\u00e4ume f\u00fchren zu lassen.<\/em><\/p>\n\n\n\n<div style=\"height:20px\" aria-hidden=\"true\" class=\"wp-block-spacer\"><\/div>\n\n\n\n<hr class=\"wp-block-separator has-text-color has-contrast-3-color has-alpha-channel-opacity has-contrast-3-background-color has-background\"\/>\n\n\n\n<div style=\"height:20px\" aria-hidden=\"true\" class=\"wp-block-spacer\"><\/div>\n\n\n<div class=\"gb-grid-wrapper gb-grid-wrapper-77ff0723\">\n<div class=\"gb-grid-column gb-grid-column-788a889a\"><div class=\"gb-container gb-container-788a889a\">\n\n<h3 class=\"wp-block-heading\">Kloster Sint Agatha \u2013 650 Jahre Kreuzherren<\/h3>\n\n\n\n<p>Das Kloster Sint Agatha ist das \u00e4lteste nach wie vor bewohnte Kloster der Niederlande. Bereits vor den Toren des Dorfes Sint Agatha ist das Kloster von Weitem zu sehen. Es wird seit 1371 ununterbrochen von Kreuzherren (M\u00f6nchen des Ordens vom Heiligen Kreuz) bewohnt.<\/p>\n\n\n\n<p>Seit 2006 ist das Erfgoedcentrum Nederlands Kloosterleven (\u201eKulturerbezentrum f\u00fcr das niederl\u00e4ndische Klosterleben\u201c) in Sint Agatha untergebracht. Das Zentrum widmet sich dem Erhalt und der Pr\u00e4sentation des kl\u00f6sterlichen Erbes der Niederlande. Es ist aus eigener Initiative der Ordensgemeinschaften entstanden und verf\u00fcgt \u00fcber keinerlei staatliche Unterst\u00fctzung.<\/p>\n\n<\/div><\/div>\n\n<div class=\"gb-grid-column gb-grid-column-5dce9885\"><div class=\"gb-container gb-container-5dce9885\">\n\n<figure class=\"gb-block-image gb-block-image-00b7be13\"><img loading=\"lazy\" decoding=\"async\" width=\"266\" height=\"200\" class=\"gb-image gb-image-00b7be13\" src=\"https:\/\/test-wuwei.de\/orden\/wp-content\/uploads\/2025\/08\/csm_Monasterysintagatha_599bb2b154.jpg\" alt=\"\" title=\"OLYMPUS DIGITAL CAMERA\"\/><\/figure>\n\n<\/div><\/div>\n<\/div>\n\n\n<p>Ein Besuch ist spannend, da dort Gegenst\u00e4nde, Dokumente und Geschichten aus Kl\u00f6stern verschiedener Ordensgemeinschaften gesammelt, archiviert und gezeigt werden. Regelm\u00e4\u00dfig finden auch &nbsp;thematische Ausstellungen f\u00fcr die \u00d6ffentlichkeit statt.<\/p>\n\n\n\n<p>Auch die Klosterkirche und der jahrhundertealte, denkmalgesch\u00fctzte Klostergarten k\u00f6nnen besichtigt werden. Der 2,5 Hektar gro\u00dfe Garten ist heute Teil des Museumsbereichs. Er diente der Versorgung der Kreuzherren: Sie lebten jahrhundertelang weitgehend von den Erzeugnissen des Landes mit einem Gem\u00fcsegarten, Obstb\u00e4umen, Fischteichen, H\u00fchnerst\u00e4llen und Bienenst\u00f6cken. Der Garten wurde auch in der Freizeit zum Spazierengehen, f\u00fcr Sport, Gebet und zur Einkehr genutzt.<\/p>\n\n\n\n<p><a href=\"https:\/\/www.kloostersintagatha.nl\/\" target=\"_blank\" rel=\"noreferrer noopener\"><strong>Hier die Webseite aufrufen<\/strong><\/a><\/p>\n\n\n\n<div style=\"height:20px\" aria-hidden=\"true\" class=\"wp-block-spacer\"><\/div>\n\n\n\n<hr class=\"wp-block-separator has-text-color has-contrast-3-color has-alpha-channel-opacity has-contrast-3-background-color has-background\"\/>\n\n\n\n<div style=\"height:20px\" aria-hidden=\"true\" class=\"wp-block-spacer\"><\/div>\n\n\n<div class=\"gb-grid-wrapper gb-grid-wrapper-2eb17cc3\">\n<div class=\"gb-grid-column gb-grid-column-8fec2405\"><div class=\"gb-container gb-container-8fec2405\">\n\n<figure class=\"gb-block-image gb-block-image-34e3ebfc\"><img loading=\"lazy\" decoding=\"async\" width=\"356\" height=\"200\" class=\"gb-image gb-image-34e3ebfc\" src=\"https:\/\/test-wuwei.de\/orden\/wp-content\/uploads\/2025\/08\/csm_Uden__Netherlands_-_panoramio__3__e9c1a01c73.jpg\" alt=\"\" title=\"csm_Uden__Netherlands_-_panoramio__3__e9c1a01c73\" srcset=\"https:\/\/test-wuwei.de\/orden\/wp-content\/uploads\/2025\/08\/csm_Uden__Netherlands_-_panoramio__3__e9c1a01c73.jpg 356w, https:\/\/test-wuwei.de\/orden\/wp-content\/uploads\/2025\/08\/csm_Uden__Netherlands_-_panoramio__3__e9c1a01c73-300x169.jpg 300w\" sizes=\"auto, (max-width: 356px) 100vw, 356px\" \/><\/figure>\n\n<\/div><\/div>\n\n<div class=\"gb-grid-column gb-grid-column-cab616dd\"><div class=\"gb-container gb-container-cab616dd\">\n\n<h3 class=\"wp-block-heading\">Zusters Birgittinessen &#8211; Maria Refugie und Museum Krona<\/h3>\n\n\n\n<p>Die Birgittinnen, Anh\u00e4ngerinnen der Hl. Brigitta von Schweden, haben sich 1443 in den Niederlanden niedergelassen. Nachdem sie wegen eines Verbots des Katholizismus aus der Stadt Rosmalen fliehen mussten, haben sie 1713 in Uden Zuflucht gefunden. Von den einst 64 Brigittinen-Kl\u00f6stern haben nur zwei die St\u00fcrme der Reformation, der Pest und der S\u00e4kularisierung \u00fcberstanden: Das Kloster in Uden und das Kloster im schwedischen Vadstena.<\/p>\n\n<\/div><\/div>\n<\/div>\n\n\n<p><a href=\"https:\/\/abdijuden.nl\/\" target=\"_blank\" rel=\"noreferrer noopener\"><strong>Hier geht es zur Webseite der Birgittinen<\/strong><\/a><\/p>\n\n\n<div class=\"gb-grid-wrapper gb-grid-wrapper-e65dfbd2\">\n<div class=\"gb-grid-column gb-grid-column-2a000be6\"><div class=\"gb-container gb-container-2a000be6\">\n\n<p>Nach einem deutlichen R\u00fcckgang der Zahl der Schwestern beschlossen diese, den Komplex der Birgittinnen-Abtei Maria Refugie f\u00fcr die Gr\u00fcndung eines Museums zur Verf\u00fcgung zu stellen. Nun in den H\u00e4nden des Staates, tr\u00e4gt es seit 2019 den Namen \u201eKrona\u201c, das schwedische Wort Krone, in Erinnerung an die besondere Krone, die die Brigittinnen tragen: Sie besteht aus drei wei\u00dfen B\u00e4ndern, die miteinander verbunden sind. Die Stellen, an denen sich die B\u00e4nder kreuzen, symbolisieren die f\u00fcnf Wunden Christi.<\/p>\n\n<\/div><\/div>\n\n<div class=\"gb-grid-column gb-grid-column-5db3032e\"><div class=\"gb-container gb-container-5db3032e\">\n\n<figure class=\"gb-block-image gb-block-image-dd232dbf\"><img loading=\"lazy\" decoding=\"async\" width=\"134\" height=\"200\" class=\"gb-image gb-image-dd232dbf\" src=\"https:\/\/test-wuwei.de\/orden\/wp-content\/uploads\/2025\/08\/csm_Katerina_Lemmel_ad2e2b577f.jpg\" alt=\"\" title=\"Csm Katerina Lemmel Ad2e2b577f\"\/><\/figure>\n\n<\/div><\/div>\n<\/div>\n\n\n<div style=\"height:10px\" aria-hidden=\"true\" class=\"wp-block-spacer\"><\/div>\n\n\n\n<p>Das Museum hat sich zu einem bedeutenden Zentrum f\u00fcr religi\u00f6se, christliche und spirituelle Kunst in den Niederlanden entwickelt. Neben der Sammlung des Bistums werden auch bedeutende St\u00fccke aus der Abtei ausgestellt. Dazu geh\u00f6rt eine gro\u00dfe Sammlung sp\u00e4tmittelalterlicher Skulpturen, die der Meister von Koudewater f\u00fcr das alte Kloster in Rosmalen schuf.<\/p>\n\n\n\n<p>Das Museum pr\u00e4sentiert bis zum 7. September zwei Sonderausstellungen:&nbsp;<em>OMG! RELI POPART und&nbsp;<\/em><em>Dialoog &amp; Confrontatie<\/em>. Beide verbinden das alte mit zeitgen\u00f6ssischer Kunst, beziehungsweise Pop-Art.<\/p>\n\n\n\n<p><a href=\"https:\/\/museumtijdschrift.nl\/artspot\/museum-krona\/\" target=\"_blank\" rel=\"noreferrer noopener\"><strong>Hier gibt es weitere Informationen zu den Ausstellungen<\/strong><\/a><\/p>\n\n\n\n<div style=\"height:20px\" aria-hidden=\"true\" class=\"wp-block-spacer\"><\/div>\n\n\n\n<hr class=\"wp-block-separator has-text-color has-contrast-3-color has-alpha-channel-opacity has-contrast-3-background-color has-background\"\/>\n\n\n\n<div style=\"height:20px\" aria-hidden=\"true\" class=\"wp-block-spacer\"><\/div>\n\n\n<div class=\"gb-grid-wrapper gb-grid-wrapper-755b403c\">\n<div class=\"gb-grid-column gb-grid-column-1de447f7\"><div class=\"gb-container gb-container-1de447f7\">\n\n<figure class=\"gb-block-image gb-block-image-300ca10b\"><img loading=\"lazy\" decoding=\"async\" width=\"299\" height=\"200\" class=\"gb-image gb-image-300ca10b\" src=\"https:\/\/test-wuwei.de\/orden\/wp-content\/uploads\/2025\/08\/csm_640px-Leuven_Abdij_van_Park_-_231020_-_onroerenderfgoed_538d4fb736.jpg\" alt=\"\" title=\"csm_640px-Leuven_Abdij_van_Park_-_231020_-_onroerenderfgoed_538d4fb736\"\/><\/figure>\n\n<\/div><\/div>\n\n<div class=\"gb-grid-column gb-grid-column-2650599c\"><div class=\"gb-container gb-container-2650599c\">\n\n<h3 class=\"wp-block-heading\">700 Jahre mystische Tradition \u2013 <br>\u201eIn Ecstasy\u201c<\/h3>\n\n\n\n<p>Unser n\u00e4chster Aufenthalt wahrt die Sprache, aber taucht in die Region Flanderns ein. Am L\u00f6wener Stadtrand befindet sich die im 12. Jahrhundert begr\u00fcndetet Abtei Park, als Heimatort von Norbertinern, eine niederl\u00e4ndische und fl\u00e4mische Bezeichnung f\u00fcr die Pr\u00e4monstratenser. Die Park-Abtei gilt als eine der am besten erhaltenen Abteien in Westeuropa. Neben der Abtei und der dazugeh\u00f6rigen Kirche umfasst der Komplex auch ein Landgut und ausgedehntes Gel\u00e4nde mit Wiesen und Teichen. Eine kleine Anzahl an Pr\u00e4monstratenser-Chorherren lebt dort heute.<\/p>\n\n<\/div><\/div>\n<\/div>\n\n\n<div style=\"height:10px\" aria-hidden=\"true\" class=\"wp-block-spacer\"><\/div>\n\n\n\n<p>Das in den Klosteranlagen beherbergte Museum der Abtei Park (\u201eParcum\u201c) hat in Zusammenarbeit mit dem Interfakult\u00e4ts-Dokumentations- und Forschungszentrum Religion, Kultur und Gesellschaft der Universit\u00e4t &nbsp;L\u00f6wen (KADOC &#8211; KU Leuven) das Project \u201eIn Ecstasy\u201c begr\u00fcndet. Ziel des Projektes ist es, neue Perspektiven auf Ekstase, Religion und Bewegung zu er\u00f6ffnen um in 700 Jahre mystische Tradition einzutauchen. &nbsp;<\/p>\n\n\n\n<p>Seit dem 10. Mai 2025 ist die Ausstellung \u201eEcstasy &amp; Orwoet\u201c im Abteimuseum zu sehen. Sie will durch die Konfrontation von religi\u00f6sem Erbe und zeitgen\u00f6ssischer Kunst einen neuen Blick auf das Themenfeld der Ekstase er\u00f6ffnen. Ekstase als religi\u00f6ses Ritual verfolgt das Ziel, sich mit Gott zu vereinen. Diese mystischen Erfahrungen waren in der Vergangenheit durchaus stark reglementiert. Die Ausstellung f\u00fchrt ins 13. und 14. Jahrhundert, die Bl\u00fctezeit der christlichen Mystik, gepr\u00e4gt durch Urbanisierung und neue religi\u00f6se Gemeinschaften &#8211; Kl\u00f6ster und Beginenkonvente. Figuren wie Lutgardis von Tongeren oder Hadewijch pr\u00e4gten eine intensive, ekstatische Gotteserfahrung, aus der neue Konzepte wie \u201eOrewoet\u201c \u2013 eine leidenschaftliche Gottessehnsucht \u2013 hervorgingen. Die Ausstellung stellt die Frage, wie diese historische \u201eUnio Mystica\u201c mit unserer modernen Welt in Beziehung zu bringen ist. Menschen suchen Ekstase auf vielf\u00e4ltige, individuelle Weise durch Kunst, Musik, Sport, Meditation oder Psychedelika, denn das Bed\u00fcrfnis nach transzendenter Erfahrung bleibt stark. Zeitgen\u00f6ssische Kunst wird dabei zum Mittel, um solche Erfahrungen zu erkunden. Kunstwerke von Marina Abramovic, Jeremy Shaw oder Emma Talbot sind dort ausgestellt.<\/p>\n\n\n\n<p><a href=\"https:\/\/www.abdijvanpark.be\/expo-ecstasy-orewoet\" target=\"_blank\" rel=\"noreferrer noopener\"><strong>Weitere Infos zu den Ausstellungen hier<\/strong><\/a><\/p>\n\n\n\n<div style=\"height:20px\" aria-hidden=\"true\" class=\"wp-block-spacer\"><\/div>\n\n\n\n<hr class=\"wp-block-separator has-text-color has-contrast-3-color has-alpha-channel-opacity has-contrast-3-background-color has-background\"\/>\n\n\n\n<div style=\"height:20px\" aria-hidden=\"true\" class=\"wp-block-spacer\"><\/div>\n\n\n<div class=\"gb-grid-wrapper gb-grid-wrapper-b86a603b\">\n<div class=\"gb-grid-column gb-grid-column-61e9f937\"><div class=\"gb-container gb-container-61e9f937\">\n\n<h3 class=\"wp-block-heading\">Abtei Orval<\/h3>\n\n\n\n<p>Die Trappisten-Zisterzienserm\u00f6nche von Orval, in der s\u00fcdlich gelegenen belgischen Provinz Luxemburg, gehen auf das Jahr 1070 zur\u00fcck. Die Abtei erlebte im Laufe der Jahrhunderte vielfache Zerst\u00f6rungen, zuletzt w\u00e4hrend der Franz\u00f6sischen Revolution. Der Wiederaufbau begann 1926 auf den Fundamenten aus dem 18. Jahrhundert. Die neue Abteikirche wurde 1948 geweiht. Architektonisch verbindet die Abtei Elemente verschiedener Stile von vorromanisch bis Barock und zeigt typische zisterziensische Merkmale wie pr\u00e4zise Akustikl\u00f6sungen f\u00fcr den Gesang der M\u00f6nche. Heute leben rund 15 Trappistenm\u00f6nche in der Klosteranlage.<\/p>\n\n<\/div><\/div>\n\n<div class=\"gb-grid-column gb-grid-column-0f579401\"><div class=\"gb-container gb-container-0f579401\">\n\n<figure class=\"gb-block-image gb-block-image-80dd8403\"><img loading=\"lazy\" decoding=\"async\" width=\"300\" height=\"200\" class=\"gb-image gb-image-80dd8403\" src=\"https:\/\/test-wuwei.de\/orden\/wp-content\/uploads\/2025\/08\/csm_Orval_church_etychon_200611_931275456f.jpg\" alt=\"\" title=\"csm_Orval_church_etychon_200611_931275456f\"\/><\/figure>\n\n<\/div><\/div>\n<\/div>\n\n\n<div style=\"height:10px\" aria-hidden=\"true\" class=\"wp-block-spacer\"><\/div>\n\n\n\n<p>Unter dem Namen \u201eOrval\u201c sind aber auch das Trappistenbier und ein K\u00e4se bekannt. Bier, oft als \u201efl\u00fcssiges Brot\u201c bezeichnet, wurde wohl schon fr\u00fch im Kloster gebraut; eine Quelle erw\u00e4hnt eine Hopferei, die bereits vor 300 Jahren existierte. Die heutige Brauerei wurde jedoch erst 1931 gegr\u00fcndet, um Arbeitspl\u00e4tze zu schaffen. Die K\u00e4seprodukte werden seit 1928 in der Abtei von Orval nach einem Rezept der Trappistenm\u00f6nche von Port du Salut aus dem Jahr 1816 hergestellt.<\/p>\n\n\n\n<p>Weniger bekannt, aber durchaus sehenswert, ist das Abteimuseum. Es bietet Einblicke in Architektur, regionale Eisenverh\u00fcttung und monastische Sakralkunst. Eine Besonderheit ist dabei sein Standort: die neoklassischen Gew\u00f6lbe aus dem 18. Jahrhundert.<br>Die Geschichte der Abtei von Orval wird anhand von Modellen, Architekturfragmenten und Objekten anschaulich gemacht. Zu sehen sind \u00dcberreste verschiedener Epochen, von vorr\u00f6mischen Kapitellen bis hin zu barocken Elementen, sowie typische Zeugnisse zisterziensischer Baukunst. Ein weiterer Ausstellungsteil widmet sich der Eisenverh\u00fcttung mit kunstvollen Gussarbeiten und der Kunst aus der Art-D\u00e9co-Zeit, als das Klosterleben in Orval ab 1926 wiederauflebte. Erg\u00e4nzt wird das kulturelle Erbe des Klosters durch ein pharmazeutisches Museum, in dem eine originalgetreu rekonstruierte Apotheke des 18. Jahrhunderts an die Heilkunde des Klosters erinnert. Das Kloster war f\u00fcr sein hochprozentiges Kr\u00e4uterwasser \u201eEau d\u2019Arquebusade\u201c (\u201aArkebusen-Wasser\u2018) weithin bekannt.<\/p>\n\n\n\n<p><a href=\"https:\/\/www.orval.be\/de\/\" target=\"_blank\" rel=\"noreferrer noopener\"><strong>Hier geht es zur Internetseite des Klosters<\/strong><\/a><\/p>\n\n\n\n<hr class=\"wp-block-separator has-text-color has-contrast-3-color has-alpha-channel-opacity has-contrast-3-background-color has-background\"\/>\n\n\n\n<p class=\"gb-headline gb-headline-caeea76b gb-headline-text\">Auch in Deutschland fertigen die Maristen-Br\u00fcder heute noch <br>Arquebuse an.&nbsp;<\/p>\n\n\n\n<p class=\"has-text-align-center\"><a href=\"https:\/\/www.klosterportal.org\/angebote\/germany\/bayern\/furth\/arquebuse\/\" target=\"_blank\" rel=\"noreferrer noopener\"><strong>Arquebuse auf klosterportal.org abrufen<\/strong><\/a><\/p>\n\n\n\n<hr class=\"wp-block-separator has-text-color has-contrast-3-color has-alpha-channel-opacity has-contrast-3-background-color has-background\"\/>\n\n\n<div class=\"gb-grid-wrapper gb-grid-wrapper-01477f41\">\n<div class=\"gb-grid-column gb-grid-column-415e6ddc\"><div class=\"gb-container gb-container-415e6ddc\">\n\n<figure class=\"gb-block-image gb-block-image-16df5258\"><img loading=\"lazy\" decoding=\"async\" width=\"256\" height=\"200\" class=\"gb-image gb-image-16df5258\" src=\"https:\/\/test-wuwei.de\/orden\/wp-content\/uploads\/2025\/08\/csm_Abbaye_de_Clervaux_01_52635a90d1.jpg\" alt=\"\" title=\"csm_Abbaye_de_Clervaux_01_52635a90d1\"\/><\/figure>\n\n<\/div><\/div>\n\n<div class=\"gb-grid-column gb-grid-column-0cf2f01e\"><div class=\"gb-container gb-container-0cf2f01e\">\n\n<h3 class=\"wp-block-heading\">Abtei Clerf<\/h3>\n\n\n\n<p>Etwas s\u00fcd\u00f6stlich, diesmal im Gro\u00dfherzogtum Luxemburg, befindet sich die Abtei Clerf.<br>Die Benediktinerabtei St. Mauritius und St. Maurus erhebt sich \u00fcber das Tal in der Region \u201e\u00c9isleck\u201c. Das Geb\u00e4ude im neuromanischen Stil wurde 1909\u20131910 von Benediktinerm\u00f6nchen der Abtei Saint-Maur in Glanfeuil (FR) errichtet.<\/p>\n\n\n\n<p>Im Zuge der Franz\u00f6sischen Revolution mussten die Benediktinerm\u00f6nche fliehen und fanden in Belgien Zuflucht. Nach einer gescheiterten R\u00fcckkehr nach Frankreich, lie\u00dfen sie sich in Luxemburg nieder. Der Architekt war der niederl\u00e4ndische Kirchenbaumeister Johannes F. Klomp, so bleibt die Abtei ganz im Geiste von Benelux.<\/p>\n\n<\/div><\/div>\n<\/div>\n\n\n<div style=\"height:10px\" aria-hidden=\"true\" class=\"wp-block-spacer\"><\/div>\n\n\n\n<p>Die M\u00f6nche versammeln sich sieben Mal t\u00e4glich zu den Gebetszeiten und Gottesdiensten unter der Leitung des Abtes. Auch G\u00e4ste aller Herkunft sind dazu eingeladen.<\/p>\n\n\n\n<p>Eine Fotoausstellung, die das Leben und die Arbeit der Benediktiner zeigt, ist in der Krypta zu sehen. Da Krypta, Vorhof und Kirche die einzigen \u00f6ffentlich zug\u00e4nglichen Bereiche der Abtei sind, bietet die Ausstellung besondere Einblicke in das kl\u00f6sterliche Leben.<\/p>\n\n\n\n<p><a href=\"https:\/\/www.abbaye-clervaux.lu\/de\/willkommen\" target=\"_blank\" rel=\"noreferrer noopener\"><strong>Die Webseite der Klosters gibt es hier<\/strong><\/a><\/p>\n","protected":false},"excerpt":{"rendered":"<p>Teil IV der Sommerartikelreihe: Kl\u00f6ster, Kunst und Museen<\/p>\n","protected":false},"featured_media":2158,"parent":0,"template":"","categories":[],"class_list":["post-2157","meldung","type-meldung","status-publish","has-post-thumbnail","hentry"],"acf":[],"yoast_head":"<!-- This site is optimized with the Yoast SEO plugin v26.3 - https:\/\/yoast.com\/wordpress\/plugins\/seo\/ -->\n<title>Zwischen Tradition und Ekstase \u2013 unterwegs in den Benelux-L\u00e4ndern &#8211; Ordensgemeinschaften in Deutschland<\/title>\n<meta name=\"description\" content=\"In der Sommerzeit lassen viele Menschen den Arbeitsalltag zur\u00fcck und haben Mu\u00dfe, sich auf die Suche nach neuen Entdeckungen zu machen.\" \/>\n<meta name=\"robots\" content=\"noindex, follow, max-snippet:-1, max-image-preview:large, max-video-preview:-1\" \/>\n<meta property=\"og:locale\" content=\"de_DE\" \/>\n<meta property=\"og:type\" content=\"article\" \/>\n<meta property=\"og:title\" content=\"Zwischen Tradition und Ekstase \u2013 unterwegs in den Benelux-L\u00e4ndern\" \/>\n<meta property=\"og:description\" content=\"In der Sommerzeit lassen viele Menschen den Arbeitsalltag zur\u00fcck und haben Mu\u00dfe, sich auf die Suche nach neuen Entdeckungen zu machen.\" \/>\n<meta property=\"og:url\" content=\"https:\/\/test-wuwei.de\/orden\/meldung\/zwischen-tradition-und-ekstase-unterwegs-in-den-benelux-laendern\/\" \/>\n<meta property=\"og:site_name\" content=\"Ordensgemeinschaften in Deutschland\" \/>\n<meta property=\"article:modified_time\" content=\"2025-08-26T11:18:36+00:00\" \/>\n<meta property=\"og:image\" content=\"https:\/\/test-wuwei.de\/orden\/wp-content\/uploads\/2025\/08\/csm_BE-LX-Orval_Abbaye_abbatiale_14_ffe1b94ea4.jpg\" \/>\n\t<meta property=\"og:image:width\" content=\"640\" \/>\n\t<meta property=\"og:image:height\" content=\"359\" \/>\n\t<meta property=\"og:image:type\" content=\"image\/jpeg\" \/>\n<meta name=\"twitter:card\" content=\"summary_large_image\" \/>\n<meta name=\"twitter:label1\" content=\"Gesch\u00e4tzte Lesezeit\" \/>\n\t<meta name=\"twitter:data1\" content=\"10\u00a0Minuten\" \/>\n<script type=\"application\/ld+json\" class=\"yoast-schema-graph\">{\"@context\":\"https:\/\/schema.org\",\"@graph\":[{\"@type\":\"WebPage\",\"@id\":\"https:\/\/test-wuwei.de\/orden\/meldung\/zwischen-tradition-und-ekstase-unterwegs-in-den-benelux-laendern\/\",\"url\":\"https:\/\/test-wuwei.de\/orden\/meldung\/zwischen-tradition-und-ekstase-unterwegs-in-den-benelux-laendern\/\",\"name\":\"Zwischen Tradition und Ekstase \u2013 unterwegs in den Benelux-L\u00e4ndern &#8211; Ordensgemeinschaften in Deutschland\",\"isPartOf\":{\"@id\":\"https:\/\/test-wuwei.de\/orden\/#website\"},\"primaryImageOfPage\":{\"@id\":\"https:\/\/test-wuwei.de\/orden\/meldung\/zwischen-tradition-und-ekstase-unterwegs-in-den-benelux-laendern\/#primaryimage\"},\"image\":{\"@id\":\"https:\/\/test-wuwei.de\/orden\/meldung\/zwischen-tradition-und-ekstase-unterwegs-in-den-benelux-laendern\/#primaryimage\"},\"thumbnailUrl\":\"https:\/\/test-wuwei.de\/orden\/wp-content\/uploads\/2025\/08\/csm_640px-Leuven_Abdij_van_Park_-_231020_-_onroerenderfgoed_025b1613b7.jpg\",\"datePublished\":\"2025-08-14T07:23:31+00:00\",\"dateModified\":\"2025-08-26T11:18:36+00:00\",\"description\":\"In der Sommerzeit lassen viele Menschen den Arbeitsalltag zur\u00fcck und haben Mu\u00dfe, sich auf die Suche nach neuen Entdeckungen zu machen.\",\"breadcrumb\":{\"@id\":\"https:\/\/test-wuwei.de\/orden\/meldung\/zwischen-tradition-und-ekstase-unterwegs-in-den-benelux-laendern\/#breadcrumb\"},\"inLanguage\":\"de\",\"potentialAction\":[{\"@type\":\"ReadAction\",\"target\":[\"https:\/\/test-wuwei.de\/orden\/meldung\/zwischen-tradition-und-ekstase-unterwegs-in-den-benelux-laendern\/\"]}]},{\"@type\":\"ImageObject\",\"inLanguage\":\"de\",\"@id\":\"https:\/\/test-wuwei.de\/orden\/meldung\/zwischen-tradition-und-ekstase-unterwegs-in-den-benelux-laendern\/#primaryimage\",\"url\":\"https:\/\/test-wuwei.de\/orden\/wp-content\/uploads\/2025\/08\/csm_640px-Leuven_Abdij_van_Park_-_231020_-_onroerenderfgoed_025b1613b7.jpg\",\"contentUrl\":\"https:\/\/test-wuwei.de\/orden\/wp-content\/uploads\/2025\/08\/csm_640px-Leuven_Abdij_van_Park_-_231020_-_onroerenderfgoed_025b1613b7.jpg\",\"width\":120,\"height\":120},{\"@type\":\"BreadcrumbList\",\"@id\":\"https:\/\/test-wuwei.de\/orden\/meldung\/zwischen-tradition-und-ekstase-unterwegs-in-den-benelux-laendern\/#breadcrumb\",\"itemListElement\":[{\"@type\":\"ListItem\",\"position\":1,\"name\":\"\ud83c\udfe0\ufe0e\",\"item\":\"https:\/\/test-wuwei.de\/orden\/\"},{\"@type\":\"ListItem\",\"position\":2,\"name\":\"Zwischen Tradition und Ekstase \u2013 unterwegs in den Benelux-L\u00e4ndern\"}]},{\"@type\":\"WebSite\",\"@id\":\"https:\/\/test-wuwei.de\/orden\/#website\",\"url\":\"https:\/\/test-wuwei.de\/orden\/\",\"name\":\"Ordensgemeinschaften in Deutschland\",\"description\":\"Deutsche Ordensobernkonferenz\",\"publisher\":{\"@id\":\"https:\/\/test-wuwei.de\/orden\/#organization\"},\"potentialAction\":[{\"@type\":\"SearchAction\",\"target\":{\"@type\":\"EntryPoint\",\"urlTemplate\":\"https:\/\/test-wuwei.de\/orden\/?s={search_term_string}\"},\"query-input\":{\"@type\":\"PropertyValueSpecification\",\"valueRequired\":true,\"valueName\":\"search_term_string\"}}],\"inLanguage\":\"de\"},{\"@type\":\"Organization\",\"@id\":\"https:\/\/test-wuwei.de\/orden\/#organization\",\"name\":\"Ordensgemeinschaften in Deutschland\",\"url\":\"https:\/\/test-wuwei.de\/orden\/\",\"logo\":{\"@type\":\"ImageObject\",\"inLanguage\":\"de\",\"@id\":\"https:\/\/test-wuwei.de\/orden\/#\/schema\/logo\/image\/\",\"url\":\"https:\/\/test-wuwei.de\/orden\/wp-content\/uploads\/2025\/07\/DOK_Logo_RGB_mit.jpg\",\"contentUrl\":\"https:\/\/test-wuwei.de\/orden\/wp-content\/uploads\/2025\/07\/DOK_Logo_RGB_mit.jpg\",\"width\":2480,\"height\":1748,\"caption\":\"Ordensgemeinschaften in Deutschland\"},\"image\":{\"@id\":\"https:\/\/test-wuwei.de\/orden\/#\/schema\/logo\/image\/\"}}]}<\/script>\n<!-- \/ Yoast SEO plugin. -->","yoast_head_json":{"title":"Zwischen Tradition und Ekstase \u2013 unterwegs in den Benelux-L\u00e4ndern &#8211; Ordensgemeinschaften in Deutschland","description":"In der Sommerzeit lassen viele Menschen den Arbeitsalltag zur\u00fcck und haben Mu\u00dfe, sich auf die Suche nach neuen Entdeckungen zu machen.","robots":{"index":"noindex","follow":"follow","max-snippet":"max-snippet:-1","max-image-preview":"max-image-preview:large","max-video-preview":"max-video-preview:-1"},"og_locale":"de_DE","og_type":"article","og_title":"Zwischen Tradition und Ekstase \u2013 unterwegs in den Benelux-L\u00e4ndern","og_description":"In der Sommerzeit lassen viele Menschen den Arbeitsalltag zur\u00fcck und haben Mu\u00dfe, sich auf die Suche nach neuen Entdeckungen zu machen.","og_url":"https:\/\/test-wuwei.de\/orden\/meldung\/zwischen-tradition-und-ekstase-unterwegs-in-den-benelux-laendern\/","og_site_name":"Ordensgemeinschaften in Deutschland","article_modified_time":"2025-08-26T11:18:36+00:00","og_image":[{"width":640,"height":359,"url":"https:\/\/test-wuwei.de\/orden\/wp-content\/uploads\/2025\/08\/csm_BE-LX-Orval_Abbaye_abbatiale_14_ffe1b94ea4.jpg","type":"image\/jpeg"}],"twitter_card":"summary_large_image","twitter_misc":{"Gesch\u00e4tzte Lesezeit":"10\u00a0Minuten"},"schema":{"@context":"https:\/\/schema.org","@graph":[{"@type":"WebPage","@id":"https:\/\/test-wuwei.de\/orden\/meldung\/zwischen-tradition-und-ekstase-unterwegs-in-den-benelux-laendern\/","url":"https:\/\/test-wuwei.de\/orden\/meldung\/zwischen-tradition-und-ekstase-unterwegs-in-den-benelux-laendern\/","name":"Zwischen Tradition und Ekstase \u2013 unterwegs in den Benelux-L\u00e4ndern &#8211; Ordensgemeinschaften in Deutschland","isPartOf":{"@id":"https:\/\/test-wuwei.de\/orden\/#website"},"primaryImageOfPage":{"@id":"https:\/\/test-wuwei.de\/orden\/meldung\/zwischen-tradition-und-ekstase-unterwegs-in-den-benelux-laendern\/#primaryimage"},"image":{"@id":"https:\/\/test-wuwei.de\/orden\/meldung\/zwischen-tradition-und-ekstase-unterwegs-in-den-benelux-laendern\/#primaryimage"},"thumbnailUrl":"https:\/\/test-wuwei.de\/orden\/wp-content\/uploads\/2025\/08\/csm_640px-Leuven_Abdij_van_Park_-_231020_-_onroerenderfgoed_025b1613b7.jpg","datePublished":"2025-08-14T07:23:31+00:00","dateModified":"2025-08-26T11:18:36+00:00","description":"In der Sommerzeit lassen viele Menschen den Arbeitsalltag zur\u00fcck und haben Mu\u00dfe, sich auf die Suche nach neuen Entdeckungen zu machen.","breadcrumb":{"@id":"https:\/\/test-wuwei.de\/orden\/meldung\/zwischen-tradition-und-ekstase-unterwegs-in-den-benelux-laendern\/#breadcrumb"},"inLanguage":"de","potentialAction":[{"@type":"ReadAction","target":["https:\/\/test-wuwei.de\/orden\/meldung\/zwischen-tradition-und-ekstase-unterwegs-in-den-benelux-laendern\/"]}]},{"@type":"ImageObject","inLanguage":"de","@id":"https:\/\/test-wuwei.de\/orden\/meldung\/zwischen-tradition-und-ekstase-unterwegs-in-den-benelux-laendern\/#primaryimage","url":"https:\/\/test-wuwei.de\/orden\/wp-content\/uploads\/2025\/08\/csm_640px-Leuven_Abdij_van_Park_-_231020_-_onroerenderfgoed_025b1613b7.jpg","contentUrl":"https:\/\/test-wuwei.de\/orden\/wp-content\/uploads\/2025\/08\/csm_640px-Leuven_Abdij_van_Park_-_231020_-_onroerenderfgoed_025b1613b7.jpg","width":120,"height":120},{"@type":"BreadcrumbList","@id":"https:\/\/test-wuwei.de\/orden\/meldung\/zwischen-tradition-und-ekstase-unterwegs-in-den-benelux-laendern\/#breadcrumb","itemListElement":[{"@type":"ListItem","position":1,"name":"\ud83c\udfe0\ufe0e","item":"https:\/\/test-wuwei.de\/orden\/"},{"@type":"ListItem","position":2,"name":"Zwischen Tradition und Ekstase \u2013 unterwegs in den Benelux-L\u00e4ndern"}]},{"@type":"WebSite","@id":"https:\/\/test-wuwei.de\/orden\/#website","url":"https:\/\/test-wuwei.de\/orden\/","name":"Ordensgemeinschaften in Deutschland","description":"Deutsche Ordensobernkonferenz","publisher":{"@id":"https:\/\/test-wuwei.de\/orden\/#organization"},"potentialAction":[{"@type":"SearchAction","target":{"@type":"EntryPoint","urlTemplate":"https:\/\/test-wuwei.de\/orden\/?s={search_term_string}"},"query-input":{"@type":"PropertyValueSpecification","valueRequired":true,"valueName":"search_term_string"}}],"inLanguage":"de"},{"@type":"Organization","@id":"https:\/\/test-wuwei.de\/orden\/#organization","name":"Ordensgemeinschaften in Deutschland","url":"https:\/\/test-wuwei.de\/orden\/","logo":{"@type":"ImageObject","inLanguage":"de","@id":"https:\/\/test-wuwei.de\/orden\/#\/schema\/logo\/image\/","url":"https:\/\/test-wuwei.de\/orden\/wp-content\/uploads\/2025\/07\/DOK_Logo_RGB_mit.jpg","contentUrl":"https:\/\/test-wuwei.de\/orden\/wp-content\/uploads\/2025\/07\/DOK_Logo_RGB_mit.jpg","width":2480,"height":1748,"caption":"Ordensgemeinschaften in Deutschland"},"image":{"@id":"https:\/\/test-wuwei.de\/orden\/#\/schema\/logo\/image\/"}}]}},"_links":{"self":[{"href":"https:\/\/test-wuwei.de\/orden\/wp-json\/wp\/v2\/meldung\/2157","targetHints":{"allow":["GET"]}}],"collection":[{"href":"https:\/\/test-wuwei.de\/orden\/wp-json\/wp\/v2\/meldung"}],"about":[{"href":"https:\/\/test-wuwei.de\/orden\/wp-json\/wp\/v2\/types\/meldung"}],"wp:featuredmedia":[{"embeddable":true,"href":"https:\/\/test-wuwei.de\/orden\/wp-json\/wp\/v2\/media\/2158"}],"wp:attachment":[{"href":"https:\/\/test-wuwei.de\/orden\/wp-json\/wp\/v2\/media?parent=2157"}],"wp:term":[{"taxonomy":"category","embeddable":true,"href":"https:\/\/test-wuwei.de\/orden\/wp-json\/wp\/v2\/categories?post=2157"}],"curies":[{"name":"wp","href":"https:\/\/api.w.org\/{rel}","templated":true}]}}