{"id":1491,"date":"2020-03-27T09:00:00","date_gmt":"2020-03-27T08:00:00","guid":{"rendered":"https:\/\/test-wuwei.de\/orden\/?post_type=aktuelles&#038;p=1491"},"modified":"2025-09-01T16:36:34","modified_gmt":"2025-09-01T14:36:34","slug":"wir-beten-fuer-sie","status":"publish","type":"meldung","link":"https:\/\/test-wuwei.de\/orden\/meldung\/wir-beten-fuer-sie\/","title":{"rendered":"&#8222;Wir beten f\u00fcr Sie!&#8220;"},"content":{"rendered":"\n<h2 class=\"wp-block-heading has-medium-font-size\"><strong>Auch Ordensgemeinschaften m\u00fcssen im Moment zu Hause bleiben&#8230;<\/strong><\/h2>\n\n\n\n<figure class=\"gb-block-image gb-block-image-f8f2db08\"><img loading=\"lazy\" decoding=\"async\" width=\"870\" height=\"520\" class=\"gb-image gb-image-f8f2db08\" src=\"https:\/\/test-wuwei.de\/orden\/wp-content\/uploads\/2025\/08\/csm_candles-4298297_1280_8ab6eb47f5.jpg\" alt=\"\" title=\"csm_candles-4298297_1280_8ab6eb47f5\" srcset=\"https:\/\/test-wuwei.de\/orden\/wp-content\/uploads\/2025\/08\/csm_candles-4298297_1280_8ab6eb47f5.jpg 870w, https:\/\/test-wuwei.de\/orden\/wp-content\/uploads\/2025\/08\/csm_candles-4298297_1280_8ab6eb47f5-300x179.jpg 300w, https:\/\/test-wuwei.de\/orden\/wp-content\/uploads\/2025\/08\/csm_candles-4298297_1280_8ab6eb47f5-768x459.jpg 768w\" sizes=\"auto, (max-width: 870px) 100vw, 870px\" \/><\/figure>\n\n\n\n<div style=\"height:50px\" aria-hidden=\"true\" class=\"wp-block-spacer\"><\/div>\n\n\n\n<p>\u201eWir bleiben f\u00fcr euch hier \u2013 bleibt ihr f\u00fcr uns zu Hause!\u201c In den vergangenen Tagen machten viele Bilder die Runde, auf denen Mitarbeiterinnen und Mitarbeiter von Krankenh\u00e4usern, Superm\u00e4rkten und anderen Einrichtungen, die im Moment zu den \u201esystemrelevanten\u201c Institutionen geh\u00f6ren, mit Plakaten um die Unterst\u00fctzung ihrer Mitmenschen baten.<\/p>\n\n\n\n<p>Auch die Mitglieder der Ordensgemeinschaften m\u00fcssen in diesen Tagen zu Hause bleiben. Aber auch sie leisten dabei ihren Beitrag f\u00fcr die aktuelle Situation: Unter dem Motto \u201eWir beten f\u00fcr Sie!\u201c laden zahlreiche Gemeinschaften auf ihren Homepages und in den sozialen Medien dazu ein, ihnen die eigenen, pers\u00f6nlichen Anliegen zu schicken, die sie dann stellvertretend mit in ihre Stundenliturgie und ihre Messfeiern nehmen. &nbsp;\u201eWir Schwestern im Kloster Hegne k\u00f6nnen aufgrund unsres Alters leider nicht, wie andere Unternehmen, konkrete Hilfe anbieten.\u201c \u2013 so formulieren etwa die Kreuzschwestern, wie sie ihren Auftrag in der aktuellen Zeit wahrnehmen. \u201eUnsere Klostergemeinschaft feiert ihre Gottesdienste in gewohnter Weise. Dieses Gebet verstehen wir auch als stellvertretenden Dienst f\u00fcr alle Menschen, besonders f\u00fcr die Kranken.\u201c, fassen auch die Benediktiner im Kloster Ettal auf ihrer Homepage zusammen.<\/p>\n\n\n\n<p>Beten \u2013 das hat im Ordensleben eine lange Tradition. Schon die allerersten W\u00fcstenm\u00f6nche verstanden das Gebet als Ort der Gottesbegegnung. Auch heute pr\u00e4gt das Gebet den Tagesablauf der Gemeinschaften; vor allem kontemplative Orden sehen ihre gro\u00dfe Aufgabe im Gebet f\u00fcr die Menschen. Es gibt sogar Gemeinschaften \u2013 etwa die Rosa-Schwestern \u2013 die extra gegr\u00fcndet wurden, um ihre Mitschwestern in der Mission durch Gebet zu unterst\u00fctzen. Das Gebet ist es auch, was die Ordensgemeinschaften in ihrer gro\u00dfen Vielfalt alle miteinander verbindet. Auch der Gedanke der Stellvertretung hat dabei seit jeher eine Rolle gespielt: Ordensleute f\u00fchren ihr Leben nicht nur f\u00fcr sich und f\u00fcr ihre pers\u00f6nlich Beziehung f\u00fcr Gott, sondern beten f\u00fcr die Kirche und die Welt.<\/p>\n\n\n\n<p>\u201eDabei geht es darum, bewusst aus dem normalen Leben auszusteigen, sich f\u00fcr eine gewisse Zeit zur\u00fcckzuziehen, soziale Kontakte zu reduzieren, um Raum zu haben f\u00fcr sich selbst und die pers\u00f6nliche Gottesbeziehung, eingefahrene Lebensmuster zu hinterfragen, sich dem zu stellen, was sich aus dem inneren Leben zeigen will und sich neu auszurichten.\u201c So l\u00e4dt etwa Sr. Katharina Ganz, Generaloberin der Oberzeller Franziskanerinnen alle Leute ein, die im Moment alleine sind, diese Situation auch als Chance zu sehen. \u201eManchmal melden sich dann unbew\u00e4ltigte Ereignisse der Vergangenheit genauso wie Konflikte der Gegenwart oder Existenz- und Zukunfts\u00e4ngste.\u201c&nbsp; In dieser Situation kann also das Gebet der Ordensleute, das auch Sr. Katharina den Menschen zusagt, wieder neu an Aktualit\u00e4t gewinnen. Und treffend formulieren es auch die Barmherzigen Schwestern aus Untermarchtal auf ihrem Instagram-Auftritt: \u201eDu bist nicht allein in deiner Angst und deiner Unsicherheit. Gott ist bei dir, bei mir, bei uns. Lass uns verbunden sein im&nbsp;<a href=\"https:\/\/www.instagram.com\/explore\/tags\/gebet\/\" target=\"_blank\" rel=\"noreferrer noopener\">Gebet<\/a>&nbsp;\u2013 untereinander und mit&nbsp;<a href=\"https:\/\/www.instagram.com\/explore\/tags\/gott\/\" target=\"_blank\" rel=\"noreferrer noopener\">Gott<\/a>.\u201c<\/p>\n\n\n\n<p><\/p>\n","protected":false},"excerpt":{"rendered":"<p>Auch Ordensgemeinschaften m\u00fcssen im Moment zu Hause bleiben&#8230;<\/p>\n","protected":false},"featured_media":1464,"parent":0,"template":"","categories":[],"class_list":["post-1491","meldung","type-meldung","status-publish","has-post-thumbnail","hentry"],"acf":[],"yoast_head":"<!-- This site is optimized with the Yoast SEO plugin v26.3 - https:\/\/yoast.com\/wordpress\/plugins\/seo\/ -->\n<title>&quot;Wir beten f\u00fcr Sie!&quot; &#8211; Ordensgemeinschaften in Deutschland<\/title>\n<meta name=\"description\" content=\"Auch Ordensgemeinschaften m\u00fcssen im Moment zu Hause bleiben...\" \/>\n<meta name=\"robots\" content=\"noindex, follow, max-snippet:-1, max-image-preview:large, max-video-preview:-1\" \/>\n<meta property=\"og:locale\" content=\"de_DE\" \/>\n<meta property=\"og:type\" content=\"article\" \/>\n<meta property=\"og:title\" content=\"&quot;Wir beten f\u00fcr Sie!&quot;\" \/>\n<meta property=\"og:description\" content=\"Auch Ordensgemeinschaften m\u00fcssen im Moment zu Hause bleiben...\" \/>\n<meta property=\"og:url\" content=\"https:\/\/test-wuwei.de\/orden\/meldung\/wir-beten-fuer-sie\/\" \/>\n<meta property=\"og:site_name\" content=\"Ordensgemeinschaften in Deutschland\" \/>\n<meta property=\"article:modified_time\" content=\"2025-09-01T14:36:34+00:00\" \/>\n<meta property=\"og:image\" content=\"https:\/\/test-wuwei.de\/orden\/wp-content\/uploads\/2025\/08\/csm_DOK_LOGO_Aktuelle_Meldung_a240608fdf-1-1.jpg\" \/>\n\t<meta property=\"og:image:width\" content=\"120\" \/>\n\t<meta property=\"og:image:height\" content=\"120\" \/>\n\t<meta property=\"og:image:type\" content=\"image\/jpeg\" \/>\n<meta name=\"twitter:card\" content=\"summary_large_image\" \/>\n<meta name=\"twitter:label1\" content=\"Gesch\u00e4tzte Lesezeit\" \/>\n\t<meta name=\"twitter:data1\" content=\"3\u00a0Minuten\" \/>\n<script type=\"application\/ld+json\" class=\"yoast-schema-graph\">{\"@context\":\"https:\/\/schema.org\",\"@graph\":[{\"@type\":\"WebPage\",\"@id\":\"https:\/\/test-wuwei.de\/orden\/meldung\/wir-beten-fuer-sie\/\",\"url\":\"https:\/\/test-wuwei.de\/orden\/meldung\/wir-beten-fuer-sie\/\",\"name\":\"\\\"Wir beten f\u00fcr Sie!\\\" &#8211; Ordensgemeinschaften in Deutschland\",\"isPartOf\":{\"@id\":\"https:\/\/test-wuwei.de\/orden\/#website\"},\"primaryImageOfPage\":{\"@id\":\"https:\/\/test-wuwei.de\/orden\/meldung\/wir-beten-fuer-sie\/#primaryimage\"},\"image\":{\"@id\":\"https:\/\/test-wuwei.de\/orden\/meldung\/wir-beten-fuer-sie\/#primaryimage\"},\"thumbnailUrl\":\"https:\/\/test-wuwei.de\/orden\/wp-content\/uploads\/2025\/08\/csm_DOK_LOGO_Aktuelle_Meldung_a240608fdf-1-1.jpg\",\"datePublished\":\"2020-03-27T08:00:00+00:00\",\"dateModified\":\"2025-09-01T14:36:34+00:00\",\"description\":\"Auch Ordensgemeinschaften m\u00fcssen im Moment zu Hause bleiben...\",\"breadcrumb\":{\"@id\":\"https:\/\/test-wuwei.de\/orden\/meldung\/wir-beten-fuer-sie\/#breadcrumb\"},\"inLanguage\":\"de\",\"potentialAction\":[{\"@type\":\"ReadAction\",\"target\":[\"https:\/\/test-wuwei.de\/orden\/meldung\/wir-beten-fuer-sie\/\"]}]},{\"@type\":\"ImageObject\",\"inLanguage\":\"de\",\"@id\":\"https:\/\/test-wuwei.de\/orden\/meldung\/wir-beten-fuer-sie\/#primaryimage\",\"url\":\"https:\/\/test-wuwei.de\/orden\/wp-content\/uploads\/2025\/08\/csm_DOK_LOGO_Aktuelle_Meldung_a240608fdf-1-1.jpg\",\"contentUrl\":\"https:\/\/test-wuwei.de\/orden\/wp-content\/uploads\/2025\/08\/csm_DOK_LOGO_Aktuelle_Meldung_a240608fdf-1-1.jpg\",\"width\":120,\"height\":120},{\"@type\":\"BreadcrumbList\",\"@id\":\"https:\/\/test-wuwei.de\/orden\/meldung\/wir-beten-fuer-sie\/#breadcrumb\",\"itemListElement\":[{\"@type\":\"ListItem\",\"position\":1,\"name\":\"\ud83c\udfe0\ufe0e\",\"item\":\"https:\/\/test-wuwei.de\/orden\/\"},{\"@type\":\"ListItem\",\"position\":2,\"name\":\"&#8222;Wir beten f\u00fcr Sie!&#8220;\"}]},{\"@type\":\"WebSite\",\"@id\":\"https:\/\/test-wuwei.de\/orden\/#website\",\"url\":\"https:\/\/test-wuwei.de\/orden\/\",\"name\":\"Ordensgemeinschaften in Deutschland\",\"description\":\"Deutsche Ordensobernkonferenz\",\"publisher\":{\"@id\":\"https:\/\/test-wuwei.de\/orden\/#organization\"},\"potentialAction\":[{\"@type\":\"SearchAction\",\"target\":{\"@type\":\"EntryPoint\",\"urlTemplate\":\"https:\/\/test-wuwei.de\/orden\/?s={search_term_string}\"},\"query-input\":{\"@type\":\"PropertyValueSpecification\",\"valueRequired\":true,\"valueName\":\"search_term_string\"}}],\"inLanguage\":\"de\"},{\"@type\":\"Organization\",\"@id\":\"https:\/\/test-wuwei.de\/orden\/#organization\",\"name\":\"Ordensgemeinschaften in Deutschland\",\"url\":\"https:\/\/test-wuwei.de\/orden\/\",\"logo\":{\"@type\":\"ImageObject\",\"inLanguage\":\"de\",\"@id\":\"https:\/\/test-wuwei.de\/orden\/#\/schema\/logo\/image\/\",\"url\":\"https:\/\/test-wuwei.de\/orden\/wp-content\/uploads\/2025\/07\/DOK_Logo_RGB_mit.jpg\",\"contentUrl\":\"https:\/\/test-wuwei.de\/orden\/wp-content\/uploads\/2025\/07\/DOK_Logo_RGB_mit.jpg\",\"width\":2480,\"height\":1748,\"caption\":\"Ordensgemeinschaften in Deutschland\"},\"image\":{\"@id\":\"https:\/\/test-wuwei.de\/orden\/#\/schema\/logo\/image\/\"}}]}<\/script>\n<!-- \/ Yoast SEO plugin. -->","yoast_head_json":{"title":"\"Wir beten f\u00fcr Sie!\" &#8211; Ordensgemeinschaften in Deutschland","description":"Auch Ordensgemeinschaften m\u00fcssen im Moment zu Hause bleiben...","robots":{"index":"noindex","follow":"follow","max-snippet":"max-snippet:-1","max-image-preview":"max-image-preview:large","max-video-preview":"max-video-preview:-1"},"og_locale":"de_DE","og_type":"article","og_title":"\"Wir beten f\u00fcr Sie!\"","og_description":"Auch Ordensgemeinschaften m\u00fcssen im Moment zu Hause bleiben...","og_url":"https:\/\/test-wuwei.de\/orden\/meldung\/wir-beten-fuer-sie\/","og_site_name":"Ordensgemeinschaften in Deutschland","article_modified_time":"2025-09-01T14:36:34+00:00","og_image":[{"width":120,"height":120,"url":"https:\/\/test-wuwei.de\/orden\/wp-content\/uploads\/2025\/08\/csm_DOK_LOGO_Aktuelle_Meldung_a240608fdf-1-1.jpg","type":"image\/jpeg"}],"twitter_card":"summary_large_image","twitter_misc":{"Gesch\u00e4tzte Lesezeit":"3\u00a0Minuten"},"schema":{"@context":"https:\/\/schema.org","@graph":[{"@type":"WebPage","@id":"https:\/\/test-wuwei.de\/orden\/meldung\/wir-beten-fuer-sie\/","url":"https:\/\/test-wuwei.de\/orden\/meldung\/wir-beten-fuer-sie\/","name":"\"Wir beten f\u00fcr Sie!\" &#8211; Ordensgemeinschaften in Deutschland","isPartOf":{"@id":"https:\/\/test-wuwei.de\/orden\/#website"},"primaryImageOfPage":{"@id":"https:\/\/test-wuwei.de\/orden\/meldung\/wir-beten-fuer-sie\/#primaryimage"},"image":{"@id":"https:\/\/test-wuwei.de\/orden\/meldung\/wir-beten-fuer-sie\/#primaryimage"},"thumbnailUrl":"https:\/\/test-wuwei.de\/orden\/wp-content\/uploads\/2025\/08\/csm_DOK_LOGO_Aktuelle_Meldung_a240608fdf-1-1.jpg","datePublished":"2020-03-27T08:00:00+00:00","dateModified":"2025-09-01T14:36:34+00:00","description":"Auch Ordensgemeinschaften m\u00fcssen im Moment zu Hause bleiben...","breadcrumb":{"@id":"https:\/\/test-wuwei.de\/orden\/meldung\/wir-beten-fuer-sie\/#breadcrumb"},"inLanguage":"de","potentialAction":[{"@type":"ReadAction","target":["https:\/\/test-wuwei.de\/orden\/meldung\/wir-beten-fuer-sie\/"]}]},{"@type":"ImageObject","inLanguage":"de","@id":"https:\/\/test-wuwei.de\/orden\/meldung\/wir-beten-fuer-sie\/#primaryimage","url":"https:\/\/test-wuwei.de\/orden\/wp-content\/uploads\/2025\/08\/csm_DOK_LOGO_Aktuelle_Meldung_a240608fdf-1-1.jpg","contentUrl":"https:\/\/test-wuwei.de\/orden\/wp-content\/uploads\/2025\/08\/csm_DOK_LOGO_Aktuelle_Meldung_a240608fdf-1-1.jpg","width":120,"height":120},{"@type":"BreadcrumbList","@id":"https:\/\/test-wuwei.de\/orden\/meldung\/wir-beten-fuer-sie\/#breadcrumb","itemListElement":[{"@type":"ListItem","position":1,"name":"\ud83c\udfe0\ufe0e","item":"https:\/\/test-wuwei.de\/orden\/"},{"@type":"ListItem","position":2,"name":"&#8222;Wir beten f\u00fcr Sie!&#8220;"}]},{"@type":"WebSite","@id":"https:\/\/test-wuwei.de\/orden\/#website","url":"https:\/\/test-wuwei.de\/orden\/","name":"Ordensgemeinschaften in Deutschland","description":"Deutsche Ordensobernkonferenz","publisher":{"@id":"https:\/\/test-wuwei.de\/orden\/#organization"},"potentialAction":[{"@type":"SearchAction","target":{"@type":"EntryPoint","urlTemplate":"https:\/\/test-wuwei.de\/orden\/?s={search_term_string}"},"query-input":{"@type":"PropertyValueSpecification","valueRequired":true,"valueName":"search_term_string"}}],"inLanguage":"de"},{"@type":"Organization","@id":"https:\/\/test-wuwei.de\/orden\/#organization","name":"Ordensgemeinschaften in Deutschland","url":"https:\/\/test-wuwei.de\/orden\/","logo":{"@type":"ImageObject","inLanguage":"de","@id":"https:\/\/test-wuwei.de\/orden\/#\/schema\/logo\/image\/","url":"https:\/\/test-wuwei.de\/orden\/wp-content\/uploads\/2025\/07\/DOK_Logo_RGB_mit.jpg","contentUrl":"https:\/\/test-wuwei.de\/orden\/wp-content\/uploads\/2025\/07\/DOK_Logo_RGB_mit.jpg","width":2480,"height":1748,"caption":"Ordensgemeinschaften in Deutschland"},"image":{"@id":"https:\/\/test-wuwei.de\/orden\/#\/schema\/logo\/image\/"}}]}},"_links":{"self":[{"href":"https:\/\/test-wuwei.de\/orden\/wp-json\/wp\/v2\/meldung\/1491","targetHints":{"allow":["GET"]}}],"collection":[{"href":"https:\/\/test-wuwei.de\/orden\/wp-json\/wp\/v2\/meldung"}],"about":[{"href":"https:\/\/test-wuwei.de\/orden\/wp-json\/wp\/v2\/types\/meldung"}],"wp:featuredmedia":[{"embeddable":true,"href":"https:\/\/test-wuwei.de\/orden\/wp-json\/wp\/v2\/media\/1464"}],"wp:attachment":[{"href":"https:\/\/test-wuwei.de\/orden\/wp-json\/wp\/v2\/media?parent=1491"}],"wp:term":[{"taxonomy":"category","embeddable":true,"href":"https:\/\/test-wuwei.de\/orden\/wp-json\/wp\/v2\/categories?post=1491"}],"curies":[{"name":"wp","href":"https:\/\/api.w.org\/{rel}","templated":true}]}}