{"id":1490,"date":"2020-04-06T09:00:00","date_gmt":"2020-04-06T07:00:00","guid":{"rendered":"https:\/\/test-wuwei.de\/orden\/?post_type=aktuelles&#038;p=1490"},"modified":"2025-08-21T10:13:50","modified_gmt":"2025-08-21T08:13:50","slug":"ostern-2020-die-heilige-woche-und-die-ordensgemeinschaften-in-corona-zeiten","status":"publish","type":"meldung","link":"https:\/\/test-wuwei.de\/orden\/meldung\/ostern-2020-die-heilige-woche-und-die-ordensgemeinschaften-in-corona-zeiten\/","title":{"rendered":"Ostern 2020 \u2013 die Heilige Woche und die Ordensgemeinschaften in Corona-Zeiten"},"content":{"rendered":"\n<h2 class=\"wp-block-heading has-medium-font-size\"><strong>Normalerweise \u00f6ffnen zu Ostern viele Ordensgemeinschaften die T\u00fcren ihrer Kl\u00f6ster. Aufgrund der Corona-Situation haben sich die Ordensgemeinschaften Alternativen \u00fcberlegt.<\/strong><\/h2>\n\n\n\n<p>Ostern ist das h\u00f6chste und wichtigste Fest des Kirchenjahres. Normalerweise \u00f6ffnen in der Heiligen Woche viele Ordensgemeinschaften die T\u00fcren ihrer Kl\u00f6ster und laden dazu ein, gemeinsam mit ihnen diese Zeit zu verbringen \u2013 inhaltlich, spirituell und liturgisch. Aufgrund der aktuellen Corona-Situation haben sich die Ordensgemeinschaften Alternativen \u00fcberlegt. orden.de stellt einige Angebote vor:<\/p>\n\n\n\n<p>Grunds\u00e4tzlich \u00fcbertragen einige Ordensgemeinschaften ihre Gebetszeiten mittlerweile \u00fcber einen Live-Stream und f\u00fchren dies auch \u00fcber die Kar- und Ostertage fort.&nbsp;<a href=\"https:\/\/www.orden.de\/aktuelles\/meldung\/?no_cache=1&amp;tx_ignews_newsdetail%5Bnews%5D=4065&amp;tx_ignews_newsdetail%5Baction%5D=show&amp;tx_ignews_newsdetail%5Bcontroller%5D=News&amp;cHash=ea477731dde066109eec9e57962616d1\" target=\"_blank\" rel=\"noreferrer noopener\"><strong>Hier&nbsp;in unserem \u00dcberblicksartikel<\/strong><\/a>&nbsp;finden Sie einige Kl\u00f6ster, die ihre Gebetszeiten online \u00fcbertragen.<\/p>\n\n\n\n<p>Die Jesuiten haben zusammen mit der Congregatio Jesu schon in den vergangenen Jahren zur Fastenzeit&nbsp;<a href=\"https:\/\/www.online-exerzitien.org\/?fbclid=IwAR1Ki3V4ycwnQcCxCACWZBOoLkZCvdIWVrdDw0xkG_Fdqbsugdiu7j3wmbE\" target=\"_blank\" rel=\"noreferrer noopener\"><strong>\u201eOnline-Exerzitien\u201c<\/strong><\/a>&nbsp;angeboten \u2013 angesichts der erh\u00f6hten Nachfrage haben sie ihr Angebot \u00fcber die Osterzeit ausgeweitet. Vom 6. April bis zum 4. Mai bekommt man t\u00e4glich Impulse zugeschickt, durch die man das Gebet und Spiritualit\u00e4t in den Alltag einflie\u00dfen lassen kann.<\/p>\n\n\n\n<p>F\u00fcr Hausgottesdienste haben sich die Benediktiner der Abtei M\u00fcnsterschwarzach etwas einfallen lassen: Mit dem\u00a0(Kl)Osterpaket\u00a0will die Abtei allen Gl\u00e4ubigen, die an den Kar- und Ostertagen keinen Zugang zu liturgischen Feiern haben, Hilfe geben, die Kar- und Ostertage zuhause zu feiern. Im Paket enthalten ist neben einer Kerze nach Wahl, Weihrauch und optional einem Kreuz aus der Klostergoldschmiede ein liturgisches Heft mit Anleitungen f\u00fcr die Feier von Andachten zuhause. Au\u00dferdem werden auf der Website der Abtei in der Karwoche Audio- und Videodateien mit benediktinischen Ges\u00e4ngen und Gedanken zur Verf\u00fcgung gestellt.<\/p>\n\n\n\n<p>Ebenso aus der Benediktinerabtei M\u00fcnsterschwarzach stellt P. Anselm Gr\u00fcn unter dem Titel&nbsp;<a href=\"https:\/\/www.br.de\/mediathek\/sendung\/anregungen-von-anselm-gruen-av:5e8789fd5dee89001a9b21dc\" target=\"_blank\" rel=\"noreferrer noopener\"><strong>&#8222;Gef\u00fchle erlauben&#8220;<\/strong><\/a>&nbsp;noch weitere Impulse bereit. In kurzen Videos gibt er Tipps f\u00fcr ein friedliches Zusammenleben w\u00e4hrend der Corona-Zeit. Die kurzen Filme werden jeweils werktags um 22.15 Uhr auf ARD-alpha ausgestrahlt und sind schon ab sofort in der Mediathek des Bayerischen Rundfunk abrufbar.<\/p>\n\n\n\n<p>Speziell f\u00fcr Familien\u00a0hat sich die Don Bosco Medien GmbH verschiedene Aktivit\u00e4ten ausgedacht. Hier findet man Anregungen f\u00fcr Gebete mit Kleinkindern, Bastelideen oder Rituale zur Osterzeit.<\/p>\n\n\n\n<p>Seit Kurzem stellen die Zisterzienser P. Maurus Zerb Ocist und P. Matthias Sch\u00e4ferhoff OCist aus Bochum-Stiepel kurze\u00a0Video-Impulse\u00a0online, die zur pers\u00f6nlichen Glaubensreflektion einladen.<\/p>\n\n\n\n<p>Wer nach kulinarischer Inspiration sucht, wird bei den Olper Franziskanerinnen f\u00fcndig. Auf Youtube leiten die Schwestern das&nbsp;<a href=\"https:\/\/www.youtube.com\/watch?v=RaFTN1o-zoE\" target=\"_blank\" rel=\"noreferrer noopener\"><strong>Rezept f\u00fcr ihre Oster-Torta<\/strong><\/a>&nbsp;an und erkl\u00e4ren die religi\u00f6sen Anspielungen, die dahinter stehen.<\/p>\n\n\n\n<p>F\u00fcr Franz\u00f6sisch-Fans gibt es dieses Jahr etwas ganz Besonderes: Die Franziskaner in Jerusalem laden zur Mitfeier der Karwoche via Internet ein. Der Dienst, f\u00fcr den eine Registrierung erforderlich ist, ist zurzeit nur auf Franz\u00f6sisch erh\u00e4ltlich, da es sich um eine Initiative des Heiliglandkommissariats der Franziskaner f\u00fcr Frankreich, Belgien und Luxembourg in Paris handelt. Eine entsprechende<a href=\"https:\/\/hozana.org\/communaute\/8893-la-semaine-sainte-sur-les-lieux-saints-avec-les-franciscains\" target=\"_blank\" rel=\"noreferrer noopener\"><strong>&nbsp;\u201edigitale Gebetswoche\u201c<\/strong><\/a>&nbsp;soll auf dem katholischen Sozialnetzwerk \u201eHozana.org\u201c initiiert werden.<\/p>\n\n\n\n<p>Weitere Informationen und die M\u00f6glichkeit zur Anmeldung finden Sie auf den Seiten der einzelnen Gemeinschaften.<\/p>\n","protected":false},"excerpt":{"rendered":"<p>Normalerweise \u00f6ffnen zu Ostern viele Ordensgemeinschaften die T\u00fcren ihrer Kl\u00f6ster. Aufgrund der Corona-Situation haben sich die Ordensgemeinschaften\u2026<\/p>\n","protected":false},"featured_media":1464,"parent":0,"template":"","categories":[],"class_list":["post-1490","meldung","type-meldung","status-publish","has-post-thumbnail","hentry"],"acf":[],"yoast_head":"<!-- This site is optimized with the Yoast SEO plugin v26.3 - https:\/\/yoast.com\/wordpress\/plugins\/seo\/ -->\n<title>Ostern 2020 \u2013 die Heilige Woche und die Ordensgemeinschaften in Corona-Zeiten &#8211; Ordensgemeinschaften in Deutschland<\/title>\n<meta name=\"description\" content=\"Normalerweise \u00f6ffnen zu Ostern viele Ordensgemeinschaften die T\u00fcren ihrer Kl\u00f6ster. Aufgrund der Corona-Situation haben sich die Ordensgemeinschaften\u2026\" \/>\n<meta name=\"robots\" content=\"noindex, follow, max-snippet:-1, max-image-preview:large, max-video-preview:-1\" \/>\n<meta property=\"og:locale\" content=\"de_DE\" \/>\n<meta property=\"og:type\" content=\"article\" \/>\n<meta property=\"og:title\" content=\"Ostern 2020 \u2013 die Heilige Woche und die Ordensgemeinschaften in Corona-Zeiten\" \/>\n<meta property=\"og:description\" content=\"Normalerweise \u00f6ffnen zu Ostern viele Ordensgemeinschaften die T\u00fcren ihrer Kl\u00f6ster. Aufgrund der Corona-Situation haben sich die Ordensgemeinschaften\u2026\" \/>\n<meta property=\"og:url\" content=\"https:\/\/test-wuwei.de\/orden\/meldung\/ostern-2020-die-heilige-woche-und-die-ordensgemeinschaften-in-corona-zeiten\/\" \/>\n<meta property=\"og:site_name\" content=\"Ordensgemeinschaften in Deutschland\" \/>\n<meta property=\"article:modified_time\" content=\"2025-08-21T08:13:50+00:00\" \/>\n<meta property=\"og:image\" content=\"https:\/\/test-wuwei.de\/orden\/wp-content\/uploads\/2025\/08\/csm_DOK_LOGO_Aktuelle_Meldung_a240608fdf-1-1.jpg\" \/>\n\t<meta property=\"og:image:width\" content=\"120\" \/>\n\t<meta property=\"og:image:height\" content=\"120\" \/>\n\t<meta property=\"og:image:type\" content=\"image\/jpeg\" \/>\n<meta name=\"twitter:card\" content=\"summary_large_image\" \/>\n<meta name=\"twitter:label1\" content=\"Gesch\u00e4tzte Lesezeit\" \/>\n\t<meta name=\"twitter:data1\" content=\"3\u00a0Minuten\" \/>\n<script type=\"application\/ld+json\" class=\"yoast-schema-graph\">{\"@context\":\"https:\/\/schema.org\",\"@graph\":[{\"@type\":\"WebPage\",\"@id\":\"https:\/\/test-wuwei.de\/orden\/meldung\/ostern-2020-die-heilige-woche-und-die-ordensgemeinschaften-in-corona-zeiten\/\",\"url\":\"https:\/\/test-wuwei.de\/orden\/meldung\/ostern-2020-die-heilige-woche-und-die-ordensgemeinschaften-in-corona-zeiten\/\",\"name\":\"Ostern 2020 \u2013 die Heilige Woche und die Ordensgemeinschaften in Corona-Zeiten &#8211; Ordensgemeinschaften in Deutschland\",\"isPartOf\":{\"@id\":\"https:\/\/test-wuwei.de\/orden\/#website\"},\"primaryImageOfPage\":{\"@id\":\"https:\/\/test-wuwei.de\/orden\/meldung\/ostern-2020-die-heilige-woche-und-die-ordensgemeinschaften-in-corona-zeiten\/#primaryimage\"},\"image\":{\"@id\":\"https:\/\/test-wuwei.de\/orden\/meldung\/ostern-2020-die-heilige-woche-und-die-ordensgemeinschaften-in-corona-zeiten\/#primaryimage\"},\"thumbnailUrl\":\"https:\/\/test-wuwei.de\/orden\/wp-content\/uploads\/2025\/08\/csm_DOK_LOGO_Aktuelle_Meldung_a240608fdf-1-1.jpg\",\"datePublished\":\"2020-04-06T07:00:00+00:00\",\"dateModified\":\"2025-08-21T08:13:50+00:00\",\"description\":\"Normalerweise \u00f6ffnen zu Ostern viele Ordensgemeinschaften die T\u00fcren ihrer Kl\u00f6ster. Aufgrund der Corona-Situation haben sich die Ordensgemeinschaften\u2026\",\"breadcrumb\":{\"@id\":\"https:\/\/test-wuwei.de\/orden\/meldung\/ostern-2020-die-heilige-woche-und-die-ordensgemeinschaften-in-corona-zeiten\/#breadcrumb\"},\"inLanguage\":\"de\",\"potentialAction\":[{\"@type\":\"ReadAction\",\"target\":[\"https:\/\/test-wuwei.de\/orden\/meldung\/ostern-2020-die-heilige-woche-und-die-ordensgemeinschaften-in-corona-zeiten\/\"]}]},{\"@type\":\"ImageObject\",\"inLanguage\":\"de\",\"@id\":\"https:\/\/test-wuwei.de\/orden\/meldung\/ostern-2020-die-heilige-woche-und-die-ordensgemeinschaften-in-corona-zeiten\/#primaryimage\",\"url\":\"https:\/\/test-wuwei.de\/orden\/wp-content\/uploads\/2025\/08\/csm_DOK_LOGO_Aktuelle_Meldung_a240608fdf-1-1.jpg\",\"contentUrl\":\"https:\/\/test-wuwei.de\/orden\/wp-content\/uploads\/2025\/08\/csm_DOK_LOGO_Aktuelle_Meldung_a240608fdf-1-1.jpg\",\"width\":120,\"height\":120},{\"@type\":\"BreadcrumbList\",\"@id\":\"https:\/\/test-wuwei.de\/orden\/meldung\/ostern-2020-die-heilige-woche-und-die-ordensgemeinschaften-in-corona-zeiten\/#breadcrumb\",\"itemListElement\":[{\"@type\":\"ListItem\",\"position\":1,\"name\":\"\ud83c\udfe0\ufe0e\",\"item\":\"https:\/\/test-wuwei.de\/orden\/\"},{\"@type\":\"ListItem\",\"position\":2,\"name\":\"Ostern 2020 \u2013 die Heilige Woche und die Ordensgemeinschaften in Corona-Zeiten\"}]},{\"@type\":\"WebSite\",\"@id\":\"https:\/\/test-wuwei.de\/orden\/#website\",\"url\":\"https:\/\/test-wuwei.de\/orden\/\",\"name\":\"Ordensgemeinschaften in Deutschland\",\"description\":\"Deutsche Ordensobernkonferenz\",\"publisher\":{\"@id\":\"https:\/\/test-wuwei.de\/orden\/#organization\"},\"potentialAction\":[{\"@type\":\"SearchAction\",\"target\":{\"@type\":\"EntryPoint\",\"urlTemplate\":\"https:\/\/test-wuwei.de\/orden\/?s={search_term_string}\"},\"query-input\":{\"@type\":\"PropertyValueSpecification\",\"valueRequired\":true,\"valueName\":\"search_term_string\"}}],\"inLanguage\":\"de\"},{\"@type\":\"Organization\",\"@id\":\"https:\/\/test-wuwei.de\/orden\/#organization\",\"name\":\"Ordensgemeinschaften in Deutschland\",\"url\":\"https:\/\/test-wuwei.de\/orden\/\",\"logo\":{\"@type\":\"ImageObject\",\"inLanguage\":\"de\",\"@id\":\"https:\/\/test-wuwei.de\/orden\/#\/schema\/logo\/image\/\",\"url\":\"https:\/\/test-wuwei.de\/orden\/wp-content\/uploads\/2025\/07\/DOK_Logo_RGB_mit.jpg\",\"contentUrl\":\"https:\/\/test-wuwei.de\/orden\/wp-content\/uploads\/2025\/07\/DOK_Logo_RGB_mit.jpg\",\"width\":2480,\"height\":1748,\"caption\":\"Ordensgemeinschaften in Deutschland\"},\"image\":{\"@id\":\"https:\/\/test-wuwei.de\/orden\/#\/schema\/logo\/image\/\"}}]}<\/script>\n<!-- \/ Yoast SEO plugin. -->","yoast_head_json":{"title":"Ostern 2020 \u2013 die Heilige Woche und die Ordensgemeinschaften in Corona-Zeiten &#8211; Ordensgemeinschaften in Deutschland","description":"Normalerweise \u00f6ffnen zu Ostern viele Ordensgemeinschaften die T\u00fcren ihrer Kl\u00f6ster. Aufgrund der Corona-Situation haben sich die Ordensgemeinschaften\u2026","robots":{"index":"noindex","follow":"follow","max-snippet":"max-snippet:-1","max-image-preview":"max-image-preview:large","max-video-preview":"max-video-preview:-1"},"og_locale":"de_DE","og_type":"article","og_title":"Ostern 2020 \u2013 die Heilige Woche und die Ordensgemeinschaften in Corona-Zeiten","og_description":"Normalerweise \u00f6ffnen zu Ostern viele Ordensgemeinschaften die T\u00fcren ihrer Kl\u00f6ster. Aufgrund der Corona-Situation haben sich die Ordensgemeinschaften\u2026","og_url":"https:\/\/test-wuwei.de\/orden\/meldung\/ostern-2020-die-heilige-woche-und-die-ordensgemeinschaften-in-corona-zeiten\/","og_site_name":"Ordensgemeinschaften in Deutschland","article_modified_time":"2025-08-21T08:13:50+00:00","og_image":[{"width":120,"height":120,"url":"https:\/\/test-wuwei.de\/orden\/wp-content\/uploads\/2025\/08\/csm_DOK_LOGO_Aktuelle_Meldung_a240608fdf-1-1.jpg","type":"image\/jpeg"}],"twitter_card":"summary_large_image","twitter_misc":{"Gesch\u00e4tzte Lesezeit":"3\u00a0Minuten"},"schema":{"@context":"https:\/\/schema.org","@graph":[{"@type":"WebPage","@id":"https:\/\/test-wuwei.de\/orden\/meldung\/ostern-2020-die-heilige-woche-und-die-ordensgemeinschaften-in-corona-zeiten\/","url":"https:\/\/test-wuwei.de\/orden\/meldung\/ostern-2020-die-heilige-woche-und-die-ordensgemeinschaften-in-corona-zeiten\/","name":"Ostern 2020 \u2013 die Heilige Woche und die Ordensgemeinschaften in Corona-Zeiten &#8211; Ordensgemeinschaften in Deutschland","isPartOf":{"@id":"https:\/\/test-wuwei.de\/orden\/#website"},"primaryImageOfPage":{"@id":"https:\/\/test-wuwei.de\/orden\/meldung\/ostern-2020-die-heilige-woche-und-die-ordensgemeinschaften-in-corona-zeiten\/#primaryimage"},"image":{"@id":"https:\/\/test-wuwei.de\/orden\/meldung\/ostern-2020-die-heilige-woche-und-die-ordensgemeinschaften-in-corona-zeiten\/#primaryimage"},"thumbnailUrl":"https:\/\/test-wuwei.de\/orden\/wp-content\/uploads\/2025\/08\/csm_DOK_LOGO_Aktuelle_Meldung_a240608fdf-1-1.jpg","datePublished":"2020-04-06T07:00:00+00:00","dateModified":"2025-08-21T08:13:50+00:00","description":"Normalerweise \u00f6ffnen zu Ostern viele Ordensgemeinschaften die T\u00fcren ihrer Kl\u00f6ster. Aufgrund der Corona-Situation haben sich die Ordensgemeinschaften\u2026","breadcrumb":{"@id":"https:\/\/test-wuwei.de\/orden\/meldung\/ostern-2020-die-heilige-woche-und-die-ordensgemeinschaften-in-corona-zeiten\/#breadcrumb"},"inLanguage":"de","potentialAction":[{"@type":"ReadAction","target":["https:\/\/test-wuwei.de\/orden\/meldung\/ostern-2020-die-heilige-woche-und-die-ordensgemeinschaften-in-corona-zeiten\/"]}]},{"@type":"ImageObject","inLanguage":"de","@id":"https:\/\/test-wuwei.de\/orden\/meldung\/ostern-2020-die-heilige-woche-und-die-ordensgemeinschaften-in-corona-zeiten\/#primaryimage","url":"https:\/\/test-wuwei.de\/orden\/wp-content\/uploads\/2025\/08\/csm_DOK_LOGO_Aktuelle_Meldung_a240608fdf-1-1.jpg","contentUrl":"https:\/\/test-wuwei.de\/orden\/wp-content\/uploads\/2025\/08\/csm_DOK_LOGO_Aktuelle_Meldung_a240608fdf-1-1.jpg","width":120,"height":120},{"@type":"BreadcrumbList","@id":"https:\/\/test-wuwei.de\/orden\/meldung\/ostern-2020-die-heilige-woche-und-die-ordensgemeinschaften-in-corona-zeiten\/#breadcrumb","itemListElement":[{"@type":"ListItem","position":1,"name":"\ud83c\udfe0\ufe0e","item":"https:\/\/test-wuwei.de\/orden\/"},{"@type":"ListItem","position":2,"name":"Ostern 2020 \u2013 die Heilige Woche und die Ordensgemeinschaften in Corona-Zeiten"}]},{"@type":"WebSite","@id":"https:\/\/test-wuwei.de\/orden\/#website","url":"https:\/\/test-wuwei.de\/orden\/","name":"Ordensgemeinschaften in Deutschland","description":"Deutsche Ordensobernkonferenz","publisher":{"@id":"https:\/\/test-wuwei.de\/orden\/#organization"},"potentialAction":[{"@type":"SearchAction","target":{"@type":"EntryPoint","urlTemplate":"https:\/\/test-wuwei.de\/orden\/?s={search_term_string}"},"query-input":{"@type":"PropertyValueSpecification","valueRequired":true,"valueName":"search_term_string"}}],"inLanguage":"de"},{"@type":"Organization","@id":"https:\/\/test-wuwei.de\/orden\/#organization","name":"Ordensgemeinschaften in Deutschland","url":"https:\/\/test-wuwei.de\/orden\/","logo":{"@type":"ImageObject","inLanguage":"de","@id":"https:\/\/test-wuwei.de\/orden\/#\/schema\/logo\/image\/","url":"https:\/\/test-wuwei.de\/orden\/wp-content\/uploads\/2025\/07\/DOK_Logo_RGB_mit.jpg","contentUrl":"https:\/\/test-wuwei.de\/orden\/wp-content\/uploads\/2025\/07\/DOK_Logo_RGB_mit.jpg","width":2480,"height":1748,"caption":"Ordensgemeinschaften in Deutschland"},"image":{"@id":"https:\/\/test-wuwei.de\/orden\/#\/schema\/logo\/image\/"}}]}},"_links":{"self":[{"href":"https:\/\/test-wuwei.de\/orden\/wp-json\/wp\/v2\/meldung\/1490","targetHints":{"allow":["GET"]}}],"collection":[{"href":"https:\/\/test-wuwei.de\/orden\/wp-json\/wp\/v2\/meldung"}],"about":[{"href":"https:\/\/test-wuwei.de\/orden\/wp-json\/wp\/v2\/types\/meldung"}],"wp:featuredmedia":[{"embeddable":true,"href":"https:\/\/test-wuwei.de\/orden\/wp-json\/wp\/v2\/media\/1464"}],"wp:attachment":[{"href":"https:\/\/test-wuwei.de\/orden\/wp-json\/wp\/v2\/media?parent=1490"}],"wp:term":[{"taxonomy":"category","embeddable":true,"href":"https:\/\/test-wuwei.de\/orden\/wp-json\/wp\/v2\/categories?post=1490"}],"curies":[{"name":"wp","href":"https:\/\/api.w.org\/{rel}","templated":true}]}}