{"id":1488,"date":"2020-04-15T09:00:00","date_gmt":"2020-04-15T07:00:00","guid":{"rendered":"https:\/\/test-wuwei.de\/orden\/?post_type=aktuelles&#038;p=1488"},"modified":"2025-09-01T16:35:53","modified_gmt":"2025-09-01T14:35:53","slug":"corona-pandemie-ordensleute-sind-da-wo-andere-jetzt-nicht-hinkommen-koennen","status":"publish","type":"meldung","link":"https:\/\/test-wuwei.de\/orden\/meldung\/corona-pandemie-ordensleute-sind-da-wo-andere-jetzt-nicht-hinkommen-koennen\/","title":{"rendered":"Corona-Pandemie: Ordensleute sind da, wo andere jetzt nicht hinkommen k\u00f6nnen"},"content":{"rendered":"\n<h2 class=\"wp-block-heading has-medium-font-size\"><strong>Die Corona-Pandemie stellt Ordensgemeinschaften im weltweiten Einsatz vor ganz gewaltige Herausforderungen&#8230;<\/strong><\/h2>\n\n\n\n<p><em>Die Corona-Pandemie sorgt in unseren Breitengraden f\u00fcr verschiedene schwere Belastungen: kein Kontakt zu<\/em>&nbsp;<em>anderen, kein \u00f6ffentliches Leben, Arbeit von zu Hause aus. Aber wir in Deutschland haben ein vergleichsweise &nbsp;gut funktionierendes Gesundheitssystem und k\u00f6nnen Ma\u00dfnahmen treffen, um uns zu sch\u00fctzen.Andere L\u00e4nder haben diese Infrastrukturen oft nicht. Auf der ganzen Welt arbeiten Ordensleute im missionarischen Einsatz in ihren Einrichtungen und in zahlreichen Projekten \u2013 im Moment unter erschwerten Bedingungen.<\/em><\/p>\n\n\n\n<figure class=\"gb-block-image gb-block-image-7219a8f5\"><img loading=\"lazy\" decoding=\"async\" width=\"870\" height=\"522\" class=\"gb-image gb-image-7219a8f5\" src=\"https:\/\/test-wuwei.de\/orden\/wp-content\/uploads\/2025\/08\/csm_MZF_Corona_Header_Schwestern_1280x768-1024x614_bff13b488a.jpg\" alt=\"\" title=\"CREATOR: gd-jpeg v1.0 (using IJG JPEG v90), quality = 82\" srcset=\"https:\/\/test-wuwei.de\/orden\/wp-content\/uploads\/2025\/08\/csm_MZF_Corona_Header_Schwestern_1280x768-1024x614_bff13b488a.jpg 870w, https:\/\/test-wuwei.de\/orden\/wp-content\/uploads\/2025\/08\/csm_MZF_Corona_Header_Schwestern_1280x768-1024x614_bff13b488a-300x180.jpg 300w, https:\/\/test-wuwei.de\/orden\/wp-content\/uploads\/2025\/08\/csm_MZF_Corona_Header_Schwestern_1280x768-1024x614_bff13b488a-768x461.jpg 768w\" sizes=\"auto, (max-width: 870px) 100vw, 870px\" \/>\n<figcaption class=\"gb-headline gb-headline-c061ad6f gb-headline-text\"><\/figcaption>\n<\/figure>\n\n\n\n<p>In der aktuellen Situation sind Ordensgemeinschaften weltweit in besonderer Weise gefordert: Ihre Arbeit vor Ort ist im Moment vor erhebliche Herausforderungen gestellt, weil ihre Kl\u00f6ster und Einrichtungen oft erste oder einzige Anlaufstellen f\u00fcr arme Menschen in deren N\u00e4he sind.<\/p>\n\n\n\n<p>\u201eViele Ordensgemeinschaften leben und arbeiten auch in Stadtvierteln und Gegenden, wo andere Hilfswerke aufgrund von Einschr\u00e4nkungen derzeit nicht hinkommen oder bleiben k\u00f6nnen. Sie haben tragf\u00e4hige Netzwerke und k\u00f6nnen so den \u00c4rmsten der Armen weiterhin zur Seite stehen\u201c, betont P. Josef Gr\u00fcnner. Der Salesianer Don Boscos ist der Vorsitzende der Arbeitsgemeinschaft der Missionsprokuren (AGMP) in der Deutschen Ordensobernkonferenz. Die Missionsprokuren der Ordensgemeinschaften leisten viele Hilfen von Deutschland aus f\u00fcr Hilfsprojekte weltweit. \u201eOrdensgemeinschaften sehen sich jetzt in dieser Krisensituation besonders in der Pflicht und sind angesichts der wachsenden Not in vielen L\u00e4ndern besonders gefragt\u201c, so P. Gr\u00fcnner. Denn wo manchen internationalen Organisationen nichts Anderes \u00fcbrig blieb, als ihre Helfer vor Ort abzuziehen und ihre Mitarbeiterinnen und Mitarbeiter in die Heimatl\u00e4nder zur\u00fcckzuholen, k\u00f6nnen die Ordensgemeinschaften durch ihre Einrichtungen und mit ihren Mitgliedern vor Ort ihr Engagement fortsetzen, wenn auch oft unter schwierigen Bedingungen. P. Gr\u00fcnner: \u201eDie Orden gew\u00e4hrleisten \u00fcber ihre Missionsprokuren, dass Spenden f\u00fcr die Nothilfe auf kurzem Weg dort ankommen, wo sie jetzt dringend ben\u00f6tigt werden.\u201c<\/p>\n\n\n\n<p>Ein Beispiel daf\u00fcr sind&nbsp;<a href=\"https:\/\/www.donboscomission.de\/nothilfe\/corona-krise\/\" target=\"_blank\" rel=\"noreferrer noopener\"><strong>Don Bosco-Einrichtungen<\/strong><\/a>&nbsp;in Indien: Im ganzen Land sind Arbeitsmigranten, Tagel\u00f6hner und Stra\u00dfenkinder durch die Corona-Pandemie besonders betroffen. Die staatliche Ausgangssperre zwingt Millionen von Tagel\u00f6hnern zu Hause zu bleiben. Die Folge: Sie haben kein Geld mehr f\u00fcr Nahrungsmittel und ihre Familien m\u00fcssen hungern. Einrichtungen der Salesianer Don Boscos und der Don Bosco Schwestern&nbsp;in ganz Indien haben erste Hilfsma\u00dfnahmen gestartet, um den \u00c4rmsten der Armen zu helfen: Lebensmittel und Hilfspakete werden an bed\u00fcrftige Familien in ihren Gemeinden verteilt. Zudem werden Aufkl\u00e4rungs-und Pr\u00e4ventionsma\u00dfnahmen durchgef\u00fchrt sowie Hygieneartikel und Schutzmasken verteilt.<\/p>\n\n\n\n<p>Die&nbsp;<strong><a href=\"https:\/\/smmp.de\/\" target=\"_blank\" rel=\"noreferrer noopener\">Schwestern der Heiligen Maria Magdalena Postel<\/a><\/strong>&nbsp;berichten aus Leme in Brasilien, dass von den Schulschlie\u00dfungen besonders die Kinder der Familien am Stadtrand betroffen seien. Die Familien haben keine Arbeit, die Kinder keine Schulspeisung. Auch die Sozialzentren der Schwestern sind geschlossen. So wird das t\u00e4gliche Brot derzeit zu einer gro\u00dfen Not. Die Schwestern helfen aus Spenden in den Armenvierteln der Stadt mit Essensk\u00f6rben. Auch in Rum\u00e4nien bringen Mitarbeiterinnen des Sozialen Zentrums, wo sonst Kinder zu Mittag essen, Lebensmittel zu Familien. Sehr schwierig ist die Situation in Peru, berichten die&nbsp;<strong><a href=\"https:\/\/www.fs-vierzehnheiligen.de\/\" target=\"_blank\" rel=\"noreferrer noopener\">Franziskusschwestern Vierzehnheiligen<\/a><\/strong>. Das Ausgehverbot betrifft auch die Schwestern und verhindert, dass sie sich um die Menschen k\u00fcmmern k\u00f6nnten, um die sie sich sonst k\u00fcmmern. Per Post und Internet nutzen sie M\u00f6glichkeiten f\u00fcr Unterricht.<\/p>\n\n\n\n<p>Eines der vielen Projekte der&nbsp;<strong><a href=\"https:\/\/www.jesuitenmission.de\/projekte\/uebersicht.html\" target=\"_blank\" rel=\"noreferrer noopener\">Jesuiten-Mission<\/a>&nbsp;<\/strong>gibt es in Sambia: Obwohl dort bis kurz vor Ostern nur knapp 40 Corona-F\u00e4lle offiziell best\u00e4tigt waren, liegt die Dunkelziffer wahrscheinlich viel h\u00f6her. In den Wohngebieten der Hauptstadt Lusaka leben die Menschen dicht zusammen. Trotz allem versuchen die Jesuiten, mit ihrer t\u00e4glichen Arbeit weiter zu machen, arbeiten etwa weiterhin an einem Farm-Projekt vor Ort und versuchen daf\u00fcr zu sorgen, dass die \u00e4rmsten Kinder trotz der Schulschlie\u00dfungen weiterhin etwas zu essen bekommen.<\/p>\n\n\n\n<p>Auch die&nbsp;<a href=\"https:\/\/www.steyler-mission.de\/de\/news-berichte\/berichte\/2019\/Corona-Video.php\" target=\"_blank\" rel=\"noreferrer noopener\"><strong>Steyler Missionare<\/strong><\/a>&nbsp;sehen die Entwicklungen in den Entwicklungs- und Schwellenl\u00e4ndern kritisch und versuchen, von Deutschland aus die Arbeit ihrer Mitbr\u00fcder vor Ort zu unterst\u00fctzen. \u201eDie Pandemie mit H\u00e4ndewaschen und \u201asocial distancing\u2018 durchzuhalten ist da unm\u00f6glich, wo viele Menschen zu Hause kein flie\u00dfendes Wasser haben, dicht gedr\u00e4ngt auf engem Raum leben, wo es an medizinischer Ausr\u00fcstung und Medikamenten mangelt\u201c, betonte der Missionssekret\u00e4r P. Joseph Xavier Alangaram SVD bereits Ende M\u00e4rz in einer Videobotschaft der Gemeinschaft. Auch in Afrika k\u00f6nne sich das Virus so beinahe unbegrenzt \u00fcber den Kontinent ausbreiten. Um die Menschen zu unterst\u00fctzen hat die Gemeinschaft Nothilfefonds eingerichtet.<\/p>\n\n\n\n<p>Als franziskanisches Hilfswerk unterst\u00fctzt die Missionszentrale der Franziskaner e.V. (MZF) international viele soziale Projekte in den \u00e4rmsten L\u00e4ndern unserer Erde und baut dabei auf das weltweite Netzwerk der Franziskanerschwestern und -br\u00fcder, die vor Ort den notleidenden Menschen helfen. Seit Ausbreitung der Corona-Pandemie erreichen die Missionszentrale t\u00e4glich neue Hilfsanfragen aus aller Welt. Erste konkrete Nothilfeprojekte in mehreren L\u00e4ndern Afrikas und in Lateinamerika sind angelaufen. Auf einer&nbsp;<strong><a href=\"http:\/\/www.mzf.org\/globale-corona-krise\" target=\"_blank\" rel=\"noreferrer noopener\">neu eingerichteten Website&nbsp;<\/a><\/strong>informiert die Missionszentrale \u00fcber die Corona-Situation in vielen L\u00e4ndern und \u00fcber aktuelle Hilfsprojekte.<\/p>\n\n\n\n<p>Grenzen gesetzt hat die Corona-Pandemie den Ordensgemeinschaften wie anderen Organisationen im Bereich der Freiwilligendienste: Viele Gemeinschaften senden freiwillige Jugendliche und junge Erwachsene als \u201eMissionare\/innen auf Zeit aus\u201c. Diese Freiwilligen arbeiten normalerweise ebenfalls auf der ganzen Welt in verschiedenen Ordensprojekten mit und mussten nun in ihre Heimatl\u00e4nder zur\u00fcckkehren. Zehn von ihnen, die in Projekten der&nbsp;<a href=\"https:\/\/smmp.de\/2020\/03\/16\/missionare-auf-zeit-kommen-nach-deutschland-zurueck\/#more-175226\" target=\"_blank\" rel=\"noreferrer noopener\"><strong>Schwestern von der heiligen Maria Magdalena Postel<\/strong><\/a>&nbsp;in Brasilien, Bolivien und Mosambik gearbeitet haben, sind nun wieder in Deutschland. Auch die Freiwilligen der&nbsp;<a href=\"https:\/\/www.steyler-missionsschwestern.de\/steyler-missionsschwestern\/aktuelles\/nachrichten\/einzelmeldung\/article\/alle-missionare-und-missionarinnen-auf-zeit-sind-wieder-in-deutschland\/\" target=\"_blank\" rel=\"noreferrer noopener\"><strong>Steyler Missionsschwestern<\/strong><\/a>, mussten ihre Eins\u00e4tze kurzfristig abbrechen. Auch sie sind mittlerweile wohlbehalten nach Deutschland zur\u00fcckgekehrt.<\/p>\n","protected":false},"excerpt":{"rendered":"<p>Die Corona-Pandemie stellt Ordensgemeinschaften im weltweiten Einsatz vor ganz gewaltige Herausforderungen&#8230;<\/p>\n","protected":false},"featured_media":1464,"parent":0,"template":"","categories":[],"class_list":["post-1488","meldung","type-meldung","status-publish","has-post-thumbnail","hentry"],"acf":[],"yoast_head":"<!-- This site is optimized with the Yoast SEO plugin v26.3 - https:\/\/yoast.com\/wordpress\/plugins\/seo\/ -->\n<title>Corona-Pandemie: Ordensleute sind da, wo andere jetzt nicht hinkommen k\u00f6nnen &#8211; Ordensgemeinschaften in Deutschland<\/title>\n<meta name=\"description\" content=\"Die Corona-Pandemie stellt Ordensgemeinschaften im weltweiten Einsatz vor ganz gewaltige Herausforderungen...\" \/>\n<meta name=\"robots\" content=\"noindex, follow, max-snippet:-1, max-image-preview:large, max-video-preview:-1\" \/>\n<meta property=\"og:locale\" content=\"de_DE\" \/>\n<meta property=\"og:type\" content=\"article\" \/>\n<meta property=\"og:title\" content=\"Corona-Pandemie: Ordensleute sind da, wo andere jetzt nicht hinkommen k\u00f6nnen\" \/>\n<meta property=\"og:description\" content=\"Die Corona-Pandemie stellt Ordensgemeinschaften im weltweiten Einsatz vor ganz gewaltige Herausforderungen...\" \/>\n<meta property=\"og:url\" content=\"https:\/\/test-wuwei.de\/orden\/meldung\/corona-pandemie-ordensleute-sind-da-wo-andere-jetzt-nicht-hinkommen-koennen\/\" \/>\n<meta property=\"og:site_name\" content=\"Ordensgemeinschaften in Deutschland\" \/>\n<meta property=\"article:modified_time\" content=\"2025-09-01T14:35:53+00:00\" \/>\n<meta property=\"og:image\" content=\"https:\/\/test-wuwei.de\/orden\/wp-content\/uploads\/2025\/08\/csm_DOK_LOGO_Aktuelle_Meldung_a240608fdf-1-1.jpg\" \/>\n\t<meta property=\"og:image:width\" content=\"120\" \/>\n\t<meta property=\"og:image:height\" content=\"120\" \/>\n\t<meta property=\"og:image:type\" content=\"image\/jpeg\" \/>\n<meta name=\"twitter:card\" content=\"summary_large_image\" \/>\n<meta name=\"twitter:label1\" content=\"Gesch\u00e4tzte Lesezeit\" \/>\n\t<meta name=\"twitter:data1\" content=\"6\u00a0Minuten\" \/>\n<script type=\"application\/ld+json\" class=\"yoast-schema-graph\">{\"@context\":\"https:\/\/schema.org\",\"@graph\":[{\"@type\":\"WebPage\",\"@id\":\"https:\/\/test-wuwei.de\/orden\/meldung\/corona-pandemie-ordensleute-sind-da-wo-andere-jetzt-nicht-hinkommen-koennen\/\",\"url\":\"https:\/\/test-wuwei.de\/orden\/meldung\/corona-pandemie-ordensleute-sind-da-wo-andere-jetzt-nicht-hinkommen-koennen\/\",\"name\":\"Corona-Pandemie: Ordensleute sind da, wo andere jetzt nicht hinkommen k\u00f6nnen &#8211; Ordensgemeinschaften in Deutschland\",\"isPartOf\":{\"@id\":\"https:\/\/test-wuwei.de\/orden\/#website\"},\"primaryImageOfPage\":{\"@id\":\"https:\/\/test-wuwei.de\/orden\/meldung\/corona-pandemie-ordensleute-sind-da-wo-andere-jetzt-nicht-hinkommen-koennen\/#primaryimage\"},\"image\":{\"@id\":\"https:\/\/test-wuwei.de\/orden\/meldung\/corona-pandemie-ordensleute-sind-da-wo-andere-jetzt-nicht-hinkommen-koennen\/#primaryimage\"},\"thumbnailUrl\":\"https:\/\/test-wuwei.de\/orden\/wp-content\/uploads\/2025\/08\/csm_DOK_LOGO_Aktuelle_Meldung_a240608fdf-1-1.jpg\",\"datePublished\":\"2020-04-15T07:00:00+00:00\",\"dateModified\":\"2025-09-01T14:35:53+00:00\",\"description\":\"Die Corona-Pandemie stellt Ordensgemeinschaften im weltweiten Einsatz vor ganz gewaltige Herausforderungen...\",\"breadcrumb\":{\"@id\":\"https:\/\/test-wuwei.de\/orden\/meldung\/corona-pandemie-ordensleute-sind-da-wo-andere-jetzt-nicht-hinkommen-koennen\/#breadcrumb\"},\"inLanguage\":\"de\",\"potentialAction\":[{\"@type\":\"ReadAction\",\"target\":[\"https:\/\/test-wuwei.de\/orden\/meldung\/corona-pandemie-ordensleute-sind-da-wo-andere-jetzt-nicht-hinkommen-koennen\/\"]}]},{\"@type\":\"ImageObject\",\"inLanguage\":\"de\",\"@id\":\"https:\/\/test-wuwei.de\/orden\/meldung\/corona-pandemie-ordensleute-sind-da-wo-andere-jetzt-nicht-hinkommen-koennen\/#primaryimage\",\"url\":\"https:\/\/test-wuwei.de\/orden\/wp-content\/uploads\/2025\/08\/csm_DOK_LOGO_Aktuelle_Meldung_a240608fdf-1-1.jpg\",\"contentUrl\":\"https:\/\/test-wuwei.de\/orden\/wp-content\/uploads\/2025\/08\/csm_DOK_LOGO_Aktuelle_Meldung_a240608fdf-1-1.jpg\",\"width\":120,\"height\":120},{\"@type\":\"BreadcrumbList\",\"@id\":\"https:\/\/test-wuwei.de\/orden\/meldung\/corona-pandemie-ordensleute-sind-da-wo-andere-jetzt-nicht-hinkommen-koennen\/#breadcrumb\",\"itemListElement\":[{\"@type\":\"ListItem\",\"position\":1,\"name\":\"\ud83c\udfe0\ufe0e\",\"item\":\"https:\/\/test-wuwei.de\/orden\/\"},{\"@type\":\"ListItem\",\"position\":2,\"name\":\"Corona-Pandemie: Ordensleute sind da, wo andere jetzt nicht hinkommen k\u00f6nnen\"}]},{\"@type\":\"WebSite\",\"@id\":\"https:\/\/test-wuwei.de\/orden\/#website\",\"url\":\"https:\/\/test-wuwei.de\/orden\/\",\"name\":\"Ordensgemeinschaften in Deutschland\",\"description\":\"Deutsche Ordensobernkonferenz\",\"publisher\":{\"@id\":\"https:\/\/test-wuwei.de\/orden\/#organization\"},\"potentialAction\":[{\"@type\":\"SearchAction\",\"target\":{\"@type\":\"EntryPoint\",\"urlTemplate\":\"https:\/\/test-wuwei.de\/orden\/?s={search_term_string}\"},\"query-input\":{\"@type\":\"PropertyValueSpecification\",\"valueRequired\":true,\"valueName\":\"search_term_string\"}}],\"inLanguage\":\"de\"},{\"@type\":\"Organization\",\"@id\":\"https:\/\/test-wuwei.de\/orden\/#organization\",\"name\":\"Ordensgemeinschaften in Deutschland\",\"url\":\"https:\/\/test-wuwei.de\/orden\/\",\"logo\":{\"@type\":\"ImageObject\",\"inLanguage\":\"de\",\"@id\":\"https:\/\/test-wuwei.de\/orden\/#\/schema\/logo\/image\/\",\"url\":\"https:\/\/test-wuwei.de\/orden\/wp-content\/uploads\/2025\/07\/DOK_Logo_RGB_mit.jpg\",\"contentUrl\":\"https:\/\/test-wuwei.de\/orden\/wp-content\/uploads\/2025\/07\/DOK_Logo_RGB_mit.jpg\",\"width\":2480,\"height\":1748,\"caption\":\"Ordensgemeinschaften in Deutschland\"},\"image\":{\"@id\":\"https:\/\/test-wuwei.de\/orden\/#\/schema\/logo\/image\/\"}}]}<\/script>\n<!-- \/ Yoast SEO plugin. -->","yoast_head_json":{"title":"Corona-Pandemie: Ordensleute sind da, wo andere jetzt nicht hinkommen k\u00f6nnen &#8211; Ordensgemeinschaften in Deutschland","description":"Die Corona-Pandemie stellt Ordensgemeinschaften im weltweiten Einsatz vor ganz gewaltige Herausforderungen...","robots":{"index":"noindex","follow":"follow","max-snippet":"max-snippet:-1","max-image-preview":"max-image-preview:large","max-video-preview":"max-video-preview:-1"},"og_locale":"de_DE","og_type":"article","og_title":"Corona-Pandemie: Ordensleute sind da, wo andere jetzt nicht hinkommen k\u00f6nnen","og_description":"Die Corona-Pandemie stellt Ordensgemeinschaften im weltweiten Einsatz vor ganz gewaltige Herausforderungen...","og_url":"https:\/\/test-wuwei.de\/orden\/meldung\/corona-pandemie-ordensleute-sind-da-wo-andere-jetzt-nicht-hinkommen-koennen\/","og_site_name":"Ordensgemeinschaften in Deutschland","article_modified_time":"2025-09-01T14:35:53+00:00","og_image":[{"width":120,"height":120,"url":"https:\/\/test-wuwei.de\/orden\/wp-content\/uploads\/2025\/08\/csm_DOK_LOGO_Aktuelle_Meldung_a240608fdf-1-1.jpg","type":"image\/jpeg"}],"twitter_card":"summary_large_image","twitter_misc":{"Gesch\u00e4tzte Lesezeit":"6\u00a0Minuten"},"schema":{"@context":"https:\/\/schema.org","@graph":[{"@type":"WebPage","@id":"https:\/\/test-wuwei.de\/orden\/meldung\/corona-pandemie-ordensleute-sind-da-wo-andere-jetzt-nicht-hinkommen-koennen\/","url":"https:\/\/test-wuwei.de\/orden\/meldung\/corona-pandemie-ordensleute-sind-da-wo-andere-jetzt-nicht-hinkommen-koennen\/","name":"Corona-Pandemie: Ordensleute sind da, wo andere jetzt nicht hinkommen k\u00f6nnen &#8211; Ordensgemeinschaften in Deutschland","isPartOf":{"@id":"https:\/\/test-wuwei.de\/orden\/#website"},"primaryImageOfPage":{"@id":"https:\/\/test-wuwei.de\/orden\/meldung\/corona-pandemie-ordensleute-sind-da-wo-andere-jetzt-nicht-hinkommen-koennen\/#primaryimage"},"image":{"@id":"https:\/\/test-wuwei.de\/orden\/meldung\/corona-pandemie-ordensleute-sind-da-wo-andere-jetzt-nicht-hinkommen-koennen\/#primaryimage"},"thumbnailUrl":"https:\/\/test-wuwei.de\/orden\/wp-content\/uploads\/2025\/08\/csm_DOK_LOGO_Aktuelle_Meldung_a240608fdf-1-1.jpg","datePublished":"2020-04-15T07:00:00+00:00","dateModified":"2025-09-01T14:35:53+00:00","description":"Die Corona-Pandemie stellt Ordensgemeinschaften im weltweiten Einsatz vor ganz gewaltige Herausforderungen...","breadcrumb":{"@id":"https:\/\/test-wuwei.de\/orden\/meldung\/corona-pandemie-ordensleute-sind-da-wo-andere-jetzt-nicht-hinkommen-koennen\/#breadcrumb"},"inLanguage":"de","potentialAction":[{"@type":"ReadAction","target":["https:\/\/test-wuwei.de\/orden\/meldung\/corona-pandemie-ordensleute-sind-da-wo-andere-jetzt-nicht-hinkommen-koennen\/"]}]},{"@type":"ImageObject","inLanguage":"de","@id":"https:\/\/test-wuwei.de\/orden\/meldung\/corona-pandemie-ordensleute-sind-da-wo-andere-jetzt-nicht-hinkommen-koennen\/#primaryimage","url":"https:\/\/test-wuwei.de\/orden\/wp-content\/uploads\/2025\/08\/csm_DOK_LOGO_Aktuelle_Meldung_a240608fdf-1-1.jpg","contentUrl":"https:\/\/test-wuwei.de\/orden\/wp-content\/uploads\/2025\/08\/csm_DOK_LOGO_Aktuelle_Meldung_a240608fdf-1-1.jpg","width":120,"height":120},{"@type":"BreadcrumbList","@id":"https:\/\/test-wuwei.de\/orden\/meldung\/corona-pandemie-ordensleute-sind-da-wo-andere-jetzt-nicht-hinkommen-koennen\/#breadcrumb","itemListElement":[{"@type":"ListItem","position":1,"name":"\ud83c\udfe0\ufe0e","item":"https:\/\/test-wuwei.de\/orden\/"},{"@type":"ListItem","position":2,"name":"Corona-Pandemie: Ordensleute sind da, wo andere jetzt nicht hinkommen k\u00f6nnen"}]},{"@type":"WebSite","@id":"https:\/\/test-wuwei.de\/orden\/#website","url":"https:\/\/test-wuwei.de\/orden\/","name":"Ordensgemeinschaften in Deutschland","description":"Deutsche Ordensobernkonferenz","publisher":{"@id":"https:\/\/test-wuwei.de\/orden\/#organization"},"potentialAction":[{"@type":"SearchAction","target":{"@type":"EntryPoint","urlTemplate":"https:\/\/test-wuwei.de\/orden\/?s={search_term_string}"},"query-input":{"@type":"PropertyValueSpecification","valueRequired":true,"valueName":"search_term_string"}}],"inLanguage":"de"},{"@type":"Organization","@id":"https:\/\/test-wuwei.de\/orden\/#organization","name":"Ordensgemeinschaften in Deutschland","url":"https:\/\/test-wuwei.de\/orden\/","logo":{"@type":"ImageObject","inLanguage":"de","@id":"https:\/\/test-wuwei.de\/orden\/#\/schema\/logo\/image\/","url":"https:\/\/test-wuwei.de\/orden\/wp-content\/uploads\/2025\/07\/DOK_Logo_RGB_mit.jpg","contentUrl":"https:\/\/test-wuwei.de\/orden\/wp-content\/uploads\/2025\/07\/DOK_Logo_RGB_mit.jpg","width":2480,"height":1748,"caption":"Ordensgemeinschaften in Deutschland"},"image":{"@id":"https:\/\/test-wuwei.de\/orden\/#\/schema\/logo\/image\/"}}]}},"_links":{"self":[{"href":"https:\/\/test-wuwei.de\/orden\/wp-json\/wp\/v2\/meldung\/1488","targetHints":{"allow":["GET"]}}],"collection":[{"href":"https:\/\/test-wuwei.de\/orden\/wp-json\/wp\/v2\/meldung"}],"about":[{"href":"https:\/\/test-wuwei.de\/orden\/wp-json\/wp\/v2\/types\/meldung"}],"wp:featuredmedia":[{"embeddable":true,"href":"https:\/\/test-wuwei.de\/orden\/wp-json\/wp\/v2\/media\/1464"}],"wp:attachment":[{"href":"https:\/\/test-wuwei.de\/orden\/wp-json\/wp\/v2\/media?parent=1488"}],"wp:term":[{"taxonomy":"category","embeddable":true,"href":"https:\/\/test-wuwei.de\/orden\/wp-json\/wp\/v2\/categories?post=1488"}],"curies":[{"name":"wp","href":"https:\/\/api.w.org\/{rel}","templated":true}]}}