{"id":1487,"date":"2020-04-17T09:00:00","date_gmt":"2020-04-17T07:00:00","guid":{"rendered":"https:\/\/test-wuwei.de\/orden\/?post_type=aktuelles&#038;p=1487"},"modified":"2025-08-21T09:59:34","modified_gmt":"2025-08-21T07:59:34","slug":"gespraeche-zu-gottesdiensten-angesichts-der-corona-pandemie-dbk-vorsitzender-zuversichtlich","status":"publish","type":"meldung","link":"https:\/\/test-wuwei.de\/orden\/meldung\/gespraeche-zu-gottesdiensten-angesichts-der-corona-pandemie-dbk-vorsitzender-zuversichtlich\/","title":{"rendered":"Gespr\u00e4che zu Gottesdiensten angesichts der Corona-Pandemie: DBK-Vorsitzender zuversichtlich"},"content":{"rendered":"\n<h2 class=\"wp-block-heading has-medium-font-size\"><strong>Hoffnung auf schrittweise Lockerung der Beschr\u00e4nkungen religi\u00f6ser Zusammenk\u00fcnfte<\/strong><\/h2>\n\n\n\n<p>Wie viele Gl\u00e4ubige, so leiden auch und besonders viele Ordensfrauen und -m\u00e4nner in Kl\u00f6stern und Ordenskommunit\u00e4ten in diesen Zeiten der Unsicherheit und der Vereinzelung sehr unter den derzeit geltenden Beschr\u00e4nkungen bez\u00fcglich der M\u00f6glichkeit, Gottesdienste zu feiern, auch wenn diese Beschr\u00e4nkungen aus Einsicht und \u00dcberzeugung mitgetragen werden.<\/p>\n\n\n\n<p>Am heutigen Freitag haben sich Vertreter des Bundes, der L\u00e4nder sowie der Religionsgemeinschaften zu einem Gespr\u00e4ch im Bundesministerium des Innern \u00fcber die Frage der Fortgeltung der Untersagung religi\u00f6ser Zusammenk\u00fcnfte ausgetauscht. Die katholische Kirche wurde vom Leiter des Katholischen B\u00fcros in Berlin, Pr\u00e4lat Dr. Karl J\u00fcsten, vertreten.<\/p>\n\n\n\n<p>Im Nachgang der Zusammenkunft \u00e4u\u00dferte sich der Vorsitzende der Deutschen Bischofskonferenz, Bischof Dr. Georg B\u00e4tzing zuversichtlich: \u201eWir sind froh, dass sich heute Vertreter von Bund und L\u00e4ndern, der Kirchen und Religionsgemeinschaften in gro\u00dfer Einm\u00fctigkeit darauf verst\u00e4ndigt haben, dass man im Laufe der n\u00e4chsten Woche konkrete Wege f\u00fcr eine schrittweise Lockerung der Beschr\u00e4nkungen religi\u00f6ser Zusammenk\u00fcnfte und damit auch von Gottesdiensten pr\u00fcfen will.&#8220; Die vollst\u00e4ndige Erkl\u00e4rung ist&nbsp;<a href=\"https:\/\/dbk.de\/nc\/presse\/aktuelles\/meldung\/bischof-dr-georg-baetzing-zu-den-heutigen-gespraechen-zur-frage-religioeser-zusammenkuenfte\/detail\/\" target=\"_blank\" rel=\"noreferrer noopener\">hier auf der Internetseite der Deutschen Bischofskonferenz<\/a>&nbsp;dokumentiert. Ein Arbeitspapier mit einem konkreten Vorschlag f\u00fcr ein m\u00f6gliches Vorgehen steht dort ebenfalls zum Download zur Verf\u00fcgung.<\/p>\n","protected":false},"excerpt":{"rendered":"<p>Hoffnung auf schrittweise Lockerung der Beschr\u00e4nkungen religi\u00f6ser Zusammenk\u00fcnfte Wie viele Gl\u00e4ubige, so leiden auch und besonders viele Ordensfrauen und -m\u00e4nner in Kl\u00f6stern und Ordenskommunit\u00e4ten in diesen Zeiten der Unsicherheit und der Vereinzelung sehr unter den derzeit geltenden Beschr\u00e4nkungen bez\u00fcglich der M\u00f6glichkeit, Gottesdienste zu feiern, auch wenn diese Beschr\u00e4nkungen aus Einsicht und \u00dcberzeugung mitgetragen werden. Am &#8230; <\/p>\n<p class=\"read-more-container\"><a title=\"Gespr\u00e4che zu Gottesdiensten angesichts der Corona-Pandemie: DBK-Vorsitzender zuversichtlich\" class=\"read-more button\" href=\"https:\/\/test-wuwei.de\/orden\/meldung\/gespraeche-zu-gottesdiensten-angesichts-der-corona-pandemie-dbk-vorsitzender-zuversichtlich\/#more-1487\" aria-label=\"Mehr Informationen \u00fcber Gespr\u00e4che zu Gottesdiensten angesichts der Corona-Pandemie: DBK-Vorsitzender zuversichtlich\">weiterlesen<\/a><\/p>\n","protected":false},"featured_media":1464,"parent":0,"template":"","categories":[],"class_list":["post-1487","meldung","type-meldung","status-publish","has-post-thumbnail","hentry"],"acf":[],"yoast_head":"<!-- This site is optimized with the Yoast SEO plugin v26.3 - https:\/\/yoast.com\/wordpress\/plugins\/seo\/ -->\n<title>Gespr\u00e4che zu Gottesdiensten angesichts der Corona-Pandemie: DBK-Vorsitzender zuversichtlich &#8211; Ordensgemeinschaften in Deutschland<\/title>\n<meta name=\"description\" content=\"Hoffnung auf schrittweise Lockerung der Beschr\u00e4nkungen religi\u00f6ser Zusammenk\u00fcnfte\" \/>\n<meta name=\"robots\" content=\"noindex, follow, max-snippet:-1, max-image-preview:large, max-video-preview:-1\" \/>\n<meta property=\"og:locale\" content=\"de_DE\" \/>\n<meta property=\"og:type\" content=\"article\" \/>\n<meta property=\"og:title\" content=\"Gespr\u00e4che zu Gottesdiensten angesichts der Corona-Pandemie: DBK-Vorsitzender zuversichtlich\" \/>\n<meta property=\"og:description\" content=\"Hoffnung auf schrittweise Lockerung der Beschr\u00e4nkungen religi\u00f6ser Zusammenk\u00fcnfte\" \/>\n<meta property=\"og:url\" content=\"https:\/\/test-wuwei.de\/orden\/meldung\/gespraeche-zu-gottesdiensten-angesichts-der-corona-pandemie-dbk-vorsitzender-zuversichtlich\/\" \/>\n<meta property=\"og:site_name\" content=\"Ordensgemeinschaften in Deutschland\" \/>\n<meta property=\"article:modified_time\" content=\"2025-08-21T07:59:34+00:00\" \/>\n<meta property=\"og:image\" content=\"https:\/\/test-wuwei.de\/orden\/wp-content\/uploads\/2025\/08\/csm_DOK_LOGO_Aktuelle_Meldung_a240608fdf-1-1.jpg\" \/>\n\t<meta property=\"og:image:width\" content=\"120\" \/>\n\t<meta property=\"og:image:height\" content=\"120\" \/>\n\t<meta property=\"og:image:type\" content=\"image\/jpeg\" \/>\n<meta name=\"twitter:card\" content=\"summary_large_image\" \/>\n<meta name=\"twitter:label1\" content=\"Gesch\u00e4tzte Lesezeit\" \/>\n\t<meta name=\"twitter:data1\" content=\"2\u00a0Minuten\" \/>\n<script type=\"application\/ld+json\" class=\"yoast-schema-graph\">{\"@context\":\"https:\/\/schema.org\",\"@graph\":[{\"@type\":\"WebPage\",\"@id\":\"https:\/\/test-wuwei.de\/orden\/meldung\/gespraeche-zu-gottesdiensten-angesichts-der-corona-pandemie-dbk-vorsitzender-zuversichtlich\/\",\"url\":\"https:\/\/test-wuwei.de\/orden\/meldung\/gespraeche-zu-gottesdiensten-angesichts-der-corona-pandemie-dbk-vorsitzender-zuversichtlich\/\",\"name\":\"Gespr\u00e4che zu Gottesdiensten angesichts der Corona-Pandemie: DBK-Vorsitzender zuversichtlich &#8211; Ordensgemeinschaften in Deutschland\",\"isPartOf\":{\"@id\":\"https:\/\/test-wuwei.de\/orden\/#website\"},\"primaryImageOfPage\":{\"@id\":\"https:\/\/test-wuwei.de\/orden\/meldung\/gespraeche-zu-gottesdiensten-angesichts-der-corona-pandemie-dbk-vorsitzender-zuversichtlich\/#primaryimage\"},\"image\":{\"@id\":\"https:\/\/test-wuwei.de\/orden\/meldung\/gespraeche-zu-gottesdiensten-angesichts-der-corona-pandemie-dbk-vorsitzender-zuversichtlich\/#primaryimage\"},\"thumbnailUrl\":\"https:\/\/test-wuwei.de\/orden\/wp-content\/uploads\/2025\/08\/csm_DOK_LOGO_Aktuelle_Meldung_a240608fdf-1-1.jpg\",\"datePublished\":\"2020-04-17T07:00:00+00:00\",\"dateModified\":\"2025-08-21T07:59:34+00:00\",\"description\":\"Hoffnung auf schrittweise Lockerung der Beschr\u00e4nkungen religi\u00f6ser Zusammenk\u00fcnfte\",\"breadcrumb\":{\"@id\":\"https:\/\/test-wuwei.de\/orden\/meldung\/gespraeche-zu-gottesdiensten-angesichts-der-corona-pandemie-dbk-vorsitzender-zuversichtlich\/#breadcrumb\"},\"inLanguage\":\"de\",\"potentialAction\":[{\"@type\":\"ReadAction\",\"target\":[\"https:\/\/test-wuwei.de\/orden\/meldung\/gespraeche-zu-gottesdiensten-angesichts-der-corona-pandemie-dbk-vorsitzender-zuversichtlich\/\"]}]},{\"@type\":\"ImageObject\",\"inLanguage\":\"de\",\"@id\":\"https:\/\/test-wuwei.de\/orden\/meldung\/gespraeche-zu-gottesdiensten-angesichts-der-corona-pandemie-dbk-vorsitzender-zuversichtlich\/#primaryimage\",\"url\":\"https:\/\/test-wuwei.de\/orden\/wp-content\/uploads\/2025\/08\/csm_DOK_LOGO_Aktuelle_Meldung_a240608fdf-1-1.jpg\",\"contentUrl\":\"https:\/\/test-wuwei.de\/orden\/wp-content\/uploads\/2025\/08\/csm_DOK_LOGO_Aktuelle_Meldung_a240608fdf-1-1.jpg\",\"width\":120,\"height\":120},{\"@type\":\"BreadcrumbList\",\"@id\":\"https:\/\/test-wuwei.de\/orden\/meldung\/gespraeche-zu-gottesdiensten-angesichts-der-corona-pandemie-dbk-vorsitzender-zuversichtlich\/#breadcrumb\",\"itemListElement\":[{\"@type\":\"ListItem\",\"position\":1,\"name\":\"\ud83c\udfe0\ufe0e\",\"item\":\"https:\/\/test-wuwei.de\/orden\/\"},{\"@type\":\"ListItem\",\"position\":2,\"name\":\"Gespr\u00e4che zu Gottesdiensten angesichts der Corona-Pandemie: DBK-Vorsitzender zuversichtlich\"}]},{\"@type\":\"WebSite\",\"@id\":\"https:\/\/test-wuwei.de\/orden\/#website\",\"url\":\"https:\/\/test-wuwei.de\/orden\/\",\"name\":\"Ordensgemeinschaften in Deutschland\",\"description\":\"Deutsche Ordensobernkonferenz\",\"publisher\":{\"@id\":\"https:\/\/test-wuwei.de\/orden\/#organization\"},\"potentialAction\":[{\"@type\":\"SearchAction\",\"target\":{\"@type\":\"EntryPoint\",\"urlTemplate\":\"https:\/\/test-wuwei.de\/orden\/?s={search_term_string}\"},\"query-input\":{\"@type\":\"PropertyValueSpecification\",\"valueRequired\":true,\"valueName\":\"search_term_string\"}}],\"inLanguage\":\"de\"},{\"@type\":\"Organization\",\"@id\":\"https:\/\/test-wuwei.de\/orden\/#organization\",\"name\":\"Ordensgemeinschaften in Deutschland\",\"url\":\"https:\/\/test-wuwei.de\/orden\/\",\"logo\":{\"@type\":\"ImageObject\",\"inLanguage\":\"de\",\"@id\":\"https:\/\/test-wuwei.de\/orden\/#\/schema\/logo\/image\/\",\"url\":\"https:\/\/test-wuwei.de\/orden\/wp-content\/uploads\/2025\/07\/DOK_Logo_RGB_mit.jpg\",\"contentUrl\":\"https:\/\/test-wuwei.de\/orden\/wp-content\/uploads\/2025\/07\/DOK_Logo_RGB_mit.jpg\",\"width\":2480,\"height\":1748,\"caption\":\"Ordensgemeinschaften in Deutschland\"},\"image\":{\"@id\":\"https:\/\/test-wuwei.de\/orden\/#\/schema\/logo\/image\/\"}}]}<\/script>\n<!-- \/ Yoast SEO plugin. -->","yoast_head_json":{"title":"Gespr\u00e4che zu Gottesdiensten angesichts der Corona-Pandemie: DBK-Vorsitzender zuversichtlich &#8211; Ordensgemeinschaften in Deutschland","description":"Hoffnung auf schrittweise Lockerung der Beschr\u00e4nkungen religi\u00f6ser Zusammenk\u00fcnfte","robots":{"index":"noindex","follow":"follow","max-snippet":"max-snippet:-1","max-image-preview":"max-image-preview:large","max-video-preview":"max-video-preview:-1"},"og_locale":"de_DE","og_type":"article","og_title":"Gespr\u00e4che zu Gottesdiensten angesichts der Corona-Pandemie: DBK-Vorsitzender zuversichtlich","og_description":"Hoffnung auf schrittweise Lockerung der Beschr\u00e4nkungen religi\u00f6ser Zusammenk\u00fcnfte","og_url":"https:\/\/test-wuwei.de\/orden\/meldung\/gespraeche-zu-gottesdiensten-angesichts-der-corona-pandemie-dbk-vorsitzender-zuversichtlich\/","og_site_name":"Ordensgemeinschaften in Deutschland","article_modified_time":"2025-08-21T07:59:34+00:00","og_image":[{"width":120,"height":120,"url":"https:\/\/test-wuwei.de\/orden\/wp-content\/uploads\/2025\/08\/csm_DOK_LOGO_Aktuelle_Meldung_a240608fdf-1-1.jpg","type":"image\/jpeg"}],"twitter_card":"summary_large_image","twitter_misc":{"Gesch\u00e4tzte Lesezeit":"2\u00a0Minuten"},"schema":{"@context":"https:\/\/schema.org","@graph":[{"@type":"WebPage","@id":"https:\/\/test-wuwei.de\/orden\/meldung\/gespraeche-zu-gottesdiensten-angesichts-der-corona-pandemie-dbk-vorsitzender-zuversichtlich\/","url":"https:\/\/test-wuwei.de\/orden\/meldung\/gespraeche-zu-gottesdiensten-angesichts-der-corona-pandemie-dbk-vorsitzender-zuversichtlich\/","name":"Gespr\u00e4che zu Gottesdiensten angesichts der Corona-Pandemie: DBK-Vorsitzender zuversichtlich &#8211; Ordensgemeinschaften in Deutschland","isPartOf":{"@id":"https:\/\/test-wuwei.de\/orden\/#website"},"primaryImageOfPage":{"@id":"https:\/\/test-wuwei.de\/orden\/meldung\/gespraeche-zu-gottesdiensten-angesichts-der-corona-pandemie-dbk-vorsitzender-zuversichtlich\/#primaryimage"},"image":{"@id":"https:\/\/test-wuwei.de\/orden\/meldung\/gespraeche-zu-gottesdiensten-angesichts-der-corona-pandemie-dbk-vorsitzender-zuversichtlich\/#primaryimage"},"thumbnailUrl":"https:\/\/test-wuwei.de\/orden\/wp-content\/uploads\/2025\/08\/csm_DOK_LOGO_Aktuelle_Meldung_a240608fdf-1-1.jpg","datePublished":"2020-04-17T07:00:00+00:00","dateModified":"2025-08-21T07:59:34+00:00","description":"Hoffnung auf schrittweise Lockerung der Beschr\u00e4nkungen religi\u00f6ser Zusammenk\u00fcnfte","breadcrumb":{"@id":"https:\/\/test-wuwei.de\/orden\/meldung\/gespraeche-zu-gottesdiensten-angesichts-der-corona-pandemie-dbk-vorsitzender-zuversichtlich\/#breadcrumb"},"inLanguage":"de","potentialAction":[{"@type":"ReadAction","target":["https:\/\/test-wuwei.de\/orden\/meldung\/gespraeche-zu-gottesdiensten-angesichts-der-corona-pandemie-dbk-vorsitzender-zuversichtlich\/"]}]},{"@type":"ImageObject","inLanguage":"de","@id":"https:\/\/test-wuwei.de\/orden\/meldung\/gespraeche-zu-gottesdiensten-angesichts-der-corona-pandemie-dbk-vorsitzender-zuversichtlich\/#primaryimage","url":"https:\/\/test-wuwei.de\/orden\/wp-content\/uploads\/2025\/08\/csm_DOK_LOGO_Aktuelle_Meldung_a240608fdf-1-1.jpg","contentUrl":"https:\/\/test-wuwei.de\/orden\/wp-content\/uploads\/2025\/08\/csm_DOK_LOGO_Aktuelle_Meldung_a240608fdf-1-1.jpg","width":120,"height":120},{"@type":"BreadcrumbList","@id":"https:\/\/test-wuwei.de\/orden\/meldung\/gespraeche-zu-gottesdiensten-angesichts-der-corona-pandemie-dbk-vorsitzender-zuversichtlich\/#breadcrumb","itemListElement":[{"@type":"ListItem","position":1,"name":"\ud83c\udfe0\ufe0e","item":"https:\/\/test-wuwei.de\/orden\/"},{"@type":"ListItem","position":2,"name":"Gespr\u00e4che zu Gottesdiensten angesichts der Corona-Pandemie: DBK-Vorsitzender zuversichtlich"}]},{"@type":"WebSite","@id":"https:\/\/test-wuwei.de\/orden\/#website","url":"https:\/\/test-wuwei.de\/orden\/","name":"Ordensgemeinschaften in Deutschland","description":"Deutsche Ordensobernkonferenz","publisher":{"@id":"https:\/\/test-wuwei.de\/orden\/#organization"},"potentialAction":[{"@type":"SearchAction","target":{"@type":"EntryPoint","urlTemplate":"https:\/\/test-wuwei.de\/orden\/?s={search_term_string}"},"query-input":{"@type":"PropertyValueSpecification","valueRequired":true,"valueName":"search_term_string"}}],"inLanguage":"de"},{"@type":"Organization","@id":"https:\/\/test-wuwei.de\/orden\/#organization","name":"Ordensgemeinschaften in Deutschland","url":"https:\/\/test-wuwei.de\/orden\/","logo":{"@type":"ImageObject","inLanguage":"de","@id":"https:\/\/test-wuwei.de\/orden\/#\/schema\/logo\/image\/","url":"https:\/\/test-wuwei.de\/orden\/wp-content\/uploads\/2025\/07\/DOK_Logo_RGB_mit.jpg","contentUrl":"https:\/\/test-wuwei.de\/orden\/wp-content\/uploads\/2025\/07\/DOK_Logo_RGB_mit.jpg","width":2480,"height":1748,"caption":"Ordensgemeinschaften in Deutschland"},"image":{"@id":"https:\/\/test-wuwei.de\/orden\/#\/schema\/logo\/image\/"}}]}},"_links":{"self":[{"href":"https:\/\/test-wuwei.de\/orden\/wp-json\/wp\/v2\/meldung\/1487","targetHints":{"allow":["GET"]}}],"collection":[{"href":"https:\/\/test-wuwei.de\/orden\/wp-json\/wp\/v2\/meldung"}],"about":[{"href":"https:\/\/test-wuwei.de\/orden\/wp-json\/wp\/v2\/types\/meldung"}],"wp:featuredmedia":[{"embeddable":true,"href":"https:\/\/test-wuwei.de\/orden\/wp-json\/wp\/v2\/media\/1464"}],"wp:attachment":[{"href":"https:\/\/test-wuwei.de\/orden\/wp-json\/wp\/v2\/media?parent=1487"}],"wp:term":[{"taxonomy":"category","embeddable":true,"href":"https:\/\/test-wuwei.de\/orden\/wp-json\/wp\/v2\/categories?post=1487"}],"curies":[{"name":"wp","href":"https:\/\/api.w.org\/{rel}","templated":true}]}}