{"id":1483,"date":"2020-04-18T09:00:00","date_gmt":"2020-04-18T07:00:00","guid":{"rendered":"https:\/\/test-wuwei.de\/orden\/?post_type=aktuelles&#038;p=1483"},"modified":"2025-09-01T16:33:07","modified_gmt":"2025-09-01T14:33:07","slug":"corona-online-angebote-der-ordensgemeinschaften-und-kloester","status":"publish","type":"meldung","link":"https:\/\/test-wuwei.de\/orden\/meldung\/corona-online-angebote-der-ordensgemeinschaften-und-kloester\/","title":{"rendered":"Corona: Online-Angebote der Ordensgemeinschaften und Kl\u00f6ster"},"content":{"rendered":"\n<h2 class=\"wp-block-heading has-medium-font-size\"><strong>Viele Menschen arbeiten nun von zu Hause aus oder m\u00fcssen sich in Quarant\u00e4ne begeben. Ordensleute schlagen vor, die auferlegte Einkehr spirituell f\u00fcr sich zu nutzen.<\/strong><\/h2>\n\n\n\n<p><em>Das neuartige Corona-Virus versetzt die Welt in Unsicherheit und Angst. Umso wichtiger ist es, in dieser turbulenten Zeit Ruhe zu bewahren. Viele Menschen arbeiten nun von zu Hause aus oder m\u00fcssen sich in Quarant\u00e4ne begeben.<\/em><\/p>\n\n\n\n<p><em>Ordensleute schlagen vor, die auferlegte Einkehr spirituell f\u00fcr sich zu nutzen, zumal viele \u00f6ffentliche Veranstaltungen abgesagt werden m\u00fcssen. Einige Einrichtungen \u2013 und auch einige Ordensgemeinschaften \u2013 bieten daher Online-Angebote an, mit denen diese Zeit auch in den eigenen vier W\u00e4nden christlich gestaltet werden kann. orden.de stellt eine Auswahl vor.<\/em><\/p>\n\n\n\n<h3 class=\"wp-block-heading\"><strong>Gottesdienst\u00fcbertragungen:<\/strong><\/h3>\n\n\n\n<p>Die Missionbenediktiner der Abtei St. Ottilien laden ein, im Gebet verbunden zu bleiben. \u00dcber<a href=\"https:\/\/erzabtei.de\/live\" target=\"_blank\" rel=\"noreferrer noopener\">&nbsp;<strong>Erzabtei live<\/strong><\/a>&nbsp;besteht die M\u00f6glichkeit, die Gebetszeiten und Gottesdienste der M\u00f6nche mitzuh\u00f6ren und gemeinsam zu beten. T\u00e4glich werden die Gottesdienste um 6.45 Uhr \u2013 Sonntags um 9.15 Uhr \u2013 auch im Livestream auf dem&nbsp;<strong><a href=\"https:\/\/www.youtube.com\/watch?v=KTmz2D0Uz6I\" target=\"_blank\" rel=\"noreferrer noopener\">Youtube-Kanal der Erzabtei<\/a><\/strong>&nbsp;\u00fcbertragen. Auch w\u00e4hrend der Karwoche und der Ostertage werden hier die Gottesdienste \u00fcbertragen. Dort kann man zudem jederzeit einen virtuellen Blick in die Klosterkirche werfen und sich die Messen und Gebetszeiten der vergangenen zw\u00f6lf Stunden ansehen.<\/p>\n\n\n\n<p>Die Jesuiten \u00fcbertragen jeden Samstag um 18.00 Uhr eine englischsprachige Messe \u00fcber Youtube. Der Link ist immer kurz zuvor unter&nbsp;<a href=\"http:\/\/www.stjohnberchmans.de\/\" target=\"_blank\" rel=\"noreferrer noopener\"><strong>www.stjohnberchmans.de<\/strong><\/a>&nbsp;zu finden.<\/p>\n\n\n\n<p>Auch die Benediktinerabtei M\u00fcnsterschwarzach streamt&nbsp;<a href=\"https:\/\/www.abtei-muensterschwarzach.de\/beten\/gottesdienste\/gottesdienste-live\" target=\"_blank\" rel=\"noreferrer noopener\"><strong>ausgew\u00e4hlte Gebetszeiten<\/strong><\/a>&nbsp;live. Hier kann man au\u00dferdem online Gebetsanliegen einreichen.<\/p>\n\n\n\n<p><a href=\"https:\/\/www.youtube.com\/channel\/UCvnBW_kROYxdOoEJxiXA0LA\/videos\" target=\"_blank\" rel=\"noreferrer noopener\"><strong>T\u00e4gliche Gebets\u00fcbertragungen<\/strong><\/a>&nbsp;gibt es ebenfalls aus der Benediktinerabtei St. Bonifaz in M\u00fcnchen. Regelm\u00e4\u00dfige \u00dcbertragungen finden sonntags um 11:00 Uhr, 18:15 Uhr und 19:30 Uhr statt, sowie montags bis samstags um 17:45 Uhr und um 19:30 Uhr.&nbsp;<\/p>\n\n\n\n<p>Aus Bochum-Stiepel laden die&nbsp;<a href=\"https:\/\/vimeo.com\/user109989250\" target=\"_blank\" rel=\"noreferrer noopener\"><strong>Zisterzienser<\/strong><\/a>&nbsp;t\u00e4glich dazu ein, sich um 17:45 Uhr der lateinischen Vesper der Br\u00fcder anschlie\u00dfen, sonnt\u00e4glich zudem &#8211; um 9:30 Uhr &#8211; dem Konventamt der Gemeinschaft.<\/p>\n\n\n\n<p>Auf&nbsp;<a href=\"https:\/\/www.youtube.com\/channel\/UCuufuhOfJIzU9Z09Rs5ZnZg\/playlists\" target=\"_blank\" rel=\"noreferrer noopener\"><strong>Youtube&nbsp;<\/strong><\/a>als auch auf&nbsp;<a href=\"https:\/\/www.facebook.com\/abtei.kornelimuenster\/\" target=\"_blank\" rel=\"noreferrer noopener\"><strong>Facebook&nbsp;<\/strong><\/a>\u00fcbertragen die Benediktiner der Abtei Kornelim\u00fcnster aktuell ihre Gebetszeiten.<\/p>\n\n\n\n<p>Auch aus dem&nbsp;<a href=\"https:\/\/www.youtube.com\/channel\/UCA5RIA6KqFhVVr1_SzIBSKQ\" target=\"_blank\" rel=\"noreferrer noopener\"><strong>Pr\u00e4monstratenser Kloster Roggenburg<\/strong><\/a>&nbsp;werden&nbsp;die heilige Messe, die Gotte\u00adsdi\u00aden\u00adste an Fe\u00adsten und im\u00adm\u00ader don\u00adners\u00adtags die Vesper \u00fcbertragen.<\/p>\n\n\n\n<p>\u00dcber den YouTube-Kanal der&nbsp;<a href=\"https:\/\/www.youtube.com\/channel\/UCoqCEn9PINmgsDTbSN5momw\" target=\"_blank\" rel=\"noreferrer noopener\"><strong>Benedktinerabtei Gerleve<\/strong><\/a>&nbsp;werden auch die Gebetszeiten dieser Abtei \u00fcbertragen.<\/p>\n\n\n\n<p>Die&nbsp;<a href=\"https:\/\/www.youtube.com\/watch?v=6pQU-ryOK6E&amp;feature=youtu.be\" target=\"_blank\" rel=\"noreferrer noopener\"><strong>Oblatenmissionare<\/strong><\/a>&nbsp;aus dem St. Bonifatiuskloster H\u00fcnfeld streamen ebenfalls Ihre Gebetszeiten.&nbsp;<\/p>\n\n\n\n<p>Weitere Gottesdienst\u00fcbertragungen stellen die&nbsp;<a href=\"https:\/\/www.youtube.com\/channel\/UC1ev1AkR8Gar5bn2bxaLGZA\" target=\"_blank\" rel=\"noreferrer noopener\"><strong>Benediktiner der Erzabtei St. Martin zu Beuron<\/strong><\/a>&nbsp;auf ihrem Youtube-Kanal zur Verf\u00fcgung.<\/p>\n\n\n\n<h3 class=\"wp-block-heading\"><strong>Podcasts und Videos:<\/strong><\/h3>\n\n\n\n<p>Die Kapuziner produzieren&nbsp;<a href=\"https:\/\/podkap.kapuziner-entdecken.de\/episoden\/\" target=\"_blank\" rel=\"noreferrer noopener\"><strong>\u201ePodKap\u201c<\/strong><\/a>, den Podcast in Sonntags-Impulsen, den Sie online abrufen k\u00f6nnen.&nbsp;Kaupzinerm\u00f6nch Julian Kendziora OFMCap gestaltet au\u00dferdem zusammen mit Studenten das digitale Andachtsformat&nbsp;<a href=\"https:\/\/hearteinanstoss.wordpress.com\/\" target=\"_blank\" rel=\"noreferrer noopener\"><strong>&#8222;HEART &#8211; ein Ansto\u00df&#8220;<\/strong><\/a>, bei dem auch Ordensleute zu Wort kommen.<\/p>\n\n\n\n<p>Ein Angebot des St. Bonifatiusklosters der Oblatenmissionare ist der Podcast&nbsp;<a href=\"http:\/\/www.rausausdenfedern.de\/\" target=\"_blank\" rel=\"noreferrer noopener\"><strong>www.rausausdenfedern.de<\/strong><\/a>, der seit Aschermittwoch kurze Impulse bietet.<\/p>\n\n\n\n<p>Auf katholisch.de gibt es t\u00e4gliche&nbsp;<a href=\"https:\/\/www.katholisch.de\/video\/serien\/abendgebet\" target=\"_blank\" rel=\"noreferrer noopener\"><strong>Online-Abend-Gebete<\/strong><\/a>&nbsp;mit Pater Philipp Meyer OSB von der Benediktinerabtei Maria Laach.<\/p>\n\n\n\n<p>Die Monastischen Gemeinschaften von Jerusalem stellen ihre&nbsp;<strong><a href=\"https:\/\/soundcloud.com\/gross-sankt-martin-k-ln\" target=\"_blank\" rel=\"noreferrer noopener\">gesungenen Stundengebete<\/a><\/strong>&nbsp;online zur Verf\u00fcgung.<\/p>\n\n\n\n<p>Die Messdienergruppe der Dominikanergemeinde St. Albertus Magnus produziert w\u00f6chentlich den&nbsp;<a href=\"http:\/\/www.dominikaner-braunschweig.de\/gottesdienste\/podcast\" target=\"_blank\" rel=\"noreferrer noopener\"><strong>\u201ePodcast. Bis das Kloster klingt\u201c<\/strong><\/a>&nbsp;f\u00fcr die Gemeinde-Webseite.&nbsp;Im Namen aller Dominikaner von Sankt Paulus, die in der Pfarrei St. Elisabeth wirken, l\u00e4dt die Pfarrei auf ihrer Website zur&nbsp;<a href=\"https:\/\/www.dominikaner-berlin.de\/podcast-2\/\" target=\"_blank\" rel=\"noreferrer noopener\"><strong>Online-Andacht in Podcast-Form<\/strong><\/a>&nbsp;ein.<\/p>\n\n\n\n<p>Sr. Jordana Schmidt von den Dominikanerinnen von Bethanien gestaltet zusammen mit dem evangelischen Journalist&nbsp;Andreas \u00d6hler den neuen Podcast&nbsp;<a href=\"https:\/\/open.spotify.com\/show\/3Pv1q825fCteyncyDKk5BZ?si=1F0ne9k5Tfi5F_bzptCJtA\" target=\"_blank\" rel=\"noreferrer noopener\"><strong>&#8222;Die Nonne &amp; der Journalist&#8220;<\/strong><\/a>, in dem beide wortw\u00f6rtlich \u00fcber Gott und die Welt diskutieren.<\/p>\n\n\n\n<h3 class=\"wp-block-heading\"><strong>Gebetsaufrufe und f\u00fcrbittendes Gebet der Ordensleute:<\/strong><\/h3>\n\n\n\n<p>Die&nbsp;<a href=\"https:\/\/onlinekapelle.de\/index.php?lang=de\" target=\"_blank\" rel=\"noreferrer noopener\"><strong>Online-Kapelle der Steyler Missionare<\/strong><\/a>&nbsp;ist voller Menschen &#8211; Das zeigt der Kerzenst\u00e4nder, an dem Menschen eine Kerze vor dem Bild des Ordensgr\u00fcnders Arnold Janssen anz\u00fcnden k\u00f6nnen. Am Mittwochvormittag war nicht nur einer sondern \u00fcber 20 virtuelle Kerzenst\u00e4nder mit Kerzen gef\u00fcllt. Auch das Anliegenbuch ist voller Beitr\u00e4ge der Menschen. F\u00fcr alle diese Anliegen feiern die Steyler Missionare jeden Mittwoch einen Gottesdienst in der Unterkirche des Missionshauses St. Michael in Steyl, in der sich das Grab des Ordensgr\u00fcnders befindet. Ihr ist die Online-Kapelle nachgebildet.&nbsp;Ebenso haben die SVD-Partner einen&nbsp;<strong><a href=\"https:\/\/teamup.com\/ksxu6dxrh3yterufxs\" target=\"_blank\" rel=\"noreferrer noopener\">digitalen Gebetskalender<\/a><\/strong>&nbsp;erstellt.<\/p>\n\n\n\n<p>Die Barmherzigen Schwestern vom hl. Vinzenz von Paul in Untermarchtal bieten an,&nbsp;<a href=\"https:\/\/www.bildungsforum-kloster-untermarchtal.de\/aktuelles\/\" target=\"_blank\" rel=\"noreferrer noopener\"><strong>pers\u00f6nliche Gebetsanliegen via E-Mail<\/strong><\/a>&nbsp;aufzunehmen, um diese vor Gott zu tragen.&nbsp;Zus\u00e4tzlich m\u00f6chten sie in den sozialen Medien unter den Hashtags #gebetf\u00fcrdie und #gebetsnetzwerk in kommender Zeit zeigen, wie die Schwestern f\u00fcr die eingehenden Gebetsanliegen beten.<\/p>\n\n\n\n<p>Auch den Schwestern des Kloster Hegne und Mitarbeitenden der mit dem Kloster verbundenen Theodosius-Akademie k\u00f6nnen&nbsp;<a href=\"https:\/\/www.kloster-hegne.de\/kloster.html\" target=\"_blank\" rel=\"noreferrer noopener\"><strong>Gebetsanliegen online oder postalisch<\/strong><\/a>&nbsp;zugeschickt werden.<\/p>\n\n\n\n<p>Aus Neustadt und aus Freiburg bieten die Herz-Jesu-Priester an, Gebetsanliegen aufzunehmen, um diese in ihr Gebet einzuschlie\u00dfen. Die Bitten k\u00f6nnen via E-Mail an die Rektoren P. Gerd Hemken SCJ und P. Marcio Auth SCJ gesendet werden:\u00a0<a href=\"javascript:linkTo_UnCryptMailto(%27ocknvq%2Cigtf0jgomgpBuel0fg%27);\" target=\"_blank\" rel=\"noreferrer noopener\"><strong>gerd.hemken(at)scj.de<\/strong><\/a>\u00a0oder\u00a0\u00a0<a href=\"javascript:linkTo_UnCryptMailto(%27ocknvq%2Coctekq0cwvjBuel0fg%27);\" target=\"_blank\" rel=\"noreferrer noopener\"><strong>marcio.auth(at)scj.de<\/strong><\/a>.<\/p>\n\n\n\n<figure class=\"gb-block-image gb-block-image-50a0b16f\"><img loading=\"lazy\" decoding=\"async\" width=\"870\" height=\"502\" class=\"gb-image gb-image-50a0b16f\" src=\"https:\/\/test-wuwei.de\/orden\/wp-content\/uploads\/2025\/08\/csm_Fastenzeit_online_Angebote_c1c8614366.jpg\" alt=\"\" title=\"csm_Fastenzeit_online_Angebote_c1c8614366\" srcset=\"https:\/\/test-wuwei.de\/orden\/wp-content\/uploads\/2025\/08\/csm_Fastenzeit_online_Angebote_c1c8614366.jpg 870w, https:\/\/test-wuwei.de\/orden\/wp-content\/uploads\/2025\/08\/csm_Fastenzeit_online_Angebote_c1c8614366-300x173.jpg 300w, https:\/\/test-wuwei.de\/orden\/wp-content\/uploads\/2025\/08\/csm_Fastenzeit_online_Angebote_c1c8614366-768x443.jpg 768w\" sizes=\"auto, (max-width: 870px) 100vw, 870px\" \/><\/figure>\n\n\n\n<div style=\"height:50px\" aria-hidden=\"true\" class=\"wp-block-spacer\"><\/div>\n\n\n\n<h3 class=\"wp-block-heading\">Online-Impulse und Anregungen f\u00fcr Hausgottesdienste:<\/h3>\n\n\n\n<p>T\u00e4glich ver\u00f6ffentlichen die Benediktinerinnen der Abtei St. Erentraud in Kellenried online einen kurzen Textimpuls, die sogenannte&nbsp;<a href=\"http:\/\/www.abtei-kellenried.de\/\" target=\"_blank\" rel=\"noreferrer noopener\"><strong>\u201eBenediktsregel f\u00fcr heute\u201c<\/strong><\/a>.<\/p>\n\n\n\n<p>Die Benediktinerinnen-Abtei vom Heiligen Kreuz stellen auch&nbsp;<a href=\"https:\/\/www.abtei-herstelle.de\/impuls\/\" target=\"_blank\" rel=\"noreferrer noopener\"><strong>schriftliche Impulse<\/strong><\/a>&nbsp;auf ihrer Homepage zur Verf\u00fcgung.<\/p>\n\n\n\n<p>F\u00fcr die kommenden Sonntage stellen die Oblatenmissionare fertig ausgearbeitete Hausgottesdienste zur Verf\u00fcgung, die kostenfrei unter&nbsp;<a href=\"http:\/\/www.oblaten.org\/\" target=\"_blank\" rel=\"noreferrer noopener\"><strong>www.oblaten.org<\/strong><\/a>&nbsp;heruntergeladen werden k\u00f6nnen. Neben Gebeten und biblischen Texten geh\u00f6ren auch Predigtgedanken f\u00fcr Erwachsene und eine Familienkatechese zu dem Angebot.&nbsp;<\/p>\n\n\n\n<p>Auf der Homepage der&nbsp;<a href=\"https:\/\/www.congregatiojesu.de\/gemeinschaft\/unsere-sendung\/so-leben-unsere-schwestern\/anregungen-fuer-isolierte\" target=\"_blank\" rel=\"noreferrer noopener\"><strong>Congregatio Jesu<\/strong><\/a>&nbsp;bieten die Schwestern t\u00e4glich neue \u201eAnregungen\u201c an, bei denen es sich zum Beispiel um Leseimpulse oder H\u00f6r- und Lesetipps handelt \u2013 mal spirituell, mal unterhaltsam.<\/p>\n\n\n\n<p>Unter&nbsp;<a href=\"https:\/\/www.donbosco.de\/Aktuelles\/Gemeinsam-gegen-Corona\/Taegliche-Video-Botschaften-fuer-junge-Menschen\" target=\"_blank\" rel=\"noreferrer noopener\"><strong>#GuteNachtCorona<\/strong><\/a>&nbsp;stellen die Don Bosco Schwestern zusammen mit den Salesianern Don Boscos jeden Abend ein Video auf ihrer Website online und teilen dies auch auf Instagram. Sie verweisen damit auf eine Tradition ihres Ordensgr\u00fcnders Don Bosco, der den jungen Menschen, die im 19. Jahrhundert in seinem Oratorium lebten, jeden Abend ein Gute-Nacht-Wort erz\u00e4hlte. Speziell f\u00fcr Familien hat sich die Don Bosco Medien GmbH die Initiative&nbsp;<a href=\"https:\/\/www.donbosco-medien.de\/zusammendaheim\/c-699\" target=\"_blank\" rel=\"noreferrer noopener\"><strong>\u201eZusammen daheim\u201c<\/strong><\/a>&nbsp;ausgedacht. Dahinter verbergen sich Bastelideen, Videos und vieles mehr, um den Familienalltag in Corona-Zeiten neu zu gestalten.&nbsp;&nbsp;<\/p>\n\n\n\n<p>P. Anselm Gr\u00fcn OSB aus der Benediktinerabtei M\u00fcnsterschwarznach ver\u00f6ffentlicht regelm\u00e4\u00dfig einen&nbsp;<a href=\"https:\/\/www.abtei-muensterschwarzach.de\/beten\/predigten\/in-zeiten-der-krise-durststrecken-und-wasser-in-der-w%C3%BCste\" target=\"_blank\" rel=\"noreferrer noopener\"><strong>Video-Sonntagsimpuls<\/strong><\/a>.&nbsp;<\/p>\n\n\n\n<p>Au\u00dferdem stellen die Benediktiner der Abtei Kornelim\u00fcnster<strong>&nbsp;<a href=\"https:\/\/abtei-kornelimuenster.de\/spirituelles\/gedicht-impulse\/thomas-der-apostel-gedicht-impuls.html\" target=\"_blank\" rel=\"noreferrer noopener\">Impulse in Textform<\/a>&nbsp;<\/strong>auf ihrer Homepage zur Verf\u00fcgung.<\/p>\n\n\n\n<p>Auf ihrer Homepage stellen die&nbsp;<a href=\"https:\/\/dillinger-franziskanerinnen-rw.de\/hp1\/Startseite.htm\" target=\"_blank\" rel=\"noreferrer noopener\"><strong>Dillinger Franziskanerinnen<\/strong><\/a>&nbsp;die \u201eFranziskanischen Impulse\u201c zur Verf\u00fcgung. Dahinter verbergen sich Gebete, Denkanst\u00f6\u00dfe und Anregungen, den pers\u00f6nlichen Alltag spirituell zu gestalten.<\/p>\n\n\n\n<p>Mit regelm\u00e4\u00dfigen Impulsen auf ihrer Facebook-Seite geben die Franziskanerinnen von Salzkotten&nbsp;<a href=\"https:\/\/www.facebook.com\/FranziskanerinnenFCJM\/\" target=\"_blank\" rel=\"noreferrer noopener\"><strong>geistige Anregungen<\/strong><\/a>&nbsp;in Zeiten von Corona.<\/p>\n\n\n\n<p>Wer nach&nbsp;<a href=\"https:\/\/schulschwestern.de\/impulse-zur-fastenzeit-2020\/\" target=\"_blank\" rel=\"noreferrer noopener\"><strong>Impulsen zum Nachdenken &#8211; \u201emal anders\u201c<\/strong><\/a>&nbsp;\u2013 sucht, wird bei den Armen Schulschwestern f\u00fcndig. Inspiriert vom Zukunftsbild der Erzdi\u00f6zese Paderborn regen die Schwestern hier mit kurzen Fragen oder Zitaten zum Nachdenken und vielleicht auch Diskutieren an.<\/p>\n\n\n\n<p>Au\u00dferdem haben sich die Jesuiten mit der&nbsp;<a href=\"https:\/\/www.jesuiten.org\/news\/sankt-corona-steh-uns-bei\" target=\"_blank\" rel=\"noreferrer noopener\"><strong>\u201eheiligen Corona\u201c<\/strong><\/a>&nbsp;besch\u00e4ftigt, die auch eine Patronin gegen Seuchen ist. Pater Thomas Gertler SJ hat sich die Heilige angeschaut und herausgefunden, dass sie uns in dieser Zeit der Corona-Krise helfen kann.<\/p>\n\n\n\n<p>Auch die Pr\u00e4monstratenser Abtei Windberg stellt&nbsp;<a href=\"https:\/\/www.kloster-windberg.de\/index.php\/2-uncategorised\/484-hausgottesdienste-corona\" target=\"_blank\" rel=\"noreferrer noopener\"><strong>Sonntagsgottesdienste in PDF-Form<\/strong><\/a>&nbsp;auf ihrer Homepage zur Verf\u00fcgung.<\/p>\n\n\n\n<p>Weitere&nbsp;<a href=\"https:\/\/www.abtei-st-hildegard.de\/anregungen-fuer-gottesdienstlose-zeiten\/\" target=\"_blank\" rel=\"noreferrer noopener\"><strong>Anregungen f\u00fcr den Gottesdienst<\/strong><\/a>&nbsp;zu Hause stellt die Benediktinerinnenabtei Sankt Hildegard bereit. Au\u00dferdem laden die Benediktinerinnen dieser Abtei dazu ein, t\u00e4glich mit ihnen einen Psalm zu beten, um auf diese Weise im betenden Kontakt zu bleiben.<\/p>\n\n\n\n<p>Die Patres im Dominikanerorden haben eine t\u00e4gliche provinzenumfassende Aktion gestartet. Unter dem Namen &#8222;Espresso&#8220; posten die&nbsp;<a href=\"https:\/\/www.facebook.com\/dominikanerorden\" target=\"_blank\" rel=\"noreferrer noopener\"><strong>Dominikaner der Provinz Teutonia<\/strong><\/a>&nbsp;und der&nbsp;<a href=\"https:\/\/www.facebook.com\/predigerbrueder\" target=\"_blank\" rel=\"noreferrer noopener\"><strong>Provinz vom hl. Albert<\/strong><\/a>&nbsp;einen pers\u00f6nlichen Impuls in Text und Bild.<\/p>\n\n\n\n<p>Ebenso stellen die Br\u00fcder des Zisterzienser-Klosters Langwaden jede Woche&nbsp;<a href=\"https:\/\/klosterlangwaden.de\/moench-sein\/konvent-nachrichten\/konvent-nachrichten.html\" target=\"_blank\" rel=\"noreferrer noopener\"><strong>spirituelle Impulse<\/strong><\/a>&nbsp;auf ihrer Homepage zur Verf\u00fcgung, in denen sie auch schildern, wie sie im Kloster in dieser Zeit leben.<\/p>\n\n\n\n<p>Weitere Impulse stellen die Barmherzigen Schwestern vom hl. Vinzenz von Paul in Fulda auf ihrer&nbsp;<a href=\"http:\/\/www.barmherzige-schwestern-fulda.de\/\" target=\"_blank\" rel=\"noreferrer noopener\"><strong>Homepage&nbsp;<\/strong><\/a>als auch auf&nbsp;<a href=\"https:\/\/www.facebook.com\/vinzentinerinnen\" target=\"_blank\" rel=\"noreferrer noopener\"><strong>Facebook&nbsp;<\/strong><\/a>zur Verf\u00fcgung.&nbsp;<\/p>\n\n\n\n<h3 class=\"wp-block-heading\">Blogs und Tageb\u00fccher:<\/h3>\n\n\n\n<p>Im&nbsp;<a href=\"https:\/\/www.abtei-gerleve.de\/coronablog\/\" target=\"_blank\" rel=\"noreferrer noopener\"><strong>&#8222;Coronablog&#8220;<\/strong><\/a>&nbsp;der Benediktiner in Gerleve berichten Pater Elmar Salmann und Pater Marcel Albert \u00fcber die Entwicklung in Gerleve und teilen ihre Sorgen, Gedanken und Ideen dazu.&nbsp;<\/p>\n\n\n\n<p>Unter dem Titel&nbsp;<a href=\"https:\/\/www.blog-impuls-der-zeit.de\/\" target=\"_blank\" rel=\"noreferrer noopener\"><strong>&#8222;ImPuls der Zeit&#8220;<\/strong><\/a>&nbsp;haben die Franziskanerinnen von Reute einen Blog eingerichtet, der &#8222;aus der Not der Zeit&#8220; geboren wurde. Hier ver\u00f6ffentlichen sie&nbsp;Impulse, die zum Nachdenken anregen, zum Feiern und zum gemeinsamen Beten in der Familie einladen.&nbsp;<\/p>\n\n\n\n<p>Auch die Benediktinerinnen der Abtei Mariendonk schreiben ein&nbsp;<a href=\"https:\/\/www.mariendonk.de\/\" target=\"_blank\" rel=\"noreferrer noopener\"><strong>&#8222;Tagebuch&#8220;<\/strong><\/a>, in dem sie ihre Eindr\u00fccke zur derzeitigen Lage festhalten.<\/p>\n\n\n\n<p>Mit dem&nbsp;<a href=\"https:\/\/www.osb-os.de\/geistliches-tagebuch.php\" target=\"_blank\" rel=\"noreferrer noopener\"><strong>&#8222;geistlichen Tagebuch&#8220;<\/strong><\/a>&nbsp;m\u00f6chten die Benediktinerinnen von der ewigen Anbetung zu Osnabr\u00fcck in Form von schriftlichen Impulsen das teilen, woraus sie in dieser Zeit &#8222;t\u00e4glich die Kraft und Freude sch\u00f6pfen&#8220;. Mit diesem Angebot zeigen die Schwestern, dass &#8211; auch wenn auf die \u00fcbliche Heilige Messe verzichtet werden muss &#8211; die Anbetung in dieser Zeit von besonderer Bedeutung ist.<\/p>\n\n\n\n<p>Die Dominikanerinnen von Bethanien f\u00fchren einen Blog namens &#8222;<a href=\"https:\/\/www.bethanien-op.org\/\" target=\"_blank\" rel=\"noreferrer noopener\"><strong>Das Gute im Schlechten<\/strong><\/a>&#8222;. Hier schreibt Sr. Barbara Offermann OP, wie sie das Beste aus der Situation macht, weil sie glaubt, dass gute Nachrichten aktuell noch wichtiger sind, als sonst.<\/p>\n\n\n\n<h3 class=\"wp-block-heading\">Hotlines (Seelsorge):&nbsp;<\/h3>\n\n\n\n<p>Die Franziskanerinnen von Sie\u00dfen bieten eine&nbsp;<a href=\"https:\/\/www.klostersiessen.de\/kloster-siessen-bietet-seelsorge-hotline-an\/\" target=\"_blank\" rel=\"noreferrer noopener\"><strong>Seelsorge-Hotline<\/strong><\/a>&nbsp;an. Gebetsanliegen k\u00f6nnen ebenfalls an die Schwestern gegeben werden.<\/p>\n\n\n\n<p>Ebenso ist das Ulrika Apostolat der Theodosius Akademie, die mit dem Kloster Hegne verbunden ist, f\u00fcr&nbsp;<strong><a href=\"https:\/\/www.kloster-hegne.de\/kloster.html\" target=\"_blank\" rel=\"noreferrer noopener\">pers\u00f6nliche Gespr\u00e4che<\/a><\/strong>&nbsp;telefonisch erreichbar. Dar\u00fcberhinaus wird auch eine&nbsp;<a href=\"https:\/\/www.theodosius-akademie.de\/news\/beratung-und-coaching-in-corona-zeiten-fuer-fuehrungs-und-leitungskraefte\" target=\"_blank\" rel=\"noreferrer noopener\"><strong>Online-Beratung speziell f\u00fcr Unternehmer<\/strong><\/a>&nbsp;angeboten.<\/p>\n\n\n\n<p>Die von den Waldbreitbacher Franziskanerinnen gegr\u00fcndete Marienhaus Unternehmensgruppe stellt f\u00fcr Menschen, die sich in einer psychischen Krise befinden, seit dem 1. April verst\u00e4rkt Ansprechpartner zum beruhigenden Gespr\u00e4ch \u00fcber ihr&nbsp;<a href=\"https:\/\/www.nr-kurier.de\/artikel\/89098-krisentelefon-beim-marienhaus-klinikum-waldbreitbach\" target=\"_blank\" rel=\"noreferrer noopener\"><strong>&#8222;Krisentelefon&#8220;<\/strong><\/a>&nbsp;zur Verf\u00fcgung.<\/p>\n\n\n\n<p><em>Hinweis: Dieser Artikel wird fortlaufend aktualisiert.<\/em><\/p>\n","protected":false},"excerpt":{"rendered":"<p>Viele Menschen arbeiten nun von zu Hause aus oder m\u00fcssen sich in Quarant\u00e4ne begeben. Ordensleute schlagen vor, die auferlegte Einkehr spirituell f\u00fcr\u2026<\/p>\n","protected":false},"featured_media":1464,"parent":0,"template":"","categories":[],"class_list":["post-1483","meldung","type-meldung","status-publish","has-post-thumbnail","hentry"],"acf":[],"yoast_head":"<!-- This site is optimized with the Yoast SEO plugin v26.3 - https:\/\/yoast.com\/wordpress\/plugins\/seo\/ -->\n<title>Corona: Online-Angebote der Ordensgemeinschaften und Kl\u00f6ster &#8211; Ordensgemeinschaften in Deutschland<\/title>\n<meta name=\"description\" content=\"Viele Menschen arbeiten nun von zu Hause aus oder m\u00fcssen sich in Quarant\u00e4ne begeben. Ordensleute schlagen vor, die auferlegte Einkehr spirituell f\u00fcr\u2026\" \/>\n<meta name=\"robots\" content=\"noindex, follow, max-snippet:-1, max-image-preview:large, max-video-preview:-1\" \/>\n<meta property=\"og:locale\" content=\"de_DE\" \/>\n<meta property=\"og:type\" content=\"article\" \/>\n<meta property=\"og:title\" content=\"Corona: Online-Angebote der Ordensgemeinschaften und Kl\u00f6ster\" \/>\n<meta property=\"og:description\" content=\"Viele Menschen arbeiten nun von zu Hause aus oder m\u00fcssen sich in Quarant\u00e4ne begeben. Ordensleute schlagen vor, die auferlegte Einkehr spirituell f\u00fcr\u2026\" \/>\n<meta property=\"og:url\" content=\"https:\/\/test-wuwei.de\/orden\/meldung\/corona-online-angebote-der-ordensgemeinschaften-und-kloester\/\" \/>\n<meta property=\"og:site_name\" content=\"Ordensgemeinschaften in Deutschland\" \/>\n<meta property=\"article:modified_time\" content=\"2025-09-01T14:33:07+00:00\" \/>\n<meta property=\"og:image\" content=\"https:\/\/test-wuwei.de\/orden\/wp-content\/uploads\/2025\/08\/csm_DOK_LOGO_Aktuelle_Meldung_a240608fdf-1-1.jpg\" \/>\n\t<meta property=\"og:image:width\" content=\"120\" \/>\n\t<meta property=\"og:image:height\" content=\"120\" \/>\n\t<meta property=\"og:image:type\" content=\"image\/jpeg\" \/>\n<meta name=\"twitter:card\" content=\"summary_large_image\" \/>\n<meta name=\"twitter:label1\" content=\"Gesch\u00e4tzte Lesezeit\" \/>\n\t<meta name=\"twitter:data1\" content=\"9\u00a0Minuten\" \/>\n<script type=\"application\/ld+json\" class=\"yoast-schema-graph\">{\"@context\":\"https:\/\/schema.org\",\"@graph\":[{\"@type\":\"WebPage\",\"@id\":\"https:\/\/test-wuwei.de\/orden\/meldung\/corona-online-angebote-der-ordensgemeinschaften-und-kloester\/\",\"url\":\"https:\/\/test-wuwei.de\/orden\/meldung\/corona-online-angebote-der-ordensgemeinschaften-und-kloester\/\",\"name\":\"Corona: Online-Angebote der Ordensgemeinschaften und Kl\u00f6ster &#8211; Ordensgemeinschaften in Deutschland\",\"isPartOf\":{\"@id\":\"https:\/\/test-wuwei.de\/orden\/#website\"},\"primaryImageOfPage\":{\"@id\":\"https:\/\/test-wuwei.de\/orden\/meldung\/corona-online-angebote-der-ordensgemeinschaften-und-kloester\/#primaryimage\"},\"image\":{\"@id\":\"https:\/\/test-wuwei.de\/orden\/meldung\/corona-online-angebote-der-ordensgemeinschaften-und-kloester\/#primaryimage\"},\"thumbnailUrl\":\"https:\/\/test-wuwei.de\/orden\/wp-content\/uploads\/2025\/08\/csm_DOK_LOGO_Aktuelle_Meldung_a240608fdf-1-1.jpg\",\"datePublished\":\"2020-04-18T07:00:00+00:00\",\"dateModified\":\"2025-09-01T14:33:07+00:00\",\"description\":\"Viele Menschen arbeiten nun von zu Hause aus oder m\u00fcssen sich in Quarant\u00e4ne begeben. Ordensleute schlagen vor, die auferlegte Einkehr spirituell f\u00fcr\u2026\",\"breadcrumb\":{\"@id\":\"https:\/\/test-wuwei.de\/orden\/meldung\/corona-online-angebote-der-ordensgemeinschaften-und-kloester\/#breadcrumb\"},\"inLanguage\":\"de\",\"potentialAction\":[{\"@type\":\"ReadAction\",\"target\":[\"https:\/\/test-wuwei.de\/orden\/meldung\/corona-online-angebote-der-ordensgemeinschaften-und-kloester\/\"]}]},{\"@type\":\"ImageObject\",\"inLanguage\":\"de\",\"@id\":\"https:\/\/test-wuwei.de\/orden\/meldung\/corona-online-angebote-der-ordensgemeinschaften-und-kloester\/#primaryimage\",\"url\":\"https:\/\/test-wuwei.de\/orden\/wp-content\/uploads\/2025\/08\/csm_DOK_LOGO_Aktuelle_Meldung_a240608fdf-1-1.jpg\",\"contentUrl\":\"https:\/\/test-wuwei.de\/orden\/wp-content\/uploads\/2025\/08\/csm_DOK_LOGO_Aktuelle_Meldung_a240608fdf-1-1.jpg\",\"width\":120,\"height\":120},{\"@type\":\"BreadcrumbList\",\"@id\":\"https:\/\/test-wuwei.de\/orden\/meldung\/corona-online-angebote-der-ordensgemeinschaften-und-kloester\/#breadcrumb\",\"itemListElement\":[{\"@type\":\"ListItem\",\"position\":1,\"name\":\"\ud83c\udfe0\ufe0e\",\"item\":\"https:\/\/test-wuwei.de\/orden\/\"},{\"@type\":\"ListItem\",\"position\":2,\"name\":\"Corona: Online-Angebote der Ordensgemeinschaften und Kl\u00f6ster\"}]},{\"@type\":\"WebSite\",\"@id\":\"https:\/\/test-wuwei.de\/orden\/#website\",\"url\":\"https:\/\/test-wuwei.de\/orden\/\",\"name\":\"Ordensgemeinschaften in Deutschland\",\"description\":\"Deutsche Ordensobernkonferenz\",\"publisher\":{\"@id\":\"https:\/\/test-wuwei.de\/orden\/#organization\"},\"potentialAction\":[{\"@type\":\"SearchAction\",\"target\":{\"@type\":\"EntryPoint\",\"urlTemplate\":\"https:\/\/test-wuwei.de\/orden\/?s={search_term_string}\"},\"query-input\":{\"@type\":\"PropertyValueSpecification\",\"valueRequired\":true,\"valueName\":\"search_term_string\"}}],\"inLanguage\":\"de\"},{\"@type\":\"Organization\",\"@id\":\"https:\/\/test-wuwei.de\/orden\/#organization\",\"name\":\"Ordensgemeinschaften in Deutschland\",\"url\":\"https:\/\/test-wuwei.de\/orden\/\",\"logo\":{\"@type\":\"ImageObject\",\"inLanguage\":\"de\",\"@id\":\"https:\/\/test-wuwei.de\/orden\/#\/schema\/logo\/image\/\",\"url\":\"https:\/\/test-wuwei.de\/orden\/wp-content\/uploads\/2025\/07\/DOK_Logo_RGB_mit.jpg\",\"contentUrl\":\"https:\/\/test-wuwei.de\/orden\/wp-content\/uploads\/2025\/07\/DOK_Logo_RGB_mit.jpg\",\"width\":2480,\"height\":1748,\"caption\":\"Ordensgemeinschaften in Deutschland\"},\"image\":{\"@id\":\"https:\/\/test-wuwei.de\/orden\/#\/schema\/logo\/image\/\"}}]}<\/script>\n<!-- \/ Yoast SEO plugin. -->","yoast_head_json":{"title":"Corona: Online-Angebote der Ordensgemeinschaften und Kl\u00f6ster &#8211; Ordensgemeinschaften in Deutschland","description":"Viele Menschen arbeiten nun von zu Hause aus oder m\u00fcssen sich in Quarant\u00e4ne begeben. Ordensleute schlagen vor, die auferlegte Einkehr spirituell f\u00fcr\u2026","robots":{"index":"noindex","follow":"follow","max-snippet":"max-snippet:-1","max-image-preview":"max-image-preview:large","max-video-preview":"max-video-preview:-1"},"og_locale":"de_DE","og_type":"article","og_title":"Corona: Online-Angebote der Ordensgemeinschaften und Kl\u00f6ster","og_description":"Viele Menschen arbeiten nun von zu Hause aus oder m\u00fcssen sich in Quarant\u00e4ne begeben. Ordensleute schlagen vor, die auferlegte Einkehr spirituell f\u00fcr\u2026","og_url":"https:\/\/test-wuwei.de\/orden\/meldung\/corona-online-angebote-der-ordensgemeinschaften-und-kloester\/","og_site_name":"Ordensgemeinschaften in Deutschland","article_modified_time":"2025-09-01T14:33:07+00:00","og_image":[{"width":120,"height":120,"url":"https:\/\/test-wuwei.de\/orden\/wp-content\/uploads\/2025\/08\/csm_DOK_LOGO_Aktuelle_Meldung_a240608fdf-1-1.jpg","type":"image\/jpeg"}],"twitter_card":"summary_large_image","twitter_misc":{"Gesch\u00e4tzte Lesezeit":"9\u00a0Minuten"},"schema":{"@context":"https:\/\/schema.org","@graph":[{"@type":"WebPage","@id":"https:\/\/test-wuwei.de\/orden\/meldung\/corona-online-angebote-der-ordensgemeinschaften-und-kloester\/","url":"https:\/\/test-wuwei.de\/orden\/meldung\/corona-online-angebote-der-ordensgemeinschaften-und-kloester\/","name":"Corona: Online-Angebote der Ordensgemeinschaften und Kl\u00f6ster &#8211; Ordensgemeinschaften in Deutschland","isPartOf":{"@id":"https:\/\/test-wuwei.de\/orden\/#website"},"primaryImageOfPage":{"@id":"https:\/\/test-wuwei.de\/orden\/meldung\/corona-online-angebote-der-ordensgemeinschaften-und-kloester\/#primaryimage"},"image":{"@id":"https:\/\/test-wuwei.de\/orden\/meldung\/corona-online-angebote-der-ordensgemeinschaften-und-kloester\/#primaryimage"},"thumbnailUrl":"https:\/\/test-wuwei.de\/orden\/wp-content\/uploads\/2025\/08\/csm_DOK_LOGO_Aktuelle_Meldung_a240608fdf-1-1.jpg","datePublished":"2020-04-18T07:00:00+00:00","dateModified":"2025-09-01T14:33:07+00:00","description":"Viele Menschen arbeiten nun von zu Hause aus oder m\u00fcssen sich in Quarant\u00e4ne begeben. Ordensleute schlagen vor, die auferlegte Einkehr spirituell f\u00fcr\u2026","breadcrumb":{"@id":"https:\/\/test-wuwei.de\/orden\/meldung\/corona-online-angebote-der-ordensgemeinschaften-und-kloester\/#breadcrumb"},"inLanguage":"de","potentialAction":[{"@type":"ReadAction","target":["https:\/\/test-wuwei.de\/orden\/meldung\/corona-online-angebote-der-ordensgemeinschaften-und-kloester\/"]}]},{"@type":"ImageObject","inLanguage":"de","@id":"https:\/\/test-wuwei.de\/orden\/meldung\/corona-online-angebote-der-ordensgemeinschaften-und-kloester\/#primaryimage","url":"https:\/\/test-wuwei.de\/orden\/wp-content\/uploads\/2025\/08\/csm_DOK_LOGO_Aktuelle_Meldung_a240608fdf-1-1.jpg","contentUrl":"https:\/\/test-wuwei.de\/orden\/wp-content\/uploads\/2025\/08\/csm_DOK_LOGO_Aktuelle_Meldung_a240608fdf-1-1.jpg","width":120,"height":120},{"@type":"BreadcrumbList","@id":"https:\/\/test-wuwei.de\/orden\/meldung\/corona-online-angebote-der-ordensgemeinschaften-und-kloester\/#breadcrumb","itemListElement":[{"@type":"ListItem","position":1,"name":"\ud83c\udfe0\ufe0e","item":"https:\/\/test-wuwei.de\/orden\/"},{"@type":"ListItem","position":2,"name":"Corona: Online-Angebote der Ordensgemeinschaften und Kl\u00f6ster"}]},{"@type":"WebSite","@id":"https:\/\/test-wuwei.de\/orden\/#website","url":"https:\/\/test-wuwei.de\/orden\/","name":"Ordensgemeinschaften in Deutschland","description":"Deutsche Ordensobernkonferenz","publisher":{"@id":"https:\/\/test-wuwei.de\/orden\/#organization"},"potentialAction":[{"@type":"SearchAction","target":{"@type":"EntryPoint","urlTemplate":"https:\/\/test-wuwei.de\/orden\/?s={search_term_string}"},"query-input":{"@type":"PropertyValueSpecification","valueRequired":true,"valueName":"search_term_string"}}],"inLanguage":"de"},{"@type":"Organization","@id":"https:\/\/test-wuwei.de\/orden\/#organization","name":"Ordensgemeinschaften in Deutschland","url":"https:\/\/test-wuwei.de\/orden\/","logo":{"@type":"ImageObject","inLanguage":"de","@id":"https:\/\/test-wuwei.de\/orden\/#\/schema\/logo\/image\/","url":"https:\/\/test-wuwei.de\/orden\/wp-content\/uploads\/2025\/07\/DOK_Logo_RGB_mit.jpg","contentUrl":"https:\/\/test-wuwei.de\/orden\/wp-content\/uploads\/2025\/07\/DOK_Logo_RGB_mit.jpg","width":2480,"height":1748,"caption":"Ordensgemeinschaften in Deutschland"},"image":{"@id":"https:\/\/test-wuwei.de\/orden\/#\/schema\/logo\/image\/"}}]}},"_links":{"self":[{"href":"https:\/\/test-wuwei.de\/orden\/wp-json\/wp\/v2\/meldung\/1483","targetHints":{"allow":["GET"]}}],"collection":[{"href":"https:\/\/test-wuwei.de\/orden\/wp-json\/wp\/v2\/meldung"}],"about":[{"href":"https:\/\/test-wuwei.de\/orden\/wp-json\/wp\/v2\/types\/meldung"}],"wp:featuredmedia":[{"embeddable":true,"href":"https:\/\/test-wuwei.de\/orden\/wp-json\/wp\/v2\/media\/1464"}],"wp:attachment":[{"href":"https:\/\/test-wuwei.de\/orden\/wp-json\/wp\/v2\/media?parent=1483"}],"wp:term":[{"taxonomy":"category","embeddable":true,"href":"https:\/\/test-wuwei.de\/orden\/wp-json\/wp\/v2\/categories?post=1483"}],"curies":[{"name":"wp","href":"https:\/\/api.w.org\/{rel}","templated":true}]}}