{"id":1102,"date":"2021-11-10T10:00:00","date_gmt":"2021-11-10T09:00:00","guid":{"rendered":"https:\/\/test-wuwei.de\/orden\/?post_type=aktuelles&#038;p=1102"},"modified":"2025-09-01T15:25:31","modified_gmt":"2025-09-01T13:25:31","slug":"ordensfrau-berichtet-von-der-un-klimakonferenz","status":"publish","type":"meldung","link":"https:\/\/test-wuwei.de\/orden\/meldung\/ordensfrau-berichtet-von-der-un-klimakonferenz\/","title":{"rendered":"Ordensfrau berichtet von der UN-Klimakonferenz"},"content":{"rendered":"\n<h2 class=\"wp-block-heading has-medium-font-size\"><strong>Sr. Ida Haurand SSpS ist als Delegierte f\u00fcr die Ordens-NGO VIVAT International auf der Weltklimakonferenz in Glasgow und zieht eine erste Bilanz.<\/strong><\/h2>\n\n\n\n<figure class=\"gb-block-image gb-block-image-62caecba\"><img loading=\"lazy\" decoding=\"async\" width=\"870\" height=\"325\" class=\"gb-image gb-image-62caecba\" src=\"https:\/\/test-wuwei.de\/orden\/wp-content\/uploads\/2025\/08\/csm_254276568_4483189411746343_1295781002379833924_n_c5cba31dd2.jpg\" alt=\"\" title=\"csm_254276568_4483189411746343_1295781002379833924_n_c5cba31dd2\" srcset=\"https:\/\/test-wuwei.de\/orden\/wp-content\/uploads\/2025\/08\/csm_254276568_4483189411746343_1295781002379833924_n_c5cba31dd2.jpg 870w, https:\/\/test-wuwei.de\/orden\/wp-content\/uploads\/2025\/08\/csm_254276568_4483189411746343_1295781002379833924_n_c5cba31dd2-300x112.jpg 300w, https:\/\/test-wuwei.de\/orden\/wp-content\/uploads\/2025\/08\/csm_254276568_4483189411746343_1295781002379833924_n_c5cba31dd2-768x287.jpg 768w\" sizes=\"auto, (max-width: 870px) 100vw, 870px\" \/><\/figure>\n\n\n\n<div style=\"height:50px\" aria-hidden=\"true\" class=\"wp-block-spacer\"><\/div>\n\n\n\n<p>Eine \u00fcberdimensionale Sitzecke wie aus dem IKEA-Katalog: gelbe Sessel, schwarz-wei\u00dfe-geringelte Kissen und Abstelltischchen. Dar\u00fcber ragt imposant eine Weltkugel \u2013 sie dreht sich langsam, den ganzen Tag lang, als w\u00fcrde sie sagen wollen \u2013 auch wenn ihr 30.000 Menschen hier drin in einen anderen Kosmos eingetaucht seid \u2013 die Welt dreht sich weiter, langsam aber unaufhaltsam.<\/p>\n\n\n\n<p>W\u00e4hrend die Staatschef*innen und Unterh\u00e4ndler*innen der fast 200 anwesenden Staaten verhandeln, unz\u00e4hlige Events und Diskussionsrunden stattfinden und die Mitarbeiter*innen in den unterschiedlichen Ausstellungspavillons gratis Kaffee verteilen, gibt es unz\u00e4hlige Menschen, f\u00fcr die diese Konferenz entscheidend, ja sogar existentiell ist. Der Pr\u00e4sident der Malediven fragte in seinem Statement zu Beginn der Konferenz: \u201eWhat will it take for you to listen to us?\u201c.<\/p>\n\n\n\n<p>Auch wenn wir hier alle auf den gleichen IKEA-Sesseln sitzen und beim Warten in der Schlange zur Security Kontrolle gleicherma\u00dfen von der H\u00f6flichkeit der Schotten begeistert sind: Es gibt ein \u201eWir\u201c und ein \u201eIhr\u201c. Auf der einen Seite sind diejenigen, die sich um ihre Wirtschaft, Arbeitspl\u00e4tze und die ein oder andere \u00dcberschwemmung sorgen. Auf der anderen Seite sind die Menschen, die bei einer Erderw\u00e4rmung von 2 Grad Celsius oder mehr, ihren Lebensraum verlieren werden. Der derzeit unkontrollierte Anstieg des Meeresspiegels wird dazu f\u00fchren, dass Inselstaaten ganz von der Landkarte verschwinden und andere besonders vulnerable L\u00e4nder extremen Schaden erleiden.<\/p>\n\n\n<div class=\"gb-grid-wrapper gb-grid-wrapper-672a0ccc\">\n<div class=\"gb-grid-column gb-grid-column-7b89274e\"><div class=\"gb-container gb-container-7b89274e\">\n\n<figure class=\"gb-block-image gb-block-image-b9f2b526\"><img loading=\"lazy\" decoding=\"async\" width=\"250\" height=\"249\" class=\"gb-image gb-image-b9f2b526\" src=\"https:\/\/test-wuwei.de\/orden\/wp-content\/uploads\/2025\/08\/csm_Ida_Haurand_DPSG_offiziell_Foto_Christian_Schnaubelt_af020905fe.jpg\" alt=\"\" title=\"csm_Ida_Haurand_DPSG_offiziell_Foto_Christian_Schnaubelt_af020905fe\" srcset=\"https:\/\/test-wuwei.de\/orden\/wp-content\/uploads\/2025\/08\/csm_Ida_Haurand_DPSG_offiziell_Foto_Christian_Schnaubelt_af020905fe.jpg 250w, https:\/\/test-wuwei.de\/orden\/wp-content\/uploads\/2025\/08\/csm_Ida_Haurand_DPSG_offiziell_Foto_Christian_Schnaubelt_af020905fe-300x300.jpg 300w, https:\/\/test-wuwei.de\/orden\/wp-content\/uploads\/2025\/08\/csm_Ida_Haurand_DPSG_offiziell_Foto_Christian_Schnaubelt_af020905fe-600x600.jpg 600w, https:\/\/test-wuwei.de\/orden\/wp-content\/uploads\/2025\/08\/csm_Ida_Haurand_DPSG_offiziell_Foto_Christian_Schnaubelt_af020905fe-150x150.jpg 150w\" sizes=\"auto, (max-width: 250px) 100vw, 250px\" \/>\n<figcaption class=\"gb-headline gb-headline-71e59612 gb-headline-text\">Sr. Ida Haurand SSpS<\/figcaption>\n<\/figure>\n\n<\/div><\/div>\n\n<div class=\"gb-grid-column gb-grid-column-d71dcad6\"><div class=\"gb-container gb-container-d71dcad6\">\n\n<p>Wir alle wissen, diese betroffenen L\u00e4nder sind diejenigen, die am wenigsten zur globalen Erderw\u00e4rmung beigetragen haben und wir alle wissen, wer die Verantwortung f\u00fcr die Jahrzehnte lang unkontrolliert ausgesto\u00dfenen Emissionen tr\u00e4gt. Nein, es sind nicht China und Indien. Vor diesem Hintergrund wirken die Selbstverpflichtungen und das Geld, das auf dem Tisch liegt und seinen Besitzer wechselt eher wie Alibis. Und trotzdem wurden einige Meilensteine beschlossen: Die Abholzung gro\u00dfer Teile der weltweiten W\u00e4lder soll bis 2030 gestoppt werden, zahlreiche L\u00e4nder wollen ihren Methanaussto\u00df radikal senken, die Landwirtschaft soll klimafreundlicher werden und zu guter Letzt wurde eine Allianz gegr\u00fcndet, die einen Kohleausstieg zwischen 2030-2040 anstrebt.<\/p>\n\n<\/div><\/div>\n<\/div>\n\n\n<p>Das 1,5 Grad-Ziel des Pariser Klimaabkommens ist trotz der ambitionierten Ziele au\u00dfer Reichweite ger\u00fcckt. Ein Problem ist, dass die Vereinbarungen zwar v\u00f6lkerrechtlich bindend sind, es jedoch keinen Strafenkatalog f\u00fcr das Nichteinhalten der Ziele gibt. So wie es derzeit ausschaut, steuern wir mit den aktuellen Vereinbarungen auf eine Erw\u00e4rmung von etwa 1,8 \u2013 2,7 Grad Celsius zu. Das dr\u00fcckt die Stimmung in Glasgow nur au\u00dferhalb des inneren Kreises, der \u201eBlue Zone\u201c. Drau\u00dfen in der Stadt und vor dem Messegel\u00e4nde demonstrieren tausende Menschen, \u201eStopp killing us\u201c ist ein pr\u00e4senter Slogan. Greta Thunberg nannte die COP26 plakativ \u201eGreenwashing\u201c. In der Blue Zone wird dies nicht so direkt ausgesprochen. Pr\u00e4sident Obama, der mit seinem Privat-Jet, begleitet von vier Kampfflugzeugen f\u00fcr einen Tag vorbeikam, forderte die Jugend auf, weiter \u201eangry\u201c, w\u00fctend, zu sein. Das wird wohl so sein. Mit oder ohne seinen Appell.&nbsp;<\/p>\n\n\n\n<p>Sr. Ida Haurand<\/p>\n\n\n\n<p><em><strong>Hintergrund<\/strong>: Sr. Ida Haurand ist Steyler Missionsschwester und arbeitet bei der Deutschen Pfadfinderschaft Sankt Georg als Referentin f\u00fcr Theologie, Weltkirche und Internationale Gerechtigkeit. Au\u00dferdem koordiniert sie die Zusammenarbeit mit dem internationalen p\u00e4pstlichen Hilfswerk missio. Sie nimmt als eine von drei Delegierten f\u00fcr VIVAT international an der COP26 teil. VIVAT international ist die Nichtregierungsorganisation (NGO) der Steyler Missionsschwestern, Steyler Missionare und zehn weiterer missionierender Ordensgemeinschaften, darunter die Comboni-Missionare (MCCJ), Spiritaner (Cssp), Oblatenmissionare (OMI) und Herz-Jesu-Priester (SCJ). Zusammen setzen sich \u00fcber 25.000 Ordensfrauen und -m\u00e4nner f\u00fcr die Interessen besonders verletzlicher Menschen und f\u00fcr den Erhalt der Sch\u00f6pfung ein. Auf Instagram, Facebook und Twitter berichten die Delegierten t\u00e4glich von der COP26, die noch mindestens bis zum 12. November in Glasgow stattfindet.<\/em><\/p>\n\n\n\n<p><em>Hier geht\u2019s zur Internetseite von&nbsp;<a href=\"https:\/\/vivatinternational.org\/\" target=\"_blank\" rel=\"noreferrer noopener\">Vivat International<\/a>.<\/em><\/p>\n","protected":false},"excerpt":{"rendered":"<p>Sr. Ida Haurand SSpS ist als Delegierte f\u00fcr die Ordens-NGO VIVAT International auf der Weltklimakonferenz in Glasgow und zieht eine erste Bilanz.<\/p>\n","protected":false},"featured_media":1103,"parent":0,"template":"","categories":[],"class_list":["post-1102","meldung","type-meldung","status-publish","has-post-thumbnail","hentry"],"acf":[],"yoast_head":"<!-- This site is optimized with the Yoast SEO plugin v26.3 - https:\/\/yoast.com\/wordpress\/plugins\/seo\/ -->\n<title>Ordensfrau berichtet von der UN-Klimakonferenz &#8211; Ordensgemeinschaften in Deutschland<\/title>\n<meta name=\"description\" content=\"Sr. Ida Haurand SSpS ist als Delegierte f\u00fcr die Ordens-NGO VIVAT International auf der Weltklimakonferenz in Glasgow und zieht eine erste Bilanz.\" \/>\n<meta name=\"robots\" content=\"noindex, follow, max-snippet:-1, max-image-preview:large, max-video-preview:-1\" \/>\n<meta property=\"og:locale\" content=\"de_DE\" \/>\n<meta property=\"og:type\" content=\"article\" \/>\n<meta property=\"og:title\" content=\"Ordensfrau berichtet von der UN-Klimakonferenz\" \/>\n<meta property=\"og:description\" content=\"Sr. Ida Haurand SSpS ist als Delegierte f\u00fcr die Ordens-NGO VIVAT International auf der Weltklimakonferenz in Glasgow und zieht eine erste Bilanz.\" \/>\n<meta property=\"og:url\" content=\"https:\/\/test-wuwei.de\/orden\/meldung\/ordensfrau-berichtet-von-der-un-klimakonferenz\/\" \/>\n<meta property=\"og:site_name\" content=\"Ordensgemeinschaften in Deutschland\" \/>\n<meta property=\"article:modified_time\" content=\"2025-09-01T13:25:31+00:00\" \/>\n<meta property=\"og:image\" content=\"https:\/\/test-wuwei.de\/orden\/wp-content\/uploads\/2025\/08\/csm_252258576_4466230166775601_2807064056084685774_n_c51c2562fc.jpg\" \/>\n\t<meta property=\"og:image:width\" content=\"120\" \/>\n\t<meta property=\"og:image:height\" content=\"120\" \/>\n\t<meta property=\"og:image:type\" content=\"image\/jpeg\" \/>\n<meta name=\"twitter:card\" content=\"summary_large_image\" \/>\n<meta name=\"twitter:label1\" content=\"Gesch\u00e4tzte Lesezeit\" \/>\n\t<meta name=\"twitter:data1\" content=\"4\u00a0Minuten\" \/>\n<script type=\"application\/ld+json\" class=\"yoast-schema-graph\">{\"@context\":\"https:\/\/schema.org\",\"@graph\":[{\"@type\":\"WebPage\",\"@id\":\"https:\/\/test-wuwei.de\/orden\/meldung\/ordensfrau-berichtet-von-der-un-klimakonferenz\/\",\"url\":\"https:\/\/test-wuwei.de\/orden\/meldung\/ordensfrau-berichtet-von-der-un-klimakonferenz\/\",\"name\":\"Ordensfrau berichtet von der UN-Klimakonferenz &#8211; Ordensgemeinschaften in Deutschland\",\"isPartOf\":{\"@id\":\"https:\/\/test-wuwei.de\/orden\/#website\"},\"primaryImageOfPage\":{\"@id\":\"https:\/\/test-wuwei.de\/orden\/meldung\/ordensfrau-berichtet-von-der-un-klimakonferenz\/#primaryimage\"},\"image\":{\"@id\":\"https:\/\/test-wuwei.de\/orden\/meldung\/ordensfrau-berichtet-von-der-un-klimakonferenz\/#primaryimage\"},\"thumbnailUrl\":\"https:\/\/test-wuwei.de\/orden\/wp-content\/uploads\/2025\/08\/csm_252258576_4466230166775601_2807064056084685774_n_c51c2562fc.jpg\",\"datePublished\":\"2021-11-10T09:00:00+00:00\",\"dateModified\":\"2025-09-01T13:25:31+00:00\",\"description\":\"Sr. Ida Haurand SSpS ist als Delegierte f\u00fcr die Ordens-NGO VIVAT International auf der Weltklimakonferenz in Glasgow und zieht eine erste Bilanz.\",\"breadcrumb\":{\"@id\":\"https:\/\/test-wuwei.de\/orden\/meldung\/ordensfrau-berichtet-von-der-un-klimakonferenz\/#breadcrumb\"},\"inLanguage\":\"de\",\"potentialAction\":[{\"@type\":\"ReadAction\",\"target\":[\"https:\/\/test-wuwei.de\/orden\/meldung\/ordensfrau-berichtet-von-der-un-klimakonferenz\/\"]}]},{\"@type\":\"ImageObject\",\"inLanguage\":\"de\",\"@id\":\"https:\/\/test-wuwei.de\/orden\/meldung\/ordensfrau-berichtet-von-der-un-klimakonferenz\/#primaryimage\",\"url\":\"https:\/\/test-wuwei.de\/orden\/wp-content\/uploads\/2025\/08\/csm_252258576_4466230166775601_2807064056084685774_n_c51c2562fc.jpg\",\"contentUrl\":\"https:\/\/test-wuwei.de\/orden\/wp-content\/uploads\/2025\/08\/csm_252258576_4466230166775601_2807064056084685774_n_c51c2562fc.jpg\",\"width\":120,\"height\":120},{\"@type\":\"BreadcrumbList\",\"@id\":\"https:\/\/test-wuwei.de\/orden\/meldung\/ordensfrau-berichtet-von-der-un-klimakonferenz\/#breadcrumb\",\"itemListElement\":[{\"@type\":\"ListItem\",\"position\":1,\"name\":\"\ud83c\udfe0\ufe0e\",\"item\":\"https:\/\/test-wuwei.de\/orden\/\"},{\"@type\":\"ListItem\",\"position\":2,\"name\":\"Ordensfrau berichtet von der UN-Klimakonferenz\"}]},{\"@type\":\"WebSite\",\"@id\":\"https:\/\/test-wuwei.de\/orden\/#website\",\"url\":\"https:\/\/test-wuwei.de\/orden\/\",\"name\":\"Ordensgemeinschaften in Deutschland\",\"description\":\"Deutsche Ordensobernkonferenz\",\"publisher\":{\"@id\":\"https:\/\/test-wuwei.de\/orden\/#organization\"},\"potentialAction\":[{\"@type\":\"SearchAction\",\"target\":{\"@type\":\"EntryPoint\",\"urlTemplate\":\"https:\/\/test-wuwei.de\/orden\/?s={search_term_string}\"},\"query-input\":{\"@type\":\"PropertyValueSpecification\",\"valueRequired\":true,\"valueName\":\"search_term_string\"}}],\"inLanguage\":\"de\"},{\"@type\":\"Organization\",\"@id\":\"https:\/\/test-wuwei.de\/orden\/#organization\",\"name\":\"Ordensgemeinschaften in Deutschland\",\"url\":\"https:\/\/test-wuwei.de\/orden\/\",\"logo\":{\"@type\":\"ImageObject\",\"inLanguage\":\"de\",\"@id\":\"https:\/\/test-wuwei.de\/orden\/#\/schema\/logo\/image\/\",\"url\":\"https:\/\/test-wuwei.de\/orden\/wp-content\/uploads\/2025\/07\/DOK_Logo_RGB_mit.jpg\",\"contentUrl\":\"https:\/\/test-wuwei.de\/orden\/wp-content\/uploads\/2025\/07\/DOK_Logo_RGB_mit.jpg\",\"width\":2480,\"height\":1748,\"caption\":\"Ordensgemeinschaften in Deutschland\"},\"image\":{\"@id\":\"https:\/\/test-wuwei.de\/orden\/#\/schema\/logo\/image\/\"}}]}<\/script>\n<!-- \/ Yoast SEO plugin. -->","yoast_head_json":{"title":"Ordensfrau berichtet von der UN-Klimakonferenz &#8211; Ordensgemeinschaften in Deutschland","description":"Sr. Ida Haurand SSpS ist als Delegierte f\u00fcr die Ordens-NGO VIVAT International auf der Weltklimakonferenz in Glasgow und zieht eine erste Bilanz.","robots":{"index":"noindex","follow":"follow","max-snippet":"max-snippet:-1","max-image-preview":"max-image-preview:large","max-video-preview":"max-video-preview:-1"},"og_locale":"de_DE","og_type":"article","og_title":"Ordensfrau berichtet von der UN-Klimakonferenz","og_description":"Sr. Ida Haurand SSpS ist als Delegierte f\u00fcr die Ordens-NGO VIVAT International auf der Weltklimakonferenz in Glasgow und zieht eine erste Bilanz.","og_url":"https:\/\/test-wuwei.de\/orden\/meldung\/ordensfrau-berichtet-von-der-un-klimakonferenz\/","og_site_name":"Ordensgemeinschaften in Deutschland","article_modified_time":"2025-09-01T13:25:31+00:00","og_image":[{"width":120,"height":120,"url":"https:\/\/test-wuwei.de\/orden\/wp-content\/uploads\/2025\/08\/csm_252258576_4466230166775601_2807064056084685774_n_c51c2562fc.jpg","type":"image\/jpeg"}],"twitter_card":"summary_large_image","twitter_misc":{"Gesch\u00e4tzte Lesezeit":"4\u00a0Minuten"},"schema":{"@context":"https:\/\/schema.org","@graph":[{"@type":"WebPage","@id":"https:\/\/test-wuwei.de\/orden\/meldung\/ordensfrau-berichtet-von-der-un-klimakonferenz\/","url":"https:\/\/test-wuwei.de\/orden\/meldung\/ordensfrau-berichtet-von-der-un-klimakonferenz\/","name":"Ordensfrau berichtet von der UN-Klimakonferenz &#8211; Ordensgemeinschaften in Deutschland","isPartOf":{"@id":"https:\/\/test-wuwei.de\/orden\/#website"},"primaryImageOfPage":{"@id":"https:\/\/test-wuwei.de\/orden\/meldung\/ordensfrau-berichtet-von-der-un-klimakonferenz\/#primaryimage"},"image":{"@id":"https:\/\/test-wuwei.de\/orden\/meldung\/ordensfrau-berichtet-von-der-un-klimakonferenz\/#primaryimage"},"thumbnailUrl":"https:\/\/test-wuwei.de\/orden\/wp-content\/uploads\/2025\/08\/csm_252258576_4466230166775601_2807064056084685774_n_c51c2562fc.jpg","datePublished":"2021-11-10T09:00:00+00:00","dateModified":"2025-09-01T13:25:31+00:00","description":"Sr. Ida Haurand SSpS ist als Delegierte f\u00fcr die Ordens-NGO VIVAT International auf der Weltklimakonferenz in Glasgow und zieht eine erste Bilanz.","breadcrumb":{"@id":"https:\/\/test-wuwei.de\/orden\/meldung\/ordensfrau-berichtet-von-der-un-klimakonferenz\/#breadcrumb"},"inLanguage":"de","potentialAction":[{"@type":"ReadAction","target":["https:\/\/test-wuwei.de\/orden\/meldung\/ordensfrau-berichtet-von-der-un-klimakonferenz\/"]}]},{"@type":"ImageObject","inLanguage":"de","@id":"https:\/\/test-wuwei.de\/orden\/meldung\/ordensfrau-berichtet-von-der-un-klimakonferenz\/#primaryimage","url":"https:\/\/test-wuwei.de\/orden\/wp-content\/uploads\/2025\/08\/csm_252258576_4466230166775601_2807064056084685774_n_c51c2562fc.jpg","contentUrl":"https:\/\/test-wuwei.de\/orden\/wp-content\/uploads\/2025\/08\/csm_252258576_4466230166775601_2807064056084685774_n_c51c2562fc.jpg","width":120,"height":120},{"@type":"BreadcrumbList","@id":"https:\/\/test-wuwei.de\/orden\/meldung\/ordensfrau-berichtet-von-der-un-klimakonferenz\/#breadcrumb","itemListElement":[{"@type":"ListItem","position":1,"name":"\ud83c\udfe0\ufe0e","item":"https:\/\/test-wuwei.de\/orden\/"},{"@type":"ListItem","position":2,"name":"Ordensfrau berichtet von der UN-Klimakonferenz"}]},{"@type":"WebSite","@id":"https:\/\/test-wuwei.de\/orden\/#website","url":"https:\/\/test-wuwei.de\/orden\/","name":"Ordensgemeinschaften in Deutschland","description":"Deutsche Ordensobernkonferenz","publisher":{"@id":"https:\/\/test-wuwei.de\/orden\/#organization"},"potentialAction":[{"@type":"SearchAction","target":{"@type":"EntryPoint","urlTemplate":"https:\/\/test-wuwei.de\/orden\/?s={search_term_string}"},"query-input":{"@type":"PropertyValueSpecification","valueRequired":true,"valueName":"search_term_string"}}],"inLanguage":"de"},{"@type":"Organization","@id":"https:\/\/test-wuwei.de\/orden\/#organization","name":"Ordensgemeinschaften in Deutschland","url":"https:\/\/test-wuwei.de\/orden\/","logo":{"@type":"ImageObject","inLanguage":"de","@id":"https:\/\/test-wuwei.de\/orden\/#\/schema\/logo\/image\/","url":"https:\/\/test-wuwei.de\/orden\/wp-content\/uploads\/2025\/07\/DOK_Logo_RGB_mit.jpg","contentUrl":"https:\/\/test-wuwei.de\/orden\/wp-content\/uploads\/2025\/07\/DOK_Logo_RGB_mit.jpg","width":2480,"height":1748,"caption":"Ordensgemeinschaften in Deutschland"},"image":{"@id":"https:\/\/test-wuwei.de\/orden\/#\/schema\/logo\/image\/"}}]}},"_links":{"self":[{"href":"https:\/\/test-wuwei.de\/orden\/wp-json\/wp\/v2\/meldung\/1102","targetHints":{"allow":["GET"]}}],"collection":[{"href":"https:\/\/test-wuwei.de\/orden\/wp-json\/wp\/v2\/meldung"}],"about":[{"href":"https:\/\/test-wuwei.de\/orden\/wp-json\/wp\/v2\/types\/meldung"}],"wp:featuredmedia":[{"embeddable":true,"href":"https:\/\/test-wuwei.de\/orden\/wp-json\/wp\/v2\/media\/1103"}],"wp:attachment":[{"href":"https:\/\/test-wuwei.de\/orden\/wp-json\/wp\/v2\/media?parent=1102"}],"wp:term":[{"taxonomy":"category","embeddable":true,"href":"https:\/\/test-wuwei.de\/orden\/wp-json\/wp\/v2\/categories?post=1102"}],"curies":[{"name":"wp","href":"https:\/\/api.w.org\/{rel}","templated":true}]}}