{"id":1008,"date":"2022-01-26T09:00:00","date_gmt":"2022-01-26T08:00:00","guid":{"rendered":"https:\/\/test-wuwei.de\/orden\/?post_type=aktuelles&#038;p=1008"},"modified":"2025-09-01T15:16:24","modified_gmt":"2025-09-01T13:16:24","slug":"vom-freiwilligendienst-ins-ehrenamt","status":"publish","type":"meldung","link":"https:\/\/test-wuwei.de\/orden\/meldung\/vom-freiwilligendienst-ins-ehrenamt\/","title":{"rendered":"Vom Freiwilligendienst ins Ehrenamt"},"content":{"rendered":"\n<h2 class=\"wp-block-heading has-medium-font-size\"><strong>Don Bosco Volunteers-Umfrage: Ein Freiwilligendienst im Ausland m\u00fcndet oft in ehrenamtliches Engagement<\/strong><\/h2>\n\n\n\n<figure class=\"gb-block-image gb-block-image-4f40ba78\"><img loading=\"lazy\" decoding=\"async\" width=\"870\" height=\"325\" class=\"gb-image gb-image-4f40ba78\" src=\"https:\/\/test-wuwei.de\/orden\/wp-content\/uploads\/2025\/08\/csm_Don_Bosco_Volunteers_Umfrage_Bild_1_2a0403f869.jpg\" alt=\"\" title=\"csm_Don_Bosco_Volunteers_Umfrage_Bild_1_2a0403f869\" srcset=\"https:\/\/test-wuwei.de\/orden\/wp-content\/uploads\/2025\/08\/csm_Don_Bosco_Volunteers_Umfrage_Bild_1_2a0403f869.jpg 870w, https:\/\/test-wuwei.de\/orden\/wp-content\/uploads\/2025\/08\/csm_Don_Bosco_Volunteers_Umfrage_Bild_1_2a0403f869-300x112.jpg 300w, https:\/\/test-wuwei.de\/orden\/wp-content\/uploads\/2025\/08\/csm_Don_Bosco_Volunteers_Umfrage_Bild_1_2a0403f869-768x287.jpg 768w\" sizes=\"auto, (max-width: 870px) 100vw, 870px\" \/>\n<figcaption class=\"gb-headline gb-headline-f29c4007 gb-headline-text\">Rosa Patzina machte mit den Don Bosco Volunteers einen Freiwilligendienst in Mansa, Sambia, wo sie unter anderem Sch\u00fclerinnen unterst\u00fctzte.<\/figcaption>\n<\/figure>\n\n\n\n<div style=\"height:50px\" aria-hidden=\"true\" class=\"wp-block-spacer\"><\/div>\n\n\n\n<p>Ein Freiwilligendienst im Ausland m\u00fcndet oft in ehrenamtliches Engagement. Dies ist das Ergebnis einer Umfrage unter 180 ehemaligen Don Bosco Volunteers anl\u00e4sslich des 25-j\u00e4hrigen Jubil\u00e4ums des Auslandsfreiwilligendienstes der Salesianer Don Boscos in Deutschland. 91 Prozent der befragten R\u00fcckkehrerinnen und R\u00fcckkehrer gaben an, sich politisch und gesellschaftlich zu engagieren, etwa in der Jugendarbeit, Studierendenverb\u00e4nden oder auch der Fl\u00fcchtlingshilfe. 50 Prozent von ihnen tun dies sogar einmal pro Woche.<\/p>\n\n\n\n<hr class=\"wp-block-separator has-text-color has-contrast-3-color has-alpha-channel-opacity has-contrast-3-background-color has-background\"\/>\n\n\n\n<blockquote class=\"wp-block-quote is-layout-flow wp-block-quote-is-layout-flow\">\n<p><strong><em>Wer einen einj\u00e4hrigen Freiwilligendienst im Ausland gemacht hat, der kommt ver\u00e4ndert zur\u00fcck.<\/em><\/strong><br>P. Stefan St\u00f6hr SDB, Koordinator f\u00fcr Freiwilligendienste bei den Salesianern Don Boscos in Deutschland<\/p>\n<\/blockquote>\n\n\n\n<hr class=\"wp-block-separator has-text-color has-contrast-3-color has-alpha-channel-opacity has-contrast-3-background-color has-background\"\/>\n\n\n\n<p>\u201eWer einen einj\u00e4hrigen Freiwilligendienst im Ausland gemacht hat, der kommt ver\u00e4ndert zur\u00fcck. Die jungen Menschen sind kritischer und auch politischer. Der Blick \u00fcber den Tellerrand hat ihnen gezeigt, dass ihr Wohlstand in Deutschland nicht selbstverst\u00e4ndlich ist. Sie hinterfragen Privilegien\u201c, bilanziert der Koordinator f\u00fcr Freiwilligendienste bei den Salesianern Don Boscos in Deutschland, P. Stefan St\u00f6hr, mit Blick auf die Umfrage, bei der Verhaltens und Einstellungs\u00e4nderungen evaluiert wurden.<\/p>\n\n\n\n<p>Die 180 Teilnehmerinnen und Teilnehmer der Don Bosco Volunteers-Umfrage hatten in den vergangenen 25 Jahren einen meist 12-monatigen Dienst im Ausland absolviert. 1996 reiste der erste Don Bosco Volunteer ins Ausland, damals nach Irland. Von Bonn und Benediktbeuern aus entsenden die Salesianer Don Boscos seither junge Menschen in Einrichtungen in aller Welt. Wie die Ergebnisse zeigen, ver\u00e4ndert das Jahr in der Ferne die Freiwilligen. H\u00e4ufig hinterfragen sie ihre Konsum- und Lebensgewohnheiten. Viele wollen ihre Erfahrungen weitergeben. Die Erfahrung, Teil einer internationalen Gemeinschaft zu sein, die sich f\u00fcr benachteiligte Kinder und Jugendliche weltweit einsetzt, wird positiv und als pers\u00f6nlich bereichernd wahrgenommen. Im kommenden Sommer wolle Don Bosco Volunteers wieder 50 jungen Menschen die Chance bieten, in Indien, Bolivien, Albanien, Sambia, Benin, Kolumbien oder anderen L\u00e4ndern f\u00fcrs Leben gepr\u00e4gt zu werden, so P. Stefan St\u00f6hr.<\/p>\n\n\n\n<p>Don Bosco Volunteers ist seit 25 Jahren Tr\u00e4ger verschiedener Jugendfreiwilligendienste der Deutschen Provinz der Salesianer Don Boscos. Bis zu 90 junge Menschen absolvieren j\u00e4hrlich mit Don Bosco Volunteers einen Freiwilligendienst in Don-Bosco-Einrichtungen im In- und Ausland.<\/p>\n\n\n\n<p><a href=\"https:\/\/www.donbosco.de\/\" target=\"_blank\" rel=\"noreferrer noopener\">Hier geht\u2019s zur Website der Salesianer Don Boscos.<\/a><\/p>\n\n\n\n<p><a href=\"https:\/\/www.donboscovolunteers.de\/\" target=\"_blank\" rel=\"noreferrer noopener\">Zur Website der Don Bosco Volunteers.<\/a><\/p>\n\n\n\n<p><em>(Mit Material von SDB)<\/em><\/p>\n","protected":false},"excerpt":{"rendered":"<p>Don Bosco Volunteers-Umfrage: Ein Freiwilligendienst im Ausland m\u00fcndet oft in ehrenamtliches Engagement<\/p>\n","protected":false},"featured_media":1009,"parent":0,"template":"","categories":[],"class_list":["post-1008","meldung","type-meldung","status-publish","has-post-thumbnail","hentry"],"acf":[],"yoast_head":"<!-- This site is optimized with the Yoast SEO plugin v26.3 - https:\/\/yoast.com\/wordpress\/plugins\/seo\/ -->\n<title>Vom Freiwilligendienst ins Ehrenamt &#8211; Ordensgemeinschaften in Deutschland<\/title>\n<meta name=\"description\" content=\"Don Bosco Volunteers-Umfrage: Ein Freiwilligendienst im Ausland m\u00fcndet oft in ehrenamtliches Engagement\" \/>\n<meta name=\"robots\" content=\"noindex, follow, max-snippet:-1, max-image-preview:large, max-video-preview:-1\" \/>\n<meta property=\"og:locale\" content=\"de_DE\" \/>\n<meta property=\"og:type\" content=\"article\" \/>\n<meta property=\"og:title\" content=\"Vom Freiwilligendienst ins Ehrenamt\" \/>\n<meta property=\"og:description\" content=\"Don Bosco Volunteers-Umfrage: Ein Freiwilligendienst im Ausland m\u00fcndet oft in ehrenamtliches Engagement\" \/>\n<meta property=\"og:url\" content=\"https:\/\/test-wuwei.de\/orden\/meldung\/vom-freiwilligendienst-ins-ehrenamt\/\" \/>\n<meta property=\"og:site_name\" content=\"Ordensgemeinschaften in Deutschland\" \/>\n<meta property=\"article:modified_time\" content=\"2025-09-01T13:16:24+00:00\" \/>\n<meta property=\"og:image\" content=\"https:\/\/test-wuwei.de\/orden\/wp-content\/uploads\/2025\/08\/csm_Don_Bosco_Volunteers_Umfrage_Bild_1_36d623cc23.jpg\" \/>\n\t<meta property=\"og:image:width\" content=\"120\" \/>\n\t<meta property=\"og:image:height\" content=\"120\" \/>\n\t<meta property=\"og:image:type\" content=\"image\/jpeg\" \/>\n<meta name=\"twitter:card\" content=\"summary_large_image\" \/>\n<meta name=\"twitter:label1\" content=\"Gesch\u00e4tzte Lesezeit\" \/>\n\t<meta name=\"twitter:data1\" content=\"3\u00a0Minuten\" \/>\n<script type=\"application\/ld+json\" class=\"yoast-schema-graph\">{\"@context\":\"https:\/\/schema.org\",\"@graph\":[{\"@type\":\"WebPage\",\"@id\":\"https:\/\/test-wuwei.de\/orden\/meldung\/vom-freiwilligendienst-ins-ehrenamt\/\",\"url\":\"https:\/\/test-wuwei.de\/orden\/meldung\/vom-freiwilligendienst-ins-ehrenamt\/\",\"name\":\"Vom Freiwilligendienst ins Ehrenamt &#8211; Ordensgemeinschaften in Deutschland\",\"isPartOf\":{\"@id\":\"https:\/\/test-wuwei.de\/orden\/#website\"},\"primaryImageOfPage\":{\"@id\":\"https:\/\/test-wuwei.de\/orden\/meldung\/vom-freiwilligendienst-ins-ehrenamt\/#primaryimage\"},\"image\":{\"@id\":\"https:\/\/test-wuwei.de\/orden\/meldung\/vom-freiwilligendienst-ins-ehrenamt\/#primaryimage\"},\"thumbnailUrl\":\"https:\/\/test-wuwei.de\/orden\/wp-content\/uploads\/2025\/08\/csm_Don_Bosco_Volunteers_Umfrage_Bild_1_36d623cc23.jpg\",\"datePublished\":\"2022-01-26T08:00:00+00:00\",\"dateModified\":\"2025-09-01T13:16:24+00:00\",\"description\":\"Don Bosco Volunteers-Umfrage: Ein Freiwilligendienst im Ausland m\u00fcndet oft in ehrenamtliches Engagement\",\"breadcrumb\":{\"@id\":\"https:\/\/test-wuwei.de\/orden\/meldung\/vom-freiwilligendienst-ins-ehrenamt\/#breadcrumb\"},\"inLanguage\":\"de\",\"potentialAction\":[{\"@type\":\"ReadAction\",\"target\":[\"https:\/\/test-wuwei.de\/orden\/meldung\/vom-freiwilligendienst-ins-ehrenamt\/\"]}]},{\"@type\":\"ImageObject\",\"inLanguage\":\"de\",\"@id\":\"https:\/\/test-wuwei.de\/orden\/meldung\/vom-freiwilligendienst-ins-ehrenamt\/#primaryimage\",\"url\":\"https:\/\/test-wuwei.de\/orden\/wp-content\/uploads\/2025\/08\/csm_Don_Bosco_Volunteers_Umfrage_Bild_1_36d623cc23.jpg\",\"contentUrl\":\"https:\/\/test-wuwei.de\/orden\/wp-content\/uploads\/2025\/08\/csm_Don_Bosco_Volunteers_Umfrage_Bild_1_36d623cc23.jpg\",\"width\":120,\"height\":120},{\"@type\":\"BreadcrumbList\",\"@id\":\"https:\/\/test-wuwei.de\/orden\/meldung\/vom-freiwilligendienst-ins-ehrenamt\/#breadcrumb\",\"itemListElement\":[{\"@type\":\"ListItem\",\"position\":1,\"name\":\"\ud83c\udfe0\ufe0e\",\"item\":\"https:\/\/test-wuwei.de\/orden\/\"},{\"@type\":\"ListItem\",\"position\":2,\"name\":\"Vom Freiwilligendienst ins Ehrenamt\"}]},{\"@type\":\"WebSite\",\"@id\":\"https:\/\/test-wuwei.de\/orden\/#website\",\"url\":\"https:\/\/test-wuwei.de\/orden\/\",\"name\":\"Ordensgemeinschaften in Deutschland\",\"description\":\"Deutsche Ordensobernkonferenz\",\"publisher\":{\"@id\":\"https:\/\/test-wuwei.de\/orden\/#organization\"},\"potentialAction\":[{\"@type\":\"SearchAction\",\"target\":{\"@type\":\"EntryPoint\",\"urlTemplate\":\"https:\/\/test-wuwei.de\/orden\/?s={search_term_string}\"},\"query-input\":{\"@type\":\"PropertyValueSpecification\",\"valueRequired\":true,\"valueName\":\"search_term_string\"}}],\"inLanguage\":\"de\"},{\"@type\":\"Organization\",\"@id\":\"https:\/\/test-wuwei.de\/orden\/#organization\",\"name\":\"Ordensgemeinschaften in Deutschland\",\"url\":\"https:\/\/test-wuwei.de\/orden\/\",\"logo\":{\"@type\":\"ImageObject\",\"inLanguage\":\"de\",\"@id\":\"https:\/\/test-wuwei.de\/orden\/#\/schema\/logo\/image\/\",\"url\":\"https:\/\/test-wuwei.de\/orden\/wp-content\/uploads\/2025\/07\/DOK_Logo_RGB_mit.jpg\",\"contentUrl\":\"https:\/\/test-wuwei.de\/orden\/wp-content\/uploads\/2025\/07\/DOK_Logo_RGB_mit.jpg\",\"width\":2480,\"height\":1748,\"caption\":\"Ordensgemeinschaften in Deutschland\"},\"image\":{\"@id\":\"https:\/\/test-wuwei.de\/orden\/#\/schema\/logo\/image\/\"}}]}<\/script>\n<!-- \/ Yoast SEO plugin. -->","yoast_head_json":{"title":"Vom Freiwilligendienst ins Ehrenamt &#8211; Ordensgemeinschaften in Deutschland","description":"Don Bosco Volunteers-Umfrage: Ein Freiwilligendienst im Ausland m\u00fcndet oft in ehrenamtliches Engagement","robots":{"index":"noindex","follow":"follow","max-snippet":"max-snippet:-1","max-image-preview":"max-image-preview:large","max-video-preview":"max-video-preview:-1"},"og_locale":"de_DE","og_type":"article","og_title":"Vom Freiwilligendienst ins Ehrenamt","og_description":"Don Bosco Volunteers-Umfrage: Ein Freiwilligendienst im Ausland m\u00fcndet oft in ehrenamtliches Engagement","og_url":"https:\/\/test-wuwei.de\/orden\/meldung\/vom-freiwilligendienst-ins-ehrenamt\/","og_site_name":"Ordensgemeinschaften in Deutschland","article_modified_time":"2025-09-01T13:16:24+00:00","og_image":[{"width":120,"height":120,"url":"https:\/\/test-wuwei.de\/orden\/wp-content\/uploads\/2025\/08\/csm_Don_Bosco_Volunteers_Umfrage_Bild_1_36d623cc23.jpg","type":"image\/jpeg"}],"twitter_card":"summary_large_image","twitter_misc":{"Gesch\u00e4tzte Lesezeit":"3\u00a0Minuten"},"schema":{"@context":"https:\/\/schema.org","@graph":[{"@type":"WebPage","@id":"https:\/\/test-wuwei.de\/orden\/meldung\/vom-freiwilligendienst-ins-ehrenamt\/","url":"https:\/\/test-wuwei.de\/orden\/meldung\/vom-freiwilligendienst-ins-ehrenamt\/","name":"Vom Freiwilligendienst ins Ehrenamt &#8211; Ordensgemeinschaften in Deutschland","isPartOf":{"@id":"https:\/\/test-wuwei.de\/orden\/#website"},"primaryImageOfPage":{"@id":"https:\/\/test-wuwei.de\/orden\/meldung\/vom-freiwilligendienst-ins-ehrenamt\/#primaryimage"},"image":{"@id":"https:\/\/test-wuwei.de\/orden\/meldung\/vom-freiwilligendienst-ins-ehrenamt\/#primaryimage"},"thumbnailUrl":"https:\/\/test-wuwei.de\/orden\/wp-content\/uploads\/2025\/08\/csm_Don_Bosco_Volunteers_Umfrage_Bild_1_36d623cc23.jpg","datePublished":"2022-01-26T08:00:00+00:00","dateModified":"2025-09-01T13:16:24+00:00","description":"Don Bosco Volunteers-Umfrage: Ein Freiwilligendienst im Ausland m\u00fcndet oft in ehrenamtliches Engagement","breadcrumb":{"@id":"https:\/\/test-wuwei.de\/orden\/meldung\/vom-freiwilligendienst-ins-ehrenamt\/#breadcrumb"},"inLanguage":"de","potentialAction":[{"@type":"ReadAction","target":["https:\/\/test-wuwei.de\/orden\/meldung\/vom-freiwilligendienst-ins-ehrenamt\/"]}]},{"@type":"ImageObject","inLanguage":"de","@id":"https:\/\/test-wuwei.de\/orden\/meldung\/vom-freiwilligendienst-ins-ehrenamt\/#primaryimage","url":"https:\/\/test-wuwei.de\/orden\/wp-content\/uploads\/2025\/08\/csm_Don_Bosco_Volunteers_Umfrage_Bild_1_36d623cc23.jpg","contentUrl":"https:\/\/test-wuwei.de\/orden\/wp-content\/uploads\/2025\/08\/csm_Don_Bosco_Volunteers_Umfrage_Bild_1_36d623cc23.jpg","width":120,"height":120},{"@type":"BreadcrumbList","@id":"https:\/\/test-wuwei.de\/orden\/meldung\/vom-freiwilligendienst-ins-ehrenamt\/#breadcrumb","itemListElement":[{"@type":"ListItem","position":1,"name":"\ud83c\udfe0\ufe0e","item":"https:\/\/test-wuwei.de\/orden\/"},{"@type":"ListItem","position":2,"name":"Vom Freiwilligendienst ins Ehrenamt"}]},{"@type":"WebSite","@id":"https:\/\/test-wuwei.de\/orden\/#website","url":"https:\/\/test-wuwei.de\/orden\/","name":"Ordensgemeinschaften in Deutschland","description":"Deutsche Ordensobernkonferenz","publisher":{"@id":"https:\/\/test-wuwei.de\/orden\/#organization"},"potentialAction":[{"@type":"SearchAction","target":{"@type":"EntryPoint","urlTemplate":"https:\/\/test-wuwei.de\/orden\/?s={search_term_string}"},"query-input":{"@type":"PropertyValueSpecification","valueRequired":true,"valueName":"search_term_string"}}],"inLanguage":"de"},{"@type":"Organization","@id":"https:\/\/test-wuwei.de\/orden\/#organization","name":"Ordensgemeinschaften in Deutschland","url":"https:\/\/test-wuwei.de\/orden\/","logo":{"@type":"ImageObject","inLanguage":"de","@id":"https:\/\/test-wuwei.de\/orden\/#\/schema\/logo\/image\/","url":"https:\/\/test-wuwei.de\/orden\/wp-content\/uploads\/2025\/07\/DOK_Logo_RGB_mit.jpg","contentUrl":"https:\/\/test-wuwei.de\/orden\/wp-content\/uploads\/2025\/07\/DOK_Logo_RGB_mit.jpg","width":2480,"height":1748,"caption":"Ordensgemeinschaften in Deutschland"},"image":{"@id":"https:\/\/test-wuwei.de\/orden\/#\/schema\/logo\/image\/"}}]}},"_links":{"self":[{"href":"https:\/\/test-wuwei.de\/orden\/wp-json\/wp\/v2\/meldung\/1008","targetHints":{"allow":["GET"]}}],"collection":[{"href":"https:\/\/test-wuwei.de\/orden\/wp-json\/wp\/v2\/meldung"}],"about":[{"href":"https:\/\/test-wuwei.de\/orden\/wp-json\/wp\/v2\/types\/meldung"}],"wp:featuredmedia":[{"embeddable":true,"href":"https:\/\/test-wuwei.de\/orden\/wp-json\/wp\/v2\/media\/1009"}],"wp:attachment":[{"href":"https:\/\/test-wuwei.de\/orden\/wp-json\/wp\/v2\/media?parent=1008"}],"wp:term":[{"taxonomy":"category","embeddable":true,"href":"https:\/\/test-wuwei.de\/orden\/wp-json\/wp\/v2\/categories?post=1008"}],"curies":[{"name":"wp","href":"https:\/\/api.w.org\/{rel}","templated":true}]}}