{"id":1724,"date":"2024-06-09T15:42:00","date_gmt":"2024-06-09T13:42:00","guid":{"rendered":"https:\/\/test-wuwei.de\/orden\/?post_type=kolumne&#038;p=1724"},"modified":"2025-11-05T16:18:52","modified_gmt":"2025-11-05T15:18:52","slug":"kolumne-mein-ganzes-glueck-bist-du-allein","status":"publish","type":"kolumne","link":"https:\/\/test-wuwei.de\/orden\/kolumne\/kolumne-mein-ganzes-glueck-bist-du-allein\/","title":{"rendered":"Kolumne: Mein ganzes Gl\u00fcck bist DU allein"},"content":{"rendered":"\n<figure class=\"gb-block-image gb-block-image-06e538cb\"><img loading=\"lazy\" decoding=\"async\" width=\"870\" height=\"362\" class=\"gb-image gb-image-06e538cb\" src=\"https:\/\/test-wuwei.de\/orden\/wp-content\/uploads\/2025\/08\/csm_240609-kolumne_n_4173120c77.jpg\" alt=\"\" title=\"Csm 240609 Kolumne N 4173120c77\" srcset=\"https:\/\/test-wuwei.de\/orden\/wp-content\/uploads\/2025\/08\/csm_240609-kolumne_n_4173120c77.jpg 870w, https:\/\/test-wuwei.de\/orden\/wp-content\/uploads\/2025\/08\/csm_240609-kolumne_n_4173120c77-300x125.jpg 300w, https:\/\/test-wuwei.de\/orden\/wp-content\/uploads\/2025\/08\/csm_240609-kolumne_n_4173120c77-768x320.jpg 768w\" sizes=\"auto, (max-width: 870px) 100vw, 870px\" \/><\/figure>\n\n\n\n<div style=\"height:50px\" aria-hidden=\"true\" class=\"wp-block-spacer\"><\/div>\n\n\n\n<p>Der d\u00e4nische Philosoph S\u00f8ren Kierkegaard hat einmal \u00fcber das Gl\u00fcck gesagt: \u201eDie T\u00fcr zum Gl\u00fcck ginge nach au\u00dfen auf\u201c. Was meinte er damit? Er meinte, dass wer die T\u00fcr zum Gl\u00fcck aufzudr\u00fccken versucht &#8211; wer sich krampfhaft darum bem\u00fcht, gl\u00fccklich zu werden &#8211; dem verschlie\u00dft sich die T\u00fcr zum Gl\u00fcck. Das ist das Paradox des Gl\u00fccks. Es kann nicht angestrebt werden. Es ist ein Gef\u00fchl oder ein Zustand, der sich einstellt, wenn die Rahmenbedingungen passen. Gl\u00fcck ist ein Nebenprodukt. Kein Ergebnis. Ein Zeichen f\u00fcr gelingendes Leben. Aber was l\u00e4sst Leben gelingen? Nat\u00fcrlich gibt es verschiedene Umst\u00e4nde, die helfen, dass die Lebenszufriedenheit steigt. Dazu geh\u00f6ren vor allem die F\u00e4higkeit, mit anderen Menschen in stabilen Beziehungen zu leben und sich selbst und andere anzunehmen. Daneben hilft es sehr, wenn die eigene Lebensgeschichte positiv bewertet wird und wenn das Leben und die Aufgaben denen man sich stellt in einem gr\u00f6\u00dferen Sinnzusammenhang gesehen werden k\u00f6nnen und zu bew\u00e4ltigen sind.<\/p>\n\n\n\n<p>Wenn wir von Gl\u00fcck sprechen, dann sprechen wir aber mindestens von noch zwei Bedeutungen. N\u00e4mlich Gl\u00fcck meint auch etwas, das dem Menschen zuf\u00e4llt, dass er oder sie so nicht erwarten konnte und positiv bewertet wird. Und Gl\u00fcck kann ein Gef\u00fchl bedeuten oder eine Empfindung, die immer an die Erfahrung des\/der Einzelnen gebunden ist.<\/p>\n\n\n\n<p>Der Psalm 16 dr\u00fcckt f\u00fcr mich dies in besonders treffender Weise aus:<\/p>\n\n\n\n<p>1 Beh\u00fcte mich, Gott, denn ich vertraue dir.<\/p>\n\n\n\n<p>2 Ich sage zum Herrn: \u00abDu bist mein Herr;<\/p>\n\n\n\n<p>mein ganzes Gl\u00fcck bist du allein.\u00bb<\/p>\n\n\n\n<p>\u2026<\/p>\n\n\n\n<p>4 Viele Schmerzen leidet, wer fremden G\u00f6ttern folgt.<\/p>\n\n\n\n<p>Ich will ihnen nicht opfern,<\/p>\n\n\n\n<p>ich nehme ihre Namen nicht auf meine Lippen.<\/p>\n\n\n\n<p>5 Du, Herr, gibst mir das Erbe und reichst mir den Becher;<\/p>\n\n\n\n<p>du h\u00e4ltst mein Los in deinen H\u00e4nden.<\/p>\n\n\n\n<p>6 Auf sch\u00f6nem Land fiel mir mein Anteil zu.<\/p>\n\n\n\n<p>Ja, mein Erbe gef\u00e4llt mir gut.<\/p>\n\n\n\n<p>\u2026<\/p>\n\n\n\n<p>8 Ich habe den Herrn best\u00e4ndig vor Augen.<\/p>\n\n\n\n<p>Er steht mir zur Rechten, ich wanke nicht.<\/p>\n\n\n\n<p>9 Darum freut sich mein Herz und frohlockt meine Seele,<\/p>\n\n\n\n<p>auch mein Leib wird wohnen in Sicherheit.<\/p>\n\n\n\n<p>\u2026<\/p>\n\n\n\n<p>11 Du zeigst mir den Pfad zum Leben.<\/p>\n\n\n\n<p>Vor deinem Angesicht herrscht Freude in F\u00fclle,<\/p>\n\n\n\n<p>zu deiner Rechten Wonne f\u00fcr alle Zeit.<\/p>\n\n\n\n<p>Der Psalmbeter f\u00fchlt sich beh\u00fctet und getragen. Er spricht von einem Leben in F\u00fclle. Das Streben nach Gott verhei\u00dft Reichtum, nicht nur im materiellen Sinn. Das Gl\u00fcck stellt sich ein, weil es nicht direkt angestrebt wird. Das Ziel allen Strebens ist Gott selbst. Gott ist es der zuweist, es ist sch\u00f6nes Land das zuf\u00e4llt und das gef\u00e4llt.<\/p>\n\n\n\n<p>Als ich mich vor fast achtzehn Jahren entschieden habe, zu den Franziskanerinnen nach Kaufbeuren zu gehen, habe ich mir noch keine Gedanken \u00fcber Faktoren gemacht, die ein gl\u00fcckliches Leben bedingen k\u00f6nnen. Ich bin einer Sehnsucht gefolgt. Ich war und bin der \u00dcberzeugung, im Kloster etwas zu finden, was ein gutes Leben verhei\u00dft. Volles Leben in der Nachfolge Jesu. Es w\u00e4re zu viel, wenn ich sagen w\u00fcrde, dass ich in einer Art Gl\u00fcckseligkeit lebe, aber das Leben im Kloster bietet viele Umst\u00e4nde, die ein gl\u00fcckliches Leben bedingen k\u00f6nnen. Stabile Gemeinschaft, erf\u00fcllende T\u00e4tigkeiten, immer mal wieder das gute Gef\u00fchl, wenn zusammen etwas geschafft wurde. Aber auch die Erfahrung von Gebrauchtwerden, von pers\u00f6nlichem Wachstum und manchmal die Notwendigkeit an die eigenen Grenzen zu gehen und sie hoffentlich mit Gottes Hilfe zu \u00fcberwinden. Dies schlie\u00dft nat\u00fcrlich nicht aus, dass es auch das Scheitern gibt. Die Einsicht in die Notwendigkeit von Vergebung und Vers\u00f6hnung muss immer da sein und auch die Bereitschaft, immer wieder von vorne anfangen zu wollen. So ist f\u00fcr mich das Leben in Gemeinschaft ein Streben nach Gott in der Hoffnung, dass sich das Gl\u00fcck zwischendurch auch einstellt.<\/p>\n","protected":false},"excerpt":{"rendered":"<p>Der d\u00e4nische Philosoph S\u00f8ren Kierkegaard hat einmal \u00fcber das Gl\u00fcck gesagt: \u201eDie T\u00fcr zum Gl\u00fcck ginge nach au\u00dfen auf\u201c. Was meinte er damit? Er meinte, dass wer die T\u00fcr zum Gl\u00fcck aufzudr\u00fccken versucht &#8211; wer sich krampfhaft darum bem\u00fcht, gl\u00fccklich zu werden &#8211; dem verschlie\u00dft sich die T\u00fcr zum Gl\u00fcck. Das ist das Paradox des &#8230; <\/p>\n<p class=\"read-more-container\"><a title=\"Kolumne: Mein ganzes Gl\u00fcck bist DU allein\" class=\"read-more button\" href=\"https:\/\/test-wuwei.de\/orden\/kolumne\/kolumne-mein-ganzes-glueck-bist-du-allein\/#more-1724\" aria-label=\"Mehr Informationen \u00fcber Kolumne: Mein ganzes Gl\u00fcck bist DU allein\">weiterlesen<\/a><\/p>\n","protected":false},"author":4,"featured_media":2742,"parent":0,"template":"","categories":[],"class_list":["post-1724","kolumne","type-kolumne","status-publish","has-post-thumbnail","hentry"],"acf":[],"yoast_head":"<!-- This site is optimized with the Yoast SEO plugin v26.3 - https:\/\/yoast.com\/wordpress\/plugins\/seo\/ -->\n<title>Kolumne: Mein ganzes Gl\u00fcck bist DU allein &#8211; Ordensgemeinschaften in Deutschland<\/title>\n<meta name=\"description\" content=\"Der d\u00e4nische Philosoph S\u00f8ren Kierkegaard hat einmal \u00fcber das Gl\u00fcck gesagt: \u201eDie T\u00fcr zum Gl\u00fcck ginge nach au\u00dfen auf\u201c. Was meinte er damit? Er meinte, dass wer die T\u00fcr zum Gl\u00fcck aufzudr\u00fccken versucht - wer sich krampfhaft darum bem\u00fcht, gl\u00fccklich zu werden - dem verschlie\u00dft sich die T\u00fcr zum Gl\u00fcck.\" \/>\n<meta name=\"robots\" content=\"noindex, follow, max-snippet:-1, max-image-preview:large, max-video-preview:-1\" \/>\n<meta property=\"og:locale\" content=\"de_DE\" \/>\n<meta property=\"og:type\" content=\"article\" \/>\n<meta property=\"og:title\" content=\"Kolumne: Mein ganzes Gl\u00fcck bist DU allein\" \/>\n<meta property=\"og:description\" content=\"Der d\u00e4nische Philosoph S\u00f8ren Kierkegaard hat einmal \u00fcber das Gl\u00fcck gesagt: \u201eDie T\u00fcr zum Gl\u00fcck ginge nach au\u00dfen auf\u201c. Was meinte er damit? Er meinte, dass wer die T\u00fcr zum Gl\u00fcck aufzudr\u00fccken versucht - wer sich krampfhaft darum bem\u00fcht, gl\u00fccklich zu werden - dem verschlie\u00dft sich die T\u00fcr zum Gl\u00fcck.\" \/>\n<meta property=\"og:url\" content=\"https:\/\/test-wuwei.de\/orden\/kolumne\/kolumne-mein-ganzes-glueck-bist-du-allein\/\" \/>\n<meta property=\"og:site_name\" content=\"Ordensgemeinschaften in Deutschland\" \/>\n<meta property=\"article:modified_time\" content=\"2025-11-05T15:18:52+00:00\" \/>\n<meta property=\"og:image\" content=\"https:\/\/test-wuwei.de\/orden\/wp-content\/uploads\/2025\/08\/csm_240609-kolumne_n_4173120c77.jpg\" \/>\n\t<meta property=\"og:image:width\" content=\"870\" \/>\n\t<meta property=\"og:image:height\" content=\"362\" \/>\n\t<meta property=\"og:image:type\" content=\"image\/jpeg\" \/>\n<meta name=\"twitter:card\" content=\"summary_large_image\" \/>\n<meta name=\"twitter:label1\" content=\"Gesch\u00e4tzte Lesezeit\" \/>\n\t<meta name=\"twitter:data1\" content=\"4\u00a0Minuten\" \/>\n<script type=\"application\/ld+json\" class=\"yoast-schema-graph\">{\"@context\":\"https:\/\/schema.org\",\"@graph\":[{\"@type\":\"WebPage\",\"@id\":\"https:\/\/test-wuwei.de\/orden\/kolumne\/kolumne-mein-ganzes-glueck-bist-du-allein\/\",\"url\":\"https:\/\/test-wuwei.de\/orden\/kolumne\/kolumne-mein-ganzes-glueck-bist-du-allein\/\",\"name\":\"Kolumne: Mein ganzes Gl\u00fcck bist DU allein &#8211; Ordensgemeinschaften in Deutschland\",\"isPartOf\":{\"@id\":\"https:\/\/test-wuwei.de\/orden\/#website\"},\"primaryImageOfPage\":{\"@id\":\"https:\/\/test-wuwei.de\/orden\/kolumne\/kolumne-mein-ganzes-glueck-bist-du-allein\/#primaryimage\"},\"image\":{\"@id\":\"https:\/\/test-wuwei.de\/orden\/kolumne\/kolumne-mein-ganzes-glueck-bist-du-allein\/#primaryimage\"},\"thumbnailUrl\":\"https:\/\/test-wuwei.de\/orden\/wp-content\/uploads\/2025\/06\/csm_sr_johanna_m_hoeldrich_55f2a997c4.jpg\",\"datePublished\":\"2024-06-09T13:42:00+00:00\",\"dateModified\":\"2025-11-05T15:18:52+00:00\",\"description\":\"Der d\u00e4nische Philosoph S\u00f8ren Kierkegaard hat einmal \u00fcber das Gl\u00fcck gesagt: \u201eDie T\u00fcr zum Gl\u00fcck ginge nach au\u00dfen auf\u201c. Was meinte er damit? Er meinte, dass wer die T\u00fcr zum Gl\u00fcck aufzudr\u00fccken versucht - wer sich krampfhaft darum bem\u00fcht, gl\u00fccklich zu werden - dem verschlie\u00dft sich die T\u00fcr zum Gl\u00fcck.\",\"breadcrumb\":{\"@id\":\"https:\/\/test-wuwei.de\/orden\/kolumne\/kolumne-mein-ganzes-glueck-bist-du-allein\/#breadcrumb\"},\"inLanguage\":\"de\",\"potentialAction\":[{\"@type\":\"ReadAction\",\"target\":[\"https:\/\/test-wuwei.de\/orden\/kolumne\/kolumne-mein-ganzes-glueck-bist-du-allein\/\"]}]},{\"@type\":\"ImageObject\",\"inLanguage\":\"de\",\"@id\":\"https:\/\/test-wuwei.de\/orden\/kolumne\/kolumne-mein-ganzes-glueck-bist-du-allein\/#primaryimage\",\"url\":\"https:\/\/test-wuwei.de\/orden\/wp-content\/uploads\/2025\/06\/csm_sr_johanna_m_hoeldrich_55f2a997c4.jpg\",\"contentUrl\":\"https:\/\/test-wuwei.de\/orden\/wp-content\/uploads\/2025\/06\/csm_sr_johanna_m_hoeldrich_55f2a997c4.jpg\",\"width\":200,\"height\":200,\"caption\":\"Sr. Johanna Maria H\u00f6ldrich OSF\"},{\"@type\":\"BreadcrumbList\",\"@id\":\"https:\/\/test-wuwei.de\/orden\/kolumne\/kolumne-mein-ganzes-glueck-bist-du-allein\/#breadcrumb\",\"itemListElement\":[{\"@type\":\"ListItem\",\"position\":1,\"name\":\"\ud83c\udfe0\ufe0e\",\"item\":\"https:\/\/test-wuwei.de\/orden\/\"},{\"@type\":\"ListItem\",\"position\":2,\"name\":\"Kolumne: Mein ganzes Gl\u00fcck bist DU allein\"}]},{\"@type\":\"WebSite\",\"@id\":\"https:\/\/test-wuwei.de\/orden\/#website\",\"url\":\"https:\/\/test-wuwei.de\/orden\/\",\"name\":\"Ordensgemeinschaften in Deutschland\",\"description\":\"Deutsche Ordensobernkonferenz\",\"publisher\":{\"@id\":\"https:\/\/test-wuwei.de\/orden\/#organization\"},\"potentialAction\":[{\"@type\":\"SearchAction\",\"target\":{\"@type\":\"EntryPoint\",\"urlTemplate\":\"https:\/\/test-wuwei.de\/orden\/?s={search_term_string}\"},\"query-input\":{\"@type\":\"PropertyValueSpecification\",\"valueRequired\":true,\"valueName\":\"search_term_string\"}}],\"inLanguage\":\"de\"},{\"@type\":\"Organization\",\"@id\":\"https:\/\/test-wuwei.de\/orden\/#organization\",\"name\":\"Ordensgemeinschaften in Deutschland\",\"url\":\"https:\/\/test-wuwei.de\/orden\/\",\"logo\":{\"@type\":\"ImageObject\",\"inLanguage\":\"de\",\"@id\":\"https:\/\/test-wuwei.de\/orden\/#\/schema\/logo\/image\/\",\"url\":\"https:\/\/test-wuwei.de\/orden\/wp-content\/uploads\/2025\/07\/DOK_Logo_RGB_mit.jpg\",\"contentUrl\":\"https:\/\/test-wuwei.de\/orden\/wp-content\/uploads\/2025\/07\/DOK_Logo_RGB_mit.jpg\",\"width\":2480,\"height\":1748,\"caption\":\"Ordensgemeinschaften in Deutschland\"},\"image\":{\"@id\":\"https:\/\/test-wuwei.de\/orden\/#\/schema\/logo\/image\/\"}}]}<\/script>\n<!-- \/ Yoast SEO plugin. -->","yoast_head_json":{"title":"Kolumne: Mein ganzes Gl\u00fcck bist DU allein &#8211; Ordensgemeinschaften in Deutschland","description":"Der d\u00e4nische Philosoph S\u00f8ren Kierkegaard hat einmal \u00fcber das Gl\u00fcck gesagt: \u201eDie T\u00fcr zum Gl\u00fcck ginge nach au\u00dfen auf\u201c. Was meinte er damit? Er meinte, dass wer die T\u00fcr zum Gl\u00fcck aufzudr\u00fccken versucht - wer sich krampfhaft darum bem\u00fcht, gl\u00fccklich zu werden - dem verschlie\u00dft sich die T\u00fcr zum Gl\u00fcck.","robots":{"index":"noindex","follow":"follow","max-snippet":"max-snippet:-1","max-image-preview":"max-image-preview:large","max-video-preview":"max-video-preview:-1"},"og_locale":"de_DE","og_type":"article","og_title":"Kolumne: Mein ganzes Gl\u00fcck bist DU allein","og_description":"Der d\u00e4nische Philosoph S\u00f8ren Kierkegaard hat einmal \u00fcber das Gl\u00fcck gesagt: \u201eDie T\u00fcr zum Gl\u00fcck ginge nach au\u00dfen auf\u201c. Was meinte er damit? Er meinte, dass wer die T\u00fcr zum Gl\u00fcck aufzudr\u00fccken versucht - wer sich krampfhaft darum bem\u00fcht, gl\u00fccklich zu werden - dem verschlie\u00dft sich die T\u00fcr zum Gl\u00fcck.","og_url":"https:\/\/test-wuwei.de\/orden\/kolumne\/kolumne-mein-ganzes-glueck-bist-du-allein\/","og_site_name":"Ordensgemeinschaften in Deutschland","article_modified_time":"2025-11-05T15:18:52+00:00","og_image":[{"width":870,"height":362,"url":"https:\/\/test-wuwei.de\/orden\/wp-content\/uploads\/2025\/08\/csm_240609-kolumne_n_4173120c77.jpg","type":"image\/jpeg"}],"twitter_card":"summary_large_image","twitter_misc":{"Gesch\u00e4tzte Lesezeit":"4\u00a0Minuten"},"schema":{"@context":"https:\/\/schema.org","@graph":[{"@type":"WebPage","@id":"https:\/\/test-wuwei.de\/orden\/kolumne\/kolumne-mein-ganzes-glueck-bist-du-allein\/","url":"https:\/\/test-wuwei.de\/orden\/kolumne\/kolumne-mein-ganzes-glueck-bist-du-allein\/","name":"Kolumne: Mein ganzes Gl\u00fcck bist DU allein &#8211; Ordensgemeinschaften in Deutschland","isPartOf":{"@id":"https:\/\/test-wuwei.de\/orden\/#website"},"primaryImageOfPage":{"@id":"https:\/\/test-wuwei.de\/orden\/kolumne\/kolumne-mein-ganzes-glueck-bist-du-allein\/#primaryimage"},"image":{"@id":"https:\/\/test-wuwei.de\/orden\/kolumne\/kolumne-mein-ganzes-glueck-bist-du-allein\/#primaryimage"},"thumbnailUrl":"https:\/\/test-wuwei.de\/orden\/wp-content\/uploads\/2025\/06\/csm_sr_johanna_m_hoeldrich_55f2a997c4.jpg","datePublished":"2024-06-09T13:42:00+00:00","dateModified":"2025-11-05T15:18:52+00:00","description":"Der d\u00e4nische Philosoph S\u00f8ren Kierkegaard hat einmal \u00fcber das Gl\u00fcck gesagt: \u201eDie T\u00fcr zum Gl\u00fcck ginge nach au\u00dfen auf\u201c. Was meinte er damit? Er meinte, dass wer die T\u00fcr zum Gl\u00fcck aufzudr\u00fccken versucht - wer sich krampfhaft darum bem\u00fcht, gl\u00fccklich zu werden - dem verschlie\u00dft sich die T\u00fcr zum Gl\u00fcck.","breadcrumb":{"@id":"https:\/\/test-wuwei.de\/orden\/kolumne\/kolumne-mein-ganzes-glueck-bist-du-allein\/#breadcrumb"},"inLanguage":"de","potentialAction":[{"@type":"ReadAction","target":["https:\/\/test-wuwei.de\/orden\/kolumne\/kolumne-mein-ganzes-glueck-bist-du-allein\/"]}]},{"@type":"ImageObject","inLanguage":"de","@id":"https:\/\/test-wuwei.de\/orden\/kolumne\/kolumne-mein-ganzes-glueck-bist-du-allein\/#primaryimage","url":"https:\/\/test-wuwei.de\/orden\/wp-content\/uploads\/2025\/06\/csm_sr_johanna_m_hoeldrich_55f2a997c4.jpg","contentUrl":"https:\/\/test-wuwei.de\/orden\/wp-content\/uploads\/2025\/06\/csm_sr_johanna_m_hoeldrich_55f2a997c4.jpg","width":200,"height":200,"caption":"Sr. Johanna Maria H\u00f6ldrich OSF"},{"@type":"BreadcrumbList","@id":"https:\/\/test-wuwei.de\/orden\/kolumne\/kolumne-mein-ganzes-glueck-bist-du-allein\/#breadcrumb","itemListElement":[{"@type":"ListItem","position":1,"name":"\ud83c\udfe0\ufe0e","item":"https:\/\/test-wuwei.de\/orden\/"},{"@type":"ListItem","position":2,"name":"Kolumne: Mein ganzes Gl\u00fcck bist DU allein"}]},{"@type":"WebSite","@id":"https:\/\/test-wuwei.de\/orden\/#website","url":"https:\/\/test-wuwei.de\/orden\/","name":"Ordensgemeinschaften in Deutschland","description":"Deutsche Ordensobernkonferenz","publisher":{"@id":"https:\/\/test-wuwei.de\/orden\/#organization"},"potentialAction":[{"@type":"SearchAction","target":{"@type":"EntryPoint","urlTemplate":"https:\/\/test-wuwei.de\/orden\/?s={search_term_string}"},"query-input":{"@type":"PropertyValueSpecification","valueRequired":true,"valueName":"search_term_string"}}],"inLanguage":"de"},{"@type":"Organization","@id":"https:\/\/test-wuwei.de\/orden\/#organization","name":"Ordensgemeinschaften in Deutschland","url":"https:\/\/test-wuwei.de\/orden\/","logo":{"@type":"ImageObject","inLanguage":"de","@id":"https:\/\/test-wuwei.de\/orden\/#\/schema\/logo\/image\/","url":"https:\/\/test-wuwei.de\/orden\/wp-content\/uploads\/2025\/07\/DOK_Logo_RGB_mit.jpg","contentUrl":"https:\/\/test-wuwei.de\/orden\/wp-content\/uploads\/2025\/07\/DOK_Logo_RGB_mit.jpg","width":2480,"height":1748,"caption":"Ordensgemeinschaften in Deutschland"},"image":{"@id":"https:\/\/test-wuwei.de\/orden\/#\/schema\/logo\/image\/"}}]}},"_links":{"self":[{"href":"https:\/\/test-wuwei.de\/orden\/wp-json\/wp\/v2\/kolumne\/1724","targetHints":{"allow":["GET"]}}],"collection":[{"href":"https:\/\/test-wuwei.de\/orden\/wp-json\/wp\/v2\/kolumne"}],"about":[{"href":"https:\/\/test-wuwei.de\/orden\/wp-json\/wp\/v2\/types\/kolumne"}],"author":[{"embeddable":true,"href":"https:\/\/test-wuwei.de\/orden\/wp-json\/wp\/v2\/users\/4"}],"wp:featuredmedia":[{"embeddable":true,"href":"https:\/\/test-wuwei.de\/orden\/wp-json\/wp\/v2\/media\/2742"}],"wp:attachment":[{"href":"https:\/\/test-wuwei.de\/orden\/wp-json\/wp\/v2\/media?parent=1724"}],"wp:term":[{"taxonomy":"category","embeddable":true,"href":"https:\/\/test-wuwei.de\/orden\/wp-json\/wp\/v2\/categories?post=1724"}],"curies":[{"name":"wp","href":"https:\/\/api.w.org\/{rel}","templated":true}]}}