{"id":69,"date":"2025-12-12T15:31:14","date_gmt":"2025-12-12T14:31:14","guid":{"rendered":"https:\/\/test-wuwei.de\/orden-ruach\/?post_type=veranstaltung&#038;p=69"},"modified":"2026-01-23T15:42:18","modified_gmt":"2026-01-23T14:42:18","slug":"rechtlicher-grund-und-aufbaukurs-fuer-die-ordensleitung-und-verwaltung","status":"publish","type":"veranstaltung","link":"https:\/\/test-wuwei.de\/orden-ruach\/veranstaltung\/rechtlicher-grund-und-aufbaukurs-fuer-die-ordensleitung-und-verwaltung\/","title":{"rendered":"RUACH-Grundkurs Recht II"},"content":{"rendered":"\n<h2 class=\"gb-text gb-text-afa8c703\">\u201eRechtlicher Grund- und Aufbaukurs f\u00fcr die Ordensleitung und \u2013 verwaltung\u201c<\/h2>\n\n\n\n<h2 class=\"gb-text\">Recht II (2027)<\/h2>\n\n\n\n<a class=\"gb-text button-standard\" href=\"https:\/\/test-wuwei.de\/orden-ruach\/ninja-forms\/179ohg\">Anmeldung<\/a>\n\n\n\n<p>Mit Beginn des neuen Kirchenjahres startet auch der Grund- und Aufbaukurs Recht nach einer l\u00e4ngeren Pause wieder ins RUACH-Kursprogramm. In zwei Kursteilen und verschiedenen Modulen vermittelt er einen fundierten \u00dcberblick \u00fcber die Rechtsgebiete und Rechtsfragen mit denen die Verwaltung \/ Celleratur in den Ordensgemeinschaften bei der t\u00e4glichen Arbeit konfrontiert ist. Ein besonderer Fokus liegt hierbei auf den Besonderheiten, die f\u00fcr Ordensgemeinschaften in den jeweiligen Rechtsgebieten gelten. Die Referenten sind langj\u00e4hrig in der Beratung von Ordensgemeinschaften t\u00e4tig und mit diesen vertraut.<\/p>\n\n\n<div class=\"gb-container gb-container-31dd245c gb-accordion\">\n<div class=\"gb-container gb-container-a7babbb2 gb-accordion__item\" data-transition=\"slide\">\n\n<button class=\"gb-button gb-button-618b0b85 gb-accordion__toggle\" id=\"gb-accordion-toggle-618b0b85\"><span class=\"gb-button-text\"><strong>Inhalt des Kurses<\/strong><\/span><span class=\"gb-icon\"><svg xmlns=\"http:\/\/www.w3.org\/2000\/svg\" viewBox=\"0 0 448 512\" width=\"1em\" height=\"1em\" aria-hidden=\"true\" role=\"img\" class=\"gb-accordion__icon\"><path d=\"M207.029 381.476L12.686 187.132c-9.373-9.373-9.373-24.569 0-33.941l22.667-22.667c9.357-9.357 24.522-9.375 33.901-.04L224 284.505l154.745-154.021c9.379-9.335 24.544-9.317 33.901.04l22.667 22.667c9.373 9.373 9.373 24.569 0 33.941L240.971 381.476c-9.373 9.372-24.569 9.372-33.942 0z\" fill=\"currentColor\"><\/path><\/svg><svg xmlns=\"http:\/\/www.w3.org\/2000\/svg\" viewBox=\"0 0 448 512\" width=\"1em\" height=\"1em\" aria-hidden=\"true\" role=\"img\" class=\"gb-accordion__icon-open\"><path d=\"M240.971 130.524l194.343 194.343c9.373 9.373 9.373 24.569 0 33.941l-22.667 22.667c-9.357 9.357-24.522 9.375-33.901.04L224 227.495 69.255 381.516c-9.379 9.335-24.544 9.317-33.901-.04l-22.667-22.667c-9.373-9.373-9.373-24.569 0-33.941L207.03 130.525c9.372-9.373 24.568-9.373 33.941-.001z\" fill=\"currentColor\"><\/path><\/svg><\/span><\/button>\n\n\n<div id=\"gb-accordion-content-bca879d0\" class=\"gb-accordion__content\"><div class=\"gb-container gb-container-bca879d0\">\n\n<h3 class=\"gb-text\">Module<\/h3>\n\n\n\n<h4 class=\"wp-block-heading\">Modul 1: Einf\u00fchrung ins Medien- und Urheberrecht<\/h4>\n\n\n\n<p>Einf\u00fchrung ins Medien- und Urheberrecht. In dieser Einheit werden praxisrelevante Fragen und Rechtsf\u00e4lle aus dem Urheber- und Medienrecht des kirchlichen Umfeldes besprochen. Ein weiterer Schwerpunkt bildet die Vorstellung und Erl\u00e4uterung der kirchlichen Pauschalvertr\u00e4ge des VDD (die auch von Ordensgemeinschaften genutzt werden k\u00f6nnen) sowie ausgew\u00e4hlte Fragestellungen hierzu aus der Praxis.<\/p>\n\n\n\n<h4 class=\"wp-block-heading\">Modul 2: Einf\u00fchrung ins Bau- und Architektenrecht<\/h4>\n\n\n\n<p>Einf\u00fchrung in wesentliche Grundlagen des Bau- und Architektenrechts<\/p>\n\n\n\n<ul class=\"wp-block-list\">\n<li>Einf\u00fchrung in das Planerrecht, insb. Architekten- und Honorarrecht (HOAI)<\/li>\n\n\n\n<li>Einf\u00fchrung in das Bauvertragsrecht, insb. die VOB\/B f\u00fcr Vertr\u00e4ge mit Werkunternehmern<\/li>\n\n\n\n<li>N\u00fctzliche Hinweise f\u00fcr die Praxis aus der Rechtsprechung<\/li>\n<\/ul>\n\n\n\n<h4 class=\"wp-block-heading\">Modul 3: Update Steuerrecht f\u00fcr Ordensgemeinschaften<\/h4>\n\n\n\n<p>Aufbauend auf den Grundkurs Recht I werden konkrete Fragen aus dem Steuerrecht, die vorwiegend aus dem Teilnehmerkreis gestellt werden, behandelt. Fragen hierzu sollen bis eine Woche vor Kursbeginn eingereicht werden.<\/p>\n\n\n\n<h4 class=\"wp-block-heading\">Modul 4: Einf\u00fchrung ins Arbeitsrecht bei Ordensgemeischaften<\/h4>\n\n\n\n<p>Einf\u00fchrung in Grundlagen und Struktur des weltlichen und kirchlichen Arbeitsrechts sowie arbeitsrechtliche Einzelfragen:<\/p>\n\n\n\n<ul class=\"wp-block-list\">\n<li>Zustandekommen von Arbeitsvertr\u00e4gen<\/li>\n\n\n\n<li>Befristungen im kirchlichen Bereich<\/li>\n\n\n\n<li>Struktur des kirchlichen Arbeitsrechts \/ Kommissionen<\/li>\n\n\n\n<li>Vor- und Nachteile des kirchlichen Arbeitsrechts<\/li>\n\n\n\n<li>\u00dcberblick K\u00fcndigungsrecht<\/li>\n\n\n\n<li>\u00dcberblick Mitarbeitervertretungsrecht<\/li>\n\n\n\n<li>Ausgew\u00e4hlte arbeitsrechtliche Fragestellungen aus der Praxis<\/li>\n\n\n\n<li>KI und Arbeitsrecht<\/li>\n<\/ul>\n\n\n\n<h4 class=\"wp-block-heading\">Modul 5: Mitarbeiterf\u00fchrung nach der Regel des Hl. Benedikt<\/h4>\n\n\n\n<p>Grundlagen einer guten Arbeitsorganisation und Mitarbeiterf\u00fchrung im Alltag der Ordensverwaltung<\/p>\n\n\n\n<ul class=\"wp-block-list\">\n<li>Rollenverst\u00e4ndnis \/ Was bedeutet \u201eLeitung\u201c und wie \u00fcbe ich diese zielf\u00fchrend, aber bedacht aus?<\/li>\n\n\n\n<li>Mitarbeiterf\u00fchrung und \u2013motivation \/ Grunds\u00e4tze einer gesunden Teambildung<\/li>\n\n\n\n<li>Kommunikation \u2013 Wie stelle ich eine gute Kommunikation sicher und worauf ist hierbei zu achten?<\/li>\n\n\n\n<li>Zeiteinteilung und Herangehensweise \/ Arbeitsorganisation \/ Priorit\u00e4tssetzung<\/li>\n\n\n\n<li>F\u00e4higkeit zum Loslassen \/ Delegieren<\/li>\n<\/ul>\n\n\n\n<p>Wo unterst\u00fctzen technische Hilfsmittel die Arbeit und wo hemmen sie diese?<\/p>\n\n\n\n<h4 class=\"wp-block-heading\">Modul 6: Hilfsmittel und Vernetzungen \/ Angebot der DOK<\/h4>\n\n\n\n<p>\u00dcberblick \u00fcber m\u00f6gliche Hilfsmittel und Angebote der Vernetzung f\u00fcr neu ins Amt gekommene H\u00f6here Obere\/Oberinnen, \u00d6konome\/\u00d6konominnen, Verwaltungsmitarbeitende. Vorstellung der Angebote der DOK.<\/p>\n\n\n\n<h4 class=\"wp-block-heading\">Modul 7: Betriebswirtschaft f\u00fcr Ordensgemeinschaften<\/h4>\n\n\n\n<p>Betriebswirtschaft und Controlling f\u00fcr Ordensgemeinschaften<\/p>\n\n\n\n<p>&#8211; Jahresabschl\u00fcsse verstehen und analysieren<\/p>\n\n\n\n<p>&#8211; Grunds\u00e4tze der Finanz- und Liquidit\u00e4tsplanung<\/p>\n\n\n\n<p>&#8211; Budgetierung und Controlling in der Ordensgemeinschaft<\/p>\n\n\n\n<h4 class=\"wp-block-heading\">Modul 8: Einf\u00fchrung ins Vereins- und Satzungsrecht f\u00fcr Ordensgemeinschaften<\/h4>\n\n\n\n<p>\u00dcberblick \u00fcber das Vereins-und Satzungsrecht in Rechtstr\u00e4gern von und im Umfeld von Ordensgemeinschaften sowie Hinweise zur rechtlichen Ausgestaltung.<\/p>\n\n\n\n<ul class=\"wp-block-list\">\n<li>verschiedene Formen der Vereinsstrukturierung<\/li>\n\n\n\n<li>Spannungsverh\u00e4ltnis und Vereinbarkeit von Kirchen- und Vereinsrecht<\/li>\n\n\n\n<li>inhaltliche Ausgestaltung und ausgew\u00e4hlte Problemfelder von Satzungen der Ordensrechtstr\u00e4ger sowie von F\u00f6rdervereinen<\/li>\n\n\n\n<li>Satzungsrecht bei Ver\u00e4nderungsprozessen in Ordensgemeinschaften<\/li>\n\n\n\n<li>Besonderheiten bei Vereinen ausl\u00e4ndischer Ordensgemeinschaften<\/li>\n\n\n\n<li>Anmeldung und Schriftverkehr mit dem Vereinsregister<\/li>\n\n\n\n<li>Satzungs\u00e4nderungen und weitere Einzelfragen aus dem Vereinsrecht<\/li>\n<\/ul>\n\n\n\n<p>Inhalt<\/p>\n\n<\/div><\/div>\n<\/div>\n<\/div>\n\n\n<div class=\"gb-element-e92b2876\">\n<div class=\"gb-element-bdf0945f\">\n<h3 class=\"gb-text\">Zielgruppe<\/h3>\n\n\n\n<ul class=\"wp-block-list\">\n<li>H\u00f6here Oberinnen und H\u00f6here Obere, Vikarinnen und Vikare, Ratsschwestern und \u2013br\u00fcder<\/li>\n\n\n\n<li>\u00d6konominnen und \u00d6konome, Gesch\u00e4ftsf\u00fchrer\/innen und Verwaltungsleiter\/innen<\/li>\n\n\n\n<li>Ordensangeh\u00f6rige, die sich f\u00fcr ein Leitungsamt in der Ordensgemeinschaft qualifizieren wollen<\/li>\n\n\n\n<li>Delegatinnen und Delegate, Regionaloberinnen und Regionalobere\/Regionalverantwortliche ausl\u00e4ndischer Ordensgemeinschaften in Deutschland<\/li>\n\n\n\n<li>fest angestellte Mitarbeitende in der Ordensleitung und \u2013verwaltung<\/li>\n<\/ul>\n\n\n\n<hr class=\"wp-block-separator has-text-color has-base-2-color has-alpha-channel-opacity has-base-2-background-color has-background is-style-wide\"\/>\n\n\n\n<h3 class=\"gb-text\">Termin und Ort<\/h3>\n\n\n\n<p><strong>Grundkurs Recht II: <\/strong>Montag, 01.03.2027 bis Freitag, 05.03.2027<br><strong>Veranstaltungsort:<\/strong> G\u00e4stehaus der Abtei M\u00fcnsterschwarzach, Schweinfurter Stra\u00dfe 40, 97359 M\u00fcnsterschwarzach<\/p>\n\n\n\n<hr class=\"wp-block-separator has-text-color has-base-2-color has-alpha-channel-opacity has-base-2-background-color has-background is-style-wide\"\/>\n\n\n\n<h3 class=\"gb-text\">Kurskosten<\/h3>\n\n\n\n<p>Die Teilnahmegeb\u00fchren pro Person sowie die Kosten f\u00fcr Unterkunft und Verpflegung ergeben sich aus der <strong>RUACH-Kursbeschreibung<\/strong>, die Bestandteil dieser Anmeldung ist. Die Kosten f\u00fcr Unterkunft und Verpflegung sind vor Ort im Bildungshaus zu entrichten. Mit der Anmeldung buchen wir automatisch in Ihrem Auftrag Unterkunft und Verpflegung f\u00fcr Sie. Wenn Sie dies nicht w\u00fcnschen, melden Sie sich bitte umgehend.<\/p>\n\n\n\n<p>Wir gew\u00e4hren verschiedene Rabatte f\u00fcr die Teilnahme an beiden Kursen (Kombirabatt), f\u00fcr die Teilnahme von mehreren Ordensangeh\u00f6rigen aus derselben Gemeinschaft sowie einen Fr\u00fchbucherrabatt (bis 31.12.2025). N\u00e4here Einzelheiten finden Sie im <a href=\"https:\/\/test-wuwei.de\/orden-ruach\/wp-content\/uploads\/2025\/12\/Kursausschreibung_-_RUACH_GKI2026_und_GKII2027.pdf\" target=\"_blank\" rel=\"noreferrer noopener\">Kursheft<\/a>.&nbsp;<\/p>\n\n\n\n<hr class=\"wp-block-separator has-text-color has-base-2-color has-alpha-channel-opacity has-base-2-background-color has-background is-style-wide\"\/>\n\n\n\n<h3 class=\"gb-text\">Anmeldung<\/h3>\n\n\n\n<p><strong>Beide Kursteile sind auch einzeln buchbar.<\/strong><\/p>\n\n\n\n<p><strong>Anmeldung: <\/strong>schriftlich per Post oder Fax mit beiliegendem Anmeldeformular sowie per E-Mail in Textform oder \u00fcber das Anmeldeformular hier auf der Homepage<\/p>\n\n\n\n<p><strong>Anmeldeschluss:<\/strong> 14.12.2026<\/p>\n\n\n\n<a class=\"gb-text button-standard gb-text-2078b8a8\" href=\"https:\/\/test-wuwei.de\/orden-ruach\/ninja-forms\/179ohg\">Anmeldung<\/a>\n<\/div>\n<\/div>\n\n\n\n<h3 class=\"gb-text gb-text-36233391\">Kursleitung<\/h3>\n\n\n\n<div class=\"gb-element-1c522a22\">\n<div>\n<div><div >\n<div class=\"gb-loop-item post-114 mensch type-mensch status-publish has-post-thumbnail hentry no-featured-image-padding\">\n<img loading=\"lazy\" decoding=\"async\" width=\"200\" height=\"200\" data-media-id=\"115\" class=\"gb-media-c3cb7ca4\" alt=\"Riana Wolber\" src=\"https:\/\/test-wuwei.de\/orden-ruach\/wp-content\/uploads\/2026\/01\/Riana-Wolber.jpg\" srcset=\"https:\/\/test-wuwei.de\/orden-ruach\/wp-content\/uploads\/2026\/01\/Riana-Wolber.jpg 200w, https:\/\/test-wuwei.de\/orden-ruach\/wp-content\/uploads\/2026\/01\/Riana-Wolber-150x150.jpg 150w\" sizes=\"auto, (max-width: 200px) 100vw, 200px\" \/>\n\n\n\n<p class=\"gb-text gb-text-73d0e81e\">Riana Wolber<\/p>\n\n\n\n<p class=\"gb-text\">Ansprechpartnerin RUACH &#8211; Koordinatorin Bildung<\/p>\n<\/div>\n<\/div><\/div>\n<\/div>\n\n\n\n<div><\/div>\n\n\n\n<div><\/div>\n\n\n\n<div><\/div>\n<\/div>\n\n\n\n<h3 class=\"gb-text gb-text-75b8cb4d\">Referenten<\/h3>\n\n\n\n<div class=\"gb-element-81cd094e\">\n<div>\n<div><div >\n<div class=\"gb-loop-item post-122 mensch type-mensch status-publish has-post-thumbnail hentry no-featured-image-padding\">\n<img loading=\"lazy\" decoding=\"async\" width=\"200\" height=\"200\" data-media-id=\"125\" class=\"gb-media-157b695b\" alt=\"Sascha Koller\" src=\"https:\/\/test-wuwei.de\/orden-ruach\/wp-content\/uploads\/2026\/01\/Sascha-Koller.jpg\" srcset=\"https:\/\/test-wuwei.de\/orden-ruach\/wp-content\/uploads\/2026\/01\/Sascha-Koller.jpg 200w, https:\/\/test-wuwei.de\/orden-ruach\/wp-content\/uploads\/2026\/01\/Sascha-Koller-150x150.jpg 150w\" sizes=\"auto, (max-width: 200px) 100vw, 200px\" \/>\n\n\n\n<p class=\"gb-text gb-text-e76fbecc\">RA Dr. Sascha Koller<\/p>\n\n\n\n<p class=\"gb-text\">Justiziar des Bistums Limburg, Vorsitzender der Unterkommission Urheber- und Medienrecht der Rechtskommission des Verbandes der Di\u00f6zesen Deutschlands<\/p>\n<\/div>\n<\/div><\/div>\n<\/div>\n\n\n\n<div>\n<div><div >\n<div class=\"gb-loop-item post-127 mensch type-mensch status-publish has-post-thumbnail hentry no-featured-image-padding\">\n<img loading=\"lazy\" decoding=\"async\" width=\"2560\" height=\"2560\" data-media-id=\"128\" class=\"gb-media-0b2772cb\" alt=\"\" src=\"https:\/\/test-wuwei.de\/orden-ruach\/wp-content\/uploads\/2026\/01\/Menschen-scaled.png\" srcset=\"https:\/\/test-wuwei.de\/orden-ruach\/wp-content\/uploads\/2026\/01\/Menschen-scaled.png 2560w, https:\/\/test-wuwei.de\/orden-ruach\/wp-content\/uploads\/2026\/01\/Menschen-300x300.png 300w, https:\/\/test-wuwei.de\/orden-ruach\/wp-content\/uploads\/2026\/01\/Menschen-1024x1024.png 1024w, https:\/\/test-wuwei.de\/orden-ruach\/wp-content\/uploads\/2026\/01\/Menschen-150x150.png 150w, https:\/\/test-wuwei.de\/orden-ruach\/wp-content\/uploads\/2026\/01\/Menschen-768x768.png 768w, https:\/\/test-wuwei.de\/orden-ruach\/wp-content\/uploads\/2026\/01\/Menschen-1536x1536.png 1536w, https:\/\/test-wuwei.de\/orden-ruach\/wp-content\/uploads\/2026\/01\/Menschen-2048x2048.png 2048w\" sizes=\"auto, (max-width: 2560px) 100vw, 2560px\" \/>\n\n\n\n<p class=\"gb-text gb-text-52f10fe3\">RA Karl Schmiemann<\/p>\n\n\n\n<p class=\"gb-text\">Bis November 2026 Justitiar des Erzbistums Hamburg und Vorsitzender der Rechtskommission des Verbandes der Di\u00f6zesen Deutschlands<\/p>\n<\/div>\n<\/div><\/div>\n<\/div>\n\n\n\n<div>\n<div><div >\n<div class=\"gb-loop-item post-130 mensch type-mensch status-publish has-post-thumbnail hentry no-featured-image-padding\">\n<img loading=\"lazy\" decoding=\"async\" width=\"200\" height=\"200\" data-media-id=\"126\" class=\"gb-media-652d1f2b\" alt=\"Br. Stephan Veith OSB\" src=\"https:\/\/test-wuwei.de\/orden-ruach\/wp-content\/uploads\/2026\/01\/Stephan-Veith.jpg\" srcset=\"https:\/\/test-wuwei.de\/orden-ruach\/wp-content\/uploads\/2026\/01\/Stephan-Veith.jpg 200w, https:\/\/test-wuwei.de\/orden-ruach\/wp-content\/uploads\/2026\/01\/Stephan-Veith-150x150.jpg 150w\" sizes=\"auto, (max-width: 200px) 100vw, 200px\" \/>\n\n\n\n<p class=\"gb-text gb-text-4cdb6a9d\">Br. Stephan Veith OSB<\/p>\n\n\n\n<p class=\"gb-text\">Steuerberater und Benediktiner der Abtei M\u00fcnsterschwarzach, stellv. \u00d6konom der Gemeinschaft, seit 1992 Mitglied der Steuerrechtskommission des Verbandes der Di\u00f6zesen Deutschlands<\/p>\n<\/div>\n<\/div><\/div>\n<\/div>\n\n\n\n<div>\n<div><div >\n<div class=\"gb-loop-item post-131 mensch type-mensch status-publish has-post-thumbnail hentry no-featured-image-padding\">\n<img loading=\"lazy\" decoding=\"async\" width=\"199\" height=\"200\" data-media-id=\"123\" class=\"gb-media-a37bdd54\" alt=\"P. Anselm Gr\u00fcn\" src=\"https:\/\/test-wuwei.de\/orden-ruach\/wp-content\/uploads\/2026\/01\/csm_1-Anselm_Gruen__c__Julia_Martin_Abtei_Muensterschwarzach_ec747676d0.jpg\" srcset=\"https:\/\/test-wuwei.de\/orden-ruach\/wp-content\/uploads\/2026\/01\/csm_1-Anselm_Gruen__c__Julia_Martin_Abtei_Muensterschwarzach_ec747676d0.jpg 199w, https:\/\/test-wuwei.de\/orden-ruach\/wp-content\/uploads\/2026\/01\/csm_1-Anselm_Gruen__c__Julia_Martin_Abtei_Muensterschwarzach_ec747676d0-150x150.jpg 150w\" sizes=\"auto, (max-width: 199px) 100vw, 199px\" \/>\n\n\n\n<p class=\"gb-text gb-text-322a3b1f\">P. Dr. Anselm Gr\u00fcn OSB<\/p>\n\n\n\n<p class=\"gb-text\">Betriebswirt und Theologe, Benediktiner der Abtei M\u00fcnsterschwarzach<\/p>\n<\/div>\n<\/div><\/div>\n<\/div>\n\n\n\n<div>\n<div><div >\n<div class=\"gb-loop-item post-120 mensch type-mensch status-publish has-post-thumbnail hentry no-featured-image-padding\">\n<img loading=\"lazy\" decoding=\"async\" width=\"202\" height=\"200\" data-media-id=\"121\" class=\"gb-media-a5536b5f\" alt=\"Lars Westinger\" src=\"https:\/\/test-wuwei.de\/orden-ruach\/wp-content\/uploads\/2026\/01\/Westinger-Lars.jpg\" srcset=\"https:\/\/test-wuwei.de\/orden-ruach\/wp-content\/uploads\/2026\/01\/Westinger-Lars.jpg 202w, https:\/\/test-wuwei.de\/orden-ruach\/wp-content\/uploads\/2026\/01\/Westinger-Lars-150x150.jpg 150w\" sizes=\"auto, (max-width: 202px) 100vw, 202px\" \/>\n\n\n\n<p class=\"gb-text gb-text-ebe70cc0\">RA Lars Westinger<\/p>\n\n\n\n<p class=\"gb-text\">seit 2009 Justiziar der Deutschen Ordensobernkonferenz (DOK ), st\u00e4ndiger Berater des Arbeitsrechtlichen Ausschusses der Zentralen Kommission, Mitglied der Personalwesenkommission des Verbandes der Di\u00f6zesen Deutschlands, Mitglied der AG zur Novellierung der MAVO, Fachanwaltskurs im Arbeitsrecht, seit 2009 Beratung von Ordensgemeinschaften im Bereich des kirchlichen Arbeitsrechts, seit 2009 Beratung von Ordensgemeinschaften im Bereich des Vereins- und Satzungsrechts<\/p>\n<\/div>\n<\/div><\/div>\n<\/div>\n\n\n\n<div>\n<div><div >\n<div class=\"gb-loop-item post-132 mensch type-mensch status-publish has-post-thumbnail hentry no-featured-image-padding\">\n<img loading=\"lazy\" decoding=\"async\" width=\"200\" height=\"200\" data-media-id=\"124\" class=\"gb-media-1674a28f\" alt=\"Gregor Gierlach\" src=\"https:\/\/test-wuwei.de\/orden-ruach\/wp-content\/uploads\/2026\/01\/csm_Foto_1_GG_Ruach_886b4334f0.jpg\" srcset=\"https:\/\/test-wuwei.de\/orden-ruach\/wp-content\/uploads\/2026\/01\/csm_Foto_1_GG_Ruach_886b4334f0.jpg 200w, https:\/\/test-wuwei.de\/orden-ruach\/wp-content\/uploads\/2026\/01\/csm_Foto_1_GG_Ruach_886b4334f0-150x150.jpg 150w\" sizes=\"auto, (max-width: 200px) 100vw, 200px\" \/>\n\n\n\n<p class=\"gb-text gb-text-f08b70e4\">Gregor Gierlach<\/p>\n\n\n\n<p class=\"gb-text\">Fachkraft f\u00fcr Finanzbuchhaltung und kaufm\u00e4nnische Fragen der Deutschen Ordensobernkonferenz (DOK)<\/p>\n<\/div>\n<\/div><\/div>\n<\/div>\n<\/div>\n","protected":false},"featured_media":0,"template":"","meta":{"_acf_changed":false},"class_list":["post-69","veranstaltung","type-veranstaltung","status-publish","hentry","no-featured-image-padding"],"acf":[],"mb":[],"yoast_head":"<!-- This site is optimized with the Yoast SEO plugin v27.4 - https:\/\/yoast.com\/product\/yoast-seo-wordpress\/ -->\n<title>RUACH-Grundkurs Recht II - RUACH<\/title>\n<meta name=\"robots\" content=\"noindex, follow, max-snippet:-1, max-image-preview:large, max-video-preview:-1\" \/>\n<meta property=\"og:locale\" content=\"de_DE\" \/>\n<meta property=\"og:type\" content=\"article\" \/>\n<meta property=\"og:title\" content=\"RUACH-Grundkurs Recht II - RUACH\" \/>\n<meta property=\"og:description\" content=\"\u201eRechtlicher Grund- und Aufbaukurs f\u00fcr die Ordensleitung und \u2013 verwaltung\u201c Recht II (2027) Anmeldung Mit Beginn des neuen Kirchenjahres startet auch der Grund- und Aufbaukurs Recht nach einer l\u00e4ngeren Pause wieder ins RUACH-Kursprogramm. In zwei Kursteilen und verschiedenen Modulen vermittelt er einen fundierten \u00dcberblick \u00fcber die Rechtsgebiete und Rechtsfragen mit denen die Verwaltung \/ Celleratur ... weiterlesen\" \/>\n<meta property=\"og:url\" content=\"https:\/\/test-wuwei.de\/orden-ruach\/veranstaltung\/rechtlicher-grund-und-aufbaukurs-fuer-die-ordensleitung-und-verwaltung\/\" \/>\n<meta property=\"og:site_name\" content=\"RUACH\" \/>\n<meta property=\"article:modified_time\" content=\"2026-01-23T14:42:18+00:00\" \/>\n<meta name=\"twitter:card\" content=\"summary_large_image\" \/>\n<meta name=\"twitter:label1\" content=\"Gesch\u00e4tzte Lesezeit\" \/>\n\t<meta name=\"twitter:data1\" content=\"6\u00a0Minuten\" \/>\n<script type=\"application\/ld+json\" class=\"yoast-schema-graph\">{\"@context\":\"https:\\\/\\\/schema.org\",\"@graph\":[{\"@type\":\"WebPage\",\"@id\":\"https:\\\/\\\/test-wuwei.de\\\/orden-ruach\\\/veranstaltung\\\/rechtlicher-grund-und-aufbaukurs-fuer-die-ordensleitung-und-verwaltung\\\/\",\"url\":\"https:\\\/\\\/test-wuwei.de\\\/orden-ruach\\\/veranstaltung\\\/rechtlicher-grund-und-aufbaukurs-fuer-die-ordensleitung-und-verwaltung\\\/\",\"name\":\"RUACH-Grundkurs Recht II - RUACH\",\"isPartOf\":{\"@id\":\"https:\\\/\\\/test-wuwei.de\\\/orden-ruach\\\/#website\"},\"datePublished\":\"2025-12-12T14:31:14+00:00\",\"dateModified\":\"2026-01-23T14:42:18+00:00\",\"breadcrumb\":{\"@id\":\"https:\\\/\\\/test-wuwei.de\\\/orden-ruach\\\/veranstaltung\\\/rechtlicher-grund-und-aufbaukurs-fuer-die-ordensleitung-und-verwaltung\\\/#breadcrumb\"},\"inLanguage\":\"de\",\"potentialAction\":[{\"@type\":\"ReadAction\",\"target\":[\"https:\\\/\\\/test-wuwei.de\\\/orden-ruach\\\/veranstaltung\\\/rechtlicher-grund-und-aufbaukurs-fuer-die-ordensleitung-und-verwaltung\\\/\"]}]},{\"@type\":\"BreadcrumbList\",\"@id\":\"https:\\\/\\\/test-wuwei.de\\\/orden-ruach\\\/veranstaltung\\\/rechtlicher-grund-und-aufbaukurs-fuer-die-ordensleitung-und-verwaltung\\\/#breadcrumb\",\"itemListElement\":[{\"@type\":\"ListItem\",\"position\":1,\"name\":\"\ud83c\udfe0\ufe0e\",\"item\":\"https:\\\/\\\/test-wuwei.de\\\/orden-ruach\\\/\"},{\"@type\":\"ListItem\",\"position\":2,\"name\":\"RUACH-Grundkurs Recht II\"}]},{\"@type\":\"WebSite\",\"@id\":\"https:\\\/\\\/test-wuwei.de\\\/orden-ruach\\\/#website\",\"url\":\"https:\\\/\\\/test-wuwei.de\\\/orden-ruach\\\/\",\"name\":\"RUACH\",\"description\":\"Ordensgemeinschaften in Deutschland\",\"publisher\":{\"@id\":\"https:\\\/\\\/test-wuwei.de\\\/orden-ruach\\\/#organization\"},\"potentialAction\":[{\"@type\":\"SearchAction\",\"target\":{\"@type\":\"EntryPoint\",\"urlTemplate\":\"https:\\\/\\\/test-wuwei.de\\\/orden-ruach\\\/?s={search_term_string}\"},\"query-input\":{\"@type\":\"PropertyValueSpecification\",\"valueRequired\":true,\"valueName\":\"search_term_string\"}}],\"inLanguage\":\"de\"},{\"@type\":\"Organization\",\"@id\":\"https:\\\/\\\/test-wuwei.de\\\/orden-ruach\\\/#organization\",\"name\":\"RUACH\",\"url\":\"https:\\\/\\\/test-wuwei.de\\\/orden-ruach\\\/\",\"logo\":{\"@type\":\"ImageObject\",\"inLanguage\":\"de\",\"@id\":\"https:\\\/\\\/test-wuwei.de\\\/orden-ruach\\\/#\\\/schema\\\/logo\\\/image\\\/\",\"url\":\"https:\\\/\\\/test-wuwei.de\\\/orden-ruach\\\/wp-content\\\/uploads\\\/2025\\\/12\\\/RUACH_Logo.png\",\"contentUrl\":\"https:\\\/\\\/test-wuwei.de\\\/orden-ruach\\\/wp-content\\\/uploads\\\/2025\\\/12\\\/RUACH_Logo.png\",\"width\":1161,\"height\":868,\"caption\":\"RUACH\"},\"image\":{\"@id\":\"https:\\\/\\\/test-wuwei.de\\\/orden-ruach\\\/#\\\/schema\\\/logo\\\/image\\\/\"}}]}<\/script>\n<!-- \/ Yoast SEO plugin. -->","yoast_head_json":{"title":"RUACH-Grundkurs Recht II - RUACH","robots":{"index":"noindex","follow":"follow","max-snippet":"max-snippet:-1","max-image-preview":"max-image-preview:large","max-video-preview":"max-video-preview:-1"},"og_locale":"de_DE","og_type":"article","og_title":"RUACH-Grundkurs Recht II - RUACH","og_description":"\u201eRechtlicher Grund- und Aufbaukurs f\u00fcr die Ordensleitung und \u2013 verwaltung\u201c Recht II (2027) Anmeldung Mit Beginn des neuen Kirchenjahres startet auch der Grund- und Aufbaukurs Recht nach einer l\u00e4ngeren Pause wieder ins RUACH-Kursprogramm. In zwei Kursteilen und verschiedenen Modulen vermittelt er einen fundierten \u00dcberblick \u00fcber die Rechtsgebiete und Rechtsfragen mit denen die Verwaltung \/ Celleratur ... weiterlesen","og_url":"https:\/\/test-wuwei.de\/orden-ruach\/veranstaltung\/rechtlicher-grund-und-aufbaukurs-fuer-die-ordensleitung-und-verwaltung\/","og_site_name":"RUACH","article_modified_time":"2026-01-23T14:42:18+00:00","twitter_card":"summary_large_image","twitter_misc":{"Gesch\u00e4tzte Lesezeit":"6\u00a0Minuten"},"schema":{"@context":"https:\/\/schema.org","@graph":[{"@type":"WebPage","@id":"https:\/\/test-wuwei.de\/orden-ruach\/veranstaltung\/rechtlicher-grund-und-aufbaukurs-fuer-die-ordensleitung-und-verwaltung\/","url":"https:\/\/test-wuwei.de\/orden-ruach\/veranstaltung\/rechtlicher-grund-und-aufbaukurs-fuer-die-ordensleitung-und-verwaltung\/","name":"RUACH-Grundkurs Recht II - RUACH","isPartOf":{"@id":"https:\/\/test-wuwei.de\/orden-ruach\/#website"},"datePublished":"2025-12-12T14:31:14+00:00","dateModified":"2026-01-23T14:42:18+00:00","breadcrumb":{"@id":"https:\/\/test-wuwei.de\/orden-ruach\/veranstaltung\/rechtlicher-grund-und-aufbaukurs-fuer-die-ordensleitung-und-verwaltung\/#breadcrumb"},"inLanguage":"de","potentialAction":[{"@type":"ReadAction","target":["https:\/\/test-wuwei.de\/orden-ruach\/veranstaltung\/rechtlicher-grund-und-aufbaukurs-fuer-die-ordensleitung-und-verwaltung\/"]}]},{"@type":"BreadcrumbList","@id":"https:\/\/test-wuwei.de\/orden-ruach\/veranstaltung\/rechtlicher-grund-und-aufbaukurs-fuer-die-ordensleitung-und-verwaltung\/#breadcrumb","itemListElement":[{"@type":"ListItem","position":1,"name":"\ud83c\udfe0\ufe0e","item":"https:\/\/test-wuwei.de\/orden-ruach\/"},{"@type":"ListItem","position":2,"name":"RUACH-Grundkurs Recht II"}]},{"@type":"WebSite","@id":"https:\/\/test-wuwei.de\/orden-ruach\/#website","url":"https:\/\/test-wuwei.de\/orden-ruach\/","name":"RUACH","description":"Ordensgemeinschaften in Deutschland","publisher":{"@id":"https:\/\/test-wuwei.de\/orden-ruach\/#organization"},"potentialAction":[{"@type":"SearchAction","target":{"@type":"EntryPoint","urlTemplate":"https:\/\/test-wuwei.de\/orden-ruach\/?s={search_term_string}"},"query-input":{"@type":"PropertyValueSpecification","valueRequired":true,"valueName":"search_term_string"}}],"inLanguage":"de"},{"@type":"Organization","@id":"https:\/\/test-wuwei.de\/orden-ruach\/#organization","name":"RUACH","url":"https:\/\/test-wuwei.de\/orden-ruach\/","logo":{"@type":"ImageObject","inLanguage":"de","@id":"https:\/\/test-wuwei.de\/orden-ruach\/#\/schema\/logo\/image\/","url":"https:\/\/test-wuwei.de\/orden-ruach\/wp-content\/uploads\/2025\/12\/RUACH_Logo.png","contentUrl":"https:\/\/test-wuwei.de\/orden-ruach\/wp-content\/uploads\/2025\/12\/RUACH_Logo.png","width":1161,"height":868,"caption":"RUACH"},"image":{"@id":"https:\/\/test-wuwei.de\/orden-ruach\/#\/schema\/logo\/image\/"}}]}},"mfb_rest_fields":["title","yoast_head","yoast_head_json"],"_links":{"self":[{"href":"https:\/\/test-wuwei.de\/orden-ruach\/wp-json\/wp\/v2\/veranstaltung\/69","targetHints":{"allow":["GET"]}}],"collection":[{"href":"https:\/\/test-wuwei.de\/orden-ruach\/wp-json\/wp\/v2\/veranstaltung"}],"about":[{"href":"https:\/\/test-wuwei.de\/orden-ruach\/wp-json\/wp\/v2\/types\/veranstaltung"}],"wp:attachment":[{"href":"https:\/\/test-wuwei.de\/orden-ruach\/wp-json\/wp\/v2\/media?parent=69"}],"curies":[{"name":"wp","href":"https:\/\/api.w.org\/{rel}","templated":true}]}}