{"id":215,"date":"2026-01-22T13:31:03","date_gmt":"2026-01-22T12:31:03","guid":{"rendered":"https:\/\/test-wuwei.de\/orden-ruach\/?post_type=veranstaltung&#038;p=215"},"modified":"2026-01-23T14:50:01","modified_gmt":"2026-01-23T13:50:01","slug":"bleibt-alles-anders","status":"publish","type":"veranstaltung","link":"https:\/\/test-wuwei.de\/orden-ruach\/veranstaltung\/bleibt-alles-anders\/","title":{"rendered":"\u201ebleibt alles anders\u201c"},"content":{"rendered":"\n<h2 class=\"gb-text\">(H. Gr\u00f6nemeyer) \u2013 Bausteine Ordenstheologie<\/h2>\n\n\n\n<p>\u2013 Fortsetzung Online-Seminar \u2013<\/p>\n\n\n\n<p><strong><em>Ein Kooperationsprojekt von RUACH mit der Arbeitsgruppe Ordenstheologie<\/em><\/strong><\/p>\n\n\n\n<a class=\"gb-text button-standard\" href=\"https:\/\/test-wuwei.de\/orden-ruach\/ninja-forms\/2alam\">Anmeldung<\/a>\n\n\n\n<p>Viele Gemeinschaften stehen vor der Herausforderung, die klassischen Themen des Ordenslebens neu zu f\u00fcllen und in ihren Kapiteln und Konstitutionen zu formulieren. Der Arbeitskreis Ordenstheologie bietet dazu &#8211; als Anregung und Hilfestellung &#8211; ein mehrj\u00e4hriges Online-Seminar zu ordenstheologischen Themen an.<\/p>\n\n\n\n<p>Im Zentrum steht jeweils ein Thema, das aus zwei Perspektiven im Vortrag beleuchtet wird. Es gibt anschlie\u00dfend die M\u00f6glichkeit, dar\u00fcber ins Gespr\u00e4ch zu kommen.<\/p>\n\n\n\n<h3 class=\"wp-block-heading\">Termine und Themen<\/h3>\n\n\n\n<p>Donnerstag, 18.06.2026:&nbsp;<em><strong>Gehorsam<\/strong><\/em><br>Philippa Haase und JProf. Br. Dr. Stefan Walser OFMCap<\/p>\n\n\n\n<p>Donnerstag, 17.09.2026:<em><strong>Gemeinschaft<\/strong><\/em><br>Prof. P. Dr. Tobias Specker SJ und PD Sr. Dr. Nicole Grochowina<\/p>\n\n\n\n<p>Donnerstag, 12.11.2026:<em><strong>Ehelosigkeit<\/strong><\/em><br>Prof. P. Dr. Klaus Vechtel SJ und Sr. Edith K\u00fcrpick FMJ<\/p>\n\n\n\n<p>Weitere Themen in Planung:<\/p>\n\n\n\n<p>2027: Interkulturalit\u00e4t, Gesch\u00f6pflichkeit, Autorit\u00e4t<br>2028: Symposium Ordenstheologie<\/p>\n\n\n\n<div class=\"gb-element-e92b2876\">\n<div class=\"gb-element-bdf0945f\">\n<h3 class=\"gb-text\">Termin und Ort<\/h3>\n\n\n\n<p><strong>Termin: <\/strong>jeweils von 16:00 Uhr bis 17:30 Uhr<br><strong>Veranstaltungsort:<\/strong> online<\/p>\n\n\n\n<hr class=\"wp-block-separator has-text-color has-base-2-color has-alpha-channel-opacity has-base-2-background-color has-background is-style-wide\"\/>\n\n\n\n<h3 class=\"gb-text\">Kurskosten<\/h3>\n\n\n\n<p>kostenlos<\/p>\n\n\n\n<hr class=\"wp-block-separator has-text-color has-base-2-color has-alpha-channel-opacity has-base-2-background-color has-background is-style-wide\"\/>\n\n\n\n<h3 class=\"gb-text\">Anmeldung<\/h3>\n\n\n\n<p>Es kann die gesamte Reihe oder auch nur eine Veranstaltung gebucht werden. Anmeldung ist m\u00f6glich bis eine Woche vor den Veranstaltungen.<\/p>\n\n\n\n<a class=\"gb-text button-standard gb-text-2078b8a8\" href=\"https:\/\/test-wuwei.de\/orden-ruach\/ninja-forms\/2alam\">Anmeldung<\/a>\n<\/div>\n<\/div>\n\n\n\n<h3 class=\"gb-text gb-text-36233391\">Kursleitung<\/h3>\n\n\n\n<div class=\"gb-element-1c522a22\">\n<div>\n<div><div >\n<div class=\"gb-loop-item post-202 mensch type-mensch status-publish has-post-thumbnail hentry no-featured-image-padding\">\n<img loading=\"lazy\" decoding=\"async\" width=\"200\" height=\"266\" data-media-id=\"203\" class=\"gb-media-c3cb7ca4\" alt=\"\" src=\"https:\/\/test-wuwei.de\/orden-ruach\/wp-content\/uploads\/2026\/01\/Prof.-Sr.-Dr.-Margareta-Gruber-OSF.jpg\"\/>\n\n\n\n<p class=\"gb-text gb-text-73d0e81e\">Prof.\u00a0Sr. Dr. Margareta Gruber OSF<\/p>\n\n\n\n<p class=\"gb-text\">Franziskanerin von Siessen, Professorin f\u00fcr Neues Testament an der Vinzenz Pallotti University Vallendar, seit Juli 2019 Leiterin von RUACH \u2013 Bildung der Ordensleute<\/p>\n<\/div>\n<\/div><\/div>\n<\/div>\n\n\n\n<div><\/div>\n\n\n\n<div><\/div>\n\n\n\n<div><\/div>\n<\/div>\n\n\n\n<h3 class=\"gb-text gb-text-b36fc0bc\">Referent\/inn\/en<\/h3>\n\n\n\n<div class=\"gb-element-631e3e0e\">\n<div>\n<div><div >\n<div class=\"gb-loop-item post-209 mensch type-mensch status-publish has-post-thumbnail hentry no-featured-image-padding\">\n<img loading=\"lazy\" decoding=\"async\" width=\"200\" height=\"200\" data-media-id=\"210\" class=\"gb-media-069291f6\" alt=\"\" src=\"https:\/\/test-wuwei.de\/orden-ruach\/wp-content\/uploads\/2026\/01\/JProf.-Br.-Dr.-Stefan-Walser-OFMCap.jpg\" srcset=\"https:\/\/test-wuwei.de\/orden-ruach\/wp-content\/uploads\/2026\/01\/JProf.-Br.-Dr.-Stefan-Walser-OFMCap.jpg 200w, https:\/\/test-wuwei.de\/orden-ruach\/wp-content\/uploads\/2026\/01\/JProf.-Br.-Dr.-Stefan-Walser-OFMCap-150x150.jpg 150w\" sizes=\"auto, (max-width: 200px) 100vw, 200px\" \/>\n\n\n\n<p class=\"gb-text gb-text-b768343b\">JProf. Br. Dr. Stefan Walser OFMCap<\/p>\n\n\n\n<p class=\"gb-text\">geboren 1980, Kapuziner, Juniorprofessor f\u00fcr Fundamentaltheologie und christliche Identit\u00e4ten an der Universit\u00e4t Bonn; Erfahrungen in der Studierenden- und Pfarrseelsorge, als Geistlicher Begleiter, in der Berufungspastoral, Ordensleitung und in der Ausbildung junger Mitbr\u00fcder (\u00a9 Kapuziner\/Lemrich)<\/p>\n<\/div>\n<\/div><\/div>\n<\/div>\n\n\n\n<div>\n<div><div >\n<div class=\"gb-loop-item post-216 mensch type-mensch status-publish has-post-thumbnail hentry no-featured-image-padding\">\n<img loading=\"lazy\" decoding=\"async\" width=\"200\" height=\"200\" data-media-id=\"217\" class=\"gb-media-969a4a90\" alt=\"\" src=\"https:\/\/test-wuwei.de\/orden-ruach\/wp-content\/uploads\/2026\/01\/PD-Sr.-Dr.-Nicole-Grochowina_ELKBmck.jpg\" srcset=\"https:\/\/test-wuwei.de\/orden-ruach\/wp-content\/uploads\/2026\/01\/PD-Sr.-Dr.-Nicole-Grochowina_ELKBmck.jpg 200w, https:\/\/test-wuwei.de\/orden-ruach\/wp-content\/uploads\/2026\/01\/PD-Sr.-Dr.-Nicole-Grochowina_ELKBmck-150x150.jpg 150w\" sizes=\"auto, (max-width: 200px) 100vw, 200px\" \/>\n\n\n\n<p class=\"gb-text gb-text-6372d11b\">PD Sr. Dr. Nicole Grochowina<\/p>\n\n\n\n<p class=\"gb-text\">ev.-luth. Communit\u00e4t Christusbruderschaft Selbitz, Historikerin, Mitglied im Rat der EKD (\u00a9 ELKB\/mck)<\/p>\n<\/div>\n<\/div><\/div>\n<\/div>\n\n\n\n<div>\n<div><div >\n<div class=\"gb-loop-item post-218 mensch type-mensch status-publish has-post-thumbnail hentry no-featured-image-padding\">\n<img loading=\"lazy\" decoding=\"async\" width=\"200\" height=\"200\" data-media-id=\"219\" class=\"gb-media-fa594059\" alt=\"\" src=\"https:\/\/test-wuwei.de\/orden-ruach\/wp-content\/uploads\/2026\/01\/Philippa-Haase.jpg\" srcset=\"https:\/\/test-wuwei.de\/orden-ruach\/wp-content\/uploads\/2026\/01\/Philippa-Haase.jpg 200w, https:\/\/test-wuwei.de\/orden-ruach\/wp-content\/uploads\/2026\/01\/Philippa-Haase-150x150.jpg 150w\" sizes=\"auto, (max-width: 200px) 100vw, 200px\" \/>\n\n\n\n<p class=\"gb-text gb-text-4c45bbaa\">Philippa Haase<\/p>\n\n\n\n<p class=\"gb-text\">wiss. Mitarbeiterhin am Lehrstuhl Pastoraltheologie an der Universit\u00e4t Regensburg<\/p>\n<\/div>\n<\/div><\/div>\n<\/div>\n\n\n\n<div>\n<div><div >\n<div class=\"gb-loop-item post-221 mensch type-mensch status-publish has-post-thumbnail hentry no-featured-image-padding\">\n<img loading=\"lazy\" decoding=\"async\" width=\"199\" height=\"200\" data-media-id=\"223\" class=\"gb-media-14b95782\" alt=\"\" src=\"https:\/\/test-wuwei.de\/orden-ruach\/wp-content\/uploads\/2026\/01\/Prof.-P.-Dr.-Tobias-Specker-SJ.jpg\" srcset=\"https:\/\/test-wuwei.de\/orden-ruach\/wp-content\/uploads\/2026\/01\/Prof.-P.-Dr.-Tobias-Specker-SJ.jpg 199w, https:\/\/test-wuwei.de\/orden-ruach\/wp-content\/uploads\/2026\/01\/Prof.-P.-Dr.-Tobias-Specker-SJ-150x150.jpg 150w\" sizes=\"auto, (max-width: 199px) 100vw, 199px\" \/>\n\n\n\n<p class=\"gb-text gb-text-2aa6ad95\">Prof. P. Dr. Tobias Specker SJ<\/p>\n\n\n\n<p class=\"gb-text\">hat seit 2014\/15 den Stiftungslehrstuhl \u201eKatholische Theologie im Angesicht des Islam\u201c an der Philosophisch-Theologischen Hochschule Sankt Georgen inne; geboren 1971 in Goch am Niederrhein, 2001 Eintritt in den Jesuitenorden, seit 2021 Superior der Jesuitenkommunit\u00e4t.<\/p>\n<\/div>\n<\/div><\/div>\n<\/div>\n\n\n\n<div>\n<div><div >\n<div class=\"gb-loop-item post-226 mensch type-mensch status-publish has-post-thumbnail hentry no-featured-image-padding\">\n<img loading=\"lazy\" decoding=\"async\" width=\"200\" height=\"200\" data-media-id=\"222\" class=\"gb-media-a0e00a86\" alt=\"\" src=\"https:\/\/test-wuwei.de\/orden-ruach\/wp-content\/uploads\/2026\/01\/Prof.-Dr.-Katharina-Karl.jpg\" srcset=\"https:\/\/test-wuwei.de\/orden-ruach\/wp-content\/uploads\/2026\/01\/Prof.-Dr.-Katharina-Karl.jpg 200w, https:\/\/test-wuwei.de\/orden-ruach\/wp-content\/uploads\/2026\/01\/Prof.-Dr.-Katharina-Karl-150x150.jpg 150w\" sizes=\"auto, (max-width: 200px) 100vw, 200px\" \/>\n\n\n\n<p class=\"gb-text gb-text-937b5d34\">Prof. Dr. Katharina Karl<\/p>\n\n\n\n<p class=\"gb-text\">Professorin f\u00fcr Pastoraltheologie an der Katholischen Universit\u00e4t Eichst\u00e4tt<\/p>\n<\/div>\n<\/div><\/div>\n<\/div>\n\n\n\n<div>\n<div><div >\n<div class=\"gb-loop-item post-227 mensch type-mensch status-publish has-post-thumbnail hentry no-featured-image-padding\">\n<img loading=\"lazy\" decoding=\"async\" width=\"200\" height=\"200\" data-media-id=\"224\" class=\"gb-media-785c9d8f\" alt=\"\" src=\"https:\/\/test-wuwei.de\/orden-ruach\/wp-content\/uploads\/2026\/01\/Prof.-P.-Dr.-Klaus-Vechtel-SJ.jpeg\" srcset=\"https:\/\/test-wuwei.de\/orden-ruach\/wp-content\/uploads\/2026\/01\/Prof.-P.-Dr.-Klaus-Vechtel-SJ.jpeg 200w, https:\/\/test-wuwei.de\/orden-ruach\/wp-content\/uploads\/2026\/01\/Prof.-P.-Dr.-Klaus-Vechtel-SJ-150x150.jpeg 150w\" sizes=\"auto, (max-width: 200px) 100vw, 200px\" \/>\n\n\n\n<p class=\"gb-text gb-text-15d74612\">Prof. P. Dr.\u00a0Klaus Vechtel SJ<\/p>\n\n\n\n<p class=\"gb-text\">Inhaber des Karl Rahner-Stiftungslehrstuhl f\u00fcr Theologie der Spiritualit\u00e4t an der PTH Sankt Georgen in Frankfurt am Main, zuvor langj\u00e4hrige T\u00e4tigkeit als Spiritual am Collegium Germanicum in Rom. Forschungsschwerpunkte: Die Beziehung von Theologie und Spiritualit\u00e4t, Gotteslehre, Eschatologie, Karl Rahner.<\/p>\n<\/div>\n<\/div><\/div>\n<\/div>\n\n\n\n<div>\n<div><div >\n<div class=\"gb-loop-item post-228 mensch type-mensch status-publish has-post-thumbnail hentry no-featured-image-padding\">\n<img loading=\"lazy\" decoding=\"async\" width=\"175\" height=\"200\" data-media-id=\"225\" class=\"gb-media-2e433a74\" alt=\"\" src=\"https:\/\/test-wuwei.de\/orden-ruach\/wp-content\/uploads\/2026\/01\/Sr.-Edith-Kuerpick-FMJ.jpg\"\/>\n\n\n\n<p class=\"gb-text gb-text-ac0006ed\">Sr. Edith K\u00fcrpick FMJ<\/p>\n\n\n\n<p class=\"gb-text\">Diplom-Theologin (Bonn und Toulouse), 1994 Eintritt in die Monastische Gemeinschaft von Jerusalem in Paris. Langj\u00e4hrige Leitungsfunktionen in Paris und V\u00e9zelay, von 2003-2017 Mitglied des Generalrates, von 2009-2024 Priorin der Neugr\u00fcndung in K\u00f6ln.<\/p>\n<\/div>\n<\/div><\/div>\n<\/div>\n\n\n\n<div><\/div>\n\n\n\n<div><\/div>\n\n\n\n<div><\/div>\n<\/div>\n","protected":false},"featured_media":0,"template":"","meta":{"_acf_changed":false},"class_list":["post-215","veranstaltung","type-veranstaltung","status-publish","hentry","no-featured-image-padding"],"acf":[],"mb":[],"yoast_head":"<!-- This site is optimized with the Yoast SEO plugin v27.4 - https:\/\/yoast.com\/product\/yoast-seo-wordpress\/ -->\n<title>\u201ebleibt alles anders\u201c - RUACH<\/title>\n<meta name=\"robots\" content=\"noindex, follow, max-snippet:-1, max-image-preview:large, max-video-preview:-1\" \/>\n<meta property=\"og:locale\" content=\"de_DE\" \/>\n<meta property=\"og:type\" content=\"article\" \/>\n<meta property=\"og:title\" content=\"\u201ebleibt alles anders\u201c - RUACH\" \/>\n<meta property=\"og:description\" content=\"(H. Gr\u00f6nemeyer) \u2013 Bausteine Ordenstheologie \u2013 Fortsetzung Online-Seminar \u2013 Ein Kooperationsprojekt von RUACH mit der Arbeitsgruppe Ordenstheologie Anmeldung Viele Gemeinschaften stehen vor der Herausforderung, die klassischen Themen des Ordenslebens neu zu f\u00fcllen und in ihren Kapiteln und Konstitutionen zu formulieren. Der Arbeitskreis Ordenstheologie bietet dazu &#8211; als Anregung und Hilfestellung &#8211; ein mehrj\u00e4hriges Online-Seminar zu ... weiterlesen\" \/>\n<meta property=\"og:url\" content=\"https:\/\/test-wuwei.de\/orden-ruach\/veranstaltung\/bleibt-alles-anders\/\" \/>\n<meta property=\"og:site_name\" content=\"RUACH\" \/>\n<meta property=\"article:modified_time\" content=\"2026-01-23T13:50:01+00:00\" \/>\n<meta name=\"twitter:card\" content=\"summary_large_image\" \/>\n<meta name=\"twitter:label1\" content=\"Gesch\u00e4tzte Lesezeit\" \/>\n\t<meta name=\"twitter:data1\" content=\"3\u00a0Minuten\" \/>\n<script type=\"application\/ld+json\" class=\"yoast-schema-graph\">{\"@context\":\"https:\\\/\\\/schema.org\",\"@graph\":[{\"@type\":\"WebPage\",\"@id\":\"https:\\\/\\\/test-wuwei.de\\\/orden-ruach\\\/veranstaltung\\\/bleibt-alles-anders\\\/\",\"url\":\"https:\\\/\\\/test-wuwei.de\\\/orden-ruach\\\/veranstaltung\\\/bleibt-alles-anders\\\/\",\"name\":\"\u201ebleibt alles anders\u201c - RUACH\",\"isPartOf\":{\"@id\":\"https:\\\/\\\/test-wuwei.de\\\/orden-ruach\\\/#website\"},\"datePublished\":\"2026-01-22T12:31:03+00:00\",\"dateModified\":\"2026-01-23T13:50:01+00:00\",\"breadcrumb\":{\"@id\":\"https:\\\/\\\/test-wuwei.de\\\/orden-ruach\\\/veranstaltung\\\/bleibt-alles-anders\\\/#breadcrumb\"},\"inLanguage\":\"de\",\"potentialAction\":[{\"@type\":\"ReadAction\",\"target\":[\"https:\\\/\\\/test-wuwei.de\\\/orden-ruach\\\/veranstaltung\\\/bleibt-alles-anders\\\/\"]}]},{\"@type\":\"BreadcrumbList\",\"@id\":\"https:\\\/\\\/test-wuwei.de\\\/orden-ruach\\\/veranstaltung\\\/bleibt-alles-anders\\\/#breadcrumb\",\"itemListElement\":[{\"@type\":\"ListItem\",\"position\":1,\"name\":\"\ud83c\udfe0\ufe0e\",\"item\":\"https:\\\/\\\/test-wuwei.de\\\/orden-ruach\\\/\"},{\"@type\":\"ListItem\",\"position\":2,\"name\":\"\u201ebleibt alles anders\u201c\"}]},{\"@type\":\"WebSite\",\"@id\":\"https:\\\/\\\/test-wuwei.de\\\/orden-ruach\\\/#website\",\"url\":\"https:\\\/\\\/test-wuwei.de\\\/orden-ruach\\\/\",\"name\":\"RUACH\",\"description\":\"Ordensgemeinschaften in Deutschland\",\"publisher\":{\"@id\":\"https:\\\/\\\/test-wuwei.de\\\/orden-ruach\\\/#organization\"},\"potentialAction\":[{\"@type\":\"SearchAction\",\"target\":{\"@type\":\"EntryPoint\",\"urlTemplate\":\"https:\\\/\\\/test-wuwei.de\\\/orden-ruach\\\/?s={search_term_string}\"},\"query-input\":{\"@type\":\"PropertyValueSpecification\",\"valueRequired\":true,\"valueName\":\"search_term_string\"}}],\"inLanguage\":\"de\"},{\"@type\":\"Organization\",\"@id\":\"https:\\\/\\\/test-wuwei.de\\\/orden-ruach\\\/#organization\",\"name\":\"RUACH\",\"url\":\"https:\\\/\\\/test-wuwei.de\\\/orden-ruach\\\/\",\"logo\":{\"@type\":\"ImageObject\",\"inLanguage\":\"de\",\"@id\":\"https:\\\/\\\/test-wuwei.de\\\/orden-ruach\\\/#\\\/schema\\\/logo\\\/image\\\/\",\"url\":\"https:\\\/\\\/test-wuwei.de\\\/orden-ruach\\\/wp-content\\\/uploads\\\/2025\\\/12\\\/RUACH_Logo.png\",\"contentUrl\":\"https:\\\/\\\/test-wuwei.de\\\/orden-ruach\\\/wp-content\\\/uploads\\\/2025\\\/12\\\/RUACH_Logo.png\",\"width\":1161,\"height\":868,\"caption\":\"RUACH\"},\"image\":{\"@id\":\"https:\\\/\\\/test-wuwei.de\\\/orden-ruach\\\/#\\\/schema\\\/logo\\\/image\\\/\"}}]}<\/script>\n<!-- \/ Yoast SEO plugin. -->","yoast_head_json":{"title":"\u201ebleibt alles anders\u201c - RUACH","robots":{"index":"noindex","follow":"follow","max-snippet":"max-snippet:-1","max-image-preview":"max-image-preview:large","max-video-preview":"max-video-preview:-1"},"og_locale":"de_DE","og_type":"article","og_title":"\u201ebleibt alles anders\u201c - RUACH","og_description":"(H. Gr\u00f6nemeyer) \u2013 Bausteine Ordenstheologie \u2013 Fortsetzung Online-Seminar \u2013 Ein Kooperationsprojekt von RUACH mit der Arbeitsgruppe Ordenstheologie Anmeldung Viele Gemeinschaften stehen vor der Herausforderung, die klassischen Themen des Ordenslebens neu zu f\u00fcllen und in ihren Kapiteln und Konstitutionen zu formulieren. Der Arbeitskreis Ordenstheologie bietet dazu &#8211; als Anregung und Hilfestellung &#8211; ein mehrj\u00e4hriges Online-Seminar zu ... weiterlesen","og_url":"https:\/\/test-wuwei.de\/orden-ruach\/veranstaltung\/bleibt-alles-anders\/","og_site_name":"RUACH","article_modified_time":"2026-01-23T13:50:01+00:00","twitter_card":"summary_large_image","twitter_misc":{"Gesch\u00e4tzte Lesezeit":"3\u00a0Minuten"},"schema":{"@context":"https:\/\/schema.org","@graph":[{"@type":"WebPage","@id":"https:\/\/test-wuwei.de\/orden-ruach\/veranstaltung\/bleibt-alles-anders\/","url":"https:\/\/test-wuwei.de\/orden-ruach\/veranstaltung\/bleibt-alles-anders\/","name":"\u201ebleibt alles anders\u201c - RUACH","isPartOf":{"@id":"https:\/\/test-wuwei.de\/orden-ruach\/#website"},"datePublished":"2026-01-22T12:31:03+00:00","dateModified":"2026-01-23T13:50:01+00:00","breadcrumb":{"@id":"https:\/\/test-wuwei.de\/orden-ruach\/veranstaltung\/bleibt-alles-anders\/#breadcrumb"},"inLanguage":"de","potentialAction":[{"@type":"ReadAction","target":["https:\/\/test-wuwei.de\/orden-ruach\/veranstaltung\/bleibt-alles-anders\/"]}]},{"@type":"BreadcrumbList","@id":"https:\/\/test-wuwei.de\/orden-ruach\/veranstaltung\/bleibt-alles-anders\/#breadcrumb","itemListElement":[{"@type":"ListItem","position":1,"name":"\ud83c\udfe0\ufe0e","item":"https:\/\/test-wuwei.de\/orden-ruach\/"},{"@type":"ListItem","position":2,"name":"\u201ebleibt alles anders\u201c"}]},{"@type":"WebSite","@id":"https:\/\/test-wuwei.de\/orden-ruach\/#website","url":"https:\/\/test-wuwei.de\/orden-ruach\/","name":"RUACH","description":"Ordensgemeinschaften in Deutschland","publisher":{"@id":"https:\/\/test-wuwei.de\/orden-ruach\/#organization"},"potentialAction":[{"@type":"SearchAction","target":{"@type":"EntryPoint","urlTemplate":"https:\/\/test-wuwei.de\/orden-ruach\/?s={search_term_string}"},"query-input":{"@type":"PropertyValueSpecification","valueRequired":true,"valueName":"search_term_string"}}],"inLanguage":"de"},{"@type":"Organization","@id":"https:\/\/test-wuwei.de\/orden-ruach\/#organization","name":"RUACH","url":"https:\/\/test-wuwei.de\/orden-ruach\/","logo":{"@type":"ImageObject","inLanguage":"de","@id":"https:\/\/test-wuwei.de\/orden-ruach\/#\/schema\/logo\/image\/","url":"https:\/\/test-wuwei.de\/orden-ruach\/wp-content\/uploads\/2025\/12\/RUACH_Logo.png","contentUrl":"https:\/\/test-wuwei.de\/orden-ruach\/wp-content\/uploads\/2025\/12\/RUACH_Logo.png","width":1161,"height":868,"caption":"RUACH"},"image":{"@id":"https:\/\/test-wuwei.de\/orden-ruach\/#\/schema\/logo\/image\/"}}]}},"mfb_rest_fields":["title","yoast_head","yoast_head_json"],"_links":{"self":[{"href":"https:\/\/test-wuwei.de\/orden-ruach\/wp-json\/wp\/v2\/veranstaltung\/215","targetHints":{"allow":["GET"]}}],"collection":[{"href":"https:\/\/test-wuwei.de\/orden-ruach\/wp-json\/wp\/v2\/veranstaltung"}],"about":[{"href":"https:\/\/test-wuwei.de\/orden-ruach\/wp-json\/wp\/v2\/types\/veranstaltung"}],"wp:attachment":[{"href":"https:\/\/test-wuwei.de\/orden-ruach\/wp-json\/wp\/v2\/media?parent=215"}],"curies":[{"name":"wp","href":"https:\/\/api.w.org\/{rel}","templated":true}]}}