{"id":134,"date":"2026-01-12T12:17:58","date_gmt":"2026-01-12T11:17:58","guid":{"rendered":"https:\/\/test-wuwei.de\/orden-ruach\/?post_type=veranstaltung&#038;p=134"},"modified":"2026-01-23T15:40:38","modified_gmt":"2026-01-23T14:40:38","slug":"rechtlicher-grund-und-aufbaukurs-fuer-die-ordensleitung-und-verwaltung-recht-i-2026","status":"publish","type":"veranstaltung","link":"https:\/\/test-wuwei.de\/orden-ruach\/veranstaltung\/rechtlicher-grund-und-aufbaukurs-fuer-die-ordensleitung-und-verwaltung-recht-i-2026\/","title":{"rendered":"Recht I (2026)"},"content":{"rendered":"\n<h2 class=\"gb-text gb-text-afa8c703\">\u201eRechtlicher Grund- und Aufbaukurs f\u00fcr die Ordensleitung und \u2013 verwaltung\u201c<\/h2>\n\n\n\n<h2 class=\"gb-text\">Recht I (2026)<\/h2>\n\n\n\n<a class=\"gb-text button-standard\" href=\"https:\/\/test-wuwei.de\/orden-ruach\/ninja-forms\/169nfg\">Anmeldung<\/a>\n\n\n\n<p>Mit Beginn des neuen Kirchenjahres startet auch der Grund- und Aufbaukurs Recht nach einer l\u00e4ngeren Pause wieder ins RUACH-Kursprogramm. In zwei Kursteilen und verschiedenen Modulen vermittelt er einen fundierten \u00dcberblick \u00fcber die Rechtsgebiete und Rechtsfragen mit denen die Verwaltung \/ Celleratur in den Ordensgemeinschaften bei der t\u00e4glichen Arbeit konfrontiert ist. Ein besonderer Fokus liegt hierbei auf den Besonderheiten, die f\u00fcr Ordensgemeinschaften in den jeweiligen Rechtsgebieten gelten. Die Referenten sind langj\u00e4hrig in der Beratung von Ordensgemeinschaften t\u00e4tig und mit diesen vertraut.<\/p>\n\n\n<div class=\"gb-container gb-container-31dd245c gb-accordion\">\n<div class=\"gb-container gb-container-a7babbb2 gb-accordion__item\" data-transition=\"slide\">\n\n<button class=\"gb-button gb-button-618b0b85 gb-accordion__toggle\" id=\"gb-accordion-toggle-618b0b85\"><span class=\"gb-button-text\"><strong>Inhalt des Kurses<\/strong><\/span><span class=\"gb-icon\"><svg xmlns=\"http:\/\/www.w3.org\/2000\/svg\" viewBox=\"0 0 448 512\" width=\"1em\" height=\"1em\" aria-hidden=\"true\" role=\"img\" class=\"gb-accordion__icon\"><path d=\"M207.029 381.476L12.686 187.132c-9.373-9.373-9.373-24.569 0-33.941l22.667-22.667c9.357-9.357 24.522-9.375 33.901-.04L224 284.505l154.745-154.021c9.379-9.335 24.544-9.317 33.901.04l22.667 22.667c9.373 9.373 9.373 24.569 0 33.941L240.971 381.476c-9.373 9.372-24.569 9.372-33.942 0z\" fill=\"currentColor\"><\/path><\/svg><svg xmlns=\"http:\/\/www.w3.org\/2000\/svg\" viewBox=\"0 0 448 512\" width=\"1em\" height=\"1em\" aria-hidden=\"true\" role=\"img\" class=\"gb-accordion__icon-open\"><path d=\"M240.971 130.524l194.343 194.343c9.373 9.373 9.373 24.569 0 33.941l-22.667 22.667c-9.357 9.357-24.522 9.375-33.901.04L224 227.495 69.255 381.516c-9.379 9.335-24.544 9.317-33.901-.04l-22.667-22.667c-9.373-9.373-9.373-24.569 0-33.941L207.03 130.525c9.372-9.373 24.568-9.373 33.941-.001z\" fill=\"currentColor\"><\/path><\/svg><\/span><\/button>\n\n\n<div id=\"gb-accordion-content-bca879d0\" class=\"gb-accordion__content\"><div class=\"gb-container gb-container-bca879d0\">\n\n<h3 class=\"gb-text\">Module<\/h3>\n\n\n\n<h4 class=\"wp-block-heading\">Modul 1: Kirchenrecht f\u00fcr Ordensgemeinschaften<\/h4>\n\n\n\n<p>\u00dcberblick \u00fcber ordensrelevante Regelungen des Kirchenrechts<\/p>\n\n\n\n<ul class=\"wp-block-list\">\n<li>\u00dcberblick und Einf\u00fchrung in das Ordensrecht<\/li>\n\n\n\n<li>Rechtliches Profil der H\u00f6heren Oberen\/innen und \u00d6konome\/innen<\/li>\n\n\n\n<li>Grundz\u00fcge des kirchlichen Verm\u00f6gensrechts<\/li>\n\n\n\n<li>Kirchenrechtliche Einzelfragen aus dem Ordensbereich<\/li>\n<\/ul>\n\n\n\n<h4 class=\"wp-block-heading\">Modul 2: Grundlagen des Steuerrechts f\u00fcr Ordensgemeinschaften<\/h4>\n\n\n\n<p>\u00dcberblick und Einf\u00fchrung in die steuerrechtlichen Regelungen rund um Ordensgemeinschaften<\/p>\n\n\n\n<ul class=\"wp-block-list\">\n<li>steuerliche Behandlung verschiedener T\u00e4tigkeitsbereiche<\/li>\n\n\n\n<li>Zuwendungsrecht (Spenden)<\/li>\n\n\n\n<li>R\u00fccklagenbildung<\/li>\n\n\n\n<li>Grundsteuer, Erbschaftssteuer<\/li>\n\n\n\n<li>Kapitalertragsteuer, Umsatzsteuer<\/li>\n<\/ul>\n\n\n\n<h4 class=\"wp-block-heading\">Modul 3: Rahmenvertr\u00e4ge und Rabatte f\u00fcr Ordensgemeinschaften<\/h4>\n\n\n\n<ul class=\"wp-block-list\">\n<li>Vorstellung der WGKD, deren Zielsetzung und Nutzungsm\u00f6glichkeiten<\/li>\n\n\n\n<li>Rahmenvertragsangebote und Rabatte der WGKD f\u00fcr Ordensgemeinschaften<\/li>\n\n\n\n<li>Rahmenvertragsangebote und Rabatte der WGKD f\u00fcr kirchliche Mitarbeitende<\/li>\n<\/ul>\n\n\n\n<h4 class=\"wp-block-heading\"><strong>Modul 4: Gestellungsvertragsrecht<\/strong><\/h4>\n\n\n\n<p>Einf\u00fchrung in die rechtlichen Regelungen rund um den Ordensgestellungsvertrag<\/p>\n\n\n\n<ul class=\"wp-block-list\">\n<li>Rechtliche Voraussetzungen und Spezifika der Gestellung von Ordensangeh\u00f6rigen<\/li>\n\n\n\n<li>Gestaltungsm\u00f6glichkeiten bei der Ordensgestellung<\/li>\n\n\n\n<li>Abgrenzung des Ordensgestellungsvertrags zum pers\u00f6nlichen Einzelarbeitsvertrag und zur Arbeitnehmer\u00fcberlassung<\/li>\n\n\n\n<li>H\u00e4ufig gestellte Fragen rund um die Gestellung von Ordensangeh\u00f6rigen<\/li>\n<\/ul>\n\n\n\n<h4 class=\"wp-block-heading\">Modul 5: Betreuungsrecht im Ordensbereich<\/h4>\n\n\n\n<p>Grundlagen des Betreuungsrechts<\/p>\n\n\n\n<ul class=\"wp-block-list\">\n<li>\u00dcbersicht \u00fcber betreuungsrechtliche Regelungsinstrumente<\/li>\n\n\n\n<li>Rechtliche Voraussetzungen und Einzelfragen zur Vorsorgevollmacht<\/li>\n\n\n\n<li>Rechtliche Voraussetzungen und Einzelfragen zur Betreuungsverf\u00fcgung<\/li>\n\n\n\n<li>Rechtliche Voraussetzungen und Einzelfragen zur Patientenverf\u00fcgung<\/li>\n\n\n\n<li>Besonderheiten rund um das Betreuungsrecht im Ordensbereich<\/li>\n<\/ul>\n\n\n\n<h4 class=\"wp-block-heading\">Modul 6: Einf\u00fchrung ins Datenschutzrecht f\u00fcr Ordensgemeinschaften<\/h4>\n\n\n\n<ul class=\"wp-block-list\">\n<li>Grundlagen des Datenschutzes: was muss zwingend beachtet werden?<\/li>\n<\/ul>\n\n\n\n<ul class=\"wp-block-list\">\n<li>Struktur des kirchlichen Datenschutzes \/ Bestellung des Ordensdatenschutzbeauftragten<\/li>\n\n\n\n<li>H\u00e4ufigste Probleme und Fragen rund um den Datenschutz in Ordensgemeinschaften<\/li>\n\n\n\n<li>Datenschutzrechtliche \u00c4nderungen auf EU-Ebene und im kirchlichen Bereich<\/li>\n<\/ul>\n\n\n\n<h4 class=\"wp-block-heading\">Modul 7: Grundlagen des Sozialversicherungsrechts f\u00fcr Ordensgemeinschaften<\/h4>\n\n\n\n<p>\u00dcbersicht \u00fcber die sozialversicherungsrechtlichen Regelungen im Ordensbereich<\/p>\n\n\n\n<p>Regelungen wirtschaftlicher und finanzieller Angelegenheiten beim Ausscheiden aus der Ordensgemeinschaft<\/p>\n\n\n\n<p>Krankenversicherung, Pflegeversicherung und Rentenversicherung satzungsm\u00e4\u00dfiger Ordensmitglieder (Versicherungspflicht und Versicherungsfreiheit)<\/p>\n\n\n\n<p>Vereinbarung der DOK mit Sozialversicherungstr\u00e4gern im Bereich der Kranken-, Pflege- und Rentenversicherung sowie deren Aktualisierungen<\/p>\n\n\n\n<p>Sozialversicherung der Postulanten\/innen und Novizen\/innen<\/p>\n\n\n\n<p>Sozialversicherungsfragen beim Verlassen der Ordensgemeinschaft (Exklaustration, Austritt, \u00dcbertritt, Entlassung); Nachversicherung in der gesetzlichen Rentenversicherung bei Aus- und \u00dcbertritt<\/p>\n\n<\/div><\/div>\n<\/div>\n<\/div>\n\n\n<div class=\"gb-element-e92b2876\">\n<div class=\"gb-element-bdf0945f\">\n<h3 class=\"gb-text\">Zielgruppe<\/h3>\n\n\n\n<ul class=\"wp-block-list\">\n<li>H\u00f6here Oberinnen und H\u00f6here Obere, Vikarinnen und Vikare, Ratsschwestern und \u2013br\u00fcder<\/li>\n\n\n\n<li>\u00d6konominnen und \u00d6konome, Gesch\u00e4ftsf\u00fchrer\/innen und Verwaltungsleiter\/innen<\/li>\n\n\n\n<li>Ordensangeh\u00f6rige, die sich f\u00fcr ein Leitungsamt in der Ordensgemeinschaft qualifizieren wollen<\/li>\n\n\n\n<li>Delegatinnen und Delegate, Regionaloberinnen und Regionalobere\/Regionalverantwortliche ausl\u00e4ndischer Ordensgemeinschaften in Deutschland<\/li>\n\n\n\n<li>fest angestellte Mitarbeitende in der Ordensleitung und \u2013verwaltung<\/li>\n<\/ul>\n\n\n\n<hr class=\"wp-block-separator has-text-color has-base-2-color has-alpha-channel-opacity has-base-2-background-color has-background is-style-wide\"\/>\n\n\n\n<h3 class=\"gb-text\">Termin und Ort<\/h3>\n\n\n\n<p><strong>Grundkurs Recht I: <\/strong>Montag, 30.11.2026 bis Freitag, 04.12.2026<br><strong>Veranstaltungsort:<\/strong> St. Bonifatiuskloster, Klosterstra\u00dfe 5, 36088 H\u00fcnfeld<\/p>\n\n\n\n<hr class=\"wp-block-separator has-text-color has-base-2-color has-alpha-channel-opacity has-base-2-background-color has-background is-style-wide\"\/>\n\n\n\n<h3 class=\"gb-text\">Kurskosten<\/h3>\n\n\n\n<p>Die Teilnahmegeb\u00fchren pro Person sowie die Kosten f\u00fcr Unterkunft und Verpflegung ergeben sich aus der <strong>RUACH-Kursbeschreibung<\/strong>, die Bestandteil dieser Anmeldung ist. Die Kosten f\u00fcr Unterkunft und Verpflegung sind vor Ort im Bildungshaus zu entrichten. Mit der Anmeldung buchen wir automatisch in Ihrem Auftrag Unterkunft und Verpflegung f\u00fcr Sie. Wenn Sie dies nicht w\u00fcnschen, melden Sie sich bitte umgehend.<\/p>\n\n\n\n<p>Wir gew\u00e4hren verschiedene Rabatte f\u00fcr die Teilnahme an beiden Kursen (Kombirabatt), f\u00fcr die Teilnahme von mehreren Ordensangeh\u00f6rigen aus derselben Gemeinschaft sowie einen Fr\u00fchbucherrabatt (bis 31.12.2025). N\u00e4here Einzelheiten finden Sie im <a href=\"https:\/\/test-wuwei.de\/orden-ruach\/wp-content\/uploads\/2025\/12\/Kursausschreibung_-_RUACH_GKI2026_und_GKII2027.pdf\" target=\"_blank\" rel=\"noreferrer noopener\">Kursheft<\/a>.&nbsp;<\/p>\n\n\n\n<hr class=\"wp-block-separator has-text-color has-base-2-color has-alpha-channel-opacity has-base-2-background-color has-background is-style-wide\"\/>\n\n\n\n<h3 class=\"gb-text\">Anmeldung<\/h3>\n\n\n\n<p><strong>Beide Kursteile sind auch einzeln buchbar.<\/strong><\/p>\n\n\n\n<p><strong>Anmeldung: <\/strong>schriftlich per Post oder Fax mit beiliegendem Anmeldeformular sowie per E-Mail in Textform oder \u00fcber das Anmeldeformular hier auf der Homepage<\/p>\n\n\n\n<p><strong>Anmeldeschluss:<\/strong> 17.09.2026 (GK I 2026)<\/p>\n\n\n\n<a class=\"gb-text button-standard gb-text-2078b8a8\" href=\"https:\/\/test-wuwei.de\/orden-ruach\/ninja-forms\/169nfg\">Anmeldung<\/a>\n<\/div>\n<\/div>\n\n\n\n<h3 class=\"gb-text gb-text-36233391\">Kursleitung<\/h3>\n\n\n\n<div class=\"gb-element-1c522a22\">\n<div>\n<div><div >\n<div class=\"gb-loop-item post-114 mensch type-mensch status-publish has-post-thumbnail hentry no-featured-image-padding\">\n<img loading=\"lazy\" decoding=\"async\" width=\"200\" height=\"200\" data-media-id=\"115\" class=\"gb-media-c3cb7ca4\" alt=\"Riana Wolber\" src=\"https:\/\/test-wuwei.de\/orden-ruach\/wp-content\/uploads\/2026\/01\/Riana-Wolber.jpg\" srcset=\"https:\/\/test-wuwei.de\/orden-ruach\/wp-content\/uploads\/2026\/01\/Riana-Wolber.jpg 200w, https:\/\/test-wuwei.de\/orden-ruach\/wp-content\/uploads\/2026\/01\/Riana-Wolber-150x150.jpg 150w\" sizes=\"auto, (max-width: 200px) 100vw, 200px\" \/>\n\n\n\n<p class=\"gb-text gb-text-73d0e81e\">Riana Wolber<\/p>\n\n\n\n<p class=\"gb-text\">Ansprechpartnerin RUACH &#8211; Koordinatorin Bildung<\/p>\n<\/div>\n<\/div><\/div>\n<\/div>\n\n\n\n<div>\n<div><div >\n<div class=\"gb-loop-item post-120 mensch type-mensch status-publish has-post-thumbnail hentry no-featured-image-padding\">\n<img loading=\"lazy\" decoding=\"async\" width=\"202\" height=\"200\" data-media-id=\"121\" class=\"gb-media-697d7db0\" alt=\"Lars Westinger\" src=\"https:\/\/test-wuwei.de\/orden-ruach\/wp-content\/uploads\/2026\/01\/Westinger-Lars.jpg\" srcset=\"https:\/\/test-wuwei.de\/orden-ruach\/wp-content\/uploads\/2026\/01\/Westinger-Lars.jpg 202w, https:\/\/test-wuwei.de\/orden-ruach\/wp-content\/uploads\/2026\/01\/Westinger-Lars-150x150.jpg 150w\" sizes=\"auto, (max-width: 202px) 100vw, 202px\" \/>\n\n\n\n<p class=\"gb-text gb-text-415ab8a8\">RA Lars Westinger<\/p>\n\n\n\n<p class=\"gb-text\">seit 2009 Justiziar der Deutschen Ordensobernkonferenz (DOK ), st\u00e4ndiger Berater des Arbeitsrechtlichen Ausschusses der Zentralen Kommission, Mitglied der Personalwesenkommission des Verbandes der Di\u00f6zesen Deutschlands, Mitglied der AG zur Novellierung der MAVO, Fachanwaltskurs im Arbeitsrecht, seit 2009 Beratung von Ordensgemeinschaften im Bereich des kirchlichen Arbeitsrechts, seit 2009 Beratung von Ordensgemeinschaften im Bereich des Vereins- und Satzungsrechts<\/p>\n<\/div>\n<\/div><\/div>\n<\/div>\n\n\n\n<div><\/div>\n\n\n\n<div><\/div>\n<\/div>\n\n\n\n<h3 class=\"gb-text gb-text-75b8cb4d\">Referenten<\/h3>\n\n\n\n<div class=\"gb-element-81cd094e\">\n<div>\n<div><div >\n<div class=\"gb-loop-item post-135 mensch type-mensch status-publish has-post-thumbnail hentry no-featured-image-padding\">\n<img loading=\"lazy\" decoding=\"async\" width=\"2560\" height=\"2560\" data-media-id=\"128\" class=\"gb-media-157b695b\" alt=\"\" src=\"https:\/\/test-wuwei.de\/orden-ruach\/wp-content\/uploads\/2026\/01\/Menschen-scaled.png\" srcset=\"https:\/\/test-wuwei.de\/orden-ruach\/wp-content\/uploads\/2026\/01\/Menschen-scaled.png 2560w, https:\/\/test-wuwei.de\/orden-ruach\/wp-content\/uploads\/2026\/01\/Menschen-300x300.png 300w, https:\/\/test-wuwei.de\/orden-ruach\/wp-content\/uploads\/2026\/01\/Menschen-1024x1024.png 1024w, https:\/\/test-wuwei.de\/orden-ruach\/wp-content\/uploads\/2026\/01\/Menschen-150x150.png 150w, https:\/\/test-wuwei.de\/orden-ruach\/wp-content\/uploads\/2026\/01\/Menschen-768x768.png 768w, https:\/\/test-wuwei.de\/orden-ruach\/wp-content\/uploads\/2026\/01\/Menschen-1536x1536.png 1536w, https:\/\/test-wuwei.de\/orden-ruach\/wp-content\/uploads\/2026\/01\/Menschen-2048x2048.png 2048w\" sizes=\"auto, (max-width: 2560px) 100vw, 2560px\" \/>\n\n\n\n<p class=\"gb-text gb-text-e76fbecc\">Abt Dr. iur. can. Franziskus Berzdorf OSB<\/p>\n\n\n\n<p class=\"gb-text\">Kirchenrechtler, Abtpr\u00e4ses der Beuroner Benediktinerkongregation<\/p>\n<\/div>\n<\/div><\/div>\n<\/div>\n\n\n\n<div>\n<div><div >\n<div class=\"gb-loop-item post-130 mensch type-mensch status-publish has-post-thumbnail hentry no-featured-image-padding\">\n<img loading=\"lazy\" decoding=\"async\" width=\"200\" height=\"200\" data-media-id=\"126\" class=\"gb-media-652d1f2b\" alt=\"Br. Stephan Veith OSB\" src=\"https:\/\/test-wuwei.de\/orden-ruach\/wp-content\/uploads\/2026\/01\/Stephan-Veith.jpg\" srcset=\"https:\/\/test-wuwei.de\/orden-ruach\/wp-content\/uploads\/2026\/01\/Stephan-Veith.jpg 200w, https:\/\/test-wuwei.de\/orden-ruach\/wp-content\/uploads\/2026\/01\/Stephan-Veith-150x150.jpg 150w\" sizes=\"auto, (max-width: 200px) 100vw, 200px\" \/>\n\n\n\n<p class=\"gb-text gb-text-4cdb6a9d\">Br. Stephan Veith OSB<\/p>\n\n\n\n<p class=\"gb-text\">Steuerberater und Benediktiner der Abtei M\u00fcnsterschwarzach, stellv. \u00d6konom der Gemeinschaft, seit 1992 Mitglied der Steuerrechtskommission des Verbandes der Di\u00f6zesen Deutschlands<\/p>\n<\/div>\n<\/div><\/div>\n<\/div>\n\n\n\n<div>\n<div><div >\n<div class=\"gb-loop-item post-136 mensch type-mensch status-publish has-post-thumbnail hentry no-featured-image-padding\">\n<img loading=\"lazy\" decoding=\"async\" width=\"199\" height=\"200\" data-media-id=\"137\" class=\"gb-media-0b2772cb\" alt=\"Falko Meyer\" src=\"https:\/\/test-wuwei.de\/orden-ruach\/wp-content\/uploads\/2026\/01\/Falko-Meyer.jpg\" srcset=\"https:\/\/test-wuwei.de\/orden-ruach\/wp-content\/uploads\/2026\/01\/Falko-Meyer.jpg 199w, https:\/\/test-wuwei.de\/orden-ruach\/wp-content\/uploads\/2026\/01\/Falko-Meyer-150x150.jpg 150w\" sizes=\"auto, (max-width: 199px) 100vw, 199px\" \/>\n\n\n\n<p class=\"gb-text gb-text-52f10fe3\">Falko Meyer<\/p>\n\n\n\n<p class=\"gb-text\">Gesch\u00e4ftsf\u00fchrer der Wirtschaftsgesellschaft der Kirchen in Deutschland mbH (WGKD)<\/p>\n<\/div>\n<\/div><\/div>\n<\/div>\n\n\n\n<div>\n<div><div >\n<div class=\"gb-loop-item post-120 mensch type-mensch status-publish has-post-thumbnail hentry no-featured-image-padding\">\n<img loading=\"lazy\" decoding=\"async\" width=\"202\" height=\"200\" data-media-id=\"121\" class=\"gb-media-a5536b5f\" alt=\"Lars Westinger\" src=\"https:\/\/test-wuwei.de\/orden-ruach\/wp-content\/uploads\/2026\/01\/Westinger-Lars.jpg\" srcset=\"https:\/\/test-wuwei.de\/orden-ruach\/wp-content\/uploads\/2026\/01\/Westinger-Lars.jpg 202w, https:\/\/test-wuwei.de\/orden-ruach\/wp-content\/uploads\/2026\/01\/Westinger-Lars-150x150.jpg 150w\" sizes=\"auto, (max-width: 202px) 100vw, 202px\" \/>\n\n\n\n<p class=\"gb-text gb-text-ebe70cc0\">RA Lars Westinger<\/p>\n\n\n\n<p class=\"gb-text\">seit 2009 Justiziar der Deutschen Ordensobernkonferenz (DOK ), st\u00e4ndiger Berater des Arbeitsrechtlichen Ausschusses der Zentralen Kommission, Mitglied der Personalwesenkommission des Verbandes der Di\u00f6zesen Deutschlands, Mitglied der AG zur Novellierung der MAVO, Fachanwaltskurs im Arbeitsrecht, seit 2009 Beratung von Ordensgemeinschaften im Bereich des kirchlichen Arbeitsrechts, seit 2009 Beratung von Ordensgemeinschaften im Bereich des Vereins- und Satzungsrechts<\/p>\n<\/div>\n<\/div><\/div>\n<\/div>\n\n\n\n<div>\n<div><div >\n<div class=\"gb-loop-item post-139 mensch type-mensch status-publish has-post-thumbnail hentry no-featured-image-padding\">\n<img loading=\"lazy\" decoding=\"async\" width=\"200\" height=\"200\" data-media-id=\"138\" class=\"gb-media-a37bdd54\" alt=\"Jupp Joachimski\" src=\"https:\/\/test-wuwei.de\/orden-ruach\/wp-content\/uploads\/2026\/01\/jupp_joachimski.jpg\" srcset=\"https:\/\/test-wuwei.de\/orden-ruach\/wp-content\/uploads\/2026\/01\/jupp_joachimski.jpg 200w, https:\/\/test-wuwei.de\/orden-ruach\/wp-content\/uploads\/2026\/01\/jupp_joachimski-150x150.jpg 150w\" sizes=\"auto, (max-width: 200px) 100vw, 200px\" \/>\n\n\n\n<p class=\"gb-text gb-text-322a3b1f\">Jupp Joachimski<\/p>\n\n\n\n<p class=\"gb-text\">Vorsitzender Richter am Bayerischen Obersten Landesgericht a.D., Ordensdatenschutzbeauftragter der DOK (GDSB S\u00fcd), Mitglied der AG Besch\u00e4ftigtendatenschutz<\/p>\n<\/div>\n<\/div><\/div>\n<\/div>\n<\/div>\n","protected":false},"featured_media":0,"template":"","meta":{"_acf_changed":true},"class_list":["post-134","veranstaltung","type-veranstaltung","status-publish","hentry","no-featured-image-padding"],"acf":[],"mb":[],"yoast_head":"<!-- This site is optimized with the Yoast SEO plugin v27.4 - https:\/\/yoast.com\/product\/yoast-seo-wordpress\/ -->\n<title>Recht I (2026) - RUACH<\/title>\n<meta name=\"robots\" content=\"noindex, follow, max-snippet:-1, max-image-preview:large, max-video-preview:-1\" \/>\n<meta property=\"og:locale\" content=\"de_DE\" \/>\n<meta property=\"og:type\" content=\"article\" \/>\n<meta property=\"og:title\" content=\"Recht I (2026) - RUACH\" \/>\n<meta property=\"og:description\" content=\"\u201eRechtlicher Grund- und Aufbaukurs f\u00fcr die Ordensleitung und \u2013 verwaltung\u201c Recht I (2026) Anmeldung Mit Beginn des neuen Kirchenjahres startet auch der Grund- und Aufbaukurs Recht nach einer l\u00e4ngeren Pause wieder ins RUACH-Kursprogramm. In zwei Kursteilen und verschiedenen Modulen vermittelt er einen fundierten \u00dcberblick \u00fcber die Rechtsgebiete und Rechtsfragen mit denen die Verwaltung \/ Celleratur ... weiterlesen\" \/>\n<meta property=\"og:url\" content=\"https:\/\/test-wuwei.de\/orden-ruach\/veranstaltung\/rechtlicher-grund-und-aufbaukurs-fuer-die-ordensleitung-und-verwaltung-recht-i-2026\/\" \/>\n<meta property=\"og:site_name\" content=\"RUACH\" \/>\n<meta property=\"article:modified_time\" content=\"2026-01-23T14:40:38+00:00\" \/>\n<meta name=\"twitter:card\" content=\"summary_large_image\" \/>\n<meta name=\"twitter:label1\" content=\"Gesch\u00e4tzte Lesezeit\" \/>\n\t<meta name=\"twitter:data1\" content=\"5\u00a0Minuten\" \/>\n<script type=\"application\/ld+json\" class=\"yoast-schema-graph\">{\"@context\":\"https:\\\/\\\/schema.org\",\"@graph\":[{\"@type\":\"WebPage\",\"@id\":\"https:\\\/\\\/test-wuwei.de\\\/orden-ruach\\\/veranstaltung\\\/rechtlicher-grund-und-aufbaukurs-fuer-die-ordensleitung-und-verwaltung-recht-i-2026\\\/\",\"url\":\"https:\\\/\\\/test-wuwei.de\\\/orden-ruach\\\/veranstaltung\\\/rechtlicher-grund-und-aufbaukurs-fuer-die-ordensleitung-und-verwaltung-recht-i-2026\\\/\",\"name\":\"Recht I (2026) - RUACH\",\"isPartOf\":{\"@id\":\"https:\\\/\\\/test-wuwei.de\\\/orden-ruach\\\/#website\"},\"datePublished\":\"2026-01-12T11:17:58+00:00\",\"dateModified\":\"2026-01-23T14:40:38+00:00\",\"breadcrumb\":{\"@id\":\"https:\\\/\\\/test-wuwei.de\\\/orden-ruach\\\/veranstaltung\\\/rechtlicher-grund-und-aufbaukurs-fuer-die-ordensleitung-und-verwaltung-recht-i-2026\\\/#breadcrumb\"},\"inLanguage\":\"de\",\"potentialAction\":[{\"@type\":\"ReadAction\",\"target\":[\"https:\\\/\\\/test-wuwei.de\\\/orden-ruach\\\/veranstaltung\\\/rechtlicher-grund-und-aufbaukurs-fuer-die-ordensleitung-und-verwaltung-recht-i-2026\\\/\"]}]},{\"@type\":\"BreadcrumbList\",\"@id\":\"https:\\\/\\\/test-wuwei.de\\\/orden-ruach\\\/veranstaltung\\\/rechtlicher-grund-und-aufbaukurs-fuer-die-ordensleitung-und-verwaltung-recht-i-2026\\\/#breadcrumb\",\"itemListElement\":[{\"@type\":\"ListItem\",\"position\":1,\"name\":\"\ud83c\udfe0\ufe0e\",\"item\":\"https:\\\/\\\/test-wuwei.de\\\/orden-ruach\\\/\"},{\"@type\":\"ListItem\",\"position\":2,\"name\":\"Recht I (2026)\"}]},{\"@type\":\"WebSite\",\"@id\":\"https:\\\/\\\/test-wuwei.de\\\/orden-ruach\\\/#website\",\"url\":\"https:\\\/\\\/test-wuwei.de\\\/orden-ruach\\\/\",\"name\":\"RUACH\",\"description\":\"Ordensgemeinschaften in Deutschland\",\"publisher\":{\"@id\":\"https:\\\/\\\/test-wuwei.de\\\/orden-ruach\\\/#organization\"},\"potentialAction\":[{\"@type\":\"SearchAction\",\"target\":{\"@type\":\"EntryPoint\",\"urlTemplate\":\"https:\\\/\\\/test-wuwei.de\\\/orden-ruach\\\/?s={search_term_string}\"},\"query-input\":{\"@type\":\"PropertyValueSpecification\",\"valueRequired\":true,\"valueName\":\"search_term_string\"}}],\"inLanguage\":\"de\"},{\"@type\":\"Organization\",\"@id\":\"https:\\\/\\\/test-wuwei.de\\\/orden-ruach\\\/#organization\",\"name\":\"RUACH\",\"url\":\"https:\\\/\\\/test-wuwei.de\\\/orden-ruach\\\/\",\"logo\":{\"@type\":\"ImageObject\",\"inLanguage\":\"de\",\"@id\":\"https:\\\/\\\/test-wuwei.de\\\/orden-ruach\\\/#\\\/schema\\\/logo\\\/image\\\/\",\"url\":\"https:\\\/\\\/test-wuwei.de\\\/orden-ruach\\\/wp-content\\\/uploads\\\/2025\\\/12\\\/RUACH_Logo.png\",\"contentUrl\":\"https:\\\/\\\/test-wuwei.de\\\/orden-ruach\\\/wp-content\\\/uploads\\\/2025\\\/12\\\/RUACH_Logo.png\",\"width\":1161,\"height\":868,\"caption\":\"RUACH\"},\"image\":{\"@id\":\"https:\\\/\\\/test-wuwei.de\\\/orden-ruach\\\/#\\\/schema\\\/logo\\\/image\\\/\"}}]}<\/script>\n<!-- \/ Yoast SEO plugin. -->","yoast_head_json":{"title":"Recht I (2026) - RUACH","robots":{"index":"noindex","follow":"follow","max-snippet":"max-snippet:-1","max-image-preview":"max-image-preview:large","max-video-preview":"max-video-preview:-1"},"og_locale":"de_DE","og_type":"article","og_title":"Recht I (2026) - RUACH","og_description":"\u201eRechtlicher Grund- und Aufbaukurs f\u00fcr die Ordensleitung und \u2013 verwaltung\u201c Recht I (2026) Anmeldung Mit Beginn des neuen Kirchenjahres startet auch der Grund- und Aufbaukurs Recht nach einer l\u00e4ngeren Pause wieder ins RUACH-Kursprogramm. In zwei Kursteilen und verschiedenen Modulen vermittelt er einen fundierten \u00dcberblick \u00fcber die Rechtsgebiete und Rechtsfragen mit denen die Verwaltung \/ Celleratur ... weiterlesen","og_url":"https:\/\/test-wuwei.de\/orden-ruach\/veranstaltung\/rechtlicher-grund-und-aufbaukurs-fuer-die-ordensleitung-und-verwaltung-recht-i-2026\/","og_site_name":"RUACH","article_modified_time":"2026-01-23T14:40:38+00:00","twitter_card":"summary_large_image","twitter_misc":{"Gesch\u00e4tzte Lesezeit":"5\u00a0Minuten"},"schema":{"@context":"https:\/\/schema.org","@graph":[{"@type":"WebPage","@id":"https:\/\/test-wuwei.de\/orden-ruach\/veranstaltung\/rechtlicher-grund-und-aufbaukurs-fuer-die-ordensleitung-und-verwaltung-recht-i-2026\/","url":"https:\/\/test-wuwei.de\/orden-ruach\/veranstaltung\/rechtlicher-grund-und-aufbaukurs-fuer-die-ordensleitung-und-verwaltung-recht-i-2026\/","name":"Recht I (2026) - RUACH","isPartOf":{"@id":"https:\/\/test-wuwei.de\/orden-ruach\/#website"},"datePublished":"2026-01-12T11:17:58+00:00","dateModified":"2026-01-23T14:40:38+00:00","breadcrumb":{"@id":"https:\/\/test-wuwei.de\/orden-ruach\/veranstaltung\/rechtlicher-grund-und-aufbaukurs-fuer-die-ordensleitung-und-verwaltung-recht-i-2026\/#breadcrumb"},"inLanguage":"de","potentialAction":[{"@type":"ReadAction","target":["https:\/\/test-wuwei.de\/orden-ruach\/veranstaltung\/rechtlicher-grund-und-aufbaukurs-fuer-die-ordensleitung-und-verwaltung-recht-i-2026\/"]}]},{"@type":"BreadcrumbList","@id":"https:\/\/test-wuwei.de\/orden-ruach\/veranstaltung\/rechtlicher-grund-und-aufbaukurs-fuer-die-ordensleitung-und-verwaltung-recht-i-2026\/#breadcrumb","itemListElement":[{"@type":"ListItem","position":1,"name":"\ud83c\udfe0\ufe0e","item":"https:\/\/test-wuwei.de\/orden-ruach\/"},{"@type":"ListItem","position":2,"name":"Recht I (2026)"}]},{"@type":"WebSite","@id":"https:\/\/test-wuwei.de\/orden-ruach\/#website","url":"https:\/\/test-wuwei.de\/orden-ruach\/","name":"RUACH","description":"Ordensgemeinschaften in Deutschland","publisher":{"@id":"https:\/\/test-wuwei.de\/orden-ruach\/#organization"},"potentialAction":[{"@type":"SearchAction","target":{"@type":"EntryPoint","urlTemplate":"https:\/\/test-wuwei.de\/orden-ruach\/?s={search_term_string}"},"query-input":{"@type":"PropertyValueSpecification","valueRequired":true,"valueName":"search_term_string"}}],"inLanguage":"de"},{"@type":"Organization","@id":"https:\/\/test-wuwei.de\/orden-ruach\/#organization","name":"RUACH","url":"https:\/\/test-wuwei.de\/orden-ruach\/","logo":{"@type":"ImageObject","inLanguage":"de","@id":"https:\/\/test-wuwei.de\/orden-ruach\/#\/schema\/logo\/image\/","url":"https:\/\/test-wuwei.de\/orden-ruach\/wp-content\/uploads\/2025\/12\/RUACH_Logo.png","contentUrl":"https:\/\/test-wuwei.de\/orden-ruach\/wp-content\/uploads\/2025\/12\/RUACH_Logo.png","width":1161,"height":868,"caption":"RUACH"},"image":{"@id":"https:\/\/test-wuwei.de\/orden-ruach\/#\/schema\/logo\/image\/"}}]}},"mfb_rest_fields":["title","yoast_head","yoast_head_json"],"_links":{"self":[{"href":"https:\/\/test-wuwei.de\/orden-ruach\/wp-json\/wp\/v2\/veranstaltung\/134","targetHints":{"allow":["GET"]}}],"collection":[{"href":"https:\/\/test-wuwei.de\/orden-ruach\/wp-json\/wp\/v2\/veranstaltung"}],"about":[{"href":"https:\/\/test-wuwei.de\/orden-ruach\/wp-json\/wp\/v2\/types\/veranstaltung"}],"wp:attachment":[{"href":"https:\/\/test-wuwei.de\/orden-ruach\/wp-json\/wp\/v2\/media?parent=134"}],"curies":[{"name":"wp","href":"https:\/\/api.w.org\/{rel}","templated":true}]}}