{"id":19,"date":"2025-12-12T14:12:11","date_gmt":"2025-12-12T13:12:11","guid":{"rendered":"https:\/\/test-wuwei.de\/orden-ruach\/?page_id=19"},"modified":"2025-12-12T14:12:11","modified_gmt":"2025-12-12T13:12:11","slug":"leitung-der-kurse","status":"publish","type":"page","link":"https:\/\/test-wuwei.de\/orden-ruach\/wir-ueber-uns\/leitung-der-kurse\/","title":{"rendered":"Wer leitet die Kurse?"},"content":{"rendered":"\n<p>RUACH-Leiterin ist seit Juli 2019&nbsp;Prof. Dr. Margareta Gruber OSF. Sie hat die Aufgabe von RUACH-Gr\u00fcnder P. Franz Meures SJ \u00fcbernommen. Je nach Kurs wirken verschiedene Ordensfrauen und Ordensm\u00e4nner in der Leitung oder als Referentinnen\/Referenten f\u00fcr bestimmte Ausbildungsg\u00e4nge mit. Immer wieder werden auch Fachleute verschiedener Disziplinen hinzugezogen, sei es aus den Orden, oder auch von au\u00dferhalb. Die mitwirkenden Referenten und Kursleiter arbeiten auf Honorarbasis.&nbsp;<\/p>\n\n\n\n<div class=\"gb-element-88618213\">\n<div>\n<img loading=\"lazy\" decoding=\"async\" width=\"200\" height=\"200\" class=\"gb-media-0a9be743\" alt=\"Margareta Gruber\" src=\"https:\/\/test-wuwei.de\/orden-ruach\/wp-content\/uploads\/2025\/12\/csm_gruber2019_fc0e878da2.jpg\" title=\"csm_gruber2019_fc0e878da2\" srcset=\"https:\/\/test-wuwei.de\/orden-ruach\/wp-content\/uploads\/2025\/12\/csm_gruber2019_fc0e878da2.jpg 200w, https:\/\/test-wuwei.de\/orden-ruach\/wp-content\/uploads\/2025\/12\/csm_gruber2019_fc0e878da2-150x150.jpg 150w\" sizes=\"auto, (max-width: 200px) 100vw, 200px\" \/>\n\n\n\n<p class=\"gb-text gb-text-0cd910b6\">Sr. Margareta Gruber OSF<\/p>\n<\/div>\n\n\n\n<div>\n<h2 class=\"gb-text\">RUACH-Leiterin Sr. Margareta Gruber OSF stellt sich vor<\/h2>\n\n\n\n<p>Seit 1985 bin ich Franziskanerin von Siessen. Ich habe Theologie und Germanistik in T\u00fcbingen und Jerusalem studiert und nach dem Ordenseintritt in Frankfurt \/ Sankt Georgen promoviert. In dieser Zeit war ich in der Kursarbeit mit jungen Erwachsenen t\u00e4tig, habe u.a. Jugendexerzitien geleitet und eine Ausbildung in Geistliche Begleitung erhalten. Seit 2008 bin ich Professorin f\u00fcr das Neue Testament an der Philosophisch-Theologischen Hochschule in Vallendar\/Koblenz.<\/p>\n<\/div>\n<\/div>\n\n\n\n<p>Von 2009 bis 2013 war ich beurlaubt f\u00fcr die Leitung des Theologischen Studienjahres Jerusalem als erste Inhaberin des Laurentius-Klein-Lehrstuhls f\u00fcr Biblische und \u00d6kumenische Theologie an der Abtei Dormitio Mariae in Jerusalem. Seither bin ich engagiert im theologischen Dialog mit Muslimen. Von 2007\u20132017 war ich Beraterin der Unterkommission &#8222;Frauen in Kirche und Gesellschaft der Deutschen Bischofskonferenz&#8220; und interessiere mich daher f\u00fcr Frauen- und Genderfragen. Seit 1998 bin ich Mitglied der Arbeitsgruppe Ordenstheologie und habe viel zu Fragen der Theologie des Ordenslebens gearbeitet. Ich bin au\u00dferdem oft unterwegs als Referentin f\u00fcr biblische und spirituelle Themen, auch \u00f6kumenisch. Meine biblischen Interessengebiete sind: Johannesevangelium und Johannesoffenbarung, paulinische Theologie, Biblische Spiritualit\u00e4t und Bibel im interreligi\u00f6sen Kontext. Seitdem ich Mitglied im Redaktionsteam der internationalen Zeitschrift &#8222;Concilium&#8220; bin, besch\u00e4ftigen mich zunehmend Fragen der Internationalit\u00e4t und Interkulturalit\u00e4t.<br>\u00a0<\/p>\n\n\n\n<p>Ich werde oft gefragt, wie ich die Arbeit von RUACH mit meiner Aufgabe an der Theologischen Fakult\u00e4t verbinden kann, die weiterhin den Schwerpunkt meiner beruflichen T\u00e4tigkeit darstellt. Ich habe nur ein begrenztes Deputat f\u00fcr RUACH und muss daher anders arbeiten als mein Vorg\u00e4nger. Vernetzung, Verbindung und Zusammenf\u00fchrung von Kr\u00e4ften und Initiativen wird deshalb ein wichtiger Punkt sein. Das soll jedoch nicht daran hindern, auch neue Schwerpunkte und Akzente in die Bildungsarbeit der Orden einzubringen.<\/p>\n","protected":false},"excerpt":{"rendered":"<p>RUACH-Leiterin ist seit Juli 2019&nbsp;Prof. Dr. Margareta Gruber OSF. Sie hat die Aufgabe von RUACH-Gr\u00fcnder P. Franz Meures SJ \u00fcbernommen. Je nach Kurs wirken verschiedene Ordensfrauen und Ordensm\u00e4nner in der Leitung oder als Referentinnen\/Referenten f\u00fcr bestimmte Ausbildungsg\u00e4nge mit. Immer wieder werden auch Fachleute verschiedener Disziplinen hinzugezogen, sei es aus den Orden, oder auch von au\u00dferhalb. &#8230; <\/p>\n<p class=\"read-more-container\"><a title=\"Wer leitet die Kurse?\" class=\"read-more button\" href=\"https:\/\/test-wuwei.de\/orden-ruach\/wir-ueber-uns\/leitung-der-kurse\/#more-19\" aria-label=\"Mehr Informationen \u00fcber Wer leitet die Kurse?\">weiterlesen<\/a><\/p>\n","protected":false},"author":1,"featured_media":0,"parent":10,"menu_order":0,"comment_status":"closed","ping_status":"closed","template":"","meta":{"_acf_changed":false,"footnotes":""},"class_list":{"0":"post-19","1":"page","2":"type-page","3":"status-publish","5":"no-featured-image-padding"},"acf":[],"mb":[],"yoast_head":"<!-- This site is optimized with the Yoast SEO plugin v27.4 - https:\/\/yoast.com\/product\/yoast-seo-wordpress\/ -->\n<title>Wer leitet die Kurse? - RUACH<\/title>\n<meta name=\"robots\" content=\"noindex, follow, max-snippet:-1, max-image-preview:large, max-video-preview:-1\" \/>\n<meta property=\"og:locale\" content=\"de_DE\" \/>\n<meta property=\"og:type\" content=\"article\" \/>\n<meta property=\"og:title\" content=\"Wer leitet die Kurse? - RUACH\" \/>\n<meta property=\"og:description\" content=\"RUACH-Leiterin ist seit Juli 2019&nbsp;Prof. Dr. Margareta Gruber OSF. Sie hat die Aufgabe von RUACH-Gr\u00fcnder P. Franz Meures SJ \u00fcbernommen. Je nach Kurs wirken verschiedene Ordensfrauen und Ordensm\u00e4nner in der Leitung oder als Referentinnen\/Referenten f\u00fcr bestimmte Ausbildungsg\u00e4nge mit. Immer wieder werden auch Fachleute verschiedener Disziplinen hinzugezogen, sei es aus den Orden, oder auch von au\u00dferhalb. ... weiterlesen\" \/>\n<meta property=\"og:url\" content=\"https:\/\/test-wuwei.de\/orden-ruach\/wir-ueber-uns\/leitung-der-kurse\/\" \/>\n<meta property=\"og:site_name\" content=\"RUACH\" \/>\n<meta property=\"og:image\" content=\"https:\/\/test-wuwei.de\/orden-ruach\/wp-content\/uploads\/2025\/12\/csm_gruber2019_fc0e878da2.jpg\" \/>\n<meta name=\"twitter:card\" content=\"summary_large_image\" \/>\n<meta name=\"twitter:label1\" content=\"Gesch\u00e4tzte Lesezeit\" \/>\n\t<meta name=\"twitter:data1\" content=\"3\u00a0Minuten\" \/>\n<script type=\"application\/ld+json\" class=\"yoast-schema-graph\">{\"@context\":\"https:\\\/\\\/schema.org\",\"@graph\":[{\"@type\":\"WebPage\",\"@id\":\"https:\\\/\\\/test-wuwei.de\\\/orden-ruach\\\/wir-ueber-uns\\\/leitung-der-kurse\\\/\",\"url\":\"https:\\\/\\\/test-wuwei.de\\\/orden-ruach\\\/wir-ueber-uns\\\/leitung-der-kurse\\\/\",\"name\":\"Wer leitet die Kurse? - RUACH\",\"isPartOf\":{\"@id\":\"https:\\\/\\\/test-wuwei.de\\\/orden-ruach\\\/#website\"},\"primaryImageOfPage\":{\"@id\":\"https:\\\/\\\/test-wuwei.de\\\/orden-ruach\\\/wir-ueber-uns\\\/leitung-der-kurse\\\/#primaryimage\"},\"image\":{\"@id\":\"https:\\\/\\\/test-wuwei.de\\\/orden-ruach\\\/wir-ueber-uns\\\/leitung-der-kurse\\\/#primaryimage\"},\"thumbnailUrl\":\"https:\\\/\\\/test-wuwei.de\\\/orden-ruach\\\/wp-content\\\/uploads\\\/2025\\\/12\\\/csm_gruber2019_fc0e878da2.jpg\",\"datePublished\":\"2025-12-12T13:12:11+00:00\",\"breadcrumb\":{\"@id\":\"https:\\\/\\\/test-wuwei.de\\\/orden-ruach\\\/wir-ueber-uns\\\/leitung-der-kurse\\\/#breadcrumb\"},\"inLanguage\":\"de\",\"potentialAction\":[{\"@type\":\"ReadAction\",\"target\":[\"https:\\\/\\\/test-wuwei.de\\\/orden-ruach\\\/wir-ueber-uns\\\/leitung-der-kurse\\\/\"]}]},{\"@type\":\"ImageObject\",\"inLanguage\":\"de\",\"@id\":\"https:\\\/\\\/test-wuwei.de\\\/orden-ruach\\\/wir-ueber-uns\\\/leitung-der-kurse\\\/#primaryimage\",\"url\":\"https:\\\/\\\/test-wuwei.de\\\/orden-ruach\\\/wp-content\\\/uploads\\\/2025\\\/12\\\/csm_gruber2019_fc0e878da2.jpg\",\"contentUrl\":\"https:\\\/\\\/test-wuwei.de\\\/orden-ruach\\\/wp-content\\\/uploads\\\/2025\\\/12\\\/csm_gruber2019_fc0e878da2.jpg\",\"width\":200,\"height\":200,\"caption\":\"Margareta Gruber\"},{\"@type\":\"BreadcrumbList\",\"@id\":\"https:\\\/\\\/test-wuwei.de\\\/orden-ruach\\\/wir-ueber-uns\\\/leitung-der-kurse\\\/#breadcrumb\",\"itemListElement\":[{\"@type\":\"ListItem\",\"position\":1,\"name\":\"\ud83c\udfe0\ufe0e\",\"item\":\"https:\\\/\\\/test-wuwei.de\\\/orden-ruach\\\/\"},{\"@type\":\"ListItem\",\"position\":2,\"name\":\"Wir \u00fcber uns\",\"item\":\"https:\\\/\\\/test-wuwei.de\\\/orden-ruach\\\/wir-ueber-uns\\\/\"},{\"@type\":\"ListItem\",\"position\":3,\"name\":\"Wer leitet die Kurse?\"}]},{\"@type\":\"WebSite\",\"@id\":\"https:\\\/\\\/test-wuwei.de\\\/orden-ruach\\\/#website\",\"url\":\"https:\\\/\\\/test-wuwei.de\\\/orden-ruach\\\/\",\"name\":\"RUACH\",\"description\":\"Ordensgemeinschaften in Deutschland\",\"publisher\":{\"@id\":\"https:\\\/\\\/test-wuwei.de\\\/orden-ruach\\\/#organization\"},\"potentialAction\":[{\"@type\":\"SearchAction\",\"target\":{\"@type\":\"EntryPoint\",\"urlTemplate\":\"https:\\\/\\\/test-wuwei.de\\\/orden-ruach\\\/?s={search_term_string}\"},\"query-input\":{\"@type\":\"PropertyValueSpecification\",\"valueRequired\":true,\"valueName\":\"search_term_string\"}}],\"inLanguage\":\"de\"},{\"@type\":\"Organization\",\"@id\":\"https:\\\/\\\/test-wuwei.de\\\/orden-ruach\\\/#organization\",\"name\":\"RUACH\",\"url\":\"https:\\\/\\\/test-wuwei.de\\\/orden-ruach\\\/\",\"logo\":{\"@type\":\"ImageObject\",\"inLanguage\":\"de\",\"@id\":\"https:\\\/\\\/test-wuwei.de\\\/orden-ruach\\\/#\\\/schema\\\/logo\\\/image\\\/\",\"url\":\"https:\\\/\\\/test-wuwei.de\\\/orden-ruach\\\/wp-content\\\/uploads\\\/2025\\\/12\\\/RUACH_Logo.png\",\"contentUrl\":\"https:\\\/\\\/test-wuwei.de\\\/orden-ruach\\\/wp-content\\\/uploads\\\/2025\\\/12\\\/RUACH_Logo.png\",\"width\":1161,\"height\":868,\"caption\":\"RUACH\"},\"image\":{\"@id\":\"https:\\\/\\\/test-wuwei.de\\\/orden-ruach\\\/#\\\/schema\\\/logo\\\/image\\\/\"}}]}<\/script>\n<!-- \/ Yoast SEO plugin. -->","yoast_head_json":{"title":"Wer leitet die Kurse? - RUACH","robots":{"index":"noindex","follow":"follow","max-snippet":"max-snippet:-1","max-image-preview":"max-image-preview:large","max-video-preview":"max-video-preview:-1"},"og_locale":"de_DE","og_type":"article","og_title":"Wer leitet die Kurse? - RUACH","og_description":"RUACH-Leiterin ist seit Juli 2019&nbsp;Prof. Dr. Margareta Gruber OSF. Sie hat die Aufgabe von RUACH-Gr\u00fcnder P. Franz Meures SJ \u00fcbernommen. Je nach Kurs wirken verschiedene Ordensfrauen und Ordensm\u00e4nner in der Leitung oder als Referentinnen\/Referenten f\u00fcr bestimmte Ausbildungsg\u00e4nge mit. Immer wieder werden auch Fachleute verschiedener Disziplinen hinzugezogen, sei es aus den Orden, oder auch von au\u00dferhalb. ... weiterlesen","og_url":"https:\/\/test-wuwei.de\/orden-ruach\/wir-ueber-uns\/leitung-der-kurse\/","og_site_name":"RUACH","og_image":[{"url":"https:\/\/test-wuwei.de\/orden-ruach\/wp-content\/uploads\/2025\/12\/csm_gruber2019_fc0e878da2.jpg","type":"","width":"","height":""}],"twitter_card":"summary_large_image","twitter_misc":{"Gesch\u00e4tzte Lesezeit":"3\u00a0Minuten"},"schema":{"@context":"https:\/\/schema.org","@graph":[{"@type":"WebPage","@id":"https:\/\/test-wuwei.de\/orden-ruach\/wir-ueber-uns\/leitung-der-kurse\/","url":"https:\/\/test-wuwei.de\/orden-ruach\/wir-ueber-uns\/leitung-der-kurse\/","name":"Wer leitet die Kurse? - RUACH","isPartOf":{"@id":"https:\/\/test-wuwei.de\/orden-ruach\/#website"},"primaryImageOfPage":{"@id":"https:\/\/test-wuwei.de\/orden-ruach\/wir-ueber-uns\/leitung-der-kurse\/#primaryimage"},"image":{"@id":"https:\/\/test-wuwei.de\/orden-ruach\/wir-ueber-uns\/leitung-der-kurse\/#primaryimage"},"thumbnailUrl":"https:\/\/test-wuwei.de\/orden-ruach\/wp-content\/uploads\/2025\/12\/csm_gruber2019_fc0e878da2.jpg","datePublished":"2025-12-12T13:12:11+00:00","breadcrumb":{"@id":"https:\/\/test-wuwei.de\/orden-ruach\/wir-ueber-uns\/leitung-der-kurse\/#breadcrumb"},"inLanguage":"de","potentialAction":[{"@type":"ReadAction","target":["https:\/\/test-wuwei.de\/orden-ruach\/wir-ueber-uns\/leitung-der-kurse\/"]}]},{"@type":"ImageObject","inLanguage":"de","@id":"https:\/\/test-wuwei.de\/orden-ruach\/wir-ueber-uns\/leitung-der-kurse\/#primaryimage","url":"https:\/\/test-wuwei.de\/orden-ruach\/wp-content\/uploads\/2025\/12\/csm_gruber2019_fc0e878da2.jpg","contentUrl":"https:\/\/test-wuwei.de\/orden-ruach\/wp-content\/uploads\/2025\/12\/csm_gruber2019_fc0e878da2.jpg","width":200,"height":200,"caption":"Margareta Gruber"},{"@type":"BreadcrumbList","@id":"https:\/\/test-wuwei.de\/orden-ruach\/wir-ueber-uns\/leitung-der-kurse\/#breadcrumb","itemListElement":[{"@type":"ListItem","position":1,"name":"\ud83c\udfe0\ufe0e","item":"https:\/\/test-wuwei.de\/orden-ruach\/"},{"@type":"ListItem","position":2,"name":"Wir \u00fcber uns","item":"https:\/\/test-wuwei.de\/orden-ruach\/wir-ueber-uns\/"},{"@type":"ListItem","position":3,"name":"Wer leitet die Kurse?"}]},{"@type":"WebSite","@id":"https:\/\/test-wuwei.de\/orden-ruach\/#website","url":"https:\/\/test-wuwei.de\/orden-ruach\/","name":"RUACH","description":"Ordensgemeinschaften in Deutschland","publisher":{"@id":"https:\/\/test-wuwei.de\/orden-ruach\/#organization"},"potentialAction":[{"@type":"SearchAction","target":{"@type":"EntryPoint","urlTemplate":"https:\/\/test-wuwei.de\/orden-ruach\/?s={search_term_string}"},"query-input":{"@type":"PropertyValueSpecification","valueRequired":true,"valueName":"search_term_string"}}],"inLanguage":"de"},{"@type":"Organization","@id":"https:\/\/test-wuwei.de\/orden-ruach\/#organization","name":"RUACH","url":"https:\/\/test-wuwei.de\/orden-ruach\/","logo":{"@type":"ImageObject","inLanguage":"de","@id":"https:\/\/test-wuwei.de\/orden-ruach\/#\/schema\/logo\/image\/","url":"https:\/\/test-wuwei.de\/orden-ruach\/wp-content\/uploads\/2025\/12\/RUACH_Logo.png","contentUrl":"https:\/\/test-wuwei.de\/orden-ruach\/wp-content\/uploads\/2025\/12\/RUACH_Logo.png","width":1161,"height":868,"caption":"RUACH"},"image":{"@id":"https:\/\/test-wuwei.de\/orden-ruach\/#\/schema\/logo\/image\/"}}]}},"mfb_rest_fields":["title","yoast_head","yoast_head_json"],"_links":{"self":[{"href":"https:\/\/test-wuwei.de\/orden-ruach\/wp-json\/wp\/v2\/pages\/19","targetHints":{"allow":["GET"]}}],"collection":[{"href":"https:\/\/test-wuwei.de\/orden-ruach\/wp-json\/wp\/v2\/pages"}],"about":[{"href":"https:\/\/test-wuwei.de\/orden-ruach\/wp-json\/wp\/v2\/types\/page"}],"author":[{"embeddable":true,"href":"https:\/\/test-wuwei.de\/orden-ruach\/wp-json\/wp\/v2\/users\/1"}],"replies":[{"embeddable":true,"href":"https:\/\/test-wuwei.de\/orden-ruach\/wp-json\/wp\/v2\/comments?post=19"}],"version-history":[{"count":1,"href":"https:\/\/test-wuwei.de\/orden-ruach\/wp-json\/wp\/v2\/pages\/19\/revisions"}],"predecessor-version":[{"id":21,"href":"https:\/\/test-wuwei.de\/orden-ruach\/wp-json\/wp\/v2\/pages\/19\/revisions\/21"}],"up":[{"embeddable":true,"href":"https:\/\/test-wuwei.de\/orden-ruach\/wp-json\/wp\/v2\/pages\/10"}],"wp:attachment":[{"href":"https:\/\/test-wuwei.de\/orden-ruach\/wp-json\/wp\/v2\/media?parent=19"}],"curies":[{"name":"wp","href":"https:\/\/api.w.org\/{rel}","templated":true}]}}